{"id":228636,"date":"2025-02-04T21:53:52","date_gmt":"2025-02-04T20:53:52","guid":{"rendered":"https:\/\/sds.mt\/?post_type=resource&#038;p=228636"},"modified":"2026-08-11T12:48:41","modified_gmt":"2026-08-11T10:48:41","slug":"talba-ghall-familji-taghna","status":"publish","type":"resource","link":"https:\/\/sds.mt\/mt\/resource\/talba-ghall-familji-taghna\/","title":{"rendered":"Talba g\u0127all-Familji Tag\u0127na"},"content":{"rendered":"\n<figure class=\"wp-block-audio\"><audio controls src=\"https:\/\/sds.mt\/wp-content\/uploads\/2021\/09\/Talba-ghall-Familji-Taghna.mp3\"><\/audio><\/figure>\n\n\n\n<p>Mulej,<\/p>\n\n\n\n<p>illejla, g\u0127ada, u kuljum,<\/p>\n\n\n\n<p>nitolbok biex jekk jog\u0127\u0121bok<\/p>\n\n\n\n<p>tie\u0127u \u0127sieb il-familji tag\u0127na.<\/p>\n\n\n\n<p>  <span style=\"color:#ffffff\" class=\"has-inline-color\">&#8211;<\/span>  <\/p>\n\n\n\n<p>Ag\u0127tina l-g\u0127erf mist\u0127oqq biex nifhmu l-karattri u l-personalitajiet ta&#8217; xulxin.<\/p>\n\n\n\n<p>Ag\u0127tina s-sa\u0127\u0127a nie\u0127du pa\u010benzja b&#8217;xulxin,<\/p>\n\n\n\n<p>l-aktar meta n\u0127ossuna li \u017c-\u017cejjed kollu \u017cejjed.<\/p>\n\n\n\n<p>Ag\u0127tina qalb kbira biex ng\u0127adru lil xulxin l-aktar meta ni\u017colqu fin-niexef,<\/p>\n\n\n\n<p>ni\u017cbaljaw,<\/p>\n\n\n\n<p>nitg\u0127ajru,<\/p>\n\n\n\n<p>nargumentaw u ntellfu l-pa\u010bi lil xulxin.<\/p>\n\n\n\n<p>  <span style=\"color:#ffffff\" class=\"has-inline-color\">&#8211;<\/span>  <\/p>\n\n\n\n<p>Ag\u0127tina l-kapa\u010bit\u00e0 li filwaqt li nie\u0127du \u0127sieb lil xulxin, lill-\u0121enituri jew lil \u0127utna,<\/p>\n\n\n\n<p>ma ninsewx nie\u0127du \u0127sieb ukoll tag\u0127na nfusna.<\/p>\n\n\n\n<p>Mulej,<\/p>\n\n\n\n<p>inti tafna sew,<\/p>\n\n\n\n<p>taf e\u017catt dak li hu me\u0127tie\u0121 g\u0127alina.<\/p>\n\n\n\n<p>A\u0127na nafdaw fik g\u0127ax nemmnu bis-s\u0127i\u0127 li inti mag\u0127na u terfg\u0127ana fuq spallejk meta n\u0127ossuna mg\u0127attna u mg\u0127aff\u0121in u<\/p>\n\n\n\n<p>wa\u0127edna g\u0127ax forsi l-attenzjoni ntefg\u0127et fuq \u0127addie\u0127or li je\u0127tie\u0121ha aktar minna.<\/p>\n\n\n\n<p>A\u0127na konvinti li inti miexi mag\u0127na u di\u0121a lestejt g\u0127alina dak kollu li g\u0127ad ne\u0127tie\u0121u.<\/p>\n\n\n\n<p>A\u0127frilna ta&#8217; meta mhux dejjem ng\u0127arfuha din u anke forsi niddubitaw minnha.<\/p>\n\n\n\n<p>\u0120edded fina l-fidi biex nafdawk u nintelqu aktar fik.<\/p>\n\n\n\n<p>  <span style=\"color:#ffffff\" class=\"has-inline-color\">&#8211;<\/span>  <\/p>\n\n\n\n<p>Mulej, g\u0127inna niffukaw fuq il-mument pre\u017centi u ng\u0127ixuh sew kemm jista&#8217; jkun g\u0127ax dak biss hu fi\u017c-\u017cgur.<\/p>\n\n\n\n<p>G\u0127inna nifhmu li dak kollu li qed na\u0127sbu li g\u0127ad irid ise\u0127\u0127, huwa biss per\u010bezzjoni tag\u0127na.<\/p>\n\n\n\n<p>Dak li g\u0127ad jinqala&#8217;, jew x&#8217; jista&#8217; ji\u0121ri,<\/p>\n\n\n\n<p>g\u0127inna nitilquh b&#8217;g\u0127ajnejna mag\u0127luqa f&#8217;idejk g\u0127ax int taf x&#8217;la\u0127jar li jsir, il-kif u l-meta ta&#8217; kull \u010birkustanza futura.<\/p>\n\n\n\n<p>Min jaf kemm nitkissru na\u0127sbu dwar x&#8217; ser isir mit-tfal tag\u0127na, mill-\u0121enituri tag\u0127na, minn \u0127utna jew xi membri tal-familja li je\u0127tie\u0121ilhom attenzjoni partikolari.<\/p>\n\n\n\n<p>  <span style=\"color:#ffffff\" class=\"has-inline-color\">&#8211;<\/span>  <\/p>\n\n\n\n<p>Mulej, nitolbok minn qalbi biex i\u0121\u0121ib fix-xejn kull diffikulta, problema, sitwazzjoni diffi\u010bli,<\/p>\n\n\n\n<p>li n\u0127ossu u niffa\u010b\u010bjaw jum wara l-ie\u0127or u li xi drabi tkun tqila wisq biex in\u0121orruha.<\/p>\n\n\n\n<p>Jista&#8217; jkun sforz l-g\u0127ejja jew nuqqas ta&#8217; kooperazzjoni minn l-istess membri tal-familja.<\/p>\n\n\n\n<p>Mulej, int taf kemm drabi n\u0127ossuna ser naqbdu n-ni\u017cla g\u0127ax ma naraw l-ebda xaqq dawl quddiemna.<\/p>\n\n\n\n<p>G\u0127alhekk ibqa&#8217; \u017commilna jdejna g\u0127ax ming\u0127ajrek m&#8217;a\u0127na xejn.<\/p>\n\n\n\n<p>Lejk biss induru g\u0127all-g\u0127ajnuna biex fejn ma naslux wa\u0127edna jew permezz ta&#8217; nies li tibg\u0127atilna f&#8217;\u0127ajjitna, tkompli takkumpanjana inti Mulej.<\/p>\n\n\n\n<p> <span style=\"color:#ffffff\" class=\"has-inline-color\">&#8211;<\/span> <\/p>\n\n\n\n<p><em>Silvana Cardona<\/em><\/p>\n\n\n\n<p>  <span style=\"color:#ffffff\" class=\"has-inline-color\">&#8211;<\/span>  <\/p>\n\n\n\n<p>Frar 2021<\/p>\n\n\n\n<hr class=\"wp-block-separator has-alpha-channel-opacity\"\/>\n\n\n\n<p><strong>Attivit\u00e0 ta&#8217; Talb<\/strong><\/p>\n\n\n\n<p>Wara l-animazzjoni tal-istorja riflettiva, tista&#8217; tie\u0127u ftit \u0127in biex tieqaf, tirrifletti, u titlob bil-g\u0127ajnuna ta&#8217; wa\u0127da mill-attivitajiet ta&#8217; talb minn hawn ta\u0127t:<\/p>\n\n\n\n\n\n\n<div id=\"wpv-view-layout-8611-CATTR488bdb11cba78cbc3db69f197b2742f4TCPID228636\" class=\"js-wpv-view-layout js-wpv-layout-responsive js-wpv-view-layout-8611-CATTR488bdb11cba78cbc3db69f197b2742f4TCPID228636\" data-viewnumber=\"8611-CATTR488bdb11cba78cbc3db69f197b2742f4TCPID228636\" data-pagination=\"{&quot;id&quot;:8611,&quot;query&quot;:&quot;normal&quot;,&quot;type&quot;:&quot;disabled&quot;,&quot;effect&quot;:&quot;fade&quot;,&quot;duration&quot;:500,&quot;speed&quot;:5,&quot;pause_on_hover&quot;:&quot;disabled&quot;,&quot;stop_rollover&quot;:&quot;false&quot;,&quot;cache_pages&quot;:&quot;enabled&quot;,&quot;preload_images&quot;:&quot;enabled&quot;,&quot;preload_pages&quot;:&quot;enabled&quot;,&quot;preload_reach&quot;:1,&quot;spinner&quot;:&quot;builtin&quot;,&quot;spinner_image&quot;:&quot;https:\/\/sds.mt\/wp-content\/plugins\/toolset-blocks\/embedded\/res\/img\/ajax-loader.gif&quot;,&quot;callback_next&quot;:&quot;&quot;,&quot;manage_history&quot;:&quot;enabled&quot;,&quot;has_controls_in_form&quot;:&quot;disabled&quot;,&quot;infinite_tolerance&quot;:&quot;0&quot;,&quot;max_pages&quot;:0,&quot;page&quot;:1,&quot;base_permalink&quot;:&quot;\/mt\/wp-json\/wp\/v2\/resource\/228636?wpv_view_count=8611-CATTR488bdb11cba78cbc3db69f197b2742f4TCPID228636&amp;wpv_paged=WPV_PAGE_NUM&quot;,&quot;loop&quot;:{&quot;type&quot;:&quot;&quot;,&quot;name&quot;:&quot;&quot;,&quot;data&quot;:[],&quot;id&quot;:0}}\" data-permalink=\"\/mt\/wp-json\/wp\/v2\/resource\/228636?wpv_view_count=8611-CATTR488bdb11cba78cbc3db69f197b2742f4TCPID228636\">\n\n\t\n\t\n\t<table width=\"100%\" class=\"pa-rl wpv-loop js-wpv-loop\" cellspacing=\"5\">\n\t\n\t\t\n\t\t<tr>\n\t\t\t<td class=\"smaller\">\n\t\t\t\t\n<figure class=\"wp-block-image tb-image tb-image-dynamic\" data-toolset-blocks-image=\"4237204bb0f2388c8cd0daeb4e0ed893\"><a href=\"https:\/\/sds.mt\/mt\/resource\/people-tree\/\"><img loading=\"lazy\" loading=\"lazy\" loading=\"lazy\" decoding=\"async\" width=\"2560\" height=\"1920\" loading=\"lazy\" src=\"https:\/\/sds.mt\/wp-content\/uploads\/2021\/06\/2020-03-04-Kirkop-primary-7-scaled.jpg\" alt=\"People Tree\" class=\"wp-image-5703\" srcset=\"https:\/\/sds.mt\/wp-content\/uploads\/2021\/06\/2020-03-04-Kirkop-primary-7-scaled.jpg 2560w, https:\/\/sds.mt\/wp-content\/uploads\/2021\/06\/2020-03-04-Kirkop-primary-7-scaled-300x225.jpg 300w, https:\/\/sds.mt\/wp-content\/uploads\/2021\/06\/2020-03-04-Kirkop-primary-7-scaled-1024x768.jpg 1024w, https:\/\/sds.mt\/wp-content\/uploads\/2021\/06\/2020-03-04-Kirkop-primary-7-scaled-768x576.jpg 768w, https:\/\/sds.mt\/wp-content\/uploads\/2021\/06\/2020-03-04-Kirkop-primary-7-scaled-1536x1152.jpg 1536w, https:\/\/sds.mt\/wp-content\/uploads\/2021\/06\/2020-03-04-Kirkop-primary-7-scaled-2048x1536.jpg 2048w, https:\/\/sds.mt\/wp-content\/uploads\/2021\/06\/2020-03-04-Kirkop-primary-7-scaled-800x600.jpg 800w, https:\/\/sds.mt\/wp-content\/uploads\/2021\/06\/2020-03-04-Kirkop-primary-7-scaled-1200x900.jpg 1200w, https:\/\/sds.mt\/wp-content\/uploads\/2021\/06\/2020-03-04-Kirkop-primary-7-scaled-20x15.jpg 20w\" sizes=\"auto, (max-width: 2560px) 100vw, 2560px\" \/><\/a><\/figure>\n\n\n\n<h3 class=\"wp-block-heading\"><strong><a href=\"https:\/\/sds.mt\/mt\/resource\/people-tree\/\">People Tree<\/a><\/strong><\/h3>\n\n\n<p>This prayer space gives us time to pray and think about people close to us.<\/p>\n\n\t\t\t<\/td>\n\t\t\n\t\t\n\t\t\t<td class=\"smaller\">\n\t\t\t\t\n<figure class=\"wp-block-image tb-image tb-image-dynamic\" data-toolset-blocks-image=\"4237204bb0f2388c8cd0daeb4e0ed893\"><a href=\"https:\/\/sds.mt\/mt\/resource\/bus-blessings\/\"><img loading=\"lazy\" loading=\"lazy\" loading=\"lazy\" decoding=\"async\" width=\"2560\" height=\"1152\" loading=\"lazy\" src=\"https:\/\/sds.mt\/wp-content\/uploads\/2024\/08\/20240724_110315-scaled.jpg\" alt=\"\" class=\"wp-image-152937\" srcset=\"https:\/\/sds.mt\/wp-content\/uploads\/2024\/08\/20240724_110315-scaled.jpg 2560w, https:\/\/sds.mt\/wp-content\/uploads\/2024\/08\/20240724_110315-300x135.jpg 300w, https:\/\/sds.mt\/wp-content\/uploads\/2024\/08\/20240724_110315-1024x461.jpg 1024w, https:\/\/sds.mt\/wp-content\/uploads\/2024\/08\/20240724_110315-768x346.jpg 768w, https:\/\/sds.mt\/wp-content\/uploads\/2024\/08\/20240724_110315-1536x691.jpg 1536w, https:\/\/sds.mt\/wp-content\/uploads\/2024\/08\/20240724_110315-2048x922.jpg 2048w, https:\/\/sds.mt\/wp-content\/uploads\/2024\/08\/20240724_110315-640x288.jpg 640w, https:\/\/sds.mt\/wp-content\/uploads\/2024\/08\/20240724_110315-800x360.jpg 800w, https:\/\/sds.mt\/wp-content\/uploads\/2024\/08\/20240724_110315-1200x540.jpg 1200w\" sizes=\"auto, (max-width: 2560px) 100vw, 2560px\" \/><\/a><\/figure>\n\n\n\n<h3 class=\"wp-block-heading\"><strong><a href=\"https:\/\/sds.mt\/mt\/resource\/bus-blessings\/\">Bus Blessings<\/a><\/strong><\/h3>\n\n\n<p>During this prayer activity, the participant can appreciate the relationships with their families and friends and be grateful to God and for them.<\/p>\n\n\t\t\t<\/td>\n\t\t\n\t\t\n\t\t\t<td class=\"smaller\">\n\t\t\t\t\n<figure class=\"wp-block-image tb-image tb-image-dynamic\" data-toolset-blocks-image=\"4237204bb0f2388c8cd0daeb4e0ed893\"><a href=\"https:\/\/sds.mt\/mt\/resource\/friendship-flower\/\"><img loading=\"lazy\" loading=\"lazy\" loading=\"lazy\" decoding=\"async\" width=\"1280\" height=\"1007\" loading=\"lazy\" src=\"https:\/\/sds.mt\/wp-content\/uploads\/2021\/05\/Friendship-flower-FP.jpeg\" alt=\"\" class=\"wp-image-3640\" srcset=\"https:\/\/sds.mt\/wp-content\/uploads\/2021\/05\/Friendship-flower-FP.jpeg 1280w, https:\/\/sds.mt\/wp-content\/uploads\/2021\/05\/Friendship-flower-FP-300x236.jpeg 300w, https:\/\/sds.mt\/wp-content\/uploads\/2021\/05\/Friendship-flower-FP-1024x806.jpeg 1024w, https:\/\/sds.mt\/wp-content\/uploads\/2021\/05\/Friendship-flower-FP-768x604.jpeg 768w, https:\/\/sds.mt\/wp-content\/uploads\/2021\/05\/Friendship-flower-FP-800x629.jpeg 800w, https:\/\/sds.mt\/wp-content\/uploads\/2021\/05\/Friendship-flower-FP-1200x944.jpeg 1200w, https:\/\/sds.mt\/wp-content\/uploads\/2021\/05\/Friendship-flower-FP-20x16.jpeg 20w\" sizes=\"auto, (max-width: 1280px) 100vw, 1280px\" \/><\/a><\/figure>\n\n\n\n<h3 class=\"wp-block-heading\"><strong><a href=\"https:\/\/sds.mt\/mt\/resource\/friendship-flower\/\">Friendship Flower<\/a><\/strong><\/h3>\n\n\n<p>In this prayer space one is made aware of what a good friend Jesus is and is asked to reflect on what makes him such a good friend and how we can become more like Him.<\/p>\n\n\t\t\t<\/td>\n\t\t<\/tr>\n\t\t\n\t<\/table>\n\t\n\t\n\t\n<\/div>\n\n","protected":false},"featured_media":7755,"template":"","topic":[37],"resource-category":[428],"resource-type":[327],"language":[25],"activity-type":[],"related":[],"activity-set":[],"class_list":["post-228636","resource","type-resource","status-publish","has-post-thumbnail","hentry","topic-relationships-family","resource-category-hajti-prezzjuza","resource-type-story","language-malti"],"toolset-meta":{"field-group-for-resources":[],"custom-fields":{"subtitle":{"type":"textfield","raw":"minn Silvana Cardona"}},"resource-material":{"hide-material":{"type":"checkbox","raw":"1"}},"resource-details":{"resource-shortdescription":{"type":"wysiwyg","raw":""},"age-groups":{"type":"checkboxes","raw":{"wpcf-fields-checkboxes-option-996cf779532c2bd1cc348a2c439963da-1":["Middle Years"],"wpcf-fields-checkboxes-option-32f628303212f57d5bbc89ef8bc09789-1":["Secondary Years"]},"checked":["Middle Years","Secondary Years"],"formatted":"Middle Years, Secondary Years"},"link-to-other-resource":{"type":"url","raw":""},"link-description":{"type":"radio","raw":"3"},"date":{"type":"date","raw":"","formatted":null},"equipment":{"type":"textfield","raw":""},"scripture":{"type":"textfield","raw":""},"scripture-api-code":{"type":"textfield","raw":""},"link-liturgy":{"type":"textfield","raw":""}}},"_links":{"self":[{"href":"https:\/\/sds.mt\/mt\/wp-json\/wp\/v2\/resource\/228636","targetHints":{"allow":["GET"]}}],"collection":[{"href":"https:\/\/sds.mt\/mt\/wp-json\/wp\/v2\/resource"}],"about":[{"href":"https:\/\/sds.mt\/mt\/wp-json\/wp\/v2\/types\/resource"}],"version-history":[{"count":3,"href":"https:\/\/sds.mt\/mt\/wp-json\/wp\/v2\/resource\/228636\/revisions"}],"predecessor-version":[{"id":236675,"href":"https:\/\/sds.mt\/mt\/wp-json\/wp\/v2\/resource\/228636\/revisions\/236675"}],"wp:featuredmedia":[{"embeddable":true,"href":"https:\/\/sds.mt\/mt\/wp-json\/wp\/v2\/media\/7755"}],"wp:attachment":[{"href":"https:\/\/sds.mt\/mt\/wp-json\/wp\/v2\/media?parent=228636"}],"wp:term":[{"taxonomy":"topic","embeddable":true,"href":"https:\/\/sds.mt\/mt\/wp-json\/wp\/v2\/topic?post=228636"},{"taxonomy":"resource-category","embeddable":true,"href":"https:\/\/sds.mt\/mt\/wp-json\/wp\/v2\/resource-category?post=228636"},{"taxonomy":"resource-type","embeddable":true,"href":"https:\/\/sds.mt\/mt\/wp-json\/wp\/v2\/resource-type?post=228636"},{"taxonomy":"language","embeddable":true,"href":"https:\/\/sds.mt\/mt\/wp-json\/wp\/v2\/language?post=228636"},{"taxonomy":"activity-type","embeddable":true,"href":"https:\/\/sds.mt\/mt\/wp-json\/wp\/v2\/activity-type?post=228636"},{"taxonomy":"related","embeddable":true,"href":"https:\/\/sds.mt\/mt\/wp-json\/wp\/v2\/related?post=228636"},{"taxonomy":"activity-set","embeddable":true,"href":"https:\/\/sds.mt\/mt\/wp-json\/wp\/v2\/activity-set?post=228636"}],"curies":[{"name":"wp","href":"https:\/\/api.w.org\/{rel}","templated":true}]}}