{"id":228615,"date":"2025-02-04T21:25:55","date_gmt":"2025-02-04T20:25:55","guid":{"rendered":"https:\/\/sds.mt\/?post_type=resource&#038;p=228615"},"modified":"2026-08-10T17:29:45","modified_gmt":"2026-08-10T15:29:45","slug":"dak-l-imbierek-tarag","status":"publish","type":"resource","link":"https:\/\/sds.mt\/mt\/resource\/dak-l-imbierek-tarag\/","title":{"rendered":"Dak l-Imbierek Tara\u0121!"},"content":{"rendered":"\n<h4 class=\"wp-block-heading\">Isma&#8217;<\/h4>\n\n\n\n<figure class=\"wp-block-audio\"><audio controls src=\"https:\/\/sds.mt\/wp-content\/uploads\/2021\/09\/Dak-l-Imbierek-Tarag-Settembru-2017.mp3\"><\/audio><\/figure>\n\n\n\n<h4 class=\"wp-block-heading\">Aqra<\/h4>\n\n\n\n<p>Ta\u2019 spiss nisma\u2019 lil ommi tg\u0127idli biex it-tara\u0121 nin\u017clu sew u naqta\u2019 l-vizzju li g\u0127andi li naqbe\u017c it-tara\u0121 tnejn tnejn sa ma nasal isfel. Imma jien l-hena tieg\u0127i naqbe\u017c waqt li ommi tkompli tg\u0127idli, \u201cG\u0127ad tie\u0127u tar\u0121a b\u2019o\u0127ra, titgerbeb u tispi\u010b\u010ba wi\u010b\u010bek \u2019il fuq l-isptar!\u201d<\/p>\n\n\n\n<p>Kemm tinkwieta g\u0127alija miskina! Dan l-a\u0127\u0127ar ikkonfondiet sew meta, minflok ratni naqbe\u017c it-tara\u0121 biex nin\u017clu, ratni nieqaf isfel mat-tarf tal-po\u0121\u0121aman, in\u0127ares sew lejn il-medda tieg\u0127u u noqg\u0127od na\u0127seb ftit. Ommi ma kenitx qed tifhem g\u0127ala kont qed nag\u0127mel hekk.<\/p>\n\n\n\n<p>Imma jien, kull darba li kont in\u0127ares u nifli dak it-tara\u0121, kont nistaqsi mistoqsija importanti lili nnifsi: \u201cFil-\u0127ajja tieg\u0127i fuq liema tar\u0121a wasalt? U jekk g\u0127adni ma wasaltx, x\u2019qed i\u017commni milli nasal?\u201d<\/p>\n\n\n\n<p>U bdejt nilg\u0127ab log\u0127ba mat-tara\u0121. Ma\u2019 kull tar\u0121a bdejt nieqaf nirrifletti dwar \u0127ajti. G\u0127all-bidu kont inqatta\u2019 \u0127afna \u0127in fuq l-ewwel tar\u0121a, na\u0127seb dwar xi \u0127a\u0121a li veru nixtieq nag\u0127mel imma li g\u0127al xi ra\u0121uni kont in\u0127ossni naqta\u2019 qalbi u ma nag\u0127milhiex.<\/p>\n\n\n\n<p>Imbag\u0127ad bdejt nitla\u2019 sat-tieni tar\u0121a. S\u2019issa kont g\u0127adni b\u2019qalbi maqtug\u0127a, konvint li m\u2019iniex kapa\u010bi nwettaq dak li nixtieq. Mat-tielet tar\u0121a \u0127assejtni nqum bilwieqfa u ng\u0127id lili nnifsi: \u201cIva, jien irrid nag\u0127milha!\u201d<\/p>\n\n\n\n<p>Issa kont wasalt fuq ir-raba\u2019 tar\u0121a u \u0127sibt dwar kif irrid nasal g\u0127al dak li rrid nag\u0127mel. Tlajt il-\u0127ames tar\u0121a! Fuqha g\u0127edt li minkejja xi diffikultajiet li nista\u2019 nsib ma\u2019 wi\u010b\u010bi, se nibqa\u2019 ng\u0127id li se nipprova xorta wa\u0127da.<\/p>\n\n\n\n<p>Fuq is-sitt tar\u0121a kont konvint li jien kapa\u010bi nag\u0127milha u li ji\u0121ri x\u2019ji\u0121ri rrid inpo\u0121\u0121i mo\u0127\u0127i hemm u nag\u0127milha \u017cgur. U meta fl-a\u0127\u0127ar tlajt fuq l-og\u0127la tar\u0121a, rajt lili nnifsi b\u2019idi mg\u0127ollija \u2019l fuq, fer\u0127an se ntir li dik il-\u0127a\u0121a li xtaqt nag\u0127mel, irnexxieli nag\u0127milha u b\u2019sodisfazzjon g\u0127ajjatt, \u201cIVA, g\u0127amiltha!\u201d<\/p>\n\n\n\n<p>U din il-\u2018log\u0127ba\u2019 tat-tara\u0121 g\u0127allmitni li \u0127ajti tixbah it-tara\u0121: biex nasal fuq irrid immidd l-ewwel pass u nitilg\u0127u tar\u0121a tar\u0121a. Tg\u0127allimni wkoll li anki jien kapa\u010bi nag\u0127mel xi \u0127a\u0121a tajba u sabi\u0127a billi nemmen fija nnifsi, inwarrab il-qtig\u0127 il-qalb, infittex informazzjoni kif nag\u0127milha u, minkejja kollox, nibqa\u2019 nipprova sakemm fl-a\u0127\u0127ar nasal biex nifra\u0127 b\u2019dak li nkun irnexxieli nwettaq. Kont se nistaqsik: Fil-\u0127ajja personali tieg\u0127ek fuq liema tar\u0121a wasalt?<\/p>\n\n\n\n<p> <span style=\"color:#ffffff\" class=\"has-inline-color\">&#8211;<\/span> <\/p>\n\n\n\n<p>Settembru 2017<\/p>\n\n\n\n<hr class=\"wp-block-separator has-alpha-channel-opacity\"\/>\n\n\n\n<h4 class=\"wp-block-heading\"><strong>Attivit\u00e0 ta&#8217; Talb<\/strong><\/h4>\n\n\n\n<p>Wara l-animazzjoni tal-istorja riflettiva, tista&#8217; tie\u0127u ftit \u0127in biex tieqaf, tirrifletti, u titlob bil-g\u0127ajnuna ta&#8217; wa\u0127da mill-attivitajiet ta&#8217; talb minn hawn ta\u0127t:<\/p>\n\n\n\n\n\n\n<div id=\"wpv-view-layout-8611-CATTRb8bf0e5275f236bc8fce5a8b571ec36fTCPID228615\" class=\"js-wpv-view-layout js-wpv-layout-responsive js-wpv-view-layout-8611-CATTRb8bf0e5275f236bc8fce5a8b571ec36fTCPID228615\" data-viewnumber=\"8611-CATTRb8bf0e5275f236bc8fce5a8b571ec36fTCPID228615\" data-pagination=\"{&quot;id&quot;:8611,&quot;query&quot;:&quot;normal&quot;,&quot;type&quot;:&quot;disabled&quot;,&quot;effect&quot;:&quot;fade&quot;,&quot;duration&quot;:500,&quot;speed&quot;:5,&quot;pause_on_hover&quot;:&quot;disabled&quot;,&quot;stop_rollover&quot;:&quot;false&quot;,&quot;cache_pages&quot;:&quot;enabled&quot;,&quot;preload_images&quot;:&quot;enabled&quot;,&quot;preload_pages&quot;:&quot;enabled&quot;,&quot;preload_reach&quot;:1,&quot;spinner&quot;:&quot;builtin&quot;,&quot;spinner_image&quot;:&quot;https:\/\/sds.mt\/wp-content\/plugins\/toolset-blocks\/embedded\/res\/img\/ajax-loader.gif&quot;,&quot;callback_next&quot;:&quot;&quot;,&quot;manage_history&quot;:&quot;enabled&quot;,&quot;has_controls_in_form&quot;:&quot;disabled&quot;,&quot;infinite_tolerance&quot;:&quot;0&quot;,&quot;max_pages&quot;:0,&quot;page&quot;:1,&quot;base_permalink&quot;:&quot;\/mt\/wp-json\/wp\/v2\/resource\/228615?wpv_view_count=8611-CATTRb8bf0e5275f236bc8fce5a8b571ec36fTCPID228615&amp;wpv_paged=WPV_PAGE_NUM&quot;,&quot;loop&quot;:{&quot;type&quot;:&quot;&quot;,&quot;name&quot;:&quot;&quot;,&quot;data&quot;:[],&quot;id&quot;:0}}\" data-permalink=\"\/mt\/wp-json\/wp\/v2\/resource\/228615?wpv_view_count=8611-CATTRb8bf0e5275f236bc8fce5a8b571ec36fTCPID228615\">\n\n\t\n\t\n\t<table width=\"100%\" class=\"pa-rl wpv-loop js-wpv-loop\" cellspacing=\"5\">\n\t\n\t\t\n\t\t<tr>\n\t\t\t<td class=\"smaller\">\n\t\t\t\t\n<figure class=\"wp-block-image tb-image tb-image-dynamic\" data-toolset-blocks-image=\"4237204bb0f2388c8cd0daeb4e0ed893\"><a href=\"https:\/\/sds.mt\/mt\/resource\/being-brave\/\"><img loading=\"lazy\" loading=\"lazy\" loading=\"lazy\" decoding=\"async\" width=\"2457\" height=\"1382\" loading=\"lazy\" src=\"https:\/\/sds.mt\/wp-content\/uploads\/2021\/01\/Be-Brave-FP2-scaled-e1615380012767.jpg\" alt=\"\" class=\"wp-image-144756\" srcset=\"https:\/\/sds.mt\/wp-content\/uploads\/2021\/01\/Be-Brave-FP2-scaled-e1615380012767.jpg 2457w, https:\/\/sds.mt\/wp-content\/uploads\/2021\/01\/Be-Brave-FP2-scaled-e1615380012767-300x169.jpg 300w, https:\/\/sds.mt\/wp-content\/uploads\/2021\/01\/Be-Brave-FP2-scaled-e1615380012767-1024x576.jpg 1024w, https:\/\/sds.mt\/wp-content\/uploads\/2021\/01\/Be-Brave-FP2-scaled-e1615380012767-768x432.jpg 768w, https:\/\/sds.mt\/wp-content\/uploads\/2021\/01\/Be-Brave-FP2-scaled-e1615380012767-1536x864.jpg 1536w, https:\/\/sds.mt\/wp-content\/uploads\/2021\/01\/Be-Brave-FP2-scaled-e1615380012767-2048x1152.jpg 2048w, https:\/\/sds.mt\/wp-content\/uploads\/2021\/01\/Be-Brave-FP2-scaled-e1615380012767-800x450.jpg 800w, https:\/\/sds.mt\/wp-content\/uploads\/2021\/01\/Be-Brave-FP2-scaled-e1615380012767-1200x675.jpg 1200w, https:\/\/sds.mt\/wp-content\/uploads\/2021\/01\/Be-Brave-FP2-scaled-e1615380012767-20x11.jpg 20w\" sizes=\"auto, (max-width: 2457px) 100vw, 2457px\" \/><\/a><\/figure>\n\n\n\n<h3 class=\"wp-block-heading\"><strong><a href=\"https:\/\/sds.mt\/mt\/resource\/being-brave\/\">Being Brave<\/a><\/strong><\/h3>\n\n\n<p><span data-sheets-value=\"{&quot;1&quot;:2,&quot;2&quot;:&quot;This space is to help one think of the situation where breavery is needed and to ask God for courage. &quot;}\" data-sheets-userformat=\"{&quot;2&quot;:769,&quot;3&quot;:{&quot;1&quot;:0},&quot;11&quot;:4,&quot;12&quot;:0}\">This space is to help one think of the situation where bravery is needed and to ask God for courage. <\/span><\/p>\n\n\t\t\t<\/td>\n\t\t\n\t\t\n\t\t\t<td class=\"smaller\">\n\t\t\t\t\n<figure class=\"wp-block-image tb-image tb-image-dynamic\" data-toolset-blocks-image=\"4237204bb0f2388c8cd0daeb4e0ed893\"><a href=\"https:\/\/sds.mt\/mt\/resource\/hope-blossoms\/\"><img loading=\"lazy\" loading=\"lazy\" loading=\"lazy\" decoding=\"async\" width=\"2560\" height=\"1926\" loading=\"lazy\" src=\"https:\/\/sds.mt\/wp-content\/uploads\/2021\/07\/hope-blossom-fp2-scaled.jpg\" alt=\"\" class=\"wp-image-14296\" srcset=\"https:\/\/sds.mt\/wp-content\/uploads\/2021\/07\/hope-blossom-fp2-scaled.jpg 2560w, https:\/\/sds.mt\/wp-content\/uploads\/2021\/07\/hope-blossom-fp2-scaled-300x226.jpg 300w, https:\/\/sds.mt\/wp-content\/uploads\/2021\/07\/hope-blossom-fp2-scaled-1024x770.jpg 1024w, https:\/\/sds.mt\/wp-content\/uploads\/2021\/07\/hope-blossom-fp2-scaled-768x578.jpg 768w, https:\/\/sds.mt\/wp-content\/uploads\/2021\/07\/hope-blossom-fp2-scaled-1536x1156.jpg 1536w, https:\/\/sds.mt\/wp-content\/uploads\/2021\/07\/hope-blossom-fp2-scaled-2048x1541.jpg 2048w, https:\/\/sds.mt\/wp-content\/uploads\/2021\/07\/hope-blossom-fp2-scaled-800x602.jpg 800w, https:\/\/sds.mt\/wp-content\/uploads\/2021\/07\/hope-blossom-fp2-scaled-1200x903.jpg 1200w, https:\/\/sds.mt\/wp-content\/uploads\/2021\/07\/hope-blossom-fp2-scaled-20x15.jpg 20w\" sizes=\"auto, (max-width: 2560px) 100vw, 2560px\" \/><\/a><\/figure>\n\n\n\n<h3 class=\"wp-block-heading\"><strong><a href=\"https:\/\/sds.mt\/mt\/resource\/hope-blossoms\/\">Hope Blossoms<\/a><\/strong><\/h3>\n\n\n<p>In this prayer space one reflects on hope.<\/p>\n\n\t\t\t<\/td>\n\t\t\n\t\t\n\t\t\t<td class=\"smaller\">\n\t\t\t\t\n<figure class=\"wp-block-image tb-image tb-image-dynamic\" data-toolset-blocks-image=\"4237204bb0f2388c8cd0daeb4e0ed893\"><a href=\"https:\/\/sds.mt\/mt\/resource\/mirror\/\"><img loading=\"lazy\" loading=\"lazy\" loading=\"lazy\" decoding=\"async\" width=\"2560\" height=\"1478\" loading=\"lazy\" src=\"https:\/\/sds.mt\/wp-content\/uploads\/2021\/01\/Mirror-FP-2-scaled-e1614721046443.jpg\" alt=\"\" class=\"wp-image-1588\" srcset=\"https:\/\/sds.mt\/wp-content\/uploads\/2021\/01\/Mirror-FP-2-scaled-e1614721046443.jpg 2560w, https:\/\/sds.mt\/wp-content\/uploads\/2021\/01\/Mirror-FP-2-scaled-e1614721046443-300x173.jpg 300w, https:\/\/sds.mt\/wp-content\/uploads\/2021\/01\/Mirror-FP-2-scaled-e1614721046443-1024x591.jpg 1024w, https:\/\/sds.mt\/wp-content\/uploads\/2021\/01\/Mirror-FP-2-scaled-e1614721046443-768x443.jpg 768w, https:\/\/sds.mt\/wp-content\/uploads\/2021\/01\/Mirror-FP-2-scaled-e1614721046443-1536x887.jpg 1536w, https:\/\/sds.mt\/wp-content\/uploads\/2021\/01\/Mirror-FP-2-scaled-e1614721046443-2048x1182.jpg 2048w, https:\/\/sds.mt\/wp-content\/uploads\/2021\/01\/Mirror-FP-2-scaled-e1614721046443-800x462.jpg 800w, https:\/\/sds.mt\/wp-content\/uploads\/2021\/01\/Mirror-FP-2-scaled-e1614721046443-1200x693.jpg 1200w, https:\/\/sds.mt\/wp-content\/uploads\/2021\/01\/Mirror-FP-2-scaled-e1614721046443-20x12.jpg 20w\" sizes=\"auto, (max-width: 2560px) 100vw, 2560px\" \/><\/a><\/figure>\n\n\n\n<h3 class=\"wp-block-heading\"><strong><a href=\"https:\/\/sds.mt\/mt\/resource\/mirror\/\">Mirror<\/a><\/strong><\/h3>\n\n\n<p><span data-sheets-value=\"{&quot;1&quot;:2,&quot;2&quot;:&quot;This prayer activity encourages one to identify the positive aspects of oneself as one looks ones own self-image created on the image of God.n&quot;}\" data-sheets-userformat=\"{&quot;2&quot;:769,&quot;3&quot;:{&quot;1&quot;:0},&quot;11&quot;:4,&quot;12&quot;:0}\">This prayer activity encourages one to identify the positive aspects of oneself as one looks at one&#8217;s own self-image created on the image of God in the mirror.<br \/>\n<\/span><\/p>\n\n\t\t\t<\/td>\n\t\t<\/tr>\n\t\t\n\t<\/table>\n\t\n\t\n\t\n<\/div>\n\n","protected":false},"featured_media":7665,"template":"","topic":[43,5,145],"resource-category":[428],"resource-type":[327],"language":[25],"activity-type":[],"related":[],"activity-set":[],"class_list":["post-228615","resource","type-resource","status-publish","has-post-thumbnail","hentry","topic-bravery-courage","topic-identity-self-esteem","topic-looking-forward","resource-category-hajti-prezzjuza","resource-type-story","language-malti"],"toolset-meta":{"field-group-for-resources":[],"custom-fields":{"subtitle":{"type":"textfield","raw":"minn Silvana Cardona"}},"resource-material":{"hide-material":{"type":"checkbox","raw":"1"}},"resource-details":{"resource-shortdescription":{"type":"wysiwyg","raw":""},"age-groups":{"type":"checkboxes","raw":{"wpcf-fields-checkboxes-option-996cf779532c2bd1cc348a2c439963da-1":["Middle Years"],"wpcf-fields-checkboxes-option-32f628303212f57d5bbc89ef8bc09789-1":["Secondary Years"]},"checked":["Middle Years","Secondary Years"],"formatted":"Middle Years, Secondary Years"},"link-to-other-resource":{"type":"url","raw":""},"link-description":{"type":"radio","raw":"3"},"date":{"type":"date","raw":"","formatted":null},"equipment":{"type":"textfield","raw":""},"scripture":{"type":"textfield","raw":""},"scripture-api-code":{"type":"textfield","raw":""},"link-liturgy":{"type":"textfield","raw":""}}},"_links":{"self":[{"href":"https:\/\/sds.mt\/mt\/wp-json\/wp\/v2\/resource\/228615","targetHints":{"allow":["GET"]}}],"collection":[{"href":"https:\/\/sds.mt\/mt\/wp-json\/wp\/v2\/resource"}],"about":[{"href":"https:\/\/sds.mt\/mt\/wp-json\/wp\/v2\/types\/resource"}],"version-history":[{"count":4,"href":"https:\/\/sds.mt\/mt\/wp-json\/wp\/v2\/resource\/228615\/revisions"}],"predecessor-version":[{"id":236609,"href":"https:\/\/sds.mt\/mt\/wp-json\/wp\/v2\/resource\/228615\/revisions\/236609"}],"wp:featuredmedia":[{"embeddable":true,"href":"https:\/\/sds.mt\/mt\/wp-json\/wp\/v2\/media\/7665"}],"wp:attachment":[{"href":"https:\/\/sds.mt\/mt\/wp-json\/wp\/v2\/media?parent=228615"}],"wp:term":[{"taxonomy":"topic","embeddable":true,"href":"https:\/\/sds.mt\/mt\/wp-json\/wp\/v2\/topic?post=228615"},{"taxonomy":"resource-category","embeddable":true,"href":"https:\/\/sds.mt\/mt\/wp-json\/wp\/v2\/resource-category?post=228615"},{"taxonomy":"resource-type","embeddable":true,"href":"https:\/\/sds.mt\/mt\/wp-json\/wp\/v2\/resource-type?post=228615"},{"taxonomy":"language","embeddable":true,"href":"https:\/\/sds.mt\/mt\/wp-json\/wp\/v2\/language?post=228615"},{"taxonomy":"activity-type","embeddable":true,"href":"https:\/\/sds.mt\/mt\/wp-json\/wp\/v2\/activity-type?post=228615"},{"taxonomy":"related","embeddable":true,"href":"https:\/\/sds.mt\/mt\/wp-json\/wp\/v2\/related?post=228615"},{"taxonomy":"activity-set","embeddable":true,"href":"https:\/\/sds.mt\/mt\/wp-json\/wp\/v2\/activity-set?post=228615"}],"curies":[{"name":"wp","href":"https:\/\/api.w.org\/{rel}","templated":true}]}}