{"id":228569,"date":"2025-02-04T20:09:48","date_gmt":"2025-02-04T19:09:48","guid":{"rendered":"https:\/\/sds.mt\/?post_type=resource&#038;p=228569"},"modified":"2026-08-10T10:58:45","modified_gmt":"2026-08-10T08:58:45","slug":"kun-int-innifsek","status":"publish","type":"resource","link":"https:\/\/sds.mt\/mt\/resource\/kun-int-innifsek\/","title":{"rendered":"Kun Int Innifsek!"},"content":{"rendered":"\n<figure class=\"wp-block-audio\"><audio controls src=\"https:\/\/sds.mt\/wp-content\/uploads\/2021\/09\/Kun-Int-Innifsek-Marzu-2017.mp3\"><\/audio><\/figure>\n\n\n\n<p class=\"has-text-align-center\"><strong>Imma kif? U dak li semg\u0127et fuq ir-radju x\u2019kellu x\u2019jaqsam?<\/strong><\/p>\n\n\n\n<p>Noel kien ta\u2019 spiss jg\u0127idilha: <em>Be yourself! <\/em>Kun int innifsek! Tib\u017cax tkun dak li int. Toqg\u0127odx tinbidel biex ting\u0127o\u0121ob mill-\u0127bieb tieg\u0127ek. Kun int innifsek, u min verament irid ikun \u0127abib tieg\u0127ek i\u0127obbok g\u0127al dak li int.<\/p>\n\n\n\n<p>Imma x\u2019ried ifisser e\u017cattament? Kif tkun \u2018int innifsek\u2019?<\/p>\n\n\n\n<p>Darba kienet qed tistenna tal-linja u mit-tieqa ta\u2019 dar instema\u2019 programm tar-radju. Kellha bilfors toqg\u0127od tisimg\u0127u g\u0127ax il-volum kien g\u0127oli. Il-pre\u017centatur kien qed jitkellem dwar il-Beatitudnijiet. Dil-kelma ma kenitx taf xi tfisser imma dak li bdiet tisma\u2019 tant \u0127assitu kliem sabi\u0127 li \u0127assitu jmissilha qalbha. Kif rikbet tal-linja, xeg\u0127let l-internet fuq it-<em>tablet <\/em>u ttajpjat il-kelma \u2018Beatitudnijiet\u2019. Sabet li dawn huma tmien sentenzi sbie\u0127 u li kollha jibdew bil-kelma \u2018Henjin\u2019 u tahomlna \u0120es\u00f9:<\/p>\n\n\n\n<ul class=\"wp-block-list\">\n<li>Henjin il-foqra fl-ispirtu, g\u0127ax tag\u0127hom hija s-Saltna tas-Smewwiet.<\/li>\n\n\n\n<li>Henjin l-imnikkta, g\u0127ax huma jkunu mfarr\u0121a.<\/li>\n\n\n\n<li>Henjin ta\u2019 qalbhom \u0127elwa, g\u0127ax huma jkollhom b\u2019wirthom l-art.<\/li>\n\n\n\n<li>Henjin dawk li huma bil-\u0121u\u0127 u l-g\u0127atx tal-\u0121ustizzja, g\u0127ax huma jkunu mxebbg\u0127in.<\/li>\n\n\n\n<li>Henjin dawk li j\u0127ennu, g\u0127ax huma jsibu \u0127niena.<\/li>\n\n\n\n<li>Henjin dawk li huma safja f\u2019qalbhom, g\u0127ax huma jaraw \u2019l Alla.<\/li>\n\n\n\n<li>Henjin dawk li j\u0121ibu l-pa\u010bi, g\u0127ax huma jissej\u0127u wlied Alla.<\/li>\n\n\n\n<li>Henjin dawk li huma ppersegwitati min\u0127abba s-sewwa, g\u0127ax tag\u0127hom hija s-Saltna &nbsp;&nbsp;&nbsp;&nbsp;tas-Smewwiet.<\/li>\n<\/ul>\n\n\n\n<p>Hi u taqra bdiet t\u0127ossha tidentifika ru\u0127ha sew mag\u0127hom g\u0127ax hi \u0121ieli \u0127assitha mnikkta u mtaqqla. Kemm xtaqet li tkun tfajla hienja u tipprova tg\u0127ix dan l-istil ta\u2019 \u0127ajja!<\/p>\n\n\n\n<p>Staqsiet kif setg\u0127et ti\u017cviluppa dawn il-beatitudnijiet f\u2019\u0127ajjitha. Sabet li b\u0127al kull \u0127a\u0121a o\u0127ra li tkun trid tikber fiha, irid ikollok qalb miftu\u0127a g\u0127aliha, titg\u0127allem dwarha u tit\u0127arre\u0121 fiha. Riedet ukoll toqg\u0127od attenta g\u0127all-persuni li jistg\u0127u jkunu mudelli g\u0127aliha. Fehmet li l-Beatitudnijiet huma g\u0127ejun biex jg\u0127inuha tg\u0127ix \u0127ajja a\u0127jar.<\/p>\n\n\n\n<p>Tg\u0127allmet tkun sin\u010biera mag\u0127ha nnifisha u tipprova twettaq dak li hu tajjeb u ta\u2019 \u0121id. Ta\u2019 kuljum bdiet tiltaqa\u2019 ma\u2019 okka\u017cjonijiet fejn setg\u0127et t\u0127obb, tfarra\u0121, tisma\u2019, taqdi u \u0121\u0121ib il-pa\u010bi. Kemm kienet fer\u0127ana li g\u0127arfet tibda tg\u0127ix din it-triq! Issa kienet t\u0127ossha tassew \u2018hienja\u2019!<\/p>\n\n\n\n<p> <span style=\"color:#ffffff\" class=\"has-inline-color\">&#8211;<\/span> <\/p>\n\n\n\n<p>Marzu 2017<\/p>\n\n\n\n<hr class=\"wp-block-separator has-alpha-channel-opacity\"\/>\n\n\n\n<p><strong>Attivit\u00e0 ta&#8217; Talb<\/strong><\/p>\n\n\n\n<p>Wara l-animazzjoni tal-istorja riflettiva, tista&#8217; tie\u0127u ftit \u0127in biex tieqaf, tirrifletti, u titlob bil-g\u0127ajnuna ta&#8217; wa\u0127da mill-attivitajiet ta&#8217; talb minn hawn ta\u0127t:<\/p>\n\n\n\n\n\n\n<div id=\"wpv-view-layout-8611-CATTRf10782381bf819ad6cc707c2c65fa5c2TCPID228569\" class=\"js-wpv-view-layout js-wpv-layout-responsive js-wpv-view-layout-8611-CATTRf10782381bf819ad6cc707c2c65fa5c2TCPID228569\" data-viewnumber=\"8611-CATTRf10782381bf819ad6cc707c2c65fa5c2TCPID228569\" data-pagination=\"{&quot;id&quot;:8611,&quot;query&quot;:&quot;normal&quot;,&quot;type&quot;:&quot;disabled&quot;,&quot;effect&quot;:&quot;fade&quot;,&quot;duration&quot;:500,&quot;speed&quot;:5,&quot;pause_on_hover&quot;:&quot;disabled&quot;,&quot;stop_rollover&quot;:&quot;false&quot;,&quot;cache_pages&quot;:&quot;enabled&quot;,&quot;preload_images&quot;:&quot;enabled&quot;,&quot;preload_pages&quot;:&quot;enabled&quot;,&quot;preload_reach&quot;:1,&quot;spinner&quot;:&quot;builtin&quot;,&quot;spinner_image&quot;:&quot;https:\/\/sds.mt\/wp-content\/plugins\/toolset-blocks\/embedded\/res\/img\/ajax-loader.gif&quot;,&quot;callback_next&quot;:&quot;&quot;,&quot;manage_history&quot;:&quot;enabled&quot;,&quot;has_controls_in_form&quot;:&quot;disabled&quot;,&quot;infinite_tolerance&quot;:&quot;0&quot;,&quot;max_pages&quot;:0,&quot;page&quot;:1,&quot;base_permalink&quot;:&quot;\/mt\/wp-json\/wp\/v2\/resource\/228569?wpv_view_count=8611-CATTRf10782381bf819ad6cc707c2c65fa5c2TCPID228569&amp;wpv_paged=WPV_PAGE_NUM&quot;,&quot;loop&quot;:{&quot;type&quot;:&quot;&quot;,&quot;name&quot;:&quot;&quot;,&quot;data&quot;:[],&quot;id&quot;:0}}\" data-permalink=\"\/mt\/wp-json\/wp\/v2\/resource\/228569?wpv_view_count=8611-CATTRf10782381bf819ad6cc707c2c65fa5c2TCPID228569\">\n\n\t\n\t\n\t<table width=\"100%\" class=\"pa-rl wpv-loop js-wpv-loop\" cellspacing=\"5\">\n\t\n\t\t\n\t\t<tr>\n\t\t\t<td class=\"smaller\">\n\t\t\t\t\n<figure class=\"wp-block-image tb-image tb-image-dynamic\" data-toolset-blocks-image=\"4237204bb0f2388c8cd0daeb4e0ed893\"><a href=\"https:\/\/sds.mt\/mt\/resource\/beatitudes-joy\/\"><img loading=\"lazy\" loading=\"lazy\" loading=\"lazy\" decoding=\"async\" width=\"620\" height=\"387\" loading=\"lazy\" src=\"https:\/\/sds.mt\/wp-content\/uploads\/2021\/07\/Beatitudes-Joy.jpg\" alt=\"\" class=\"wp-image-5716\" srcset=\"https:\/\/sds.mt\/wp-content\/uploads\/2021\/07\/Beatitudes-Joy.jpg 620w, https:\/\/sds.mt\/wp-content\/uploads\/2021\/07\/Beatitudes-Joy-300x187.jpg 300w, https:\/\/sds.mt\/wp-content\/uploads\/2021\/07\/Beatitudes-Joy-20x12.jpg 20w\" sizes=\"auto, (max-width: 620px) 100vw, 620px\" \/><\/a><\/figure>\n\n\n\n<h3 class=\"wp-block-heading\"><strong><a href=\"https:\/\/sds.mt\/mt\/resource\/beatitudes-joy\/\">Beatitudes: Joy<\/a><\/strong><\/h3>\n\n\n<p>In this prayer space, one thinks of people who bring joy and the joyful moments one had, while praying to God for eternal happiness.<\/p>\n\n\t\t\t<\/td>\n\t\t\n\t\t\n\t\t\t<td class=\"smaller\">\n\t\t\t\t\n<figure class=\"wp-block-image tb-image tb-image-dynamic\" data-toolset-blocks-image=\"4237204bb0f2388c8cd0daeb4e0ed893\"><a href=\"https:\/\/sds.mt\/mt\/resource\/beatitudes-justice\/\"><img loading=\"lazy\" loading=\"lazy\" loading=\"lazy\" decoding=\"async\" width=\"900\" height=\"636\" loading=\"lazy\" src=\"https:\/\/sds.mt\/wp-content\/uploads\/2021\/07\/Beatitudes-Justice.jpg\" alt=\"\" class=\"wp-image-5714\" srcset=\"https:\/\/sds.mt\/wp-content\/uploads\/2021\/07\/Beatitudes-Justice.jpg 900w, https:\/\/sds.mt\/wp-content\/uploads\/2021\/07\/Beatitudes-Justice-300x212.jpg 300w, https:\/\/sds.mt\/wp-content\/uploads\/2021\/07\/Beatitudes-Justice-768x543.jpg 768w, https:\/\/sds.mt\/wp-content\/uploads\/2021\/07\/Beatitudes-Justice-800x565.jpg 800w, https:\/\/sds.mt\/wp-content\/uploads\/2021\/07\/Beatitudes-Justice-20x14.jpg 20w\" sizes=\"auto, (max-width: 900px) 100vw, 900px\" \/><\/a><\/figure>\n\n\n\n<h3 class=\"wp-block-heading\"><strong><a href=\"https:\/\/sds.mt\/mt\/resource\/beatitudes-justice\/\">Beatitudes: Justice<\/a><\/strong><\/h3>\n\n\n<p><span data-sheets-value=\"{&quot;1&quot;:2,&quot;2&quot;:&quot;During this prayer space one is invited to reflect on injustices around us and to pray for fairness in the world. &quot;}\" data-sheets-userformat=\"{&quot;2&quot;:13057,&quot;3&quot;:{&quot;1&quot;:0},&quot;11&quot;:4,&quot;12&quot;:0,&quot;15&quot;:&quot;Calibri&quot;,&quot;16&quot;:10}\">During this prayer space, one is invited to reflect on injustices around us and to pray for fairness in the world. <\/span><\/p>\n\n\t\t\t<\/td>\n\t\t\n\t\t\n\t\t\t<td class=\"smaller\">\n\t\t\t\t\n<figure class=\"wp-block-image tb-image tb-image-dynamic\" data-toolset-blocks-image=\"4237204bb0f2388c8cd0daeb4e0ed893\"><a href=\"https:\/\/sds.mt\/mt\/resource\/beatitudes-peace\/\"><img loading=\"lazy\" loading=\"lazy\" loading=\"lazy\" decoding=\"async\" width=\"956\" height=\"591\" loading=\"lazy\" src=\"https:\/\/sds.mt\/wp-content\/uploads\/2021\/01\/58654762_2112831168751953_3842329012026212352_o-e1615590926898.jpg\" alt=\"\" class=\"wp-image-2351\" srcset=\"https:\/\/sds.mt\/wp-content\/uploads\/2021\/01\/58654762_2112831168751953_3842329012026212352_o-e1615590926898.jpg 956w, https:\/\/sds.mt\/wp-content\/uploads\/2021\/01\/58654762_2112831168751953_3842329012026212352_o-e1615590926898-300x185.jpg 300w, https:\/\/sds.mt\/wp-content\/uploads\/2021\/01\/58654762_2112831168751953_3842329012026212352_o-e1615590926898-768x475.jpg 768w, https:\/\/sds.mt\/wp-content\/uploads\/2021\/01\/58654762_2112831168751953_3842329012026212352_o-e1615590926898-800x495.jpg 800w, https:\/\/sds.mt\/wp-content\/uploads\/2021\/01\/58654762_2112831168751953_3842329012026212352_o-e1615590926898-20x12.jpg 20w\" sizes=\"auto, (max-width: 956px) 100vw, 956px\" \/><\/a><\/figure>\n\n\n\n<h3 class=\"wp-block-heading\"><strong><a href=\"https:\/\/sds.mt\/mt\/resource\/beatitudes-peace\/\">Beatitudes: Peace<\/a><\/strong><\/h3>\n\n\n<p><span data-sheets-value=\"{&quot;1&quot;:2,&quot;2&quot;:&quot;In this prayer space one thinks about situations of conflict and then pray on bringing peace and reconcilation. &quot;}\" data-sheets-userformat=\"{&quot;2&quot;:13057,&quot;3&quot;:{&quot;1&quot;:0},&quot;11&quot;:4,&quot;12&quot;:0,&quot;15&quot;:&quot;Calibri&quot;,&quot;16&quot;:10}\">In this prayer space one thinks about situations of conflict and then prays on bringing peace and reconciliation. <\/span><\/p>\n\n\t\t\t<\/td>\n\t\t<\/tr>\n\t\t\n\t\t\n\t\t<tr>\n\t\t\t<td class=\"smaller\">\n\t\t\t\t\n<figure class=\"wp-block-image tb-image tb-image-dynamic\" data-toolset-blocks-image=\"4237204bb0f2388c8cd0daeb4e0ed893\"><a href=\"https:\/\/sds.mt\/mt\/resource\/beatitudes-resilience\/\"><img loading=\"lazy\" loading=\"lazy\" loading=\"lazy\" decoding=\"async\" width=\"2560\" height=\"1786\" loading=\"lazy\" src=\"https:\/\/sds.mt\/wp-content\/uploads\/2021\/02\/The-Rock_FP-scaled.jpg\" alt=\"\" class=\"wp-image-1834\" srcset=\"https:\/\/sds.mt\/wp-content\/uploads\/2021\/02\/The-Rock_FP-scaled.jpg 2560w, https:\/\/sds.mt\/wp-content\/uploads\/2021\/02\/The-Rock_FP-scaled-300x209.jpg 300w, https:\/\/sds.mt\/wp-content\/uploads\/2021\/02\/The-Rock_FP-scaled-1024x714.jpg 1024w, https:\/\/sds.mt\/wp-content\/uploads\/2021\/02\/The-Rock_FP-scaled-768x536.jpg 768w, https:\/\/sds.mt\/wp-content\/uploads\/2021\/02\/The-Rock_FP-scaled-1536x1072.jpg 1536w, https:\/\/sds.mt\/wp-content\/uploads\/2021\/02\/The-Rock_FP-scaled-2048x1429.jpg 2048w, https:\/\/sds.mt\/wp-content\/uploads\/2021\/02\/The-Rock_FP-scaled-800x558.jpg 800w, https:\/\/sds.mt\/wp-content\/uploads\/2021\/02\/The-Rock_FP-scaled-1200x837.jpg 1200w, https:\/\/sds.mt\/wp-content\/uploads\/2021\/02\/The-Rock_FP-scaled-20x14.jpg 20w\" sizes=\"auto, (max-width: 2560px) 100vw, 2560px\" \/><\/a><\/figure>\n\n\n\n<h3 class=\"wp-block-heading\"><strong><a href=\"https:\/\/sds.mt\/mt\/resource\/beatitudes-resilience\/\">Beatitudes: Resilience<\/a><\/strong><\/h3>\n\n\n<p><span data-sheets-value=\"{&quot;1&quot;:2,&quot;2&quot;:&quot;This prayer space one is given time to think of those things\/persons which strengthens them and to pray in thanks for recilience. &quot;}\" data-sheets-userformat=\"{&quot;2&quot;:13057,&quot;3&quot;:{&quot;1&quot;:0},&quot;11&quot;:4,&quot;12&quot;:0,&quot;15&quot;:&quot;Calibri&quot;,&quot;16&quot;:10}\">In this prayer space, one is given time to think of those things\/persons which strengthen them and to pray in thanks for resilience. <\/span><\/p>\n\n\t\t\t<\/td>\n\t\t\n\t\t\n\t\t\t<td class=\"smaller\">\n\t\t\t\t\n<figure class=\"wp-block-image tb-image tb-image-dynamic\" data-toolset-blocks-image=\"4237204bb0f2388c8cd0daeb4e0ed893\"><a href=\"https:\/\/sds.mt\/mt\/resource\/beatitudes-compassion\/\"><img loading=\"lazy\" loading=\"lazy\" loading=\"lazy\" decoding=\"async\" width=\"2560\" height=\"1440\" loading=\"lazy\" src=\"https:\/\/sds.mt\/wp-content\/uploads\/2021\/01\/beatitudes_compassion-fp-scaled-e1615590460176.jpg\" alt=\"\" class=\"wp-image-2348\" srcset=\"https:\/\/sds.mt\/wp-content\/uploads\/2021\/01\/beatitudes_compassion-fp-scaled-e1615590460176.jpg 2560w, https:\/\/sds.mt\/wp-content\/uploads\/2021\/01\/beatitudes_compassion-fp-scaled-e1615590460176-300x169.jpg 300w, https:\/\/sds.mt\/wp-content\/uploads\/2021\/01\/beatitudes_compassion-fp-scaled-e1615590460176-1024x576.jpg 1024w, https:\/\/sds.mt\/wp-content\/uploads\/2021\/01\/beatitudes_compassion-fp-scaled-e1615590460176-768x432.jpg 768w, https:\/\/sds.mt\/wp-content\/uploads\/2021\/01\/beatitudes_compassion-fp-scaled-e1615590460176-1536x864.jpg 1536w, https:\/\/sds.mt\/wp-content\/uploads\/2021\/01\/beatitudes_compassion-fp-scaled-e1615590460176-2048x1152.jpg 2048w, https:\/\/sds.mt\/wp-content\/uploads\/2021\/01\/beatitudes_compassion-fp-scaled-e1615590460176-800x450.jpg 800w, https:\/\/sds.mt\/wp-content\/uploads\/2021\/01\/beatitudes_compassion-fp-scaled-e1615590460176-1200x675.jpg 1200w, https:\/\/sds.mt\/wp-content\/uploads\/2021\/01\/beatitudes_compassion-fp-scaled-e1615590460176-20x11.jpg 20w\" sizes=\"auto, (max-width: 2560px) 100vw, 2560px\" \/><\/a><\/figure>\n\n\n\n<h3 class=\"wp-block-heading\"><strong><a href=\"https:\/\/sds.mt\/mt\/resource\/beatitudes-compassion\/\">Beatitudes: Compassion<\/a><\/strong><\/h3>\n\n\n<p><span data-sheets-value=\"{&quot;1&quot;:2,&quot;2&quot;:&quot;This is a time where one thinks about those people who are sad and sick, and ask God to provide them with comfort.&quot;}\" data-sheets-userformat=\"{&quot;2&quot;:13057,&quot;3&quot;:{&quot;1&quot;:0},&quot;11&quot;:4,&quot;12&quot;:0,&quot;15&quot;:&quot;Calibri&quot;,&quot;16&quot;:10}\">This is a time when one thinks about those people who are sad and sick and ask God to provide them with comfort.<\/span><\/p>\n\n\t\t\t<\/td>\n\t\t\n\t\t\n\t\t\t<td class=\"smaller\">\n\t\t\t\t\n<figure class=\"wp-block-image tb-image tb-image-dynamic\" data-toolset-blocks-image=\"4237204bb0f2388c8cd0daeb4e0ed893\"><a href=\"https:\/\/sds.mt\/mt\/resource\/beatitudes-humility\/\"><img loading=\"lazy\" loading=\"lazy\" loading=\"lazy\" decoding=\"async\" width=\"2129\" height=\"1197\" loading=\"lazy\" src=\"https:\/\/sds.mt\/wp-content\/uploads\/2021\/01\/ONE_PAGER_HERO_PeopleImages_E_via_Getty_Images-e1615589776578.jpg\" alt=\"\" class=\"wp-image-2343\" srcset=\"https:\/\/sds.mt\/wp-content\/uploads\/2021\/01\/ONE_PAGER_HERO_PeopleImages_E_via_Getty_Images-e1615589776578.jpg 2129w, https:\/\/sds.mt\/wp-content\/uploads\/2021\/01\/ONE_PAGER_HERO_PeopleImages_E_via_Getty_Images-e1615589776578-300x169.jpg 300w, https:\/\/sds.mt\/wp-content\/uploads\/2021\/01\/ONE_PAGER_HERO_PeopleImages_E_via_Getty_Images-e1615589776578-1024x576.jpg 1024w, https:\/\/sds.mt\/wp-content\/uploads\/2021\/01\/ONE_PAGER_HERO_PeopleImages_E_via_Getty_Images-e1615589776578-768x432.jpg 768w, https:\/\/sds.mt\/wp-content\/uploads\/2021\/01\/ONE_PAGER_HERO_PeopleImages_E_via_Getty_Images-e1615589776578-1536x864.jpg 1536w, https:\/\/sds.mt\/wp-content\/uploads\/2021\/01\/ONE_PAGER_HERO_PeopleImages_E_via_Getty_Images-e1615589776578-2048x1151.jpg 2048w, https:\/\/sds.mt\/wp-content\/uploads\/2021\/01\/ONE_PAGER_HERO_PeopleImages_E_via_Getty_Images-e1615589776578-800x450.jpg 800w, https:\/\/sds.mt\/wp-content\/uploads\/2021\/01\/ONE_PAGER_HERO_PeopleImages_E_via_Getty_Images-e1615589776578-1200x675.jpg 1200w, https:\/\/sds.mt\/wp-content\/uploads\/2021\/01\/ONE_PAGER_HERO_PeopleImages_E_via_Getty_Images-e1615589776578-20x11.jpg 20w\" sizes=\"auto, (max-width: 2129px) 100vw, 2129px\" \/><\/a><\/figure>\n\n\n\n<h3 class=\"wp-block-heading\"><strong><a href=\"https:\/\/sds.mt\/mt\/resource\/beatitudes-humility\/\">Beatitudes: Humility<\/a><\/strong><\/h3>\n\n\n<p><span data-sheets-value=\"{&quot;1&quot;:2,&quot;2&quot;:&quot;This prayer space helps one to recognize that one is not the most important of all and suggests ways how to make others feel special. &quot;}\" data-sheets-userformat=\"{&quot;2&quot;:13057,&quot;3&quot;:{&quot;1&quot;:0},&quot;11&quot;:4,&quot;12&quot;:0,&quot;15&quot;:&quot;Calibri&quot;,&quot;16&quot;:10}\">This prayer space helps one to recognize that one is not the most important of all and suggests ways how to make others feel special. <\/span><\/p>\n\n\t\t\t<\/td>\n\t\t<\/tr>\n\t\t\n\t\t\n\t\t<tr>\n\t\t\t<td class=\"smaller\">\n\t\t\t\t\n<figure class=\"wp-block-image tb-image tb-image-dynamic\" data-toolset-blocks-image=\"4237204bb0f2388c8cd0daeb4e0ed893\"><a href=\"https:\/\/sds.mt\/mt\/resource\/beatitudes-wisdom\/\"><img loading=\"lazy\" loading=\"lazy\" loading=\"lazy\" decoding=\"async\" width=\"1024\" height=\"576\" loading=\"lazy\" src=\"https:\/\/sds.mt\/wp-content\/uploads\/2021\/01\/Beatitudes-Wisdom-e1615587358892.jpg\" alt=\"\" class=\"wp-image-2333\" srcset=\"https:\/\/sds.mt\/wp-content\/uploads\/2021\/01\/Beatitudes-Wisdom-e1615587358892.jpg 1024w, https:\/\/sds.mt\/wp-content\/uploads\/2021\/01\/Beatitudes-Wisdom-e1615587358892-300x169.jpg 300w, https:\/\/sds.mt\/wp-content\/uploads\/2021\/01\/Beatitudes-Wisdom-e1615587358892-768x432.jpg 768w, https:\/\/sds.mt\/wp-content\/uploads\/2021\/01\/Beatitudes-Wisdom-e1615587358892-800x450.jpg 800w, https:\/\/sds.mt\/wp-content\/uploads\/2021\/01\/Beatitudes-Wisdom-e1615587358892-20x11.jpg 20w\" sizes=\"auto, (max-width: 1024px) 100vw, 1024px\" \/><\/a><\/figure>\n\n\n\n<h3 class=\"wp-block-heading\"><strong><a href=\"https:\/\/sds.mt\/mt\/resource\/beatitudes-wisdom\/\">Beatitudes: Wisdom<\/a><\/strong><\/h3>\n\n\n<p><span data-sheets-value=\"{&quot;1&quot;:2,&quot;2&quot;:&quot;One is invited to spend sometime to think about the positive of others. &quot;}\" data-sheets-userformat=\"{&quot;2&quot;:13057,&quot;3&quot;:{&quot;1&quot;:0},&quot;11&quot;:4,&quot;12&quot;:0,&quot;15&quot;:&quot;Calibri&quot;,&quot;16&quot;:10}\">One is invited to spend some time to think about the positive of others. <\/span><\/p>\n\n\t\t\t<\/td>\n\t\t\n\t\t\n\t\t\t<td class=\"smaller\">\n\t\t\t\t\n<figure class=\"wp-block-image tb-image tb-image-dynamic\" data-toolset-blocks-image=\"4237204bb0f2388c8cd0daeb4e0ed893\"><a href=\"https:\/\/sds.mt\/mt\/resource\/beatitudes-hope\/\"><img loading=\"lazy\" loading=\"lazy\" loading=\"lazy\" decoding=\"async\" width=\"687\" height=\"386\" loading=\"lazy\" src=\"https:\/\/sds.mt\/wp-content\/uploads\/2021\/01\/Beatitudes-Hope-e1615588259748.jpg\" alt=\"\" class=\"wp-image-2331\" srcset=\"https:\/\/sds.mt\/wp-content\/uploads\/2021\/01\/Beatitudes-Hope-e1615588259748.jpg 687w, https:\/\/sds.mt\/wp-content\/uploads\/2021\/01\/Beatitudes-Hope-e1615588259748-300x169.jpg 300w, https:\/\/sds.mt\/wp-content\/uploads\/2021\/01\/Beatitudes-Hope-e1615588259748-20x11.jpg 20w\" sizes=\"auto, (max-width: 687px) 100vw, 687px\" \/><\/a><\/figure>\n\n\n\n<h3 class=\"wp-block-heading\"><strong><a href=\"https:\/\/sds.mt\/mt\/resource\/beatitudes-hope\/\">Beatitudes: Hope<\/a><\/strong><\/h3>\n\n\n<p><span data-sheets-value=\"{&quot;1&quot;:2,&quot;2&quot;:&quot;In this prayer space one thinks about the worries in life and how God is there to help us. &quot;}\" data-sheets-userformat=\"{&quot;2&quot;:13057,&quot;3&quot;:{&quot;1&quot;:0},&quot;11&quot;:4,&quot;12&quot;:0,&quot;15&quot;:&quot;Calibri&quot;,&quot;16&quot;:10}\">In this prayer space, one thinks about the worries in life and how God is there to help us. <\/span><\/p>\n\n\t\t\t<\/td>\n\t\t\n\t\t\n\t\t\t<td class=\"smaller\">\n\t\t\t\t\n<figure class=\"wp-block-image tb-image tb-image-dynamic\" data-toolset-blocks-image=\"4237204bb0f2388c8cd0daeb4e0ed893\"><a href=\"https:\/\/sds.mt\/mt\/resource\/beatitudes-forgiveness\/\"><img loading=\"lazy\" loading=\"lazy\" loading=\"lazy\" decoding=\"async\" width=\"2560\" height=\"1741\" loading=\"lazy\" src=\"https:\/\/sds.mt\/wp-content\/uploads\/2021\/03\/washed-away-fp2-scaled.jpg\" alt=\"\" class=\"wp-image-2329\" srcset=\"https:\/\/sds.mt\/wp-content\/uploads\/2021\/03\/washed-away-fp2-scaled.jpg 2560w, https:\/\/sds.mt\/wp-content\/uploads\/2021\/03\/washed-away-fp2-scaled-300x204.jpg 300w, https:\/\/sds.mt\/wp-content\/uploads\/2021\/03\/washed-away-fp2-scaled-1024x696.jpg 1024w, https:\/\/sds.mt\/wp-content\/uploads\/2021\/03\/washed-away-fp2-scaled-768x522.jpg 768w, https:\/\/sds.mt\/wp-content\/uploads\/2021\/03\/washed-away-fp2-scaled-1536x1045.jpg 1536w, https:\/\/sds.mt\/wp-content\/uploads\/2021\/03\/washed-away-fp2-scaled-2048x1393.jpg 2048w, https:\/\/sds.mt\/wp-content\/uploads\/2021\/03\/washed-away-fp2-scaled-800x544.jpg 800w, https:\/\/sds.mt\/wp-content\/uploads\/2021\/03\/washed-away-fp2-scaled-1200x816.jpg 1200w, https:\/\/sds.mt\/wp-content\/uploads\/2021\/03\/washed-away-fp2-scaled-20x14.jpg 20w\" sizes=\"auto, (max-width: 2560px) 100vw, 2560px\" \/><\/a><\/figure>\n\n\n\n<h3 class=\"wp-block-heading\"><strong><a href=\"https:\/\/sds.mt\/mt\/resource\/beatitudes-forgiveness\/\">Beatitudes: Forgiveness<\/a><\/strong><\/h3>\n\n\n<p>This is a space where one thinks about how it feels to forgive and to pray to God to help forgive one another.<\/p>\n\n\t\t\t<\/td>\n\t\t<\/tr>\n\t\t\n\t<\/table>\n\t\n\t\n\t\n<\/div>\n\n","protected":false},"featured_media":7677,"template":"","topic":[5],"resource-category":[428],"resource-type":[327],"language":[25],"activity-type":[],"related":[],"activity-set":[],"class_list":["post-228569","resource","type-resource","status-publish","has-post-thumbnail","hentry","topic-identity-self-esteem","resource-category-hajti-prezzjuza","resource-type-story","language-malti"],"toolset-meta":{"field-group-for-resources":[],"custom-fields":{"subtitle":{"type":"textfield","raw":"minn Silvana Cardona"}},"resource-material":{"hide-material":{"type":"checkbox","raw":"1"}},"resource-details":{"resource-shortdescription":{"type":"wysiwyg","raw":""},"age-groups":{"type":"checkboxes","raw":{"wpcf-fields-checkboxes-option-996cf779532c2bd1cc348a2c439963da-1":["Middle Years"],"wpcf-fields-checkboxes-option-32f628303212f57d5bbc89ef8bc09789-1":["Secondary Years"]},"checked":["Middle Years","Secondary Years"],"formatted":"Middle Years, Secondary Years"},"link-to-other-resource":{"type":"url","raw":""},"link-description":{"type":"radio","raw":"3"},"date":{"type":"date","raw":"","formatted":null},"equipment":{"type":"textfield","raw":""},"scripture":{"type":"textfield","raw":""},"scripture-api-code":{"type":"textfield","raw":""},"link-liturgy":{"type":"textfield","raw":""}}},"_links":{"self":[{"href":"https:\/\/sds.mt\/mt\/wp-json\/wp\/v2\/resource\/228569","targetHints":{"allow":["GET"]}}],"collection":[{"href":"https:\/\/sds.mt\/mt\/wp-json\/wp\/v2\/resource"}],"about":[{"href":"https:\/\/sds.mt\/mt\/wp-json\/wp\/v2\/types\/resource"}],"version-history":[{"count":3,"href":"https:\/\/sds.mt\/mt\/wp-json\/wp\/v2\/resource\/228569\/revisions"}],"predecessor-version":[{"id":236531,"href":"https:\/\/sds.mt\/mt\/wp-json\/wp\/v2\/resource\/228569\/revisions\/236531"}],"wp:featuredmedia":[{"embeddable":true,"href":"https:\/\/sds.mt\/mt\/wp-json\/wp\/v2\/media\/7677"}],"wp:attachment":[{"href":"https:\/\/sds.mt\/mt\/wp-json\/wp\/v2\/media?parent=228569"}],"wp:term":[{"taxonomy":"topic","embeddable":true,"href":"https:\/\/sds.mt\/mt\/wp-json\/wp\/v2\/topic?post=228569"},{"taxonomy":"resource-category","embeddable":true,"href":"https:\/\/sds.mt\/mt\/wp-json\/wp\/v2\/resource-category?post=228569"},{"taxonomy":"resource-type","embeddable":true,"href":"https:\/\/sds.mt\/mt\/wp-json\/wp\/v2\/resource-type?post=228569"},{"taxonomy":"language","embeddable":true,"href":"https:\/\/sds.mt\/mt\/wp-json\/wp\/v2\/language?post=228569"},{"taxonomy":"activity-type","embeddable":true,"href":"https:\/\/sds.mt\/mt\/wp-json\/wp\/v2\/activity-type?post=228569"},{"taxonomy":"related","embeddable":true,"href":"https:\/\/sds.mt\/mt\/wp-json\/wp\/v2\/related?post=228569"},{"taxonomy":"activity-set","embeddable":true,"href":"https:\/\/sds.mt\/mt\/wp-json\/wp\/v2\/activity-set?post=228569"}],"curies":[{"name":"wp","href":"https:\/\/api.w.org\/{rel}","templated":true}]}}