{"id":228563,"date":"2025-02-04T20:02:32","date_gmt":"2025-02-04T19:02:32","guid":{"rendered":"https:\/\/sds.mt\/?post_type=resource&#038;p=228563"},"modified":"2026-08-10T18:15:25","modified_gmt":"2026-08-10T16:15:25","slug":"eroj-ta-veru","status":"publish","type":"resource","link":"https:\/\/sds.mt\/mt\/resource\/eroj-ta-veru\/","title":{"rendered":"Eroj ta&#8217; Veru"},"content":{"rendered":"\n<figure class=\"wp-block-audio\"><audio controls src=\"https:\/\/sds.mt\/wp-content\/uploads\/2021\/09\/Eroj-ta_-Veru-Frar-2018.mp3\"><\/audio><\/figure>\n\n\n\n<p>Fil-karnival a\u0127na mdorrijin niftiehmu bejnietna biex nilbsu kostum u mmorru nifir\u0127u flimkien mal-briju li jkun hemm fit-toroq u l-pjazez tal-Belt.<\/p>\n\n\n\n<p>Is-sena l-o\u0127ra, waqt li konna g\u0127adna d-dar ta\u2019 Bertie, inpin\u0121u wi\u010b\u010bna u nitfg\u0127u l-isprej ikkulurit fuq xag\u0127arna, \u0127uh i\u017c-\u017cg\u0127ir, ta\u2019 sitt snin, li hu ffissat fuq is-<em>Super Heroes<\/em>, \u0127are\u0121 ji\u0121ri mill-kamra tieg\u0127u, tela\u2019 jaqbe\u017c fuq is-sufan, feta\u0127 idu u g\u0127ajjat: \u201cArawni jien <em>Superman<\/em>!\u201d<\/p>\n\n\n\n<p>Minnufih mar lura&nbsp; fil-kamra tieg\u0127u, u re\u0121a\u2019 \u0127are\u0121 ji\u0121ri jaqbe\u017c fuq is-sufan. Feta\u0127 idu u g\u0127ajjat: \u201cArawni jien <em>Iron Man<\/em>!\u201d<\/p>\n\n\n\n<p>U g\u0127at-tielet u r-raba\u2019 darba re\u0121a\u2019 da\u0127al u \u0127are\u0121 liebes ta\u2019 <em>Batman<\/em> u mbag\u0127ad ta\u2019 <em>Hulk<\/em> sakemm fl-a\u0127\u0127ar ma kellux aktar kostumi o\u0127ra x\u2019jilbes.<\/p>\n\n\n\n<p>\u0126sibna li mar jilg\u0127ab meta wara ftit \u0127in re\u0121a\u2019 \u0127are\u0121 fuq is-sufan liebes xorts,&nbsp; feta\u0127 idejh u g\u0127ajjat: \u201cArawni, dan huwa jien, Andrei, l-eroj ta\u2019 veru!\u201d<\/p>\n\n\n\n<p>U bir-ra\u0121un! G\u0127ax Andrei huwa tassew eroj, hekk kif inhu, b\u2019dak kollu li kapa\u010bi jag\u0127mel!<\/p>\n\n\n\n<p>Qatt \u0127sibt kif int ukoll tista\u2019 tkun eroj&nbsp; ta\u2019 vera? Biex issir eroj ma hemmx g\u0127alfejn tilbes ta\u2019 xi \u0127add partikulari jew&nbsp; tippretendiha ta\u2019 xi \u0127add li fil-verit\u00e0 m\u2019intix.&nbsp; Lanqas ma g\u0127andek g\u0127alfejn tistenna l-mument li ssir taf aktar jew meta se tiggradwa jew meta tiltaqa\u2019 mat-tfajla jew \u0121uvni ideali tieg\u0127ek biex issir eroj.<\/p>\n\n\n\n<p>G\u0127all-kuntrarju, biex issir eroj hija \u0127a\u0121a tassew sempli\u010bi.&nbsp; Trid t\u0127addem il-kapa\u010bitajiet u l-\u0127iliet li g\u0127andek u tu\u017ca dak kollu li akkwistajt sa issa &#8211; g\u0127all-\u0121id tal-o\u0127rajn. Alla dejjem ifittex nies li jistg\u0127u jag\u0127mlu xi \u0127a\u0121a b\u2019dak li jafu u b\u2019dak li &nbsp;di\u0121\u00e0 g\u0127andhom.<\/p>\n\n\n\n<p>Anke lilek, Alla jsejja\u0127lek biex tmidd idejk u twettaq xi \u0127a\u0121a li int kapa\u010bi fiha u li&nbsp; tista\u2019 tag\u0127milha. Forsi tg\u0127id&nbsp; f\u2019qalbek, \u201cLili qed isejja\u0127 Alla? Kif jista\u2019 jkun? Na\u0127seb li qed jag\u0127\u017cel persuna \u017cbaljata g\u0127ax jien ma nafx, ma ninqalax u nist\u0127i.\u201d<\/p>\n\n\n\n<p>Nistiednek t\u0127ares ftit lejn&nbsp; idejk u ta\u0127seb f\u2019dawk l-affarijiet kollha li kapa\u010bi tag\u0127mel (tpin\u0121i, issajjar, tikteb stejjer, idoqq, e\u010b\u010b.). Issa ag\u0127laq idejk u a\u0127seb ukoll f\u2019dawk l-affarijiet materjali li g\u0127andek.<\/p>\n\n\n\n<p>X\u2019taf tag\u0127mel inti u x\u2019tista\u2019&nbsp; toffri minn dak li g\u0127andek?<\/p>\n\n\n\n<p>Taqtax qalbek. Ibda minn dak li taf u minn dak li g\u0127andek, imbag\u0127ad bil-qawwa ta\u2019 Alla ssib is-sa\u0127\u0127a, il-kura\u0121\u0121, il-\u0121enero\u017cit\u00e0 u r-rieda li timxi u tibqa\u2019 g\u0127addej f\u2019dak li Alla jsejja\u0127lek twettaq.<\/p>\n\n\n\n<p>Kemm hi \u0127a\u0121a tal-g\u0127a\u0121eb li Alla jinvolvi lil kull wie\u0127ed u wa\u0127da minna g\u0127all-qadi tal-o\u0127rajn.&nbsp; B\u2019hekk insiru eroj ta\u2019 veru!<\/p>\n\n\n\n<p> <span style=\"color:#ffffff\" class=\"has-inline-color\">&#8211;<\/span> <\/p>\n\n\n\n<p>Frar 2018<\/p>\n\n\n\n<hr class=\"wp-block-separator has-alpha-channel-opacity\"\/>\n\n\n\n<h4 class=\"wp-block-heading\"><strong>Attivit\u00e0 ta&#8217; Talb<\/strong><\/h4>\n\n\n\n<p>Wara l-animazzjoni tal-istorja riflettiva, tista&#8217; tie\u0127u ftit \u0127in biex tieqaf, tirrifletti, u titlob bil-g\u0127ajnuna ta&#8217; wa\u0127da mill-attivitajiet ta&#8217; talb minn hawn ta\u0127t:<\/p>\n\n\n\n\n\n\n<div id=\"wpv-view-layout-8611-CATTRd90140632fec109c99946af06be672f3TCPID228563\" class=\"js-wpv-view-layout js-wpv-layout-responsive js-wpv-view-layout-8611-CATTRd90140632fec109c99946af06be672f3TCPID228563\" data-viewnumber=\"8611-CATTRd90140632fec109c99946af06be672f3TCPID228563\" data-pagination=\"{&quot;id&quot;:8611,&quot;query&quot;:&quot;normal&quot;,&quot;type&quot;:&quot;disabled&quot;,&quot;effect&quot;:&quot;fade&quot;,&quot;duration&quot;:500,&quot;speed&quot;:5,&quot;pause_on_hover&quot;:&quot;disabled&quot;,&quot;stop_rollover&quot;:&quot;false&quot;,&quot;cache_pages&quot;:&quot;enabled&quot;,&quot;preload_images&quot;:&quot;enabled&quot;,&quot;preload_pages&quot;:&quot;enabled&quot;,&quot;preload_reach&quot;:1,&quot;spinner&quot;:&quot;builtin&quot;,&quot;spinner_image&quot;:&quot;https:\/\/sds.mt\/wp-content\/plugins\/toolset-blocks\/embedded\/res\/img\/ajax-loader.gif&quot;,&quot;callback_next&quot;:&quot;&quot;,&quot;manage_history&quot;:&quot;enabled&quot;,&quot;has_controls_in_form&quot;:&quot;disabled&quot;,&quot;infinite_tolerance&quot;:&quot;0&quot;,&quot;max_pages&quot;:0,&quot;page&quot;:1,&quot;base_permalink&quot;:&quot;\/mt\/wp-json\/wp\/v2\/resource\/228563?wpv_view_count=8611-CATTRd90140632fec109c99946af06be672f3TCPID228563&amp;wpv_paged=WPV_PAGE_NUM&quot;,&quot;loop&quot;:{&quot;type&quot;:&quot;&quot;,&quot;name&quot;:&quot;&quot;,&quot;data&quot;:[],&quot;id&quot;:0}}\" data-permalink=\"\/mt\/wp-json\/wp\/v2\/resource\/228563?wpv_view_count=8611-CATTRd90140632fec109c99946af06be672f3TCPID228563\">\n\n\t\n\t\n\t<table width=\"100%\" class=\"pa-rl wpv-loop js-wpv-loop\" cellspacing=\"5\">\n\t\n\t\t\n\t\t<tr>\n\t\t\t<td class=\"smaller\">\n\t\t\t\t\n<figure class=\"wp-block-image tb-image tb-image-dynamic\" data-toolset-blocks-image=\"4237204bb0f2388c8cd0daeb4e0ed893\"><a href=\"https:\/\/sds.mt\/mt\/resource\/hero-badge\/\"><img loading=\"lazy\" loading=\"lazy\" loading=\"lazy\" decoding=\"async\" width=\"2560\" height=\"1703\" loading=\"lazy\" src=\"https:\/\/sds.mt\/wp-content\/uploads\/2022\/08\/2022-Prayer-Spaces-Sarah-12-scaled.jpg\" alt=\"\" class=\"wp-image-14109\" srcset=\"https:\/\/sds.mt\/wp-content\/uploads\/2022\/08\/2022-Prayer-Spaces-Sarah-12-scaled.jpg 2560w, https:\/\/sds.mt\/wp-content\/uploads\/2022\/08\/2022-Prayer-Spaces-Sarah-12-scaled-300x200.jpg 300w, https:\/\/sds.mt\/wp-content\/uploads\/2022\/08\/2022-Prayer-Spaces-Sarah-12-scaled-1024x681.jpg 1024w, https:\/\/sds.mt\/wp-content\/uploads\/2022\/08\/2022-Prayer-Spaces-Sarah-12-scaled-768x511.jpg 768w, https:\/\/sds.mt\/wp-content\/uploads\/2022\/08\/2022-Prayer-Spaces-Sarah-12-scaled-1536x1022.jpg 1536w, https:\/\/sds.mt\/wp-content\/uploads\/2022\/08\/2022-Prayer-Spaces-Sarah-12-scaled-2048x1362.jpg 2048w, https:\/\/sds.mt\/wp-content\/uploads\/2022\/08\/2022-Prayer-Spaces-Sarah-12-scaled-800x532.jpg 800w, https:\/\/sds.mt\/wp-content\/uploads\/2022\/08\/2022-Prayer-Spaces-Sarah-12-scaled-1200x798.jpg 1200w, https:\/\/sds.mt\/wp-content\/uploads\/2022\/08\/2022-Prayer-Spaces-Sarah-12-scaled-20x13.jpg 20w\" sizes=\"auto, (max-width: 2560px) 100vw, 2560px\" \/><\/a><\/figure>\n\n\n\n<h3 class=\"wp-block-heading\"><strong><a href=\"https:\/\/sds.mt\/mt\/resource\/hero-badge\/\">Hero Badge<\/a><\/strong><\/h3>\n\n\n<p><span data-sheets-value=\"{&quot;1&quot;:2,&quot;2&quot;:&quot;In this prayer space we reflect how real-life heroes are those who do good and courageous deeds to others and we pray so that we will also be of service to those in need.&quot;}\" data-sheets-userformat=\"{&quot;2&quot;:13057,&quot;3&quot;:{&quot;1&quot;:0},&quot;11&quot;:4,&quot;12&quot;:0,&quot;15&quot;:&quot;Calibri&quot;,&quot;16&quot;:10}\">In this prayer space we reflect how real-life heroes are those who do good and courageous deeds to others and we pray so that we will also be of service to those in need.<\/span><\/p>\n\n\t\t\t<\/td>\n\t\t\n\t\t\n\t\t\t<td class=\"smaller\">\n\t\t\t\t\n<figure class=\"wp-block-image tb-image tb-image-dynamic\" data-toolset-blocks-image=\"4237204bb0f2388c8cd0daeb4e0ed893\"><a href=\"https:\/\/sds.mt\/mt\/resource\/find-my-saint\/\"><img loading=\"lazy\" loading=\"lazy\" loading=\"lazy\" decoding=\"async\" width=\"2560\" height=\"1802\" loading=\"lazy\" src=\"https:\/\/sds.mt\/wp-content\/uploads\/2022\/08\/2022-Prayer-Spaces-Sarah-6-scaled.jpg\" alt=\"\" class=\"wp-image-14166\" srcset=\"https:\/\/sds.mt\/wp-content\/uploads\/2022\/08\/2022-Prayer-Spaces-Sarah-6-scaled.jpg 2560w, https:\/\/sds.mt\/wp-content\/uploads\/2022\/08\/2022-Prayer-Spaces-Sarah-6-scaled-300x211.jpg 300w, https:\/\/sds.mt\/wp-content\/uploads\/2022\/08\/2022-Prayer-Spaces-Sarah-6-scaled-1024x721.jpg 1024w, https:\/\/sds.mt\/wp-content\/uploads\/2022\/08\/2022-Prayer-Spaces-Sarah-6-scaled-768x541.jpg 768w, https:\/\/sds.mt\/wp-content\/uploads\/2022\/08\/2022-Prayer-Spaces-Sarah-6-scaled-1536x1081.jpg 1536w, https:\/\/sds.mt\/wp-content\/uploads\/2022\/08\/2022-Prayer-Spaces-Sarah-6-scaled-2048x1442.jpg 2048w, https:\/\/sds.mt\/wp-content\/uploads\/2022\/08\/2022-Prayer-Spaces-Sarah-6-scaled-640x451.jpg 640w, https:\/\/sds.mt\/wp-content\/uploads\/2022\/08\/2022-Prayer-Spaces-Sarah-6-scaled-800x563.jpg 800w, https:\/\/sds.mt\/wp-content\/uploads\/2022\/08\/2022-Prayer-Spaces-Sarah-6-scaled-1200x845.jpg 1200w, https:\/\/sds.mt\/wp-content\/uploads\/2022\/08\/2022-Prayer-Spaces-Sarah-6-scaled-20x14.jpg 20w\" sizes=\"auto, (max-width: 2560px) 100vw, 2560px\" \/><\/a><\/figure>\n\n\n\n<h3 class=\"wp-block-heading\"><strong><a href=\"https:\/\/sds.mt\/mt\/resource\/find-my-saint\/\">Find My Saint<\/a><\/strong><\/h3>\n\n\n<p><span data-sheets-value=\"{&quot;1&quot;:2,&quot;2&quot;:&quot;In this prayer space we reflect about the life of the saints and how they can teach us to live a better life.&quot;}\" data-sheets-userformat=\"{&quot;2&quot;:13057,&quot;3&quot;:{&quot;1&quot;:0},&quot;11&quot;:4,&quot;12&quot;:0,&quot;15&quot;:&quot;Calibri&quot;,&quot;16&quot;:10}\">In this prayer space we reflect about the life of the saints and how they can teach us to live a better life.<\/span><\/p>\n\n\t\t\t<\/td>\n\t\t\n\t\t\n\t\t\t<td class=\"smaller\">\n\t\t\t\t\n<figure class=\"wp-block-image tb-image tb-image-dynamic\" data-toolset-blocks-image=\"4237204bb0f2388c8cd0daeb4e0ed893\"><a href=\"https:\/\/sds.mt\/mt\/resource\/mirror\/\"><img loading=\"lazy\" loading=\"lazy\" loading=\"lazy\" decoding=\"async\" width=\"2560\" height=\"1478\" loading=\"lazy\" src=\"https:\/\/sds.mt\/wp-content\/uploads\/2021\/01\/Mirror-FP-2-scaled-e1614721046443.jpg\" alt=\"\" class=\"wp-image-1588\" srcset=\"https:\/\/sds.mt\/wp-content\/uploads\/2021\/01\/Mirror-FP-2-scaled-e1614721046443.jpg 2560w, https:\/\/sds.mt\/wp-content\/uploads\/2021\/01\/Mirror-FP-2-scaled-e1614721046443-300x173.jpg 300w, https:\/\/sds.mt\/wp-content\/uploads\/2021\/01\/Mirror-FP-2-scaled-e1614721046443-1024x591.jpg 1024w, https:\/\/sds.mt\/wp-content\/uploads\/2021\/01\/Mirror-FP-2-scaled-e1614721046443-768x443.jpg 768w, https:\/\/sds.mt\/wp-content\/uploads\/2021\/01\/Mirror-FP-2-scaled-e1614721046443-1536x887.jpg 1536w, https:\/\/sds.mt\/wp-content\/uploads\/2021\/01\/Mirror-FP-2-scaled-e1614721046443-2048x1182.jpg 2048w, https:\/\/sds.mt\/wp-content\/uploads\/2021\/01\/Mirror-FP-2-scaled-e1614721046443-800x462.jpg 800w, https:\/\/sds.mt\/wp-content\/uploads\/2021\/01\/Mirror-FP-2-scaled-e1614721046443-1200x693.jpg 1200w, https:\/\/sds.mt\/wp-content\/uploads\/2021\/01\/Mirror-FP-2-scaled-e1614721046443-20x12.jpg 20w\" sizes=\"auto, (max-width: 2560px) 100vw, 2560px\" \/><\/a><\/figure>\n\n\n\n<h3 class=\"wp-block-heading\"><strong><a href=\"https:\/\/sds.mt\/mt\/resource\/mirror\/\">Mirror<\/a><\/strong><\/h3>\n\n\n<p><span data-sheets-value=\"{&quot;1&quot;:2,&quot;2&quot;:&quot;This prayer activity encourages one to identify the positive aspects of oneself as one looks ones own self-image created on the image of God.n&quot;}\" data-sheets-userformat=\"{&quot;2&quot;:769,&quot;3&quot;:{&quot;1&quot;:0},&quot;11&quot;:4,&quot;12&quot;:0}\">This prayer activity encourages one to identify the positive aspects of oneself as one looks at one&#8217;s own self-image created on the image of God in the mirror.<br \/>\n<\/span><\/p>\n\n\t\t\t<\/td>\n\t\t<\/tr>\n\t\t\n\t<\/table>\n\t\n\t\n\t\n<\/div>\n\n","protected":false},"featured_media":7719,"template":"","topic":[43,5],"resource-category":[428],"resource-type":[327],"language":[25],"activity-type":[],"related":[],"activity-set":[],"class_list":["post-228563","resource","type-resource","status-publish","has-post-thumbnail","hentry","topic-bravery-courage","topic-identity-self-esteem","resource-category-hajti-prezzjuza","resource-type-story","language-malti"],"toolset-meta":{"field-group-for-resources":[],"custom-fields":{"subtitle":{"type":"textfield","raw":"minn Silvana Cardona"}},"resource-material":{"hide-material":{"type":"checkbox","raw":"1"}},"resource-details":{"resource-shortdescription":{"type":"wysiwyg","raw":""},"age-groups":{"type":"checkboxes","raw":{"wpcf-fields-checkboxes-option-996cf779532c2bd1cc348a2c439963da-1":["Middle Years"],"wpcf-fields-checkboxes-option-32f628303212f57d5bbc89ef8bc09789-1":["Secondary Years"]},"checked":["Middle Years","Secondary Years"],"formatted":"Middle Years, Secondary Years"},"link-to-other-resource":{"type":"url","raw":""},"link-description":{"type":"radio","raw":"3"},"date":{"type":"date","raw":"","formatted":null},"equipment":{"type":"textfield","raw":""},"scripture":{"type":"textfield","raw":""},"scripture-api-code":{"type":"textfield","raw":""},"link-liturgy":{"type":"textfield","raw":""}}},"_links":{"self":[{"href":"https:\/\/sds.mt\/mt\/wp-json\/wp\/v2\/resource\/228563","targetHints":{"allow":["GET"]}}],"collection":[{"href":"https:\/\/sds.mt\/mt\/wp-json\/wp\/v2\/resource"}],"about":[{"href":"https:\/\/sds.mt\/mt\/wp-json\/wp\/v2\/types\/resource"}],"version-history":[{"count":4,"href":"https:\/\/sds.mt\/mt\/wp-json\/wp\/v2\/resource\/228563\/revisions"}],"predecessor-version":[{"id":236614,"href":"https:\/\/sds.mt\/mt\/wp-json\/wp\/v2\/resource\/228563\/revisions\/236614"}],"wp:featuredmedia":[{"embeddable":true,"href":"https:\/\/sds.mt\/mt\/wp-json\/wp\/v2\/media\/7719"}],"wp:attachment":[{"href":"https:\/\/sds.mt\/mt\/wp-json\/wp\/v2\/media?parent=228563"}],"wp:term":[{"taxonomy":"topic","embeddable":true,"href":"https:\/\/sds.mt\/mt\/wp-json\/wp\/v2\/topic?post=228563"},{"taxonomy":"resource-category","embeddable":true,"href":"https:\/\/sds.mt\/mt\/wp-json\/wp\/v2\/resource-category?post=228563"},{"taxonomy":"resource-type","embeddable":true,"href":"https:\/\/sds.mt\/mt\/wp-json\/wp\/v2\/resource-type?post=228563"},{"taxonomy":"language","embeddable":true,"href":"https:\/\/sds.mt\/mt\/wp-json\/wp\/v2\/language?post=228563"},{"taxonomy":"activity-type","embeddable":true,"href":"https:\/\/sds.mt\/mt\/wp-json\/wp\/v2\/activity-type?post=228563"},{"taxonomy":"related","embeddable":true,"href":"https:\/\/sds.mt\/mt\/wp-json\/wp\/v2\/related?post=228563"},{"taxonomy":"activity-set","embeddable":true,"href":"https:\/\/sds.mt\/mt\/wp-json\/wp\/v2\/activity-set?post=228563"}],"curies":[{"name":"wp","href":"https:\/\/api.w.org\/{rel}","templated":true}]}}