{"id":149732,"date":"2022-05-10T00:10:00","date_gmt":"2022-05-09T22:10:00","guid":{"rendered":"https:\/\/sds.mt\/?post_type=resource&#038;p=149732"},"modified":"2026-08-30T16:34:33","modified_gmt":"2026-08-30T14:34:33","slug":"the-season-of-creation","status":"publish","type":"resource","link":"https:\/\/sds.mt\/mt\/resource\/the-season-of-creation\/","title":{"rendered":"The Season of Creation"},"content":{"rendered":"\n<p><\/p>\n\n\n\n<p>The rhythm of the Christian calendar holds many treasures, with each month bearing its unique significance and meaning. The Season of Creation, from September 1st, which marks the World Day of Prayer for the Care of Creation, until October 4th, the feast of St Francis of Assisi, was introduced by Pope Francis through his encyclical &#8216;<a href=\"https:\/\/www.vatican.va\/content\/francesco\/en\/encyclicals\/documents\/papa-francesco_20150524_enciclica-laudato-si.html\"><strong>Laudato Si<\/strong><\/a>&#8216;. It is an ecumenical initiative which invites Christians around the world to deepen their relationship with <strong>God the Creator<\/strong>, with one another, and with the world entrusted to our care. Concluding with the feast of St Francis, this period calls on us to celebrate not only the splendour of creation, but also the boundless love of God reflected in it. <\/p>\n\n\n\n<h2 class=\"wp-block-heading\">Season of Creation 2026<\/h2>\n\n\n\n<p>In 2026, the Season of Creation takes on particular significance as the Church marks the 800th anniversary of the death of St Francis of Assisi, a saint whose life continues to inspire care for creation, simplicity, fraternity and peace.<\/p>\n\n\n\n<figure class=\"wp-block-image size-large\"><img fetchpriority=\"high\" decoding=\"async\" width=\"1024\" height=\"416\" src=\"https:\/\/sds.mt\/wp-content\/uploads\/2022\/05\/SOC_symbol_2026-2048x831-1-1024x416.png\" alt=\"\" class=\"wp-image-237331\" srcset=\"https:\/\/sds.mt\/wp-content\/uploads\/2022\/05\/SOC_symbol_2026-2048x831-1-1024x416.png 1024w, https:\/\/sds.mt\/wp-content\/uploads\/2022\/05\/SOC_symbol_2026-2048x831-1-300x122.png 300w, https:\/\/sds.mt\/wp-content\/uploads\/2022\/05\/SOC_symbol_2026-2048x831-1-768x312.png 768w, https:\/\/sds.mt\/wp-content\/uploads\/2022\/05\/SOC_symbol_2026-2048x831-1-1536x623.png 1536w, https:\/\/sds.mt\/wp-content\/uploads\/2022\/05\/SOC_symbol_2026-2048x831-1-640x260.png 640w, https:\/\/sds.mt\/wp-content\/uploads\/2022\/05\/SOC_symbol_2026-2048x831-1-800x325.png 800w, https:\/\/sds.mt\/wp-content\/uploads\/2022\/05\/SOC_symbol_2026-2048x831-1-1200x487.png 1200w, https:\/\/sds.mt\/wp-content\/uploads\/2022\/05\/SOC_symbol_2026-2048x831-1.png 2048w\" sizes=\"(max-width: 1024px) 100vw, 1024px\" \/><\/figure>\n\n\n\n<p>To mark this year\u2019s Season of Creation, the Interdiocesan Commission for Promoting Integral Human Development is launching a campaign to raise awareness that care for creation is not peripheral to Christian faith, but an integral part of our Christian responsibility. The campaign follows a simple progression:<\/p>\n\n\n\n<h4 class=\"wp-block-heading\"><strong>Understand \u2192 Be inspired \u2192 Act<\/strong><\/h4>\n\n\n<style>.kt-accordion-id149732_5add79-55 .kt-accordion-inner-wrap{column-gap:var(--global-kb-gap-md, 2rem);row-gap:8px;}.kt-accordion-id149732_5add79-55 .kt-accordion-panel-inner{padding-top:var(--global-kb-spacing-sm, 1.5rem);padding-right:var(--global-kb-spacing-sm, 1.5rem);padding-bottom:var(--global-kb-spacing-sm, 1.5rem);padding-left:var(--global-kb-spacing-sm, 1.5rem);}.kt-accordion-id149732_5add79-55 .wp-block-kadence-pane .kt-accordion-header-wrap .kt-blocks-accordion-header{border-top-color:#555555;border-right-color:#555555;border-bottom-color:#555555;border-left-color:#555555;border-top-width:0px;border-right-width:0px;border-bottom-width:0px;border-left-width:0px;border-top-left-radius:0px;border-top-right-radius:0px;border-bottom-right-radius:0px;border-bottom-left-radius:0px;background:#eeeeee;font-size:18px;line-height:24px;color:#5a5c5d;padding-top:10px;padding-right:14px;padding-bottom:10px;padding-left:14px;}.kt-accordion-id149732_5add79-55:not( .kt-accodion-icon-style-basiccircle ):not( .kt-accodion-icon-style-xclosecircle ):not( .kt-accodion-icon-style-arrowcircle ) .kt-blocks-accordion-icon-trigger:after, .kt-accordion-id149732_5add79-55:not( .kt-accodion-icon-style-basiccircle ):not( .kt-accodion-icon-style-xclosecircle ):not( .kt-accodion-icon-style-arrowcircle ) .kt-blocks-accordion-icon-trigger:before{background:#5a5c5d;}.kt-accordion-id149732_5add79-55:not( .kt-accodion-icon-style-basic ):not( .kt-accodion-icon-style-xclose ):not( .kt-accodion-icon-style-arrow ) .kt-blocks-accordion-icon-trigger{background:#5a5c5d;}.kt-accordion-id149732_5add79-55:not( .kt-accodion-icon-style-basic ):not( .kt-accodion-icon-style-xclose ):not( .kt-accodion-icon-style-arrow ) .kt-blocks-accordion-icon-trigger:after, .kt-accordion-id149732_5add79-55:not( .kt-accodion-icon-style-basic ):not( .kt-accodion-icon-style-xclose ):not( .kt-accodion-icon-style-arrow ) .kt-blocks-accordion-icon-trigger:before{background:#eeeeee;}.kt-accordion-id149732_5add79-55 .kt-accordion-header-wrap .kt-blocks-accordion-header:hover, body:not(.hide-focus-outline) .kt-accordion-id149732_5add79-55 .kt-accordion-header-wrap .kt-blocks-accordion-header:focus-visible{color:#444444;background:#ffffff;border-top-color:#eeeeee;border-right-color:#eeeeee;border-bottom-color:#eeeeee;border-left-color:#eeeeee;}.kt-accordion-id149732_5add79-55:not( .kt-accodion-icon-style-basiccircle ):not( .kt-accodion-icon-style-xclosecircle ):not( .kt-accodion-icon-style-arrowcircle ) .kt-blocks-accordion-header:hover .kt-blocks-accordion-icon-trigger:after, .kt-accordion-id149732_5add79-55:not( .kt-accodion-icon-style-basiccircle ):not( .kt-accodion-icon-style-xclosecircle ):not( .kt-accodion-icon-style-arrowcircle ) .kt-blocks-accordion-header:hover .kt-blocks-accordion-icon-trigger:before, body:not(.hide-focus-outline) .kt-accordion-id149732_5add79-55:not( .kt-accodion-icon-style-basiccircle ):not( .kt-accodion-icon-style-xclosecircle ):not( .kt-accodion-icon-style-arrowcircle ) .kt-blocks-accordion--visible .kt-blocks-accordion-icon-trigger:after, body:not(.hide-focus-outline) .kt-accordion-id149732_5add79-55:not( .kt-accodion-icon-style-basiccircle ):not( .kt-accodion-icon-style-xclosecircle ):not( .kt-accodion-icon-style-arrowcircle ) .kt-blocks-accordion-header:focus-visible .kt-blocks-accordion-icon-trigger:before{background:#444444;}.kt-accordion-id149732_5add79-55:not( .kt-accodion-icon-style-basic ):not( .kt-accodion-icon-style-xclose ):not( .kt-accodion-icon-style-arrow ) .kt-blocks-accordion-header:hover .kt-blocks-accordion-icon-trigger, body:not(.hide-focus-outline) .kt-accordion-id149732_5add79-55:not( .kt-accodion-icon-style-basic ):not( .kt-accodion-icon-style-xclose ):not( .kt-accodion-icon-style-arrow ) .kt-blocks-accordion-header:focus-visible .kt-blocks-accordion-icon-trigger{background:#444444;}.kt-accordion-id149732_5add79-55:not( .kt-accodion-icon-style-basic ):not( .kt-accodion-icon-style-xclose ):not( .kt-accodion-icon-style-arrow ) .kt-blocks-accordion-header:hover .kt-blocks-accordion-icon-trigger:after, .kt-accordion-id149732_5add79-55:not( .kt-accodion-icon-style-basic ):not( .kt-accodion-icon-style-xclose ):not( .kt-accodion-icon-style-arrow ) .kt-blocks-accordion-header:hover .kt-blocks-accordion-icon-trigger:before, body:not(.hide-focus-outline) .kt-accordion-id149732_5add79-55:not( .kt-accodion-icon-style-basic ):not( .kt-accodion-icon-style-xclose ):not( .kt-accodion-icon-style-arrow ) .kt-blocks-accordion-header:focus-visible .kt-blocks-accordion-icon-trigger:after, body:not(.hide-focus-outline) .kt-accordion-id149732_5add79-55:not( .kt-accodion-icon-style-basic ):not( .kt-accodion-icon-style-xclose ):not( .kt-accodion-icon-style-arrow ) .kt-blocks-accordion-header:focus-visible .kt-blocks-accordion-icon-trigger:before{background:#ffffff;}.kt-accordion-id149732_5add79-55 .kt-accordion-header-wrap .kt-blocks-accordion-header:focus-visible, .kt-accordion-id149732_5add79-55 .kt-accordion-header-wrap .kt-blocks-accordion-header.kt-accordion-panel-active{color:#ffffff;background:#c64239;border-top-color:#444444;border-right-color:#444444;border-bottom-color:#444444;border-left-color:#444444;}.kt-accordion-id149732_5add79-55:not( .kt-accodion-icon-style-basiccircle ):not( .kt-accodion-icon-style-xclosecircle ):not( .kt-accodion-icon-style-arrowcircle ) .kt-blocks-accordion-header.kt-accordion-panel-active .kt-blocks-accordion-icon-trigger:after, .kt-accordion-id149732_5add79-55:not( .kt-accodion-icon-style-basiccircle ):not( .kt-accodion-icon-style-xclosecircle ):not( .kt-accodion-icon-style-arrowcircle ) .kt-blocks-accordion-header.kt-accordion-panel-active .kt-blocks-accordion-icon-trigger:before{background:#ffffff;}.kt-accordion-id149732_5add79-55:not( .kt-accodion-icon-style-basic ):not( .kt-accodion-icon-style-xclose ):not( .kt-accodion-icon-style-arrow ) .kt-blocks-accordion-header.kt-accordion-panel-active .kt-blocks-accordion-icon-trigger{background:#ffffff;}.kt-accordion-id149732_5add79-55:not( .kt-accodion-icon-style-basic ):not( .kt-accodion-icon-style-xclose ):not( .kt-accodion-icon-style-arrow ) .kt-blocks-accordion-header.kt-accordion-panel-active .kt-blocks-accordion-icon-trigger:after, .kt-accordion-id149732_5add79-55:not( .kt-accodion-icon-style-basic ):not( .kt-accodion-icon-style-xclose ):not( .kt-accodion-icon-style-arrow ) .kt-blocks-accordion-header.kt-accordion-panel-active .kt-blocks-accordion-icon-trigger:before{background:#c64239;}@media all and (max-width: 767px){.kt-accordion-id149732_5add79-55 .kt-accordion-inner-wrap{display:block;}.kt-accordion-id149732_5add79-55 .kt-accordion-inner-wrap .kt-accordion-pane:not(:first-child){margin-top:8px;}}<\/style>\n<div class=\"wp-block-kadence-accordion alignnone\"><div class=\"kt-accordion-wrap kt-accordion-id149732_5add79-55 kt-accordion-has-3-panes kt-active-pane-0 kt-accordion-block kt-pane-header-alignment-left kt-accodion-icon-style-basic kt-accodion-icon-side-right\" style=\"max-width:none\"><div class=\"kt-accordion-inner-wrap\" data-allow-multiple-open=\"false\" data-start-open=\"none\">\n<div class=\"wp-block-kadence-pane kt-accordion-pane kt-accordion-pane-1 kt-pane149732_846174-90\"><div class=\"kt-accordion-header-wrap\"><button class=\"kt-blocks-accordion-header kt-acccordion-button-label-show\" type=\"button\"><span class=\"kt-blocks-accordion-title-wrap\"><span class=\"kt-blocks-accordion-title\">Understand: Why should Christians care for creation?<\/span><\/span><span class=\"kt-blocks-accordion-icon-trigger\"><\/span><\/button><\/div><div class=\"kt-accordion-panel kt-accordion-panel-hidden\"><div class=\"kt-accordion-panel-inner\">\n<p>The first part of the campaign explores some fundamental questions: Why should Christians care about the environment? What does our faith tell us about our relationship with creation? Why does the Church speak about climate change, environmental damage and development?<\/p>\n\n\n\n<p>In <em>Laudato Si\u2019<\/em>, Pope Francis speaks of the need for an <strong>\u201cecological conversion\u201d<\/strong>, through which our encounter with Jesus Christ becomes visible in the way we relate to the world around.<\/p>\n<\/div><\/div><\/div>\n\n\n\n<div class=\"wp-block-kadence-pane kt-accordion-pane kt-accordion-pane-2 kt-pane149732_20993b-f1\"><div class=\"kt-accordion-header-wrap\"><button class=\"kt-blocks-accordion-header kt-acccordion-button-label-show\" type=\"button\"><span class=\"kt-blocks-accordion-title-wrap\"><span class=\"kt-blocks-accordion-title\">Be inspired: Change is possible<\/span><\/span><span class=\"kt-blocks-accordion-icon-trigger\"><\/span><\/button><\/div><div class=\"kt-accordion-panel kt-accordion-panel-hidden\"><div class=\"kt-accordion-panel-inner\">\n<p>Environmental discussions can easily become dominated by bad news. For this reason, the second part of the campaign will highlight positive initiatives already taking place within Church communities and institutions in Malta and Gozo.<\/p>\n\n\n\n<p>Through short videos and other features, the campaign will showcase examples of Church entities putting care for creation into practice. By sharing these experiences, the Commission hopes to show that meaningful change is possible, encourage Church organisations to learn from one another, and inspire further action.<\/p>\n\n\n\n<hr class=\"wp-block-separator has-alpha-channel-opacity\"\/>\n<\/div><\/div><\/div>\n\n\n\n<div class=\"wp-block-kadence-pane kt-accordion-pane kt-accordion-pane-3 kt-pane149732_4ad795-b0\"><div class=\"kt-accordion-header-wrap\"><button class=\"kt-blocks-accordion-header kt-acccordion-button-label-show\" type=\"button\"><span class=\"kt-blocks-accordion-title-wrap\"><span class=\"kt-blocks-accordion-title\">Act: What is the next step?<\/span><\/span><span class=\"kt-blocks-accordion-icon-trigger\"><\/span><\/button><\/div><div class=\"kt-accordion-panel kt-accordion-panel-hidden\"><div class=\"kt-accordion-panel-inner\">\n<div class=\"wp-block-group\"><div class=\"wp-block-group__inner-container is-layout-constrained wp-block-group-is-layout-constrained\">\n<p>The final part of the campaign invites individuals, families, parishes, schools and Church organisations to consider what more they can do. This may include practical changes in areas such as energy and water use, consumption and waste, transport and food choices, as well as actions at the social and political level.<\/p>\n\n\n\n<p>The Interdiocesan Commission for Promoting Integral Human Development also hopes to bring Church entities and environmental organisations together during the Season of Creation for dialogue around one central question:<\/p>\n\n\n\n<blockquote class=\"wp-block-quote is-layout-flow wp-block-quote-is-layout-flow\">\n<p>How can the Church in Malta and Gozo take its responsibility for our common home more seriously?<\/p>\n<\/blockquote>\n<\/div><\/div>\n<\/div><\/div><\/div>\n<\/div><\/div><\/div>\n\n\n\n<p>Follow updated resources for the Season of Creation 2026 here: <a href=\"https:\/\/seasonofcreation.org\/resources\/\">https:\/\/seasonofcreation.org\/resources\/<\/a><\/p>\n\n\n\n<hr class=\"wp-block-separator has-alpha-channel-opacity\"\/>\n\n\n\n<div style=\"height:25px\" aria-hidden=\"true\" class=\"wp-block-spacer\"><\/div>\n\n\n\n<h3 class=\"wp-block-heading\">Resources<\/h3>\n\n\n<style>.kt-accordion-id149732_db5ba9-23 .kt-accordion-inner-wrap{column-gap:var(--global-kb-gap-md, 2rem);row-gap:8px;}.kt-accordion-id149732_db5ba9-23 .kt-accordion-panel-inner{padding-top:var(--global-kb-spacing-sm, 1.5rem);padding-right:var(--global-kb-spacing-sm, 1.5rem);padding-bottom:var(--global-kb-spacing-sm, 1.5rem);padding-left:var(--global-kb-spacing-sm, 1.5rem);}.kt-accordion-id149732_db5ba9-23 .wp-block-kadence-pane .kt-accordion-header-wrap .kt-blocks-accordion-header{border-top-color:#555555;border-top-style:solid;border-right-color:#555555;border-right-style:solid;border-bottom-color:#555555;border-bottom-style:solid;border-left-color:#555555;border-left-style:solid;border-top-left-radius:0px;border-top-right-radius:0px;border-bottom-right-radius:0px;border-bottom-left-radius:0px;background:#eeeeee;font-size:18px;line-height:24px;color:#5a5c5d;padding-top:10px;padding-right:14px;padding-bottom:10px;padding-left:14px;}.kt-accordion-id149732_db5ba9-23:not( .kt-accodion-icon-style-basiccircle ):not( .kt-accodion-icon-style-xclosecircle ):not( .kt-accodion-icon-style-arrowcircle ) .kt-blocks-accordion-icon-trigger:after, .kt-accordion-id149732_db5ba9-23:not( .kt-accodion-icon-style-basiccircle ):not( .kt-accodion-icon-style-xclosecircle ):not( .kt-accodion-icon-style-arrowcircle ) .kt-blocks-accordion-icon-trigger:before{background:#5a5c5d;}.kt-accordion-id149732_db5ba9-23:not( .kt-accodion-icon-style-basic ):not( .kt-accodion-icon-style-xclose ):not( .kt-accodion-icon-style-arrow ) .kt-blocks-accordion-icon-trigger{background:#5a5c5d;}.kt-accordion-id149732_db5ba9-23:not( .kt-accodion-icon-style-basic ):not( .kt-accodion-icon-style-xclose ):not( .kt-accodion-icon-style-arrow ) .kt-blocks-accordion-icon-trigger:after, .kt-accordion-id149732_db5ba9-23:not( .kt-accodion-icon-style-basic ):not( .kt-accodion-icon-style-xclose ):not( .kt-accodion-icon-style-arrow ) .kt-blocks-accordion-icon-trigger:before{background:#eeeeee;}.kt-accordion-id149732_db5ba9-23 .kt-accordion-header-wrap .kt-blocks-accordion-header:hover, body:not(.hide-focus-outline) .kt-accordion-id149732_db5ba9-23 .kt-accordion-header-wrap .kt-blocks-accordion-header:focus-visible{color:#444444;background:#ffffff;border-top-color:#eeeeee;border-top-style:solid;border-right-color:#eeeeee;border-right-style:solid;border-bottom-color:#eeeeee;border-bottom-style:solid;border-left-color:#eeeeee;border-left-style:solid;}.kt-accordion-id149732_db5ba9-23:not( .kt-accodion-icon-style-basiccircle ):not( .kt-accodion-icon-style-xclosecircle ):not( .kt-accodion-icon-style-arrowcircle ) .kt-blocks-accordion-header:hover .kt-blocks-accordion-icon-trigger:after, .kt-accordion-id149732_db5ba9-23:not( .kt-accodion-icon-style-basiccircle ):not( .kt-accodion-icon-style-xclosecircle ):not( .kt-accodion-icon-style-arrowcircle ) .kt-blocks-accordion-header:hover .kt-blocks-accordion-icon-trigger:before, body:not(.hide-focus-outline) .kt-accordion-id149732_db5ba9-23:not( .kt-accodion-icon-style-basiccircle ):not( .kt-accodion-icon-style-xclosecircle ):not( .kt-accodion-icon-style-arrowcircle ) .kt-blocks-accordion--visible .kt-blocks-accordion-icon-trigger:after, body:not(.hide-focus-outline) .kt-accordion-id149732_db5ba9-23:not( .kt-accodion-icon-style-basiccircle ):not( .kt-accodion-icon-style-xclosecircle ):not( .kt-accodion-icon-style-arrowcircle ) .kt-blocks-accordion-header:focus-visible .kt-blocks-accordion-icon-trigger:before{background:#444444;}.kt-accordion-id149732_db5ba9-23:not( .kt-accodion-icon-style-basic ):not( .kt-accodion-icon-style-xclose ):not( .kt-accodion-icon-style-arrow ) .kt-blocks-accordion-header:hover .kt-blocks-accordion-icon-trigger, body:not(.hide-focus-outline) .kt-accordion-id149732_db5ba9-23:not( .kt-accodion-icon-style-basic ):not( .kt-accodion-icon-style-xclose ):not( .kt-accodion-icon-style-arrow ) .kt-blocks-accordion-header:focus-visible .kt-blocks-accordion-icon-trigger{background:#444444;}.kt-accordion-id149732_db5ba9-23:not( .kt-accodion-icon-style-basic ):not( .kt-accodion-icon-style-xclose ):not( .kt-accodion-icon-style-arrow ) .kt-blocks-accordion-header:hover .kt-blocks-accordion-icon-trigger:after, .kt-accordion-id149732_db5ba9-23:not( .kt-accodion-icon-style-basic ):not( .kt-accodion-icon-style-xclose ):not( .kt-accodion-icon-style-arrow ) .kt-blocks-accordion-header:hover .kt-blocks-accordion-icon-trigger:before, body:not(.hide-focus-outline) .kt-accordion-id149732_db5ba9-23:not( .kt-accodion-icon-style-basic ):not( .kt-accodion-icon-style-xclose ):not( .kt-accodion-icon-style-arrow ) .kt-blocks-accordion-header:focus-visible .kt-blocks-accordion-icon-trigger:after, body:not(.hide-focus-outline) .kt-accordion-id149732_db5ba9-23:not( .kt-accodion-icon-style-basic ):not( .kt-accodion-icon-style-xclose ):not( .kt-accodion-icon-style-arrow ) .kt-blocks-accordion-header:focus-visible .kt-blocks-accordion-icon-trigger:before{background:#ffffff;}.kt-accordion-id149732_db5ba9-23 .kt-accordion-header-wrap .kt-blocks-accordion-header:focus-visible, .kt-accordion-id149732_db5ba9-23 .kt-accordion-header-wrap .kt-blocks-accordion-header.kt-accordion-panel-active{color:#ffffff;background:#c64239;border-top-color:#444444;border-top-style:solid;border-right-color:#444444;border-right-style:solid;border-bottom-color:#444444;border-bottom-style:solid;border-left-color:#444444;border-left-style:solid;}.kt-accordion-id149732_db5ba9-23:not( .kt-accodion-icon-style-basiccircle ):not( .kt-accodion-icon-style-xclosecircle ):not( .kt-accodion-icon-style-arrowcircle ) .kt-blocks-accordion-header.kt-accordion-panel-active .kt-blocks-accordion-icon-trigger:after, .kt-accordion-id149732_db5ba9-23:not( .kt-accodion-icon-style-basiccircle ):not( .kt-accodion-icon-style-xclosecircle ):not( .kt-accodion-icon-style-arrowcircle ) .kt-blocks-accordion-header.kt-accordion-panel-active .kt-blocks-accordion-icon-trigger:before{background:#ffffff;}.kt-accordion-id149732_db5ba9-23:not( .kt-accodion-icon-style-basic ):not( .kt-accodion-icon-style-xclose ):not( .kt-accodion-icon-style-arrow ) .kt-blocks-accordion-header.kt-accordion-panel-active .kt-blocks-accordion-icon-trigger{background:#ffffff;}.kt-accordion-id149732_db5ba9-23:not( .kt-accodion-icon-style-basic ):not( .kt-accodion-icon-style-xclose ):not( .kt-accodion-icon-style-arrow ) .kt-blocks-accordion-header.kt-accordion-panel-active .kt-blocks-accordion-icon-trigger:after, .kt-accordion-id149732_db5ba9-23:not( .kt-accodion-icon-style-basic ):not( .kt-accodion-icon-style-xclose ):not( .kt-accodion-icon-style-arrow ) .kt-blocks-accordion-header.kt-accordion-panel-active .kt-blocks-accordion-icon-trigger:before{background:#c64239;}@media all and (max-width: 1024px){.kt-accordion-id149732_db5ba9-23 .wp-block-kadence-pane .kt-accordion-header-wrap .kt-blocks-accordion-header{border-top-color:#555555;border-top-style:solid;border-right-color:#555555;border-right-style:solid;border-bottom-color:#555555;border-bottom-style:solid;border-left-color:#555555;border-left-style:solid;}}@media all and (max-width: 1024px){.kt-accordion-id149732_db5ba9-23 .kt-accordion-header-wrap .kt-blocks-accordion-header:hover, body:not(.hide-focus-outline) .kt-accordion-id149732_db5ba9-23 .kt-accordion-header-wrap .kt-blocks-accordion-header:focus-visible{border-top-color:#eeeeee;border-top-style:solid;border-right-color:#eeeeee;border-right-style:solid;border-bottom-color:#eeeeee;border-bottom-style:solid;border-left-color:#eeeeee;border-left-style:solid;}}@media all and (max-width: 1024px){.kt-accordion-id149732_db5ba9-23 .kt-accordion-header-wrap .kt-blocks-accordion-header:focus-visible, .kt-accordion-id149732_db5ba9-23 .kt-accordion-header-wrap .kt-blocks-accordion-header.kt-accordion-panel-active{border-top-color:#444444;border-top-style:solid;border-right-color:#444444;border-right-style:solid;border-bottom-color:#444444;border-bottom-style:solid;border-left-color:#444444;border-left-style:solid;}}@media all and (max-width: 767px){.kt-accordion-id149732_db5ba9-23 .kt-accordion-inner-wrap{display:block;}.kt-accordion-id149732_db5ba9-23 .kt-accordion-inner-wrap .kt-accordion-pane:not(:first-child){margin-top:8px;}.kt-accordion-id149732_db5ba9-23 .wp-block-kadence-pane .kt-accordion-header-wrap .kt-blocks-accordion-header{border-top-color:#555555;border-top-style:solid;border-right-color:#555555;border-right-style:solid;border-bottom-color:#555555;border-bottom-style:solid;border-left-color:#555555;border-left-style:solid;}.kt-accordion-id149732_db5ba9-23 .kt-accordion-header-wrap .kt-blocks-accordion-header:hover, body:not(.hide-focus-outline) .kt-accordion-id149732_db5ba9-23 .kt-accordion-header-wrap .kt-blocks-accordion-header:focus-visible{border-top-color:#eeeeee;border-top-style:solid;border-right-color:#eeeeee;border-right-style:solid;border-bottom-color:#eeeeee;border-bottom-style:solid;border-left-color:#eeeeee;border-left-style:solid;}.kt-accordion-id149732_db5ba9-23 .kt-accordion-header-wrap .kt-blocks-accordion-header:focus-visible, .kt-accordion-id149732_db5ba9-23 .kt-accordion-header-wrap .kt-blocks-accordion-header.kt-accordion-panel-active{border-top-color:#444444;border-top-style:solid;border-right-color:#444444;border-right-style:solid;border-bottom-color:#444444;border-bottom-style:solid;border-left-color:#444444;border-left-style:solid;}}<\/style>\n<div class=\"wp-block-kadence-accordion alignnone\"><div class=\"kt-accordion-wrap kt-accordion-id149732_db5ba9-23 kt-accordion-has-6-panes kt-active-pane-0 kt-accordion-block kt-pane-header-alignment-left kt-accodion-icon-style-basic kt-accodion-icon-side-right\" style=\"max-width:none\"><div class=\"kt-accordion-inner-wrap\" data-allow-multiple-open=\"false\" data-start-open=\"none\">\n<div class=\"wp-block-kadence-pane kt-accordion-pane kt-accordion-pane-4 kt-pane149732_d91979-61\"><div class=\"kt-accordion-header-wrap\"><button class=\"kt-blocks-accordion-header kt-acccordion-button-label-show\" type=\"button\"><span class=\"kt-blocks-accordion-title-wrap\"><span class=\"kb-svg-icon-wrap kb-svg-icon-fas_hands kt-btn-side-left\"><svg viewBox=\"0 0 640 512\"  fill=\"currentColor\" xmlns=\"http:\/\/www.w3.org\/2000\/svg\"  aria-hidden=\"true\"><path d=\"M204.8 230.4c-10.6-14.1-30.7-17-44.8-6.4-14.1 10.6-17 30.7-6.4 44.8l38.1 50.8c4.8 6.4 4.1 15.3-1.5 20.9l-12.8 12.8c-6.7 6.7-17.6 6.2-23.6-1.1L64 244.4V96c0-17.7-14.3-32-32-32S0 78.3 0 96v218.4c0 10.9 3.7 21.5 10.5 30l104.1 134.3c5 6.5 8.4 13.9 10.4 21.7 1.8 6.9 8.1 11.6 15.3 11.6H272c8.8 0 16-7.2 16-16V384c0-27.7-9-54.6-25.6-76.8l-57.6-76.8zM608 64c-17.7 0-32 14.3-32 32v148.4l-89.8 107.8c-6 7.2-17 7.7-23.6 1.1l-12.8-12.8c-5.6-5.6-6.3-14.5-1.5-20.9l38.1-50.8c10.6-14.1 7.7-34.2-6.4-44.8-14.1-10.6-34.2-7.7-44.8 6.4l-57.6 76.8C361 329.4 352 356.3 352 384v112c0 8.8 7.2 16 16 16h131.7c7.1 0 13.5-4.7 15.3-11.6 2-7.8 5.4-15.2 10.4-21.7l104.1-134.3c6.8-8.5 10.5-19.1 10.5-30V96c0-17.7-14.3-32-32-32z\"\/><\/svg><\/span><span class=\"kt-blocks-accordion-title\">Prayer Spaces related to Creation<\/span><\/span><span class=\"kt-blocks-accordion-icon-trigger\"><\/span><\/button><\/div><div class=\"kt-accordion-panel kt-accordion-panel-hidden\"><div class=\"kt-accordion-panel-inner\">\n\n\n<div id=\"wpv-view-layout-8611-CATTR94128512b7cccfa1249d24d643a898bbTCPID149732\" class=\"js-wpv-view-layout js-wpv-layout-responsive js-wpv-view-layout-8611-CATTR94128512b7cccfa1249d24d643a898bbTCPID149732\" data-viewnumber=\"8611-CATTR94128512b7cccfa1249d24d643a898bbTCPID149732\" data-pagination=\"{&quot;id&quot;:8611,&quot;query&quot;:&quot;normal&quot;,&quot;type&quot;:&quot;disabled&quot;,&quot;effect&quot;:&quot;fade&quot;,&quot;duration&quot;:500,&quot;speed&quot;:5,&quot;pause_on_hover&quot;:&quot;disabled&quot;,&quot;stop_rollover&quot;:&quot;false&quot;,&quot;cache_pages&quot;:&quot;enabled&quot;,&quot;preload_images&quot;:&quot;enabled&quot;,&quot;preload_pages&quot;:&quot;enabled&quot;,&quot;preload_reach&quot;:1,&quot;spinner&quot;:&quot;builtin&quot;,&quot;spinner_image&quot;:&quot;https:\/\/sds.mt\/wp-content\/plugins\/toolset-blocks\/embedded\/res\/img\/ajax-loader.gif&quot;,&quot;callback_next&quot;:&quot;&quot;,&quot;manage_history&quot;:&quot;enabled&quot;,&quot;has_controls_in_form&quot;:&quot;disabled&quot;,&quot;infinite_tolerance&quot;:&quot;0&quot;,&quot;max_pages&quot;:0,&quot;page&quot;:1,&quot;base_permalink&quot;:&quot;\/mt\/wp-json\/wp\/v2\/resource\/149732?wpv_view_count=8611-CATTR94128512b7cccfa1249d24d643a898bbTCPID149732&amp;wpv_paged=WPV_PAGE_NUM&quot;,&quot;loop&quot;:{&quot;type&quot;:&quot;&quot;,&quot;name&quot;:&quot;&quot;,&quot;data&quot;:[],&quot;id&quot;:0}}\" data-permalink=\"\/mt\/wp-json\/wp\/v2\/resource\/149732?wpv_view_count=8611-CATTR94128512b7cccfa1249d24d643a898bbTCPID149732\">\n\n\t\n\t\n\t<table width=\"100%\" class=\"pa-rl wpv-loop js-wpv-loop\" cellspacing=\"5\">\n\t\n\t\t\n\t\t<tr>\n\t\t\t<td class=\"smaller\">\n\t\t\t\t\n<figure class=\"wp-block-image tb-image tb-image-dynamic\" data-toolset-blocks-image=\"4237204bb0f2388c8cd0daeb4e0ed893\"><a href=\"https:\/\/sds.mt\/mt\/resource\/appreciating-nature\/\"><img loading=\"lazy\" loading=\"lazy\" loading=\"lazy\" decoding=\"async\" width=\"600\" height=\"400\" loading=\"lazy\" src=\"https:\/\/sds.mt\/wp-content\/uploads\/2020\/11\/caterpillar.png\" alt=\"\" class=\"wp-image-144569\" srcset=\"https:\/\/sds.mt\/wp-content\/uploads\/2020\/11\/caterpillar.png 600w, https:\/\/sds.mt\/wp-content\/uploads\/2020\/11\/caterpillar-300x200.png 300w, https:\/\/sds.mt\/wp-content\/uploads\/2020\/11\/caterpillar-20x13.png 20w\" sizes=\"auto, (max-width: 600px) 100vw, 600px\" \/><\/a><\/figure>\n\n\n\n<h3 class=\"wp-block-heading\"><strong><a href=\"https:\/\/sds.mt\/mt\/resource\/appreciating-nature\/\">Appreciating Nature<\/a><\/strong><\/h3>\n\n\n<p>This time offer one the chance to show gratitude for what nature has to offer. During this prayer space, one shows gratitude to God for what nature offers.<\/p>\n\n\t\t\t<\/td>\n\t\t\n\t\t\n\t\t\t<td class=\"smaller\">\n\t\t\t\t\n<figure class=\"wp-block-image tb-image tb-image-dynamic\" data-toolset-blocks-image=\"4237204bb0f2388c8cd0daeb4e0ed893\"><a href=\"https:\/\/sds.mt\/mt\/resource\/canticle-of-creatures-brother-sun\/\"><img loading=\"lazy\" loading=\"lazy\" loading=\"lazy\" decoding=\"async\" width=\"2560\" height=\"1445\" loading=\"lazy\" src=\"https:\/\/sds.mt\/wp-content\/uploads\/2021\/01\/Brother-Sun-scaled.jpg\" alt=\"\" class=\"wp-image-1873\" srcset=\"https:\/\/sds.mt\/wp-content\/uploads\/2021\/01\/Brother-Sun-scaled.jpg 2560w, https:\/\/sds.mt\/wp-content\/uploads\/2021\/01\/Brother-Sun-scaled-300x169.jpg 300w, https:\/\/sds.mt\/wp-content\/uploads\/2021\/01\/Brother-Sun-scaled-1024x578.jpg 1024w, https:\/\/sds.mt\/wp-content\/uploads\/2021\/01\/Brother-Sun-scaled-768x434.jpg 768w, https:\/\/sds.mt\/wp-content\/uploads\/2021\/01\/Brother-Sun-scaled-1536x867.jpg 1536w, https:\/\/sds.mt\/wp-content\/uploads\/2021\/01\/Brother-Sun-scaled-2048x1156.jpg 2048w, https:\/\/sds.mt\/wp-content\/uploads\/2021\/01\/Brother-Sun-scaled-800x452.jpg 800w, https:\/\/sds.mt\/wp-content\/uploads\/2021\/01\/Brother-Sun-scaled-1200x677.jpg 1200w, https:\/\/sds.mt\/wp-content\/uploads\/2021\/01\/Brother-Sun-scaled-20x11.jpg 20w\" sizes=\"auto, (max-width: 2560px) 100vw, 2560px\" \/><\/a><\/figure>\n\n\n\n<h3 class=\"wp-block-heading\"><strong><a href=\"https:\/\/sds.mt\/mt\/resource\/canticle-of-creatures-brother-sun\/\">Canticle Of Creatures: Brother Sun<\/a><\/strong><\/h3>\n\n\n<p>In this prayer activity, while thanking God for the gift of the sun, one will have the time to think of how, like the &#8216;brother sun&#8217;, s\/he can happily start the days for oneself and for those around him\/her.<\/p>\n\n\t\t\t<\/td>\n\t\t\n\t\t\n\t\t\t<td class=\"smaller\">\n\t\t\t\t\n<figure class=\"wp-block-image tb-image tb-image-dynamic\" data-toolset-blocks-image=\"4237204bb0f2388c8cd0daeb4e0ed893\"><a href=\"https:\/\/sds.mt\/mt\/resource\/empty-plate\/\"><img loading=\"lazy\" loading=\"lazy\" loading=\"lazy\" decoding=\"async\" width=\"2560\" height=\"1440\" loading=\"lazy\" src=\"https:\/\/sds.mt\/wp-content\/uploads\/2021\/01\/Empty-plate-FP-1-scaled-e1614722253493.jpg\" alt=\"\" class=\"wp-image-144734\" srcset=\"https:\/\/sds.mt\/wp-content\/uploads\/2021\/01\/Empty-plate-FP-1-scaled-e1614722253493.jpg 2560w, https:\/\/sds.mt\/wp-content\/uploads\/2021\/01\/Empty-plate-FP-1-scaled-e1614722253493-300x169.jpg 300w, https:\/\/sds.mt\/wp-content\/uploads\/2021\/01\/Empty-plate-FP-1-scaled-e1614722253493-1024x576.jpg 1024w, https:\/\/sds.mt\/wp-content\/uploads\/2021\/01\/Empty-plate-FP-1-scaled-e1614722253493-768x432.jpg 768w, https:\/\/sds.mt\/wp-content\/uploads\/2021\/01\/Empty-plate-FP-1-scaled-e1614722253493-1536x864.jpg 1536w, https:\/\/sds.mt\/wp-content\/uploads\/2021\/01\/Empty-plate-FP-1-scaled-e1614722253493-2048x1152.jpg 2048w, https:\/\/sds.mt\/wp-content\/uploads\/2021\/01\/Empty-plate-FP-1-scaled-e1614722253493-800x450.jpg 800w, https:\/\/sds.mt\/wp-content\/uploads\/2021\/01\/Empty-plate-FP-1-scaled-e1614722253493-1200x675.jpg 1200w, https:\/\/sds.mt\/wp-content\/uploads\/2021\/01\/Empty-plate-FP-1-scaled-e1614722253493-20x11.jpg 20w\" sizes=\"auto, (max-width: 2560px) 100vw, 2560px\" \/><\/a><\/figure>\n\n\n\n<h3 class=\"wp-block-heading\"><strong><a href=\"https:\/\/sds.mt\/mt\/resource\/empty-plate\/\">Empty Plate<\/a><\/strong><\/h3>\n\n\n<p>Apart from praying for world leaders to be given wisdom and courage to lead fairly, this prayer space also helps one to reflect on living without food due to injustice and economic-greed.<\/p>\n\n\t\t\t<\/td>\n\t\t<\/tr>\n\t\t\n\t\t\n\t\t<tr>\n\t\t\t<td class=\"smaller\">\n\t\t\t\t\n<figure class=\"wp-block-image tb-image tb-image-dynamic\" data-toolset-blocks-image=\"4237204bb0f2388c8cd0daeb4e0ed893\"><a href=\"https:\/\/sds.mt\/mt\/resource\/canticle-of-creatures-sister-moon\/\"><img loading=\"lazy\" loading=\"lazy\" loading=\"lazy\" decoding=\"async\" width=\"2560\" height=\"1440\" loading=\"lazy\" src=\"https:\/\/sds.mt\/wp-content\/uploads\/2021\/01\/20200702_150451-scaled-e1614722013527.jpg\" alt=\"\" class=\"wp-image-2136\" srcset=\"https:\/\/sds.mt\/wp-content\/uploads\/2021\/01\/20200702_150451-scaled-e1614722013527.jpg 2560w, https:\/\/sds.mt\/wp-content\/uploads\/2021\/01\/20200702_150451-scaled-e1614722013527-300x169.jpg 300w, https:\/\/sds.mt\/wp-content\/uploads\/2021\/01\/20200702_150451-scaled-e1614722013527-1024x576.jpg 1024w, https:\/\/sds.mt\/wp-content\/uploads\/2021\/01\/20200702_150451-scaled-e1614722013527-768x432.jpg 768w, https:\/\/sds.mt\/wp-content\/uploads\/2021\/01\/20200702_150451-scaled-e1614722013527-1536x864.jpg 1536w, https:\/\/sds.mt\/wp-content\/uploads\/2021\/01\/20200702_150451-scaled-e1614722013527-2048x1152.jpg 2048w, https:\/\/sds.mt\/wp-content\/uploads\/2021\/01\/20200702_150451-scaled-e1614722013527-800x450.jpg 800w, https:\/\/sds.mt\/wp-content\/uploads\/2021\/01\/20200702_150451-scaled-e1614722013527-1200x675.jpg 1200w, https:\/\/sds.mt\/wp-content\/uploads\/2021\/01\/20200702_150451-scaled-e1614722013527-20x11.jpg 20w\" sizes=\"auto, (max-width: 2560px) 100vw, 2560px\" \/><\/a><\/figure>\n\n\n\n<h3 class=\"wp-block-heading\"><strong><a href=\"https:\/\/sds.mt\/mt\/resource\/canticle-of-creatures-sister-moon\/\">Canticle Of Creatures: Sister Moon<\/a><\/strong><\/h3>\n\n\n<p>In this prayer space one can express to God how he\/she feels about changing and growing up.<\/p>\n\n\t\t\t<\/td>\n\t\t\n\t\t\n\t\t\t<td class=\"smaller\">\n\t\t\t\t\n<figure class=\"wp-block-image tb-image tb-image-dynamic\" data-toolset-blocks-image=\"4237204bb0f2388c8cd0daeb4e0ed893\"><a href=\"https:\/\/sds.mt\/mt\/resource\/canticle-of-creatures-brother-wind\/\"><img loading=\"lazy\" loading=\"lazy\" loading=\"lazy\" decoding=\"async\" width=\"2560\" height=\"1440\" loading=\"lazy\" src=\"https:\/\/sds.mt\/wp-content\/uploads\/2021\/01\/Brother-Moon-FP-scaled-e1614721802445.jpg\" alt=\"\" class=\"wp-image-1877\" srcset=\"https:\/\/sds.mt\/wp-content\/uploads\/2021\/01\/Brother-Moon-FP-scaled-e1614721802445.jpg 2560w, https:\/\/sds.mt\/wp-content\/uploads\/2021\/01\/Brother-Moon-FP-scaled-e1614721802445-300x169.jpg 300w, https:\/\/sds.mt\/wp-content\/uploads\/2021\/01\/Brother-Moon-FP-scaled-e1614721802445-1024x576.jpg 1024w, https:\/\/sds.mt\/wp-content\/uploads\/2021\/01\/Brother-Moon-FP-scaled-e1614721802445-768x432.jpg 768w, https:\/\/sds.mt\/wp-content\/uploads\/2021\/01\/Brother-Moon-FP-scaled-e1614721802445-1536x864.jpg 1536w, https:\/\/sds.mt\/wp-content\/uploads\/2021\/01\/Brother-Moon-FP-scaled-e1614721802445-2048x1152.jpg 2048w, https:\/\/sds.mt\/wp-content\/uploads\/2021\/01\/Brother-Moon-FP-scaled-e1614721802445-800x450.jpg 800w, https:\/\/sds.mt\/wp-content\/uploads\/2021\/01\/Brother-Moon-FP-scaled-e1614721802445-1200x675.jpg 1200w, https:\/\/sds.mt\/wp-content\/uploads\/2021\/01\/Brother-Moon-FP-scaled-e1614721802445-20x11.jpg 20w\" sizes=\"auto, (max-width: 2560px) 100vw, 2560px\" \/><\/a><\/figure>\n\n\n\n<h3 class=\"wp-block-heading\"><strong><a href=\"https:\/\/sds.mt\/mt\/resource\/canticle-of-creatures-brother-wind\/\">Canticle Of Creatures: Brother Wind<\/a><\/strong><\/h3>\n\n\n<p>In this prayer space one is invited to think how s\/he can make good use of his\/her energy in the same way that &#8216;brother wind&#8217; can produce pollution free energy by making good use of its power.<\/p>\n\n\t\t\t<\/td>\n\t\t\n\t\t\n\t\t\t<td class=\"smaller\">\n\t\t\t\t\n<figure class=\"wp-block-image tb-image tb-image-dynamic\" data-toolset-blocks-image=\"4237204bb0f2388c8cd0daeb4e0ed893\"><a href=\"https:\/\/sds.mt\/mt\/resource\/our-common-home\/\"><img loading=\"lazy\" loading=\"lazy\" loading=\"lazy\" decoding=\"async\" width=\"2150\" height=\"1337\" loading=\"lazy\" src=\"https:\/\/sds.mt\/wp-content\/uploads\/2021\/06\/20200514_171952-scaled-e1626201516730.jpg\" alt=\"\" class=\"wp-image-4673\" srcset=\"https:\/\/sds.mt\/wp-content\/uploads\/2021\/06\/20200514_171952-scaled-e1626201516730.jpg 2150w, https:\/\/sds.mt\/wp-content\/uploads\/2021\/06\/20200514_171952-scaled-e1626201516730-300x187.jpg 300w, https:\/\/sds.mt\/wp-content\/uploads\/2021\/06\/20200514_171952-scaled-e1626201516730-1024x637.jpg 1024w, https:\/\/sds.mt\/wp-content\/uploads\/2021\/06\/20200514_171952-scaled-e1626201516730-768x478.jpg 768w, https:\/\/sds.mt\/wp-content\/uploads\/2021\/06\/20200514_171952-scaled-e1626201516730-1536x955.jpg 1536w, https:\/\/sds.mt\/wp-content\/uploads\/2021\/06\/20200514_171952-scaled-e1626201516730-2048x1274.jpg 2048w, https:\/\/sds.mt\/wp-content\/uploads\/2021\/06\/20200514_171952-scaled-e1626201516730-800x497.jpg 800w, https:\/\/sds.mt\/wp-content\/uploads\/2021\/06\/20200514_171952-scaled-e1626201516730-1200x746.jpg 1200w, https:\/\/sds.mt\/wp-content\/uploads\/2021\/06\/20200514_171952-scaled-e1626201516730-20x12.jpg 20w\" sizes=\"auto, (max-width: 2150px) 100vw, 2150px\" \/><\/a><\/figure>\n\n\n\n<h3 class=\"wp-block-heading\"><strong><a href=\"https:\/\/sds.mt\/mt\/resource\/our-common-home\/\">Our Common Home<\/a><\/strong><\/h3>\n\n\n<p>In this prayer space, one is invited to ponder upon how one can make a difference in taking simple eco-actions to save our planet earth.<\/p>\n\n\t\t\t<\/td>\n\t\t<\/tr>\n\t\t\n\t\t\n\t\t<tr>\n\t\t\t<td class=\"smaller\">\n\t\t\t\t\n<figure class=\"wp-block-image tb-image tb-image-dynamic\" data-toolset-blocks-image=\"4237204bb0f2388c8cd0daeb4e0ed893\"><a href=\"https:\/\/sds.mt\/mt\/resource\/flags-prayers\/\"><img loading=\"lazy\" loading=\"lazy\" loading=\"lazy\" decoding=\"async\" width=\"2530\" height=\"1423\" loading=\"lazy\" src=\"https:\/\/sds.mt\/wp-content\/uploads\/2021\/02\/Flag-Prayers-FP-e1614720943494.jpg\" alt=\"\" class=\"wp-image-1838\" srcset=\"https:\/\/sds.mt\/wp-content\/uploads\/2021\/02\/Flag-Prayers-FP-e1614720943494.jpg 2530w, https:\/\/sds.mt\/wp-content\/uploads\/2021\/02\/Flag-Prayers-FP-e1614720943494-300x169.jpg 300w, https:\/\/sds.mt\/wp-content\/uploads\/2021\/02\/Flag-Prayers-FP-e1614720943494-1024x576.jpg 1024w, https:\/\/sds.mt\/wp-content\/uploads\/2021\/02\/Flag-Prayers-FP-e1614720943494-768x432.jpg 768w, https:\/\/sds.mt\/wp-content\/uploads\/2021\/02\/Flag-Prayers-FP-e1614720943494-1536x864.jpg 1536w, https:\/\/sds.mt\/wp-content\/uploads\/2021\/02\/Flag-Prayers-FP-e1614720943494-2048x1152.jpg 2048w, https:\/\/sds.mt\/wp-content\/uploads\/2021\/02\/Flag-Prayers-FP-e1614720943494-800x450.jpg 800w, https:\/\/sds.mt\/wp-content\/uploads\/2021\/02\/Flag-Prayers-FP-e1614720943494-1200x675.jpg 1200w, https:\/\/sds.mt\/wp-content\/uploads\/2021\/02\/Flag-Prayers-FP-e1614720943494-20x11.jpg 20w\" sizes=\"auto, (max-width: 2530px) 100vw, 2530px\" \/><\/a><\/figure>\n\n\n\n<h3 class=\"wp-block-heading\"><strong><a href=\"https:\/\/sds.mt\/mt\/resource\/flags-prayers\/\">Flags Prayers<\/a><\/strong><\/h3>\n\n\n<p>This prayer space one is reminded that different flags represent different countries, and hence is given time to choose a country and pray for its needs.<\/p>\n\n\t\t\t<\/td>\n\t\t\n\t\t\n\t\t\t<td class=\"smaller\">\n\t\t\t\t\n<figure class=\"wp-block-image tb-image tb-image-dynamic\" data-toolset-blocks-image=\"4237204bb0f2388c8cd0daeb4e0ed893\"><a href=\"https:\/\/sds.mt\/mt\/resource\/season-of-creation-2022\/\"><img loading=\"lazy\" loading=\"lazy\" loading=\"lazy\" decoding=\"async\" width=\"920\" height=\"460\" loading=\"lazy\" src=\"https:\/\/sds.mt\/wp-content\/uploads\/2022\/09\/OKEN_logoTempoCreato2022.png\" alt=\"\" class=\"wp-image-14595\" srcset=\"https:\/\/sds.mt\/wp-content\/uploads\/2022\/09\/OKEN_logoTempoCreato2022.png 920w, https:\/\/sds.mt\/wp-content\/uploads\/2022\/09\/OKEN_logoTempoCreato2022-300x150.png 300w, https:\/\/sds.mt\/wp-content\/uploads\/2022\/09\/OKEN_logoTempoCreato2022-768x384.png 768w, https:\/\/sds.mt\/wp-content\/uploads\/2022\/09\/OKEN_logoTempoCreato2022-800x400.png 800w, https:\/\/sds.mt\/wp-content\/uploads\/2022\/09\/OKEN_logoTempoCreato2022-20x10.png 20w\" sizes=\"auto, (max-width: 920px) 100vw, 920px\" \/><\/a><\/figure>\n\n\n\n<h3 class=\"wp-block-heading\"><strong><a href=\"https:\/\/sds.mt\/mt\/resource\/season-of-creation-2022\/\">Season of Creation 2022<\/a><\/strong><\/h3>\n\n\n<p><\/p>\n\n\t\t\t<\/td>\n\t\t\n\t\t\t<td class=\"empty\"><\/td>\n\t\t<\/tr>\n\t\n\t<\/table>\n\t\n\t\n\t\n<\/div>\n\n<\/div><\/div><\/div>\n\n\n\n<div class=\"wp-block-kadence-pane kt-accordion-pane kt-accordion-pane-3 kt-pane149732_04ef7f-b2\" id=\"mass\"><div class=\"kt-accordion-header-wrap\"><button class=\"kt-blocks-accordion-header kt-acccordion-button-label-show\" type=\"button\"><span class=\"kt-blocks-accordion-title-wrap\"><span class=\"kb-svg-icon-wrap kb-svg-icon-ic_cross kt-btn-side-left\"><svg viewBox=\"0 0 8 8\"  fill=\"currentColor\" xmlns=\"http:\/\/www.w3.org\/2000\/svg\"  aria-hidden=\"true\"><path d=\"M2 0v2h-2v4h2v2h4v-2h2v-4h-2v-2h-4z\"\/><\/svg><\/span><span class=\"kt-blocks-accordion-title\">Official Holy Mass for the Care of Creation (Maltese, English)<\/span><\/span><span class=\"kt-blocks-accordion-icon-trigger\"><\/span><\/button><\/div><div class=\"kt-accordion-panel kt-accordion-panel-hidden\"><div class=\"kt-accordion-panel-inner\">\n<p>The prayers for the Holy Mass for the Care of Creation in English can be found <a href=\"https:\/\/www.catholicbishops.ie\/wp-content\/uploads\/2025\/07\/Mass-for-the-Care-of-Creation-July-2025.pdf\">here<\/a>. They were taken from the Irish Catholic Bishops&#8217; Conference. The Maltese version is not official.<\/p>\n\n\n<a href=\"https:\/\/sds.mt\/wp-content\/uploads\/2022\/05\/Missa-pro-Custodia-Creationis_Maltese.pdf\" class=\"pdfemb-viewer\" style=\"\" data-width=\"max\" data-height=\"max\" data-toolbar=\"bottom\" data-toolbar-fixed=\"off\">Missa-pro-Custodia-Creationis_Maltese<\/a>\n\n\n<div style=\"height:100px\" aria-hidden=\"true\" class=\"wp-block-spacer\"><\/div>\n\n\n<a href=\"https:\/\/sds.mt\/wp-content\/uploads\/2022\/05\/Mass-for-the-Care-of-Creation-July-2025.pdf\" class=\"pdfemb-viewer\" style=\"\" data-width=\"max\" data-height=\"max\" data-toolbar=\"bottom\" data-toolbar-fixed=\"off\">Mass-for-the-Care-of-Creation-July-2025<\/a>\n\n\n<p><a href=\"https:\/\/drive.google.com\/file\/d\/1NqisbZO6ystPucMbxWHt95bQbJIr6G9w\/view\">Here <\/a>is a Liturgical Guide for the Season of Creation 2025<\/p>\n<\/div><\/div><\/div>\n\n\n\n<div class=\"wp-block-kadence-pane kt-accordion-pane kt-accordion-pane-5 kt-pane149732_ee85cc-5e\"><div class=\"kt-accordion-header-wrap\"><button class=\"kt-blocks-accordion-header kt-acccordion-button-label-show\" type=\"button\"><span class=\"kt-blocks-accordion-title-wrap\"><span class=\"kb-svg-icon-wrap kb-svg-icon-ic_cross kt-btn-side-left\"><svg viewBox=\"0 0 8 8\"  fill=\"currentColor\" xmlns=\"http:\/\/www.w3.org\/2000\/svg\"  aria-hidden=\"true\"><path d=\"M2 0v2h-2v4h2v2h4v-2h2v-4h-2v-2h-4z\"\/><\/svg><\/span><span class=\"kt-blocks-accordion-title\">Quddiesa u Tberik tal-Annimali  (Maltese)<\/span><\/span><span class=\"kt-blocks-accordion-icon-trigger\"><\/span><\/button><\/div><div class=\"kt-accordion-panel kt-accordion-panel-hidden\"><div class=\"kt-accordion-panel-inner\">\n<div class=\"tb-button\" data-toolset-blocks-button=\"1467c629a801857647c79400f0215724\"><a class=\"tb-button__link\" href=\"https:\/\/maltadiocese.sharepoint.com\/:b:\/s\/AoMPublic\/EfpwzHc3VZdLvio6w3bxdgUB3CkoSzPEPGI4BKW6BnDOGA?e=MCX71m\"><i class=\"tb-button__icon\"><\/i><span class=\"tb-button__content\">Il-Quddiesa u Tberik tal-Annimali (PDF)<\/span><\/a><\/div>\n\n\n\n<h5 class=\"wp-block-heading\">Talbiet Tal-Mahfra<\/h5>\n\n\n\n<p><\/p>\n\n\n\n<p>1. Ahfrilna Mulej ta\u2019 kemm-il darba hallejna l-annimali wehidhom ghax konna mhabbtin b\u2019affarijiet ohra li huma inqas importanti mill-annimali taghna. Mulej \u0127niena.<\/p>\n\n\n\n<p>2. Mahfra Mulej ta\u2019 meta ma wrejnhiex bizzejjed rispett u mhabba lejn l-annimali li ghandna fid-djar taghna. Kristu hniena.<\/p>\n\n\n\n<p>3. Ahfrilna Mulej ta\u2019 kemm-il darba, rajna fl-annimali aktar kif se nkunu moqdija ahna milli kif se nkunu ta\u2019 kumpanija tajba u sabiha ghalihom. Mulej hniena.<\/p>\n\n\n\n<hr class=\"wp-block-separator has-alpha-channel-opacity\"\/>\n\n\n\n<h5 class=\"wp-block-heading\">Qari Litur\u0121iku<\/h5>\n\n\n\n<p>L-ewwel Qari<\/p>\n\n\n\n<p>Qari mill-Ktieb tal-Genesi. \u0120en\u00a01, 20-31<\/p>\n\n\n\n<p>U qal Alla: \u201cJizghed l-ilma b\u2019kotra ta\u2019 hlejjaq hajjin u jittajru t-tjur fuq l-art fil-wesgha tas-smewwiet.\u201d U Alla halaq il-hut il-kbir u l-annimali kollha li jitkaxkru, li bihom mizghud l-ilma, skont genshom, u t-tajr bil-gwienah skont genshom. U ra Alla li kien tajjeb. U berikhom Alla u qalilhom: \u201cWelldu u oktru, u imlew l-ilma talibhra; u joktor it-tajr fuq l-art.\u201d<\/p>\n\n\n\n<p>U qal Alla: \u201cHa tnissel l-art hlejjaq hajja skont genshom: bhejjem tad-dar, annimali li jitkaxkru, u bhejjem selvaggi, skont genshom.\u201d U hekk sar. U ghamel Alla l-bhejjem selvaggi skont genshom, u l-bhejjem tad-dar skont genshom, u l-hlejjaq kollha li jitkaxkru fuq l-art skont genshom. U ra Alla li kien tajjeb. U qal Alla: \u201cHa naghmlu l-bniedem fuq ix-xbieha u s-sura taghna, u jahkmu fuq ilhut<\/p>\n\n\n\n<p>tal-bahar u fuq it-tajr tal-ajru, fuq il-bhejjem tad-dar u fuq il-bhejjem selvaggi, u fuq il-hlejjaq li  jitkaxkru fuq l-art.\u201d <\/p>\n\n\n\n<p>U Alla halaq il-bniedem fuq xbiehetu, fuq xbihat Alla halqu, ragel u mara halaqhom. U berikhom Alla u qalilhom: \u201cNisslu u oktru, u imlew l-art, u ahkmuha; u saltnu fuq il-hut tal-bahar u t-tajr tal-ajru u l-hlejjaq kollha li jitkaxkru fuq l-art.\u201d U hares Alla lejn kulma kien ghamel, u, ara, kollox kien tajjeb hafna.<\/p>\n\n\n\n<p>Il-Kelma tal-Mulej <\/p>\n\n\n\n<p>Irroddu hajr lil Alla<\/p>\n\n\n\n<hr class=\"wp-block-separator has-alpha-channel-opacity\"\/>\n\n\n\n<h5 class=\"wp-block-heading\">Salm Responsorjali\u00a0 Salm 104<\/h5>\n\n\n\n<p>Nghidu flimkien: Bierek ruh tieghi, il-Mulej!<\/p>\n\n\n\n<p>Mulej, Alla tieghi, inti kbir bil-bosta!<\/p>\n\n\n\n<p>Bis-sebh u l-gmiel inti mlibbes,<\/p>\n\n\n\n<p>bid-dawl, bhal b\u2019mantell, inti mkebbeb.<\/p>\n\n\n\n<p>Nghidu flimkien: Bierek ruh tieghi, il-Mulej!<\/p>\n\n\n\n<p>L-ghejun tifthilhom ghal gol-widien,<\/p>\n\n\n\n<p>u huma jigru qalb l-gholjiet.<\/p>\n\n\n\n<p>Jisqu l-bhejjem kollha tar-raba\u2019,<\/p>\n\n\n\n<p>u l-hmir selvaggi jaqtghu l-ghatx taghhom.<\/p>\n\n\n\n<p>Nghidu flimkien: Bierek ruh tieghi, il-Mulej!<\/p>\n\n\n\n<p>Hdejhom jghammru l-ghasafar tal-ajru,<\/p>\n\n\n\n<p>minn qalb il-frieghi jsemmghu l-ghana taghhom.<\/p>\n\n\n\n<p>Inti ssaqqi l-muntanji mill-imhazen gholja tieghek,<\/p>\n\n\n\n<p>u tixba\u2019 l-art bil-frott ta\u2019 ghemilek.<\/p>\n\n\n\n<p>Nghidu flimkien: Bierek ruh tieghi, il-Mulej!<\/p>\n\n\n\n<p>Titfa\u2019 d-dlam, u jsir il-lejl;<\/p>\n\n\n\n<p>fih jiggerrew il-bhejjem kollha tal-bosk.<\/p>\n\n\n\n<p>Frieh l-iljun jghajtu biex jahtfu,<\/p>\n\n\n\n<p>jittallbu minghand Alla l-ikel taghhom.<\/p>\n\n\n\n<p>Nghidu flimkien: Bierek ruh tieghi, il-Mulej!<\/p>\n\n\n\n<p>Kemm huma kotrana l-ghemejjel tieghek, Mulej!<\/p>\n\n\n\n<p>Kollha bl-gherf ghamilthom;<\/p>\n\n\n\n<p>Mimlija l-art bil-hlejjaq tieghek.<\/p>\n\n\n\n<p>Dan il-bahar ta\u2019 kobor u wisa\u2019 bla tarf,<\/p>\n\n\n\n<p>li fih jimrah hut bla ghadd;<\/p>\n\n\n\n<p>bhejjem zghar u bhejjem kbar.<\/p>\n\n\n\n<p>Nghidu flimkien: Bierek ruh tieghi, il-Mulej!<\/p>\n\n\n\n<p>AkklAmAzzjoni qAbel l-evAngelju ara Atti 16, 14b<\/p>\n\n\n\n<p>Hallelujah<\/p>\n\n\n\n<p>Ifthilna qalbna Mulej, biex nifhmu l-kliem ta\u2019 Ibnek.<\/p>\n\n\n\n<p>Hallelujah<\/p>\n\n\n\n<h5 class=\"wp-block-heading\">L-Evan\u0121eLju<\/h5>\n\n\n\n<p>Qari mill-Evangelju skont San Mattew Mt. 6, 25-26<\/p>\n\n\n\n<p>Ges\u00f9 qalilhom \u201cGhalhekk nghidilkom: tinkwetawx ruhkom ghal hajjitkom, x\u2019se tieklu jew x\u2019tixorbu, anqas ghal gisimkom x\u2019se tilbsu. Jaqaw il-hajja m\u2019hijiex aqwa mill-ikel, u l-gisem aqwa mill-ilbies? Harsu lejn l-ghasafar tas-sema; la jizirghu u lanqas jahsdu u lanqas igeddsu fl-imhazen, u madankollu Missierkom li hu fissmewwiet jitmaghhom!<\/p>\n\n\n\n<p>Il-Kelma tal-Mulej<\/p>\n\n\n\n<p>Tifhir lilek Kristu<\/p>\n\n\n\n<hr class=\"wp-block-separator has-alpha-channel-opacity\"\/>\n\n\n\n<h5 class=\"wp-block-heading\">Talbiet ta\u2019 Inter\u010bessjoni<\/h5>\n\n\n\n<p>\u00a01. Aghtina l-ghajnuna tieghek Mulej sabiex meta meta nharsu lejn l-annimali kollha tal-holqien, nitghallmu kif nghixu fil-paci maghna nfusna u kif ingibu ruhna ma\u2019 dawk li ma tantx jarawna sbieh. Nitolbu. Ismaghna nitolbuk Mulej.<\/p>\n\n\n\n<p>\u00a02. Iftah ghajnejn il-bnedmin kollha tad-dinja sabiex ikunu verament il-hbieb tal-annimali u, bl-ebda mod ma jhalluhom ibatu jew jahqruhom. Nitolbu. Ismaghna nitolbuk Mulej.<\/p>\n\n\n\n<p>\u00a03. Aghti l-gherf u d-dehen Mulej, lit-tobba kollha li ahna nafdalhom l-annimali taghna sabiex bil-hidma taghhom jaghmlu dak kollu possibbli biex ifejjqu lil dawn il-krejaturi t\u2019Alla. Nitolbu.<\/p>\n\n\n\n<p>&nbsp; Ismaghna nitolbuk Mulej.<\/p>\n\n\n\n<p>\u00a04. Thallina qatt Mulej, nabbuzaw mill-fedelt\u00e0 tal-annimali li huma afdati lilna biex niehdu hsiebhom izda ifthilna qalbna u mohhna sabiex inkunu hbieb vera taghhom. Nitolbu. \u00a0 Ismaghna nitolbuk Mulej.<\/p>\n\n\n\n<hr class=\"wp-block-separator has-alpha-channel-opacity\"\/>\n\n\n\n<h5 class=\"wp-block-heading\">Talba g\u0127at-Tberik Tal-annimali<\/h5>\n\n\n\n<p>Imbierek int O Alla, il-hallieq tal-holqien kollu. Inti hlaqt il-hut tal-bahar, l-ghasafar tas-sema u l-annimali kollha fuq l-art. Inti ispirajt lil San Frangisk li jsejjah lill-annimali bhala ahwa tieghu. Illum, O Alla, nitolbuk li tixhet fuq dawn l-annimali, il-barka tieghek. Ghinna sabiex ahna nfahhruk dejjem meta naraw is-sbuhija tieghek fil-holqien ta\u2019 madwarna. Imbierek int, Mulej Alla, fil-krejaturi kollha. Ammen.<\/p>\n\n\n\n<p>&nbsp;(Hawn isir it-tberik tal-annimali)<\/p>\n\n\n\n<p><em><strong>Dan il-Qari u t-talbiet huma mag\u0127mula mill-Kulle\u0121\u0121 San Tumas More, Carlo Diacono Skola Sekondarja, \u017bejtun<\/strong><\/em><\/p>\n<\/div><\/div><\/div>\n\n\n\n<div class=\"wp-block-kadence-pane kt-accordion-pane kt-accordion-pane-1 kt-pane149732_45ee64-d7\"><div class=\"kt-accordion-header-wrap\"><button class=\"kt-blocks-accordion-header kt-acccordion-button-label-show\" type=\"button\"><span class=\"kt-blocks-accordion-title-wrap\"><span class=\"kb-svg-icon-wrap kb-svg-icon-fas_hands kt-btn-side-left\"><svg viewBox=\"0 0 640 512\"  fill=\"currentColor\" xmlns=\"http:\/\/www.w3.org\/2000\/svg\"  aria-hidden=\"true\"><path d=\"M204.8 230.4c-10.6-14.1-30.7-17-44.8-6.4-14.1 10.6-17 30.7-6.4 44.8l38.1 50.8c4.8 6.4 4.1 15.3-1.5 20.9l-12.8 12.8c-6.7 6.7-17.6 6.2-23.6-1.1L64 244.4V96c0-17.7-14.3-32-32-32S0 78.3 0 96v218.4c0 10.9 3.7 21.5 10.5 30l104.1 134.3c5 6.5 8.4 13.9 10.4 21.7 1.8 6.9 8.1 11.6 15.3 11.6H272c8.8 0 16-7.2 16-16V384c0-27.7-9-54.6-25.6-76.8l-57.6-76.8zM608 64c-17.7 0-32 14.3-32 32v148.4l-89.8 107.8c-6 7.2-17 7.7-23.6 1.1l-12.8-12.8c-5.6-5.6-6.3-14.5-1.5-20.9l38.1-50.8c10.6-14.1 7.7-34.2-6.4-44.8-14.1-10.6-34.2-7.7-44.8 6.4l-57.6 76.8C361 329.4 352 356.3 352 384v112c0 8.8 7.2 16 16 16h131.7c7.1 0 13.5-4.7 15.3-11.6 2-7.8 5.4-15.2 10.4-21.7l104.1-134.3c6.8-8.5 10.5-19.1 10.5-30V96c0-17.7-14.3-32-32-32z\"\/><\/svg><\/span><span class=\"kt-blocks-accordion-title\">Prayer for the Season of Creation<\/span><\/span><span class=\"kt-blocks-accordion-icon-trigger\"><\/span><\/button><\/div><div class=\"kt-accordion-panel kt-accordion-panel-hidden\"><div class=\"kt-accordion-panel-inner\">\n<p>Creator of All,<br>From your communion of love, life sprang forth like a mighty river, and the whole cosmos came into being. On this Earth of overflowing love, the Word was made flesh and went forth with the life-giving waters proclaiming peace and justice for all creation.<\/p>\n\n\n\n<p>You called human beings to till and keep your garden. You placed us into the right relationship with each creature, but we failed to listen to the cries of the Earth and the cries of the most vulnerable. We broke with the flowing communion of love and sinned against you by not safeguarding the<br>conditions for life.<\/p>\n\n\n\n<p>We lament the loss of our fellow species and their habitats, we grieve the loss of human cultures, along with the lives and livelihoods that have been displaced or perished, and we ache at the sight of an economy of death, war and violence that we have inflicted on ourselves and the<br>Earth.<\/p>\n\n\n\n<p>Open our ears to your creative, reconciling and sustaining Word that calls to us through the book of Scripture and the book of creation. Bless us once again with your life-giving waters so that the Creator Spirit may let justice and peace flow in our hearts and overflow into all creation.<\/p>\n\n\n\n<p>Open our hearts to receive the living waters of God\u2019s justice and peace and to share it with our suffering brothers and sisters, all creatures around us, and all creation.<\/p>\n\n\n\n<p>Bless us to walk together with all people of goodwill so that the many streams of the living waters of God\u2019s justice and peace may become a mighty river all over the Earth.<\/p>\n\n\n\n<p>In the name of the One who came to proclaim good news to all creation, Jesus Christ.<\/p>\n\n\n\n<p>Amen.<\/p>\n<\/div><\/div><\/div>\n\n\n\n<div class=\"wp-block-kadence-pane kt-accordion-pane kt-accordion-pane-2 kt-pane149732_1e3754-a8\"><div class=\"kt-accordion-header-wrap\"><button class=\"kt-blocks-accordion-header kt-acccordion-button-label-show\" type=\"button\"><span class=\"kt-blocks-accordion-title-wrap\"><span class=\"kb-svg-icon-wrap kb-svg-icon-fe_bookmark kt-btn-side-left\"><svg viewBox=\"0 0 24 24\"  fill=\"none\" stroke=\"currentColor\" stroke-width=\"2\" stroke-linecap=\"round\" stroke-linejoin=\"round\" xmlns=\"http:\/\/www.w3.org\/2000\/svg\"  aria-hidden=\"true\"><path d=\"M19 21l-7-5-7 5V5a2 2 0 0 1 2-2h10a2 2 0 0 1 2 2z\"\/><\/svg><\/span><span class=\"kt-blocks-accordion-title\">Other Online Resources<\/span><\/span><span class=\"kt-blocks-accordion-icon-trigger\"><\/span><\/button><\/div><div class=\"kt-accordion-panel kt-accordion-panel-hidden\"><div class=\"kt-accordion-panel-inner\">\n<p><strong>Must See\u2026The Letter<\/strong><\/p>\n\n\n\n<p>The Letter is a documentary that tells the compelling and urgent story of the Laudato Si\u2019 encyclical letter by Pope Francis, through the eyes of five people representing the groups most affected by our ecological crisis. They travel from different continents to the Vatican for a powerful dialogue with the Pope. As the stories unfold, be inspired by how spiritual values unite us in the face of a planetary emergency.<\/p>\n\n\n\n<p>Watch The Letter at&nbsp;<a href=\"https:\/\/www.theletterfilm.org\/\">https:\/\/www.theletterfilm.org\/<\/a><\/p>\n\n\n\n<hr class=\"wp-block-separator has-alpha-channel-opacity\"\/>\n\n\n\n<p><strong>Must Read\u2026Laudato Si\u2019, Care for Our Common Home<\/strong><\/p>\n\n\n\n<p>In 2015, Pope Francis wrote Laudato Si\u2019, an encyclical letter about the environmental crisis, to every single person in the world. Laudato Si\u2019 sets out an integral ecology where everything is connected\u2014the cry of the earth and the cry of the poor. It focuses on care for the natural environment and all people, as well as broader questions of the relationship between God, humans, and the Earth.<\/p>\n\n\n\n<p>Read <a href=\"https:\/\/www.vatican.va\/content\/francesco\/en\/encyclicals\/documents\/papa-francesco_20150524_enciclica-laudato-si.html\" target=\"_blank\" rel=\"noreferrer noopener\">Laudato Si\u2019<\/a> at&nbsp;<\/p>\n\n\n\n<p>The official global website with a wealth of resources and online events is:&nbsp;<a href=\"file:\/\/\/C:\/Users\/catherinegibbs\/Downloads\/SeasonofCreation.org\">SeasonofCreation.org<\/a>.<\/p>\n\n\n\n<hr class=\"wp-block-separator has-alpha-channel-opacity\"\/>\n\n\n\n<p><strong>Resources and Ideas from the Irish Catholic<\/strong> <strong>Bishops&#8217; Conference<\/strong><\/p>\n\n\n\n<p><\/p>\n\n\n\n<ul class=\"wp-block-list\">\n<li><a href=\"https:\/\/www.catholicbishops.ie\/wp-content\/uploads\/2025\/07\/1.-Sunday-Liturgy-Notes-for-Season-of-Creation-2025.pdf\"><strong>Sunday Liturgy Notes for Season of Creation 2025<\/strong>:&nbsp;<\/a>This resource includes homily notes for each Sunday of the season, prayers of the faithful, music suggestions, reflections and Mass parts which highlight the call for \u201cPeace with Creation\u201d.<\/li>\n\n\n\n<li><a href=\"https:\/\/www.catholicbishops.ie\/wp-content\/uploads\/2025\/07\/season-of-creation-prayer-2025.pdf\"><strong>Season of creation prayer 2025<\/strong><\/a>&nbsp;(from&nbsp;<a href=\"http:\/\/www.seasonofcreation.org\/\">seasonofcreation.org<\/a>&nbsp;)<\/li>\n\n\n\n<li><a href=\"https:\/\/www.catholicbishops.ie\/wp-content\/uploads\/2025\/07\/Ribbons-of-Peace_A5.pdf\"><strong>Ribbons of Peace<\/strong><\/a>&nbsp;\u2013 a short 10 minute liturgical moment that could be done within parish activities, at the end of the Sunday Mass or even at the start of parish meetings that occur during the Season of Creation.<\/li>\n\n\n\n<li><strong><a href=\"https:\/\/www.catholicbishops.ie\/wp-content\/uploads\/2024\/07\/4.-Nurturing-your-Family-Faith-in-Nature-as-Gaelige.pdf\">Nurturing your family faith in nature<\/a>:&nbsp;<\/strong>This resource from Tr\u00f3caire is ideal for a children\u2019s group, youth group or any family or community setting where people can explore their relationship with God\u2019s Creation through reflection and activities.<\/li>\n\n\n\n<li><a href=\"https:\/\/www.catholicbishops.ie\/wp-content\/uploads\/2024\/07\/5.-Rubbish-Graveyard.pdf\"><strong>Rubbish graveyard<\/strong><\/a>&nbsp;\u2013 a resource which helps to show people just how long it takes for items to biodegrade. You might create a space in your parish to display it. This is a helpful activity for children\u2019s liturgy or youth group. With thanks to An Tairseach Ecology Centre.<\/li>\n\n\n\n<li><strong><a href=\"https:\/\/www.catholicbishops.ie\/wp-content\/uploads\/2024\/07\/7.-Ecological-Rosary-LSM.pdf\">An ecological rosary<\/a>:<\/strong>&nbsp;Slides to accompany an Ecological Rosary from the&nbsp;<em>Laudato Si\u2019<\/em>&nbsp;Movement.<\/li>\n\n\n\n<li><strong><a href=\"https:\/\/www.catholicbishops.ie\/wp-content\/uploads\/2024\/07\/8.-Creation-Walk-Moments.pdf\">Creation walk moments<\/a>:<\/strong>&nbsp;&nbsp;adapted from the booklet by Father Brian Grogan SJ, \u2018Creation Walk: The amazing story of a small blue planet\u2019.&nbsp; You may use this resource in your parish community by setting up \u2018moments\u2019 around the church, or around your parish, to convey the different stages of the story of our universe.&nbsp; This resource will provide people with an opportunity to experience the wonder and awe of God\u2019s creation and to become familiar with the story of our universe.&nbsp; Did you know that there is now a beautiful Creation Walk at Knock Shrine?&nbsp; You might consider bringing your parish group to visit it.&nbsp; You can read about it&nbsp;<a href=\"https:\/\/www.ncronline.org\/earthbeat\/science\/creation-walk-knock-shrine-weds-faith-and-science-prayerful-woodland-pilgrimage\">here<\/a>.<\/li>\n\n\n\n<li><strong><a href=\"https:\/\/www.catholicbishops.ie\/wp-content\/uploads\/2024\/07\/Tree-Planting-Resource.pdf\">Tree planting resource<\/a>:<\/strong>\u00a0engage your parish or diocese in tree planting initiatives this year.\u00a0 Thanks to \u2018Easy Treesie\u2019 we have all the tips you need and prayers for a tree planting service.<\/li>\n\n\n\n<li><strong>Video reflections:<\/strong>\u00a0These video reflections can be used as part of liturgies, parish meetings during the season or linked to your parish website and social media pages.\u00a0 With thanks to Vivek da Silva from the\u00a0<em>Laudato Si\u2019<\/em>\u00a0Working Group.\n<ul class=\"wp-block-list\">\n<li><a href=\"https:\/\/www.youtube.com\/watch?v=uO1bh0U-IeA\"><strong>A prayer for the Season of Creation<\/strong><\/a>&nbsp;<\/li>\n\n\n\n<li><a href=\"https:\/\/www.youtube.com\/watch?v=FoZ2j14i1CE\"><strong>Psalm 19 \u2013 A Psalm of David<\/strong><\/a><\/li>\n<\/ul>\n<\/li>\n<\/ul>\n<\/div><\/div><\/div>\n\n\n\n<div class=\"wp-block-kadence-pane kt-accordion-pane kt-accordion-pane-6 kt-pane149732_eac49f-6c\"><div class=\"kt-accordion-header-wrap\"><button class=\"kt-blocks-accordion-header kt-acccordion-button-label-show\" type=\"button\"><span class=\"kt-blocks-accordion-title-wrap\"><span class=\"kb-svg-icon-wrap kb-svg-icon-fe_arrowRight kt-btn-side-left\"><svg viewBox=\"0 0 24 24\"  fill=\"none\" stroke=\"currentColor\" stroke-width=\"2\" stroke-linecap=\"round\" stroke-linejoin=\"round\" xmlns=\"http:\/\/www.w3.org\/2000\/svg\"  aria-hidden=\"true\"><line x1=\"5\" y1=\"12\" x2=\"19\" y2=\"12\"\/><polyline points=\"12 5 19 12 12 19\"\/><\/svg><\/span><span class=\"kt-blocks-accordion-title\">Follow the Campaign<\/span><\/span><span class=\"kt-blocks-accordion-icon-trigger\"><\/span><\/button><\/div><div class=\"kt-accordion-panel kt-accordion-panel-hidden\"><div class=\"kt-accordion-panel-inner\">\n<p>Follow the Commission and join the journey to understand, be inspired and act for our common home:<\/p>\n\n\n\n<p><strong>Facebook: <a href=\"https:\/\/www.facebook.com\/search\/top?q=integral%20human%20development\">Integral Human Development<\/a><br>Instagram: <a href=\"https:\/\/www.instagram.com\/ihdmalta\/\">@ihdmalta<\/a><\/strong><\/p>\n<\/div><\/div><\/div>\n<\/div><\/div><\/div>\n\n\n\n<hr class=\"wp-block-separator has-alpha-channel-opacity\"\/>\n\n\n\n<div style=\"height:25px\" aria-hidden=\"true\" class=\"wp-block-spacer\"><\/div>\n\n\n\n<h3 class=\"wp-block-heading\">St Francis as a role model<\/h3>\n\n\n\n<p>St Francis of Assisi, whose feast day concludes the Season of Creation, embodied a profound love for God, humanity and every part of creation. His legacy shows a man who saw God in every sunset, every bird\u2019s song and every whisper of the wind.<\/p>\n\n\n\n<p>His love for animals remains an enduring part of his witness, reminding us of the sanctity of all life forms. This Season of Creation, let us take time to appreciate the marvels of the world we inhabit and strengthen our commitment to care for our common home.<\/p>\n\n\n\n<p>Let us understand, be inspired and act.<br>Let us care for creation as an expression of our Christian faith.<\/p>\n\n\n\n<h4 class=\"wp-block-heading\">The blessing of pets and other animals<\/h4>\n\n\n\n<p>In many schools across Malta, the spirit of St Francis is brought to life in a heartwarming tradition: the blessing of animals and pets. This ceremony, often held on his feast day, is a touching testament to the bond between humans and their animal companions. As prayers rise and blessings are bestowed, we are reminded that the love of God envelops every creature, great and small. <\/p>\n\n\n\n<p><a href=\"https:\/\/www.catholicbishops.ie\/wp-content\/uploads\/2024\/07\/6.-Blessing-of-Family-Pets-around-the-Feast-of-St-Francis-of-Assisi.pdf\">Here <\/a>is an English version of the blessing<\/p>\n","protected":false},"featured_media":231596,"template":"","topic":[29,34,39,37],"resource-category":[395],"resource-type":[],"language":[],"activity-type":[],"related":[],"activity-set":[],"class_list":["post-149732","resource","type-resource","status-publish","has-post-thumbnail","hentry","topic-community","topic-nature","topic-relationship-with-god","topic-relationships-family","resource-category-celebrations"],"toolset-meta":{"field-group-for-resources":[],"custom-fields":{"subtitle":{"type":"textfield","raw":""}},"resource-material":{"hide-material":{"type":"checkbox","raw":"1"}},"resource-details":{"resource-shortdescription":{"type":"wysiwyg","raw":""},"age-groups":{"type":"checkboxes","raw":{"wpcf-fields-checkboxes-option-9a386058e479e17a183bff89102151ab-1":["Kindergarten"],"wpcf-fields-checkboxes-option-3831e97c0d4424bfdfb92ea02543ce13-1":["Early Years"],"wpcf-fields-checkboxes-option-aad5363c0f3f39b37913b02939c208af-1":["Primary Years"],"wpcf-fields-checkboxes-option-996cf779532c2bd1cc348a2c439963da-1":["Middle Years"],"wpcf-fields-checkboxes-option-32f628303212f57d5bbc89ef8bc09789-1":["Secondary Years"]},"checked":["Kindergarten","Early Years","Primary Years","Middle Years","Secondary Years"],"formatted":"Kindergarten, Early Years, Primary Years, Middle Years, Secondary Years"},"link-to-other-resource":{"type":"url","raw":""},"link-description":{"type":"radio","raw":"3"},"date":{"type":"date","raw":"","formatted":null},"equipment":{"type":"textfield","raw":""},"scripture":{"type":"textfield","raw":""},"scripture-api-code":{"type":"textfield","raw":""},"link-liturgy":{"type":"textfield","raw":""}}},"_links":{"self":[{"href":"https:\/\/sds.mt\/mt\/wp-json\/wp\/v2\/resource\/149732","targetHints":{"allow":["GET"]}}],"collection":[{"href":"https:\/\/sds.mt\/mt\/wp-json\/wp\/v2\/resource"}],"about":[{"href":"https:\/\/sds.mt\/mt\/wp-json\/wp\/v2\/types\/resource"}],"version-history":[{"count":33,"href":"https:\/\/sds.mt\/mt\/wp-json\/wp\/v2\/resource\/149732\/revisions"}],"predecessor-version":[{"id":237347,"href":"https:\/\/sds.mt\/mt\/wp-json\/wp\/v2\/resource\/149732\/revisions\/237347"}],"wp:featuredmedia":[{"embeddable":true,"href":"https:\/\/sds.mt\/mt\/wp-json\/wp\/v2\/media\/231596"}],"wp:attachment":[{"href":"https:\/\/sds.mt\/mt\/wp-json\/wp\/v2\/media?parent=149732"}],"wp:term":[{"taxonomy":"topic","embeddable":true,"href":"https:\/\/sds.mt\/mt\/wp-json\/wp\/v2\/topic?post=149732"},{"taxonomy":"resource-category","embeddable":true,"href":"https:\/\/sds.mt\/mt\/wp-json\/wp\/v2\/resource-category?post=149732"},{"taxonomy":"resource-type","embeddable":true,"href":"https:\/\/sds.mt\/mt\/wp-json\/wp\/v2\/resource-type?post=149732"},{"taxonomy":"language","embeddable":true,"href":"https:\/\/sds.mt\/mt\/wp-json\/wp\/v2\/language?post=149732"},{"taxonomy":"activity-type","embeddable":true,"href":"https:\/\/sds.mt\/mt\/wp-json\/wp\/v2\/activity-type?post=149732"},{"taxonomy":"related","embeddable":true,"href":"https:\/\/sds.mt\/mt\/wp-json\/wp\/v2\/related?post=149732"},{"taxonomy":"activity-set","embeddable":true,"href":"https:\/\/sds.mt\/mt\/wp-json\/wp\/v2\/activity-set?post=149732"}],"curies":[{"name":"wp","href":"https:\/\/api.w.org\/{rel}","templated":true}]}}