{"id":141627,"date":"2023-03-23T18:11:37","date_gmt":"2023-03-23T17:11:37","guid":{"rendered":"https:\/\/sds.mt\/?post_type=resource&#038;p=141627"},"modified":"2023-09-04T11:48:10","modified_gmt":"2023-09-04T09:48:10","slug":"sejjahtilkom-hbieb","status":"publish","type":"resource","link":"https:\/\/sds.mt\/mt\/resource\/sejjahtilkom-hbieb\/","title":{"rendered":"Sejja\u0127tilkom \u0126bieb"},"content":{"rendered":"\n<p><\/p>\n\n\n<style>.kt-accordion-id_0fec63-49 .kt-accordion-inner-wrap{column-gap:var(--global-kb-gap-md, 2rem);row-gap:5px;}.kt-accordion-id_0fec63-49 .kt-accordion-panel-inner{border-top:0px solid transparent;border-right:0px solid transparent;border-bottom:0px solid transparent;border-left:0px solid transparent;padding-top:var(--global-kb-spacing-sm, 1.5rem);padding-right:var(--global-kb-spacing-sm, 1.5rem);padding-bottom:var(--global-kb-spacing-sm, 1.5rem);padding-left:var(--global-kb-spacing-sm, 1.5rem);}.kt-accordion-id_0fec63-49 .wp-block-kadence-pane .kt-accordion-header-wrap .kt-blocks-accordion-header{border-top-color:#555555;border-top-style:solid;border-right-color:#555555;border-right-style:solid;border-bottom-color:#555555;border-bottom-style:solid;border-left-color:#555555;border-left-style:solid;border-top-left-radius:0px;border-top-right-radius:0px;border-bottom-right-radius:0px;border-bottom-left-radius:0px;background:#f2f2f2;font-size:18px;line-height:24px;color:#555555;padding-top:10px;padding-right:14px;padding-bottom:10px;padding-left:14px;}.kt-accordion-id_0fec63-49:not( .kt-accodion-icon-style-basiccircle ):not( .kt-accodion-icon-style-xclosecircle ):not( .kt-accodion-icon-style-arrowcircle ) .kt-blocks-accordion-icon-trigger:after, .kt-accordion-id_0fec63-49:not( .kt-accodion-icon-style-basiccircle ):not( .kt-accodion-icon-style-xclosecircle ):not( .kt-accodion-icon-style-arrowcircle ) .kt-blocks-accordion-icon-trigger:before{background:#555555;}.kt-accordion-id_0fec63-49:not( .kt-accodion-icon-style-basic ):not( .kt-accodion-icon-style-xclose ):not( .kt-accodion-icon-style-arrow ) .kt-blocks-accordion-icon-trigger{background:#555555;}.kt-accordion-id_0fec63-49:not( .kt-accodion-icon-style-basic ):not( .kt-accodion-icon-style-xclose ):not( .kt-accodion-icon-style-arrow ) .kt-blocks-accordion-icon-trigger:after, .kt-accordion-id_0fec63-49:not( .kt-accodion-icon-style-basic ):not( .kt-accodion-icon-style-xclose ):not( .kt-accodion-icon-style-arrow ) .kt-blocks-accordion-icon-trigger:before{background:#f2f2f2;}.kt-accordion-id_0fec63-49 .kt-accordion-header-wrap .kt-blocks-accordion-header:hover, body:not(.hide-focus-outline) .kt-accordion-id_0fec63-49 .kt-accordion-header-wrap .kt-blocks-accordion-header:focus-visible{color:#444444;background:#eeeeee;border-top-color:#eeeeee;border-top-style:solid;border-right-color:#eeeeee;border-right-style:solid;border-bottom-color:#eeeeee;border-bottom-style:solid;border-left-color:#eeeeee;border-left-style:solid;}.kt-accordion-id_0fec63-49:not( .kt-accodion-icon-style-basiccircle ):not( .kt-accodion-icon-style-xclosecircle ):not( .kt-accodion-icon-style-arrowcircle ) .kt-blocks-accordion-header:hover .kt-blocks-accordion-icon-trigger:after, .kt-accordion-id_0fec63-49:not( .kt-accodion-icon-style-basiccircle ):not( .kt-accodion-icon-style-xclosecircle ):not( .kt-accodion-icon-style-arrowcircle ) .kt-blocks-accordion-header:hover .kt-blocks-accordion-icon-trigger:before, body:not(.hide-focus-outline) .kt-accordion-id_0fec63-49:not( .kt-accodion-icon-style-basiccircle ):not( .kt-accodion-icon-style-xclosecircle ):not( .kt-accodion-icon-style-arrowcircle ) .kt-blocks-accordion--visible .kt-blocks-accordion-icon-trigger:after, body:not(.hide-focus-outline) .kt-accordion-id_0fec63-49:not( .kt-accodion-icon-style-basiccircle ):not( .kt-accodion-icon-style-xclosecircle ):not( .kt-accodion-icon-style-arrowcircle ) .kt-blocks-accordion-header:focus-visible .kt-blocks-accordion-icon-trigger:before{background:#444444;}.kt-accordion-id_0fec63-49:not( .kt-accodion-icon-style-basic ):not( .kt-accodion-icon-style-xclose ):not( .kt-accodion-icon-style-arrow ) .kt-blocks-accordion-header:hover .kt-blocks-accordion-icon-trigger, body:not(.hide-focus-outline) .kt-accordion-id_0fec63-49:not( .kt-accodion-icon-style-basic ):not( .kt-accodion-icon-style-xclose ):not( .kt-accodion-icon-style-arrow ) .kt-blocks-accordion-header:focus-visible .kt-blocks-accordion-icon-trigger{background:#444444;}.kt-accordion-id_0fec63-49:not( .kt-accodion-icon-style-basic ):not( .kt-accodion-icon-style-xclose ):not( .kt-accodion-icon-style-arrow ) .kt-blocks-accordion-header:hover .kt-blocks-accordion-icon-trigger:after, .kt-accordion-id_0fec63-49:not( .kt-accodion-icon-style-basic ):not( .kt-accodion-icon-style-xclose ):not( .kt-accodion-icon-style-arrow ) .kt-blocks-accordion-header:hover .kt-blocks-accordion-icon-trigger:before, body:not(.hide-focus-outline) .kt-accordion-id_0fec63-49:not( .kt-accodion-icon-style-basic ):not( .kt-accodion-icon-style-xclose ):not( .kt-accodion-icon-style-arrow ) .kt-blocks-accordion-header:focus-visible .kt-blocks-accordion-icon-trigger:after, body:not(.hide-focus-outline) .kt-accordion-id_0fec63-49:not( .kt-accodion-icon-style-basic ):not( .kt-accodion-icon-style-xclose ):not( .kt-accodion-icon-style-arrow ) .kt-blocks-accordion-header:focus-visible .kt-blocks-accordion-icon-trigger:before{background:#eeeeee;}.kt-accordion-id_0fec63-49 .kt-accordion-header-wrap .kt-blocks-accordion-header:focus-visible, .kt-accordion-id_0fec63-49 .kt-accordion-header-wrap .kt-blocks-accordion-header.kt-accordion-panel-active{color:#ffffff;background:#444444;border-top-color:#444444;border-top-style:solid;border-right-color:#444444;border-right-style:solid;border-bottom-color:#444444;border-bottom-style:solid;border-left-color:#444444;border-left-style:solid;}.kt-accordion-id_0fec63-49:not( .kt-accodion-icon-style-basiccircle ):not( .kt-accodion-icon-style-xclosecircle ):not( .kt-accodion-icon-style-arrowcircle ) .kt-blocks-accordion-header.kt-accordion-panel-active .kt-blocks-accordion-icon-trigger:after, .kt-accordion-id_0fec63-49:not( .kt-accodion-icon-style-basiccircle ):not( .kt-accodion-icon-style-xclosecircle ):not( .kt-accodion-icon-style-arrowcircle ) .kt-blocks-accordion-header.kt-accordion-panel-active .kt-blocks-accordion-icon-trigger:before{background:#ffffff;}.kt-accordion-id_0fec63-49:not( .kt-accodion-icon-style-basic ):not( .kt-accodion-icon-style-xclose ):not( .kt-accodion-icon-style-arrow ) .kt-blocks-accordion-header.kt-accordion-panel-active .kt-blocks-accordion-icon-trigger{background:#ffffff;}.kt-accordion-id_0fec63-49:not( .kt-accodion-icon-style-basic ):not( .kt-accodion-icon-style-xclose ):not( .kt-accodion-icon-style-arrow ) .kt-blocks-accordion-header.kt-accordion-panel-active .kt-blocks-accordion-icon-trigger:after, .kt-accordion-id_0fec63-49:not( .kt-accodion-icon-style-basic ):not( .kt-accodion-icon-style-xclose ):not( .kt-accodion-icon-style-arrow ) .kt-blocks-accordion-header.kt-accordion-panel-active .kt-blocks-accordion-icon-trigger:before{background:#444444;}@media all and (max-width: 1024px){.kt-accordion-id_0fec63-49 .kt-accordion-panel-inner{border-top:0px solid transparent;border-right:0px solid transparent;border-bottom:0px solid transparent;border-left:0px solid transparent;}}@media all and (max-width: 1024px){.kt-accordion-id_0fec63-49 .wp-block-kadence-pane .kt-accordion-header-wrap .kt-blocks-accordion-header{border-top-color:#555555;border-top-style:solid;border-right-color:#555555;border-right-style:solid;border-bottom-color:#555555;border-bottom-style:solid;border-left-color:#555555;border-left-style:solid;}}@media all and (max-width: 1024px){.kt-accordion-id_0fec63-49 .kt-accordion-header-wrap .kt-blocks-accordion-header:hover, body:not(.hide-focus-outline) .kt-accordion-id_0fec63-49 .kt-accordion-header-wrap .kt-blocks-accordion-header:focus-visible{border-top-color:#eeeeee;border-top-style:solid;border-right-color:#eeeeee;border-right-style:solid;border-bottom-color:#eeeeee;border-bottom-style:solid;border-left-color:#eeeeee;border-left-style:solid;}}@media all and (max-width: 1024px){.kt-accordion-id_0fec63-49 .kt-accordion-header-wrap .kt-blocks-accordion-header:focus-visible, .kt-accordion-id_0fec63-49 .kt-accordion-header-wrap .kt-blocks-accordion-header.kt-accordion-panel-active{border-top-color:#444444;border-top-style:solid;border-right-color:#444444;border-right-style:solid;border-bottom-color:#444444;border-bottom-style:solid;border-left-color:#444444;border-left-style:solid;}}@media all and (max-width: 767px){.kt-accordion-id_0fec63-49 .kt-accordion-inner-wrap{display:block;}.kt-accordion-id_0fec63-49 .kt-accordion-inner-wrap .kt-accordion-pane:not(:first-child){margin-top:5px;}.kt-accordion-id_0fec63-49 .kt-accordion-panel-inner{border-top:0px solid transparent;border-right:0px solid transparent;border-bottom:0px solid transparent;border-left:0px solid transparent;}.kt-accordion-id_0fec63-49 .wp-block-kadence-pane .kt-accordion-header-wrap .kt-blocks-accordion-header{border-top-color:#555555;border-top-style:solid;border-right-color:#555555;border-right-style:solid;border-bottom-color:#555555;border-bottom-style:solid;border-left-color:#555555;border-left-style:solid;}.kt-accordion-id_0fec63-49 .kt-accordion-header-wrap .kt-blocks-accordion-header:hover, body:not(.hide-focus-outline) .kt-accordion-id_0fec63-49 .kt-accordion-header-wrap .kt-blocks-accordion-header:focus-visible{border-top-color:#eeeeee;border-top-style:solid;border-right-color:#eeeeee;border-right-style:solid;border-bottom-color:#eeeeee;border-bottom-style:solid;border-left-color:#eeeeee;border-left-style:solid;}.kt-accordion-id_0fec63-49 .kt-accordion-header-wrap .kt-blocks-accordion-header:focus-visible, .kt-accordion-id_0fec63-49 .kt-accordion-header-wrap .kt-blocks-accordion-header.kt-accordion-panel-active{border-top-color:#444444;border-top-style:solid;border-right-color:#444444;border-right-style:solid;border-bottom-color:#444444;border-bottom-style:solid;border-left-color:#444444;border-left-style:solid;}}<\/style>\n<div class=\"wp-block-kadence-accordion alignnone showpart\"><div class=\"kt-accordion-wrap kt-accordion-id_0fec63-49 kt-accordion-has-2-panes kt-active-pane-0 kt-accordion-block kt-pane-header-alignment-left kt-accodion-icon-style-basic kt-accodion-icon-side-right\" style=\"max-width:none\"><div class=\"kt-accordion-inner-wrap\" data-allow-multiple-open=\"false\" data-start-open=\"none\">\n<div class=\"wp-block-kadence-pane kt-accordion-pane kt-accordion-pane-1 kt-pane_40d4a3-c6\"><div class=\"kt-accordion-header-wrap\"><button class=\"kt-blocks-accordion-header kt-acccordion-button-label-show\"><span class=\"kt-blocks-accordion-title-wrap\"><span class=\"kt-blocks-accordion-title\">Nifmhu a\u0127jar x&#8217;inhi l-Qudddiesa &#8211; Ejjew&#8230;isimg\u0127u&#8230;irringrazzjaw&#8230;kulu&#8230;morru<\/span><\/span><span class=\"kt-blocks-accordion-icon-trigger\"><\/span><\/button><\/div><div class=\"kt-accordion-panel kt-accordion-panel-hidden\"><div class=\"kt-accordion-panel-inner\">\n<p>L-ewwel li ji\u0121i f\u2019mo\u0127\u0127na meta nsemmu l-quddiesa, hi l-A\u0127\u0127ar \u010aena. \u0120es\u00f9, bag\u0127at lill-appostli jippreparaw biex jag\u0127mel mag\u0127hom l-a\u0127\u0127ar ikla tal-G\u0127id. F\u2019dak il-lejl qabel ma miet x\u0127in ha f\u2019idejh il-\u0127obz u l-inbid, berikhom u bidilhom fil-\u0121isem u d-demm tieg\u0127u. Fil-quddiesa, waqt li n\u0121eddu dak li \u0120es\u00f9 g\u0127amel fl-A\u0127\u0127ar \u010aena, niltaqg\u0127u mieg\u0127u wkoll tul il-\u0121rajjiet importanti tal-\u0127ajja kollha tieg\u0127u Fejn? Kif?<\/p>\n\n\n\n<h3 class=\"wp-block-heading\">Ejjew<\/h3>\n\n\n\n<p>Fil-bidu tal-\u0127ajja ta\u2019 \u0120es\u00f9, waqt li kien ikun g\u0127addej fit-toroq , jiltaqa\u2019 u jitkellem man-nies, beda jsejja\u0127 lil xi whud biex jimxu warajh: \u201cEjja warajja\u201d. Fil-quddiesa a\u0127na nilqg\u0127u s-sej\u0127a li \u0120es\u00f9 jag\u0127mlilna llum biex niltaqg\u0127u bejnietna u mieg\u0127u. F\u2019din il-laqg\u0127a nuru li a\u0127na nsara, li a\u0127na familja wa\u0127da. Nuru wkoll li rridu na\u0127dmu flimkien. Biex nikbru flimkien hemm b\u017conn li nne\u0127\u0127u dak kollu li jista\u2019 jifridna. G\u0127alhekk fil-bidu tal-quddiesa l-qassis jistedinna nin\u0121abru u nitolbu ma\u0127fra lil Alla u lil xulxin g\u0127an-nuqqasijiet li stajna g\u0127amilna.<\/p>\n\n\n\n<h3 class=\"wp-block-heading\">Isimg\u0127u<\/h3>\n\n\n\n<p>\u0120es\u00f9 kien imur fit-toroq u fit-tempju jg\u0127allem lin-nies. Kien ikellimhom fuqu nnifsu; jg\u0127idilhom fuq l-im\u0127abba ta\u2019 Alla. In-nies kienet tie\u0127u gost tisimg\u0127u tant li qalu li qatt ma semg\u0127u lil xi \u0127add jitkellem b\u0127alu.<\/p>\n\n\n\n<p>Wara li nin\u0121abru flimkien, a\u0127na mistiedna noqog\u0127du bilqieg\u0127da biex nisimg\u0127u l-Kelma ta\u2019 \u0120es\u00f9. G\u0127alhekk xi \u0127add min-nies u l-qassis jaqrawlna siltiet li nsibu fl-Iskrittura.<\/p>\n\n\n\n<h3 class=\"wp-block-heading\">Irringrazzjaw<\/h3>\n\n\n\n<p>In-nies \u0121riet wara \u0120es\u00f9, riedet tkun dejjem mieg\u0127u. Imma matul il-\u0121urnata kien i\u0127obb ifittex post kwiet biex jitlob u jirringrazzja ukoll lil Alla l-Missier. Darba, l-istess appostli talbuh biex jg\u0127allimhom jitolbu. Narawh jitlob u jirringrazzja ukoll qabel xi mirakli.<\/p>\n\n\n\n<p>Wara li nag\u0127mlu l-offerti tag\u0127na, il-qassis jistedinna nfa\u0127\u0127ru u nirringrazzjaw lil Alla. Nirringrazjawh g\u0127al kull ma tana. L-ewwel u l-aktar ra\u0121uni hi g\u0127ax bag\u0127at lil \u0120es\u00f9, biex jer\u0121a\u2019 jag\u0127milna \u0127bieb mieg\u0127u.<\/p>\n\n\n\n<p>Ir-ringrazzjament nuruh ukoll waqt li ng\u0127idu t-talb: \u201cQaddis, Qaddis , Qaddis&#8230;\u201d u qabel ma ng\u0127idu t-talba tal-Missierna. Il-qaddis jie\u0127u l-kal\u010bi u l-ostja u jg\u0127id: \u201cBi Kristu, ma\u2019 Kristu u fi Kristu jing\u0127ata lilek, Alla Missier li tista\u2019 kollox, flimkien mal-Ispirtu s-Santu, kull gieh u glorja g\u0127al dejjem ta\u2019 dejjem\u201d.<\/p>\n\n\n\n<h3 class=\"wp-block-heading\">Kulu<\/h3>\n\n\n\n<p>\u0120es\u00f9 \u0127abb lill-appostli u lil kul\u0127add. Kien jaf li se jmut u jer\u0121a\u2019 jmur g\u0127and il-Missier. Imma ried ikun mag\u0127na wkoll. G\u0127alhekk fl-a\u0127\u0127ar ikla mad-dixxipli tieg\u0127u, \u0127a l-\u0127ob\u017c u l-inbid f\u2019idejh u bidilhom fil-\u0121isem u d-demm tieg\u0127u u qalilhom \u201c\u0126udu u kulu. \u0126udu u ixorbu\u2026\u201dRied li dak li g\u0127amel mal-appostli jibqa\u2019 jsir matul i\u017c-\u017cmien. G\u0127alhekk qalilhom: \u201cAg\u0127mlu dan b\u2019tifkira tieg\u0127i\u201d.<\/p>\n\n\n\n<p>Wara li flimkien fa\u0127\u0127arna lil Alla, \u0120es\u00f9, il-\u0127abib tag\u0127na, irid ikun vi\u010bin \u0127afna ta\u2019 kull wie\u0127ed\/wa\u0127da minna. G\u0127alhekk jisteddinna biex nitilg\u0127u u nir\u010bevuh \u0121ewwa fina. Waqt li l-qassis jistedinna jg\u0127idilna li huma mberkin dawk li huma mistiedna g\u0127all-ikla tal-\u0126aruf (ji\u0121ifieri dawk li se jitilg\u0127u jitqarbnu). Wara li l-qassis jag\u0127tina lil \u0120es\u00f9 jg\u0127idilna: \u201cIl-\u0120isem ta\u2019 Kristu\u201d u a\u0127na, biex nuru li nemmnu li \u0120es\u00f9 jinsab pre\u017centi, inwie\u0121bu: \u201cAmmen\u201d.<\/p>\n\n\n\n<h3 class=\"wp-block-heading\">Morru<\/h3>\n\n\n\n<p>\u0120es\u00f9 re\u0121a\u2019 mar lura g\u0127and il-Missier. Hu ried li dak li g\u0127allem jibqa\u2019 jxxandar tul i\u017c-\u017cminijiet. G\u0127alhekk qabel ma tela\u2019 s-sema bag\u0127at l-appostli biex imorru jxandru dak li g\u0127allimhom. Qalilhom: \u201cMorru g\u0127allmu\u2026 Morru u g\u0127ammdu\u201d Weg\u0127edhom li se jibg\u0127at l-Ispirtu s-Santu biex jg\u0127inhom jifhmu dak kollu li g\u0127allimhom.<\/p>\n\n\n\n<p>Fl-a\u0127\u0127ar tal-quddiesa, wara li l-qassis jag\u0127tina l-barka ta\u2019 Alla jistedinna mmorru ng\u0127ixu fil-pa\u010bi ta\u2019 \u0120es\u00f9. A\u0127na mistiedna biex meta no\u0127or\u0121u mill-knisja nitkellmu mal-\u0127bieb fuq l-im\u0127abba li \u0120es\u00f9 g\u0127andu lejna.<\/p>\n<\/div><\/div><\/div>\n<\/div><\/div><\/div>\n\n\n\n<div style=\"height:39px\" aria-hidden=\"true\" class=\"wp-block-spacer\"><\/div>\n\n\n\n<hr class=\"wp-block-separator has-css-opacity\"\/>\n\n\n\n<p>Dawn huma temi g\u0127all-quddiesa mat-tfal li jinkludu l-att penitenzjali, il-kolletta, il-qari djalogat, talba g\u0127all-offerti, talba ta&#8217; ringrazzjament wara tqarbin u talb ie\u0127or. <\/p>\n\n\n<style>.kt-accordion-id_b67f55-6a .kt-accordion-inner-wrap{column-gap:var(--global-kb-gap-md, 2rem);row-gap:5px;}.kt-accordion-id_b67f55-6a .kt-accordion-panel-inner{border-top:0px solid transparent;border-right:0px solid transparent;border-bottom:0px solid transparent;border-left:0px solid transparent;padding-top:var(--global-kb-spacing-sm, 1.5rem);padding-right:var(--global-kb-spacing-sm, 1.5rem);padding-bottom:var(--global-kb-spacing-sm, 1.5rem);padding-left:var(--global-kb-spacing-sm, 1.5rem);}.kt-accordion-id_b67f55-6a .wp-block-kadence-pane .kt-accordion-header-wrap .kt-blocks-accordion-header{border-top-color:#555555;border-top-style:solid;border-right-color:#555555;border-right-style:solid;border-bottom-color:#555555;border-bottom-style:solid;border-left-color:#555555;border-left-style:solid;border-top-left-radius:0px;border-top-right-radius:0px;border-bottom-right-radius:0px;border-bottom-left-radius:0px;background:#f2f2f2;font-size:18px;line-height:24px;color:#555555;padding-top:10px;padding-right:14px;padding-bottom:10px;padding-left:14px;}.kt-accordion-id_b67f55-6a:not( .kt-accodion-icon-style-basiccircle ):not( .kt-accodion-icon-style-xclosecircle ):not( .kt-accodion-icon-style-arrowcircle ) .kt-blocks-accordion-icon-trigger:after, .kt-accordion-id_b67f55-6a:not( .kt-accodion-icon-style-basiccircle ):not( .kt-accodion-icon-style-xclosecircle ):not( .kt-accodion-icon-style-arrowcircle ) .kt-blocks-accordion-icon-trigger:before{background:#555555;}.kt-accordion-id_b67f55-6a:not( .kt-accodion-icon-style-basic ):not( .kt-accodion-icon-style-xclose ):not( .kt-accodion-icon-style-arrow ) .kt-blocks-accordion-icon-trigger{background:#555555;}.kt-accordion-id_b67f55-6a:not( .kt-accodion-icon-style-basic ):not( .kt-accodion-icon-style-xclose ):not( .kt-accodion-icon-style-arrow ) .kt-blocks-accordion-icon-trigger:after, .kt-accordion-id_b67f55-6a:not( .kt-accodion-icon-style-basic ):not( .kt-accodion-icon-style-xclose ):not( .kt-accodion-icon-style-arrow ) .kt-blocks-accordion-icon-trigger:before{background:#f2f2f2;}.kt-accordion-id_b67f55-6a .kt-accordion-header-wrap .kt-blocks-accordion-header:hover, body:not(.hide-focus-outline) .kt-accordion-id_b67f55-6a .kt-accordion-header-wrap .kt-blocks-accordion-header:focus-visible{color:#444444;background:#eeeeee;border-top-color:#eeeeee;border-top-style:solid;border-right-color:#eeeeee;border-right-style:solid;border-bottom-color:#eeeeee;border-bottom-style:solid;border-left-color:#eeeeee;border-left-style:solid;}.kt-accordion-id_b67f55-6a:not( .kt-accodion-icon-style-basiccircle ):not( .kt-accodion-icon-style-xclosecircle ):not( .kt-accodion-icon-style-arrowcircle ) .kt-blocks-accordion-header:hover .kt-blocks-accordion-icon-trigger:after, .kt-accordion-id_b67f55-6a:not( .kt-accodion-icon-style-basiccircle ):not( .kt-accodion-icon-style-xclosecircle ):not( .kt-accodion-icon-style-arrowcircle ) .kt-blocks-accordion-header:hover .kt-blocks-accordion-icon-trigger:before, body:not(.hide-focus-outline) .kt-accordion-id_b67f55-6a:not( .kt-accodion-icon-style-basiccircle ):not( .kt-accodion-icon-style-xclosecircle ):not( .kt-accodion-icon-style-arrowcircle ) .kt-blocks-accordion--visible .kt-blocks-accordion-icon-trigger:after, body:not(.hide-focus-outline) .kt-accordion-id_b67f55-6a:not( .kt-accodion-icon-style-basiccircle ):not( .kt-accodion-icon-style-xclosecircle ):not( .kt-accodion-icon-style-arrowcircle ) .kt-blocks-accordion-header:focus-visible .kt-blocks-accordion-icon-trigger:before{background:#444444;}.kt-accordion-id_b67f55-6a:not( .kt-accodion-icon-style-basic ):not( .kt-accodion-icon-style-xclose ):not( .kt-accodion-icon-style-arrow ) .kt-blocks-accordion-header:hover .kt-blocks-accordion-icon-trigger, body:not(.hide-focus-outline) .kt-accordion-id_b67f55-6a:not( .kt-accodion-icon-style-basic ):not( .kt-accodion-icon-style-xclose ):not( .kt-accodion-icon-style-arrow ) .kt-blocks-accordion-header:focus-visible .kt-blocks-accordion-icon-trigger{background:#444444;}.kt-accordion-id_b67f55-6a:not( .kt-accodion-icon-style-basic ):not( .kt-accodion-icon-style-xclose ):not( .kt-accodion-icon-style-arrow ) .kt-blocks-accordion-header:hover .kt-blocks-accordion-icon-trigger:after, .kt-accordion-id_b67f55-6a:not( .kt-accodion-icon-style-basic ):not( .kt-accodion-icon-style-xclose ):not( .kt-accodion-icon-style-arrow ) .kt-blocks-accordion-header:hover .kt-blocks-accordion-icon-trigger:before, body:not(.hide-focus-outline) .kt-accordion-id_b67f55-6a:not( .kt-accodion-icon-style-basic ):not( .kt-accodion-icon-style-xclose ):not( .kt-accodion-icon-style-arrow ) .kt-blocks-accordion-header:focus-visible .kt-blocks-accordion-icon-trigger:after, body:not(.hide-focus-outline) .kt-accordion-id_b67f55-6a:not( .kt-accodion-icon-style-basic ):not( .kt-accodion-icon-style-xclose ):not( .kt-accodion-icon-style-arrow ) .kt-blocks-accordion-header:focus-visible .kt-blocks-accordion-icon-trigger:before{background:#eeeeee;}.kt-accordion-id_b67f55-6a .kt-accordion-header-wrap .kt-blocks-accordion-header:focus-visible, .kt-accordion-id_b67f55-6a .kt-accordion-header-wrap .kt-blocks-accordion-header.kt-accordion-panel-active{color:#ffffff;background:#444444;border-top-color:#444444;border-top-style:solid;border-right-color:#444444;border-right-style:solid;border-bottom-color:#444444;border-bottom-style:solid;border-left-color:#444444;border-left-style:solid;}.kt-accordion-id_b67f55-6a:not( .kt-accodion-icon-style-basiccircle ):not( .kt-accodion-icon-style-xclosecircle ):not( .kt-accodion-icon-style-arrowcircle ) .kt-blocks-accordion-header.kt-accordion-panel-active .kt-blocks-accordion-icon-trigger:after, .kt-accordion-id_b67f55-6a:not( .kt-accodion-icon-style-basiccircle ):not( .kt-accodion-icon-style-xclosecircle ):not( .kt-accodion-icon-style-arrowcircle ) .kt-blocks-accordion-header.kt-accordion-panel-active .kt-blocks-accordion-icon-trigger:before{background:#ffffff;}.kt-accordion-id_b67f55-6a:not( .kt-accodion-icon-style-basic ):not( .kt-accodion-icon-style-xclose ):not( .kt-accodion-icon-style-arrow ) .kt-blocks-accordion-header.kt-accordion-panel-active .kt-blocks-accordion-icon-trigger{background:#ffffff;}.kt-accordion-id_b67f55-6a:not( .kt-accodion-icon-style-basic ):not( .kt-accodion-icon-style-xclose ):not( .kt-accodion-icon-style-arrow ) .kt-blocks-accordion-header.kt-accordion-panel-active .kt-blocks-accordion-icon-trigger:after, .kt-accordion-id_b67f55-6a:not( .kt-accodion-icon-style-basic ):not( .kt-accodion-icon-style-xclose ):not( .kt-accodion-icon-style-arrow ) .kt-blocks-accordion-header.kt-accordion-panel-active .kt-blocks-accordion-icon-trigger:before{background:#444444;}@media all and (max-width: 1024px){.kt-accordion-id_b67f55-6a .kt-accordion-panel-inner{border-top:0px solid transparent;border-right:0px solid transparent;border-bottom:0px solid transparent;border-left:0px solid transparent;}}@media all and (max-width: 1024px){.kt-accordion-id_b67f55-6a .wp-block-kadence-pane .kt-accordion-header-wrap .kt-blocks-accordion-header{border-top-color:#555555;border-top-style:solid;border-right-color:#555555;border-right-style:solid;border-bottom-color:#555555;border-bottom-style:solid;border-left-color:#555555;border-left-style:solid;}}@media all and (max-width: 1024px){.kt-accordion-id_b67f55-6a .kt-accordion-header-wrap .kt-blocks-accordion-header:hover, body:not(.hide-focus-outline) .kt-accordion-id_b67f55-6a .kt-accordion-header-wrap .kt-blocks-accordion-header:focus-visible{border-top-color:#eeeeee;border-top-style:solid;border-right-color:#eeeeee;border-right-style:solid;border-bottom-color:#eeeeee;border-bottom-style:solid;border-left-color:#eeeeee;border-left-style:solid;}}@media all and (max-width: 1024px){.kt-accordion-id_b67f55-6a .kt-accordion-header-wrap .kt-blocks-accordion-header:focus-visible, .kt-accordion-id_b67f55-6a .kt-accordion-header-wrap .kt-blocks-accordion-header.kt-accordion-panel-active{border-top-color:#444444;border-top-style:solid;border-right-color:#444444;border-right-style:solid;border-bottom-color:#444444;border-bottom-style:solid;border-left-color:#444444;border-left-style:solid;}}@media all and (max-width: 767px){.kt-accordion-id_b67f55-6a .kt-accordion-inner-wrap{display:block;}.kt-accordion-id_b67f55-6a .kt-accordion-inner-wrap .kt-accordion-pane:not(:first-child){margin-top:5px;}.kt-accordion-id_b67f55-6a .kt-accordion-panel-inner{border-top:0px solid transparent;border-right:0px solid transparent;border-bottom:0px solid transparent;border-left:0px solid transparent;}.kt-accordion-id_b67f55-6a .wp-block-kadence-pane .kt-accordion-header-wrap .kt-blocks-accordion-header{border-top-color:#555555;border-top-style:solid;border-right-color:#555555;border-right-style:solid;border-bottom-color:#555555;border-bottom-style:solid;border-left-color:#555555;border-left-style:solid;}.kt-accordion-id_b67f55-6a .kt-accordion-header-wrap .kt-blocks-accordion-header:hover, body:not(.hide-focus-outline) .kt-accordion-id_b67f55-6a .kt-accordion-header-wrap .kt-blocks-accordion-header:focus-visible{border-top-color:#eeeeee;border-top-style:solid;border-right-color:#eeeeee;border-right-style:solid;border-bottom-color:#eeeeee;border-bottom-style:solid;border-left-color:#eeeeee;border-left-style:solid;}.kt-accordion-id_b67f55-6a .kt-accordion-header-wrap .kt-blocks-accordion-header:focus-visible, .kt-accordion-id_b67f55-6a .kt-accordion-header-wrap .kt-blocks-accordion-header.kt-accordion-panel-active{border-top-color:#444444;border-top-style:solid;border-right-color:#444444;border-right-style:solid;border-bottom-color:#444444;border-bottom-style:solid;border-left-color:#444444;border-left-style:solid;}}<\/style>\n<div class=\"wp-block-kadence-accordion alignnone\"><div class=\"kt-accordion-wrap kt-accordion-id_b67f55-6a kt-accordion-has-14-panes kt-active-pane-0 kt-accordion-block kt-pane-header-alignment-left kt-accodion-icon-style-basic kt-accodion-icon-side-right\" style=\"max-width:none\"><div class=\"kt-accordion-inner-wrap\" data-allow-multiple-open=\"false\" data-start-open=\"0\">\n<div class=\"wp-block-kadence-pane kt-accordion-pane kt-accordion-pane-3 kt-pane_207b16-6b\"><div class=\"kt-accordion-header-wrap\"><button class=\"kt-blocks-accordion-header kt-acccordion-button-label-show\"><span class=\"kt-blocks-accordion-title-wrap\"><span class=\"kt-blocks-accordion-title\">Familja Wa\u0127da<\/span><\/span><span class=\"kt-blocks-accordion-icon-trigger\"><\/span><\/button><\/div><div class=\"kt-accordion-panel kt-accordion-panel-hidden\"><div class=\"kt-accordion-panel-inner\">\n<p>Alla jridna ng\u0127inu u na\u0127sbu f\u2019xulxin. Nitg\u0127allmu ng\u0127ixu flimkien u ng\u0127inu lil xulxin ming\u0127and l-istess \u0121enituri li jg\u0127ixu \u0127ajja ta\u2019 g\u0127aqda u m\u0127abba. L-g\u0127aqda fid-dar tg\u0127in lil kul\u0127add jg\u0127ix aktar kuntent u fer\u0127an.<\/p>\n\n\n\n<h4 class=\"wp-block-heading\">Kolletta<\/h4>\n\n\n\n<p>Nitolbu<\/p>\n\n\n\n<p>Alla Missier, nirringrazzjawk tal-affarijiet kollha li g\u0127o\u0121bok tag\u0127tina. G\u0127allimna nkunu \u0121eneru\u017ci u nag\u0127tu minn dak li hu tag\u0127na lill-o\u0127rajn biex nikbru flimkien fl-im\u0127abba. B\u2019Ibnek \u0120es\u00f9 Kristu Sidna, li hu Alla u mieg\u0127ek jg\u0127ix u jsaltan flimkien mal-Ispirtu s-Santu, g\u0127al dejjem ta\u2019 dejjem. Ammen<\/p>\n\n\n\n<h4 class=\"wp-block-heading\">Qari 1<\/h4>\n\n\n\n<p>Qari mill-Ktieb tal-Atti tal-Appostli&nbsp;&nbsp;&nbsp;&nbsp;&nbsp;&nbsp;&nbsp;&nbsp;&nbsp;&nbsp;&nbsp;&nbsp;&nbsp;&nbsp;&nbsp;&nbsp;&nbsp; Atti 2, 44-47<\/p>\n\n\n\n<p>Kienu jsiru \u0127afna mirakli mill-appostli. Dawk kollha li kienu jemmnu kienu familja wa\u0127da, u kienu jaqsmu kollox bejniethom. Kienu jbig\u0127u l-affarijiet tag\u0127hom u l-flus li jda\u0127\u0127lu jaqsmuhom bejniethom, skont il-b\u017connijiet ta\u2019 kull wie\u0127ed minnhom. Kienu jmorru kuljum fit-Tempju jitolbu, u fid-djar tag\u0127hom kienu jaqsmu l-ikel flimkien. Dan kien i\u0121ib fer\u0127 kbir fosthom.<\/p>\n\n\n\n<p>Il-Kelma tal-Mulej<br>Inroddu \u0127ajr lil Alla<\/p>\n\n\n\n<h4 class=\"wp-block-heading\">Salm Responsorjali&nbsp;&nbsp;&nbsp;&nbsp;&nbsp;&nbsp;&nbsp;&nbsp;&nbsp;&nbsp;&nbsp;&nbsp;&nbsp;&nbsp;&nbsp;&nbsp;&nbsp;&nbsp;&nbsp;&nbsp;&nbsp;&nbsp;&nbsp;&nbsp;&nbsp;&nbsp;&nbsp;&nbsp;&nbsp;&nbsp;&nbsp;&nbsp;&nbsp;&nbsp;&nbsp;&nbsp;&nbsp;&nbsp;&nbsp;&nbsp;&nbsp;&nbsp;&nbsp;&nbsp;&nbsp;&nbsp; Salm 71<\/h4>\n\n\n\n<p>Rit: Alla j\u0127obb u jg\u0127in lil kul\u0127add<\/p>\n\n\n\n<p>Alla jg\u0127in lil-fqir meta jsejja\u0127lu<br>Jg\u0127in lil kull min hu wa\u0127du u batut. &nbsp;&nbsp; R\/<\/p>\n\n\n\n<p>Alla hu m\u0127abba, kul\u0127add hu g\u0127a\u017ci\u017c quddiemu,<br>ma jridx min imut bil-\u0121u\u0127.&nbsp;&nbsp;&nbsp;&nbsp;&nbsp;&nbsp;&nbsp;&nbsp;&nbsp;&nbsp;&nbsp;&nbsp;&nbsp;&nbsp;&nbsp;&nbsp;&nbsp; R\/<\/p>\n\n\n\n<h4 class=\"wp-block-heading\">Hallelujah, Hallelujah.<\/h4>\n\n\n\n<p>\u0120es\u00f9 qassam il-\u0127ob\u017ciet u \u017c-\u017cew\u0121 \u0127utiet u kul\u0127add kiel u xaba\u2019.<br>Hallelujah<\/p>\n\n\n\n<h4 class=\"wp-block-heading\">Evan\u0121elju<\/h4>\n\n\n\n<p>Qari mill-Evangelju skont San Mark &nbsp; Mk 6, 30-41<\/p>\n\n\n\n<p>Kum: L-appostli re\u0121g\u0127u \u0121ew \u0127dejn \u0120es\u00f9 u qalulu kull ma kienu g\u0127amlu u g\u0127allmu. U hu qalilhom:<br>\u0120es\u00f9: Ejjew mieg\u0127i intom biss we\u0127idkom f\u2019xi post imwarrab, u strie\u0127u ftit.<br>Kum: G\u0127ax tassew, kien hemm \u0127afna nies \u0121ejjin u sejrin u anqas \u017cmien biex jieklu ma kienu j\u0127allulhom. Marru mela bid-dg\u0127ajsa wa\u0127idhom lejn post imwarrab, imma n-nies rawhom sejrin; kienu \u0127afna dawk li g\u0127arfuhom, u telqu ji\u0121ru \u2018l hemm bil-mixi, nies mill-ibliet kollha, u waslu qabilhom.<br>Kum: X\u2019\u0127in ni\u017cel l-art mid-dg\u0127ajsa ra kotra kbira ta\u2019 nies u t\u0127assarhom, g\u0127ax kienu qishom ng\u0127a\u0121 bla ma g\u0127andhom rag\u0127aj, u qabad ig\u0127allimhom \u0127afna \u0127wejje\u0121. Meta kien sar il-\u0127in, resqu d-dixxipli tieg\u0127u u qalulu:<br>Dixxipli: Dan post imwarrab, u diga sar \u0127afna \u0127in. Ibg\u0127athom \u0127a jmorru fl-irziezet u fl-ir\u0127ula tal-qrib jixtru xi \u0127a\u0121a x\u2019jieklu.<br>Kum: I\u017cda hu we\u0121ibhom:<br>\u0120es\u00f9: Ag\u0127tuhom intom x\u2019jieklu.<br>Dixxipli: U a\u0127na se mmorru nixtru b\u2019mitejn dinar \u0127ob\u017c biex nag\u0127tuhom x\u2019jieklu?<br>\u0120es\u00f9: Xi kemm g\u0127andkom \u0127ob\u017c? Morru u araw.<br>Kum: Meta saru jafu, qalulu:<br>Dixxipli: \u0126amsa u \u017cew\u0121 \u0127utiet.<br>Kum: Imbag\u0127ad ordnalhom iqieg\u0127du lil kul\u0127add bilqieg\u0127da, \u0121emg\u0127a \u0121emg\u0127a, fuq il-\u0127axix a\u0127dar. U n-nies inxte\u0127tu fl-art mija mija, u \u0127amsin \u0127amsin. Hu \u0127a l-\u0127ames \u0127ob\u017ciet u \u017c-\u017cew\u0121 \u0127utiet, refa\u2019 g\u0127ajnejh lejn is-sema, bierek, qasam il-\u0127ob\u017ciet, u ta l-\u0127ob\u017ciet lid-dixxipli tieg\u0127u biex dawn jag\u0127tuhom lin-nies, u qassam ukoll i\u017c-\u017cew\u0121 \u0127utiet bejniethom ilkoll. U kul\u0127add kiel u xaba\u2019.<\/p>\n\n\n\n<p>Il-Kelma tal-Mulej<br>Tif\u0127ir lilek Kristu<\/p>\n\n\n\n<h4 class=\"wp-block-heading\">Talba fuq l-offerti<\/h4>\n\n\n\n<p>Missier, mal-offerti tal-\u0127ob\u017c u tal-inbid li \u0121ibna fuq l-artal noffrulek ukoll il-\u0127ajja, it-talenti, il-\u0127in u l-im\u0127abba tag\u0127na. Bi Kristu Sidna. Ammen.<\/p>\n\n\n\n<h4 class=\"wp-block-heading\">Talba tal-a\u0127\u0127ar<\/h4>\n\n\n\n<p>Mulej, kemm hi ha\u0121a sabi\u0127a li ltqajna flimkien, u Inti, g\u0127ax t\u0127obbna, tajtna lilek innifsek fit-tqarbin. G\u0127inna nkunu dejjem \u0121eneru\u017ci ma xulxin biex nikbru aktar fl-g\u0127aqda tag\u0127na mieg\u0127ek u bejnietna. Bi Kristu Sidna. Ammen<\/p>\n\n\n\n<figure class=\"wp-block-table\"><table><tbody><tr><td>G\u0127a\u017ci\u017c \u0120es\u00f9, grazzi tal-familja li ng\u0127ix fiha: &nbsp; Ag\u0127mel li kull membru tal-familja jag\u0127ti s-sehem tieg\u0127u biex il-familja tikber fil-g\u0127aqda u fl-im\u0127abba. G\u0127inna nikbru u niskopru t-talenti li Alla ta lil kull membru tal-familja. G\u0127allimna dejjem nag\u0127dru u na\u0127fru lil xulxin. Ag\u0127mel li kull min ji\u0121i d-dar j\u0127oss dejjem l-im\u0127abba ta\u2019 bejnietna u li&nbsp; a\u0127na nkunu dejjem lesti li nilqg\u0127uh. &nbsp;<\/td><\/tr><\/tbody><\/table><\/figure>\n\n\n\n<p>\u0120es\u00f9 grazzi g\u0127al dawk in-nies li g\u0127allmuni n\u0127obb<\/p>\n<\/div><\/div><\/div>\n\n\n\n<div class=\"wp-block-kadence-pane kt-accordion-pane kt-accordion-pane-2 kt-pane_e9825a-e3\"><div class=\"kt-accordion-header-wrap\"><button class=\"kt-blocks-accordion-header kt-acccordion-button-label-show\"><span class=\"kt-blocks-accordion-title-wrap\"><span class=\"kt-blocks-accordion-title\">Marija &#8211; Omm \u0120es\u00f9 u l-omm tag\u0127na<\/span><\/span><span class=\"kt-blocks-accordion-icon-trigger\"><\/span><\/button><\/div><div class=\"kt-accordion-panel kt-accordion-panel-hidden\"><div class=\"kt-accordion-panel-inner\">\n<p><\/p>\n\n\n\n<h4 class=\"wp-block-heading\">Bidu tal-quddiesa<\/h4>\n\n\n\n<p><br>Fil-bidu tal-quddiesa l-qassis dejjem jistedinna biex nag\u0127mlu ftit \u0127in fis-skiet, na\u0127sbu n-nuqqasijiet tag\u0127na u wara flimkien nitolbu ma\u0127fra.<br>Fil-quddiesa ta\u2019 llum se n\u0127arsu lejn il-\u0127ajja ta\u2019 Marija. G\u0127alhekk flimkien naraw xi kwalitajiet sbie\u0127 li kellha u kif \u0121abet ru\u0127ha. Wara nitolbu ma\u0127fra \u2018l Alla g\u0127ax ma ng\u0127ixux b\u0127alha.<\/p>\n\n\n\n<h4 class=\"wp-block-heading\">Att Penitenzjali<\/h4>\n\n\n\n<p>T.1 Meta deher l-an\u0121lu Gabriel biex i\u0127abbar lil Marija li Alla g\u0127a\u017cilha tkun Omm \u0120es\u00f9, hi kienet qieg\u0127da titlob.<br>T.2 Mulej, nitolbuk ta\u0127frilna g\u0127al meta ma nitolbux.<br>T1 . A\u0127frilna, nitlobuk, Mulej.<\/p>\n\n\n\n<p>T.1 Marija fa\u0127\u0127ret lil Alla g\u0127ax g\u0127a\u017cilha biex issir omm \u0120es\u00f9.<br>T.2 Mulej, nitolbuk ta\u0127frilna g\u0127ax a\u0127na mhux dejjem nirringrazzjawk g\u0127ad-doni li tag\u0127tina.<br>T.1 A\u0127frilna, nitolbuk, Mulej.<br><\/p>\n\n\n\n<p>T.1 Marija marret ti\u0121ri fid-dar ta\u2019 Eli\u017cabetta biex tg\u0127inha.<br>T.2 Mulej, nitolbuk ta\u0127frilna ta\u2019 kull meta ma tajniex kas tal-b\u017connijiet tal-o\u0127rajn.<br>T.1 A\u0127frilna, nitolbuk, Mulej.<\/p>\n\n\n\n<h4 class=\"wp-block-heading\">Kolletta<\/h4>\n\n\n\n<p>Nitolbu<br>Mulej, kull wie\u0127ed\/ u wa\u0127da minna n\u0127obbu lil Marija. G\u0127inna biex nitg\u0127allmu minn g\u0127andha kif in\u0127obbuk u naqduk. B\u2019Ibnek \u0120es\u00f9 Kristu Sidna, li hu Alla u mieg\u0127ek jg\u0127ix u jsaltan flimkien mal-Ispirtu s-Santu, g\u0127al dejjem ta\u2019 dejjem. Ammen<\/p>\n\n\n\n<h4 class=\"wp-block-heading\">Qari<\/h4>\n\n\n\n<p>Matul i\u017c-\u017cmien Alla dejjem sejjah lil xi w\u0127ud biex fil-\u0127ajja tag\u0127hom jag\u0127mlu xi \u0127a\u0121a spe\u010bjali. Fost dawk li sejjah insibu lil Marija, g\u0127a\u017cilha biex tkun omm \u0120es\u00f9. Alla sejja\u0127 lilna wkoll u jag\u0127tina l-g\u0127ajnuna tieg\u0127u.<\/p>\n\n\n\n<p>Qari mill-Ktieb tal-Profeta Isaija Is 41: 9, 10<br>Alla qal: Jien g\u0127a\u017ciltek biex ta\u0127dem mieg\u0127i.  Ma g\u0127andekx g\u0127alfejn tib\u017ca\u2019. Jien qieg\u0127ed dejjem mieg\u0127ek. Jiena Alla tieg\u0127ek. Jien ng\u0127inek u nurik x\u2019g\u0127andek tag\u0127mel<\/p>\n\n\n\n<p>Il-Kelma tal-Mulej.<br>Inroddu \u0127ajr lil Alla.<\/p>\n\n\n\n<h4 class=\"wp-block-heading\">Salm Responsorjali  &nbsp;&nbsp;&nbsp;&nbsp;&nbsp;&nbsp;&nbsp;&nbsp;&nbsp;&nbsp;&nbsp;&nbsp;&nbsp;&nbsp;&nbsp;&nbsp;&nbsp;&nbsp;&nbsp;&nbsp;&nbsp;&nbsp;&nbsp;&nbsp;&nbsp;&nbsp;&nbsp;&nbsp;&nbsp;&nbsp;&nbsp;&nbsp;&nbsp;&nbsp;&nbsp;&nbsp;&nbsp;&nbsp;&nbsp;&nbsp;&nbsp;&nbsp;&nbsp;&nbsp;&nbsp;&nbsp; Lk 1; 46-55<\/h4>\n\n\n\n<p>Rit: Alla kien twajjeb mieg\u0127i<\/p>\n\n\n\n<p>Marija qalet:<br>Jien infa\u0127\u0127ar lill-Mulej.<br>Hu g\u0127a\u017cilni. G\u0127amel \u0127wejje\u0121 kbar mieg\u0127i<br>Qaddis hu l-Isem tieg\u0127u. R\/<\/p>\n\n\n\n<p>Alla hu \u0127anin<br>Jie\u0127u \u0127sieb lill-fqir.<br>Qaddis hu l-Isem tieg\u0127u R\/<\/p>\n\n\n\n<p>Alla j\u0127obb lill-poplu tieg\u0127u.<br>Ag\u0127mel mag\u0127hom \u0127wejje\u0121 kbar.<br>Qaddis hu l-Isem tieg\u0127u. R\/<\/p>\n\n\n\n<p>Glorja u tif\u0127ir lilek Kristu (Hallelujah, Hallelujah.)<br>Sliem g\u0127alik, Marija bil-grazzja mimlija, il-Mulej mieg\u0127ek<br>Glorja u tif\u0127ir lilek Kristu (Hallelujah).<\/p>\n\n\n\n<h4 class=\"wp-block-heading\">Evan\u0121elju<\/h4>\n\n\n\n<p><br>Qari mill-Evan\u0121elju ta\u2019 San \u0120wann \u0120w. 19; 16-27<br>Wara li kien ikkundannat minn Pilatu, \u0120es\u00f9 refa\u2019 s-salib sal-post fejn kellhom isallbuh. Meta wasal il-Golgota sallbuh ma\u2019 tnejn o\u0127ra. Wieqfa \u0127dejn is-salib kien hemm omm \u0120es\u00f9. Kif \u0120es\u00f9 ra\u2019 lill-ommu u lid-dixxiplu li kien i\u0127obb wieqaf \u0127dejha, qal lil ommu: \u201cMara, hawn hu ibnek.\u201d<br>Imbag\u0127ad qal lid-dixxiplu: \u201cHawn hi ommok\u201d. Minn dak il-\u0127in id-dixxiplu \u0127adha g\u0127andu.<\/p>\n\n\n\n<p>Il-Kelma tal-Mulej<br>Inroddu \u0127ajr lil Alla<\/p>\n\n\n\n<h4 class=\"wp-block-heading\">Talba fuq l-offerti<\/h4>\n\n\n\n<p><br>Mulej, \u0121ibna l-\u0127ob\u017c u l-inbid li se jinbidlu fil-\u0120isem u d-Demm ta\u2019 \u0120es\u00f9. Ag\u0127mel li b\u0127al Marija, a\u0127na nilqg\u0127u lil \u0120es\u00f9 fil-qalb u fil-\u0127ajja tag\u0127na.<br>Bi Kristu Sidna. Ammen<\/p>\n\n\n\n<h4 class=\"wp-block-heading\">Wara t-Tqarbin<\/h4>\n\n\n\n<p>Rit. Grazzi, Mulej.<\/p>\n\n\n\n<p>Marija laqg\u0127et it-t\u0127abbira tal-an\u0121lu biex issir Omm \u0120es\u00f9. R\/<br>Marija \u0127adet \u0127sieb \u0120es\u00f9 meta kien qieg\u0127ed jikber. R\/<br>Marija ippre\u017centat lil \u0120es\u00f9 fit-Tempju. R\/<br>Marija rat lil \u0120es\u00f9 jitlaq mid-dar biex imur jg\u0127allem u jfejjaq lill-morda. R\/<br>Marija kienet \u0127dejn \u0120es\u00f9 waqt li kien qieg\u0127ed ibati u jmut. R\/<br>Marija ltaqg\u0127et ma\u2019 \u0120es\u00f9 wara li qam mill-mewt. R\/<br>Marija kienet titlob mal-appostli meta ni\u017cel fuqhom l-Ispirtu s-Santu. R\/<\/p>\n\n\n\n<h4 class=\"wp-block-heading\">Talba wara t-Tqarbin<\/h4>\n\n\n\n<p>Mulej, Int tajtna lil Marija biex tie\u0127u \u0127siebna u tag\u0127milna \u0127bieb tieg\u0127ek. G\u0127inna biex b\u0127al Marija nfa\u0127\u0127ruk g\u0127all-affarijiet kbar li g\u0127amilt mag\u0127na. Bi Kristu Sidna. Ammen<\/p>\n<\/div><\/div><\/div>\n\n\n\n<div class=\"wp-block-kadence-pane kt-accordion-pane kt-accordion-pane-4 kt-pane_533ae0-b0\"><div class=\"kt-accordion-header-wrap\"><button class=\"kt-blocks-accordion-header kt-acccordion-button-label-show\"><span class=\"kt-blocks-accordion-title-wrap\"><span class=\"kt-blocks-accordion-title\">\u0120es\u00f9 \u0121ie fostna<\/span><\/span><span class=\"kt-blocks-accordion-icon-trigger\"><\/span><\/button><\/div><div class=\"kt-accordion-panel kt-accordion-panel-hidden\"><div class=\"kt-accordion-panel-inner\">\n<p>\u201cIllum, fil-belt ta\u2019 David, tweldilkom Salvatur\u2026.. U b\u0127ala sinjal ikollkom dan; issibu tarbija mimduda f\u2019maxtura\u201d \u201cGlorja lil Alla fl-g\u0127oli tas-smewwiet, u sliem fl-art lill-bnedmin li jog\u0127\u0121bu lilu\u201d Lq 2, 11-14<\/p>\n\n\n\n<p>F\u2019dawn il-\u0121ranet tal-Avvent niftakru f\u2019dawk in-nies kollha li Alla g\u0127a\u017cel biex jippreparaw g\u0127all-mi\u0121ja ta\u2019 \u0120es\u00f9. Niftakru b\u2019mod spe\u010bjali fi \u0120wanni l-Battista. Kien hu li g\u0127ammed lil \u0120es\u00f9 u wrie\u0127 lin-nies. Nitolbu biex a\u0127na nilqg\u0127u lil \u0120es\u00f9 u nag\u0127mlu dak li jog\u0127\u0121ob lilu.<\/p>\n\n\n\n<h4 class=\"wp-block-heading\">Kolletta<\/h4>\n\n\n\n<p>Nitolbu<br>Mulej, nitolbuk biex insiru aktar \u0127bieb tieg\u0127ek. G\u0127inna naqdu d-dmirijiet tag\u0127na a\u0127jar. G\u0127allimna biex f\u2019dawn il-\u0121ranet in\u0127obbu aktar lil xulxin biex nippreparaw tajjeb g\u0127at-twelid ta\u2019 Ibnek \u0120es\u00f9 Kristu Sidna li jg\u0127ix u jsaltan g\u0127al dejjem ta\u2019 dejjem. Ammen.<\/p>\n\n\n\n<h4 class=\"wp-block-heading\">Qari<\/h4>\n\n\n\n<p>San Pawl qieg\u0127ed jg\u0127idilna biex nifir\u0127u. A\u0127na g\u0127andna nifir\u0127u g\u0127ax \u0120es\u00f9 twieled u sar bniedem b\u0127alna.<\/p>\n\n\n\n<p>Qari mill-Ittra ta\u2019 San Pawl Appostlu lill-Filippin  &nbsp;&nbsp;&nbsp;&nbsp;&nbsp;&nbsp;&nbsp;&nbsp;&nbsp;&nbsp;&nbsp;&nbsp;&nbsp;&nbsp;&nbsp;&nbsp;&nbsp;&nbsp;&nbsp;&nbsp;&nbsp;&nbsp;&nbsp;&nbsp;&nbsp;&nbsp;&nbsp;&nbsp;&nbsp;&nbsp;&nbsp;&nbsp;&nbsp;&nbsp;&nbsp;&nbsp;&nbsp;&nbsp;&nbsp;&nbsp;&nbsp;&nbsp;&nbsp;&nbsp;&nbsp;&nbsp; Fil 4,4-7<\/p>\n\n\n\n<p>Ifir\u0127u dejjem fil-Mulej: ner\u0121a\u2019 ng\u0127idilkom, ifir\u0127u. L-im\u0127abba tag\u0127kom uruha ma\u2019 kul\u0127add. Il-Mulej qieg\u0127ed mag\u0127na, g\u0127alhekk m\u2019hemmx g\u0127alfejn tinkwetaw. Meta titolbu, lil Alla itolbuh kull ma jkollkom b\u017conn, dejjem irringrazzjawh g\u0127ax i\u0127obbkom. Meta tag\u0127mlu hekk, il-pa\u010bi ta\u2019 Alla tkun dejjem fikom. \u0120es\u00f9 ma j\u0127allikom qatt.<\/p>\n\n\n\n<p>Il-Kelma tal-Mulej.<br>Inroddu \u0127ajr lil Alla.<\/p>\n\n\n\n<h4 class=\"wp-block-heading\">Salm Responsorjali  &nbsp;&nbsp;&nbsp;&nbsp;&nbsp;&nbsp;&nbsp;&nbsp;&nbsp;&nbsp;&nbsp;&nbsp;&nbsp;&nbsp;&nbsp;&nbsp;&nbsp;&nbsp;&nbsp;&nbsp;&nbsp;&nbsp;&nbsp;&nbsp;&nbsp;&nbsp;&nbsp;&nbsp;&nbsp;&nbsp;&nbsp;&nbsp;&nbsp;&nbsp;&nbsp;&nbsp;&nbsp;&nbsp;&nbsp;&nbsp;&nbsp;&nbsp;&nbsp;&nbsp;&nbsp;&nbsp;                                             Salm 9 (9a)<\/h4>\n\n\n\n<p>Rit: Grazzi Mulej<\/p>\n\n\n\n<p>Infa\u0127\u0127rek, Mulej, b\u2019qalbi kollha<br>nitkellem fuq l-affarijiet sbie\u0127 li \u0127laqt. R\/<\/p>\n\n\n\n<p>Ikun il-Mulej ma\u2019 min qieg\u0127ed ibati.<br>Ikun ta\u2019 g\u0127ajnuna g\u0127al min hu mdejjaq R\/<\/p>\n\n\n\n<p>Min jafek, Mulej, jittama fik,<br>g\u0127ax int, Mulej, qatt ma t\u0127allih wa\u0127du. R\/<\/p>\n\n\n\n<p>Hallelujah. Hallelujah<br>Qieg\u0127ed in\u0127abbrilkom fer\u0127 kbir:<br>Illum tweldilna Salvatur. Kristu l-Mulej!<br>Hallelujah<\/p>\n\n\n\n<h4 class=\"wp-block-heading\">Evan\u0121elju<\/h4>\n\n\n\n<p>\u0120wanni l-Battista jipprepara lin-nies biex jiltaqg\u0127u ma\u2019 \u0120es\u00f9.<br>Qari mill-Evan\u0121elju ta\u2019 San Luqa  &nbsp;&nbsp;&nbsp;&nbsp;&nbsp;&nbsp;&nbsp;&nbsp;&nbsp;&nbsp;&nbsp;&nbsp;&nbsp;&nbsp;&nbsp;&nbsp;&nbsp;&nbsp;&nbsp;&nbsp;&nbsp;&nbsp;&nbsp;&nbsp;&nbsp;&nbsp;&nbsp;&nbsp;&nbsp;&nbsp;&nbsp;&nbsp;&nbsp;&nbsp;&nbsp;&nbsp;&nbsp;&nbsp;&nbsp;&nbsp;&nbsp;&nbsp;&nbsp;&nbsp;&nbsp;&nbsp;                             Lq3, 10-14<br>Kum: In-nies kienu jmorru g\u0127and \u0120wanni l-Battista u jistaqsuh:<br>Nies: \u201cX\u2019g\u0127andna nag\u0127mlu?\u201d<br>Kum: \u0120wanni qalilhom:<br>\u0120wanni: \u201cMin g\u0127andu \u017cew\u0121t ilbiesi jaqsam ma\u2019 min m\u2019g\u0127andu xejn.\u201d<br>Kum: Lill-publikani qalilhom:<br>\u0120wanni: \u201cI\u0121\u0121ag\u0127lux lin-nies i\u0127allsu aktar milli jistg\u0127u.\u201d<br>Kum: Lis-suldati qalilhom:<br>\u0120wanni: \u201cTisirqu lil \u0127add.\u201d<br>Kum: \u0126afna nies kienu jmorru jisimg\u0127u lil \u0120wanni g\u0127ax \u0127asbu li hu kien il-Messija. Imma \u0120wanni kien jg\u0127idilhom:<br>\u0120wanni: \u201cMin ji\u0121i warajja hu aktar importanti u aqwa minni. Jien ma jist\u0127oqqlix in\u0127oll il-qfieli tas-\u017carbun tieg\u0127u.\u201d<br><\/p>\n\n\n\n<p>Il-Kelma tal-Mulej<br>Tif\u0127ir lilek Kristu<\/p>\n\n\n\n<h4 class=\"wp-block-heading\">Nag\u0127mlu t-talbiet tag\u0127na.<\/h4>\n\n\n\n<p><br>F\u2019dawn il-\u0121ranet niftakru f\u2019\u0120es\u00f9 li twieled fostna, qeg\u0127din niftakru kemm i\u0127obbna. G\u0127alhekk nersqu lejh u nag\u0127mlulu t-talbiet tag\u0127na.<br>Bierek, Mulej, il-Papa, l-Isqof u l-qassisin. Nitolbu biex jg\u0127allmuna aktar fuq l-im\u0127abba tieg\u0127ek. Nitolbu.<br>Bierek lill-\u0121enituri tag\u0127na. G\u0127inna nuru li n\u0127obbuhom billi nag\u0127mlu dak li jg\u0127idulna. Nitolbu.<br>Bierek, Mulej, lill-\u0127bieb tag\u0127na. G\u0127inhom i\u0127obbuk i\u017cjed. Nitolbu.<br>Bierek, Mulej, lit-tfal kollha, b\u2019mod spe\u010bjali dawk it-tfal li f\u2019dan il-Milied ma jistg\u0127ux jifir\u0127u b\u0127alna. Nitolbu.<br>Nitolbu lil Marija, Omm \u0120es\u00f9, li tie\u0127u \u0127siebna kif \u0127adet \u0127sieb \u0120es\u00f9. <br>G\u0127alhekk ng\u0127idu flimkien Sliem g\u0127alik&#8230;<\/p>\n\n\n\n<h4 class=\"wp-block-heading\">Talba fuq l-offerti<\/h4>\n\n\n\n<p>Mulej, mal-offerti tal-\u0127ob\u017c u tal-inbid, noffrulek lilna nfusna. Nitolbuk tbierek kemm l-offerti li \u0121ibna fuq l-artal kif ukoll lilna. Bi Kristu Sidna. Ammen.<\/p>\n\n\n\n<h4 class=\"wp-block-heading\">Talba tal-a\u0127\u0127ar<\/h4>\n\n\n\n<p>Nirringrazzjawk, Mulej, g\u0127ax ir\u010bevejna lil \u0120es\u00f9 \u0121ewwa fina. G\u0127inna nibqg\u0127u dejjem \u0127bieb tieg\u0127u u n\u0127obbuh kif i\u0127obbna hu. Hu li jg\u0127ix u jsaltan g\u0127al dejjem ta\u2019 dejjem. Ammen.<\/p>\n\n\n\n<p>\u0120es\u00f9 g\u0127inni ng\u0127id lill-\u0127bieb kemm t\u0127obbni<\/p>\n<\/div><\/div><\/div>\n\n\n\n<div class=\"wp-block-kadence-pane kt-accordion-pane kt-accordion-pane-5 kt-pane_06d538-76\"><div class=\"kt-accordion-header-wrap\"><button class=\"kt-blocks-accordion-header kt-acccordion-button-label-show\"><span class=\"kt-blocks-accordion-title-wrap\"><span class=\"kt-blocks-accordion-title\">Inkunu \u0120eneru\u017ci<\/span><\/span><span class=\"kt-blocks-accordion-icon-trigger\"><\/span><\/button><\/div><div class=\"kt-accordion-panel kt-accordion-panel-hidden\"><div class=\"kt-accordion-panel-inner\">\n<h4 class=\"wp-block-heading\">Kolletta<\/h4>\n\n\n\n<p>Nitolbu<br>Missier, nirringrazzjawk g\u0127an-nies li<br>niltaqg\u0127u mag\u0127hom. G\u0127allimna naraw<br>il-\u0127ti\u0121ijiet tag\u0127hom u ng\u0127inuhom.<br>B\u2019Ibnek \u0120es\u00f9 Kristu Sidna, li hu Alla<br>u mieg\u0127ek jg\u0127ix u jsaltan flimkien ma\u2019<br>l-Ispirtu s-Santu g\u0127al dejjem ta\u2019 dejjem.<br>Ammen.<\/p>\n\n\n\n<h4 class=\"wp-block-heading\">Qari I<\/h4>\n\n\n\n<p><br>Fil-qari niltaqg\u0127u ma\u2019 Elija li kien mag\u0127\u017cul minn Alla biex jg\u0127allem lin-nies. Fi \u017cmienu, waqa\u2019 \u0121u\u0127 kbir u \u0127afna nies kienu qeg\u0127din imutu bil-\u0121u\u0127. Lanqas Elija ma kellu x\u2019jiekol. Dan mar g\u0127and mara, li kellha tifel \u017cg\u0127ir u talabha biex tag\u0127tih x\u2019jiekol. Il-mara, li riedet tg\u0127inu, tag\u0127tu mill-ftit li kellha.<\/p>\n\n\n\n<p>Qari mill-Ewwel Ktieb tas-Slaten  &nbsp;&nbsp;&nbsp;&nbsp;&nbsp;&nbsp;&nbsp;&nbsp;&nbsp;&nbsp;&nbsp;&nbsp;&nbsp;&nbsp;&nbsp;&nbsp;&nbsp;&nbsp;&nbsp;&nbsp;&nbsp;&nbsp;&nbsp;&nbsp;&nbsp;&nbsp;&nbsp;&nbsp;&nbsp;&nbsp;&nbsp;&nbsp;&nbsp;&nbsp;&nbsp;&nbsp;&nbsp;&nbsp;&nbsp;&nbsp;&nbsp;&nbsp;&nbsp;&nbsp;&nbsp;&nbsp; 1 Slat. 17, 2-16<\/p>\n\n\n\n<p>Kum: Il-Mulej kellem lil Elija u qallu:<br>Alla: Qum u mur fil-belt li se nurik, u oqg\u0127od hemm. Jien ikkmandajt lil wa\u0127da armla minn hemm biex tag\u0127tik x\u2019tiekol.<br>Kum: Qam u mar il-belt li kien urieh il-Mulej. Kif wasal \u0127dejn il-bieb tal-belt, kien hemm wa\u0127da armla ti\u0121bor il-\u0127atab. Elija sej\u0127ilha u qalilha:<br>Elija: Jekk jog\u0127\u0121bok \u0121ibli f\u2019bieqja belg\u0127a ilma x\u2019nixrob!<br>Kum: Hi u sejra, Elija re\u0121a\u2019 sej\u0127ilha u qalilha :<br>Elija: Jekk jog\u0127\u0121bok, \u0121ibli wkoll kisra \u0127ob\u017c f\u2019idejk!<br>Armla: Ma g\u0127andi xejn x\u2019intik! Kull ma g\u0127andi hu ftit dqiq f\u2019\u0121arra u ftit \u017cejt fil-kus. Dan hu kull ma baqag\u0127li! Ara, qieg\u0127da ni\u0121bor bi\u010b\u010btejn \u0127atab; issa nlesti xi \u0127a\u0121a g\u0127alija u g\u0127al ibni. Meta nikluha nistg\u0127u immutu g\u0127ax xejn ma jkun baqag\u0127li!<br>Kum: Elija wie\u0121eb:<br>Elija: La tib\u017cax! Mur u ag\u0127mel kif g\u0127idtli; imma qabel ag\u0127mel ftira \u017cg\u0127ira g\u0127alija u \u0121ibhieli! G\u0127alik u g\u0127al ibnek a\u0127seb wara! G\u0127ax din hi l-Kelma tal-Mulej, Alla ta\u2019 Israel! Il-\u0121arra tad-dqiq ma tintemm qatt u l-kus ta\u017c-\u017cejt ma jitbattalx sa dak in-nhar li l-Mulej jibg\u0127at ix-xita fil-pajji\u017c.<br>Kum: U dik marret u g\u0127amlet kif qalilha Elija. Damu jieklu g\u0127al \u017cmien, hi u hu, u n-nies tad-dar tag\u0127ha wkoll. Il-\u0121arra tad-dqiq u l-kus ta\u017c-\u017cejt ma tbattlux. Kif kien qal il-Mulej permezz ta\u2019 Elija.<\/p>\n\n\n\n<p>Il-Kelma tal-Mulej<br>Inroddu \u0127ajr lil Alla.<\/p>\n\n\n\n<h4 class=\"wp-block-heading\">Salm Responsorjali  &nbsp;&nbsp;&nbsp;&nbsp;&nbsp;&nbsp;&nbsp;&nbsp;&nbsp;&nbsp;&nbsp;&nbsp;&nbsp;&nbsp;&nbsp;&nbsp;&nbsp;&nbsp;&nbsp;&nbsp;&nbsp;&nbsp;&nbsp;&nbsp;&nbsp;&nbsp;&nbsp;&nbsp;&nbsp;&nbsp;&nbsp;&nbsp;&nbsp;&nbsp;&nbsp;&nbsp;&nbsp;&nbsp;&nbsp;&nbsp;&nbsp;&nbsp;&nbsp;&nbsp;&nbsp;&nbsp; Salm 4<\/h4>\n\n\n\n<p>Rit: Mulej, grazzi tal-im\u0127abba tieg\u0127ek<br>We\u0121ibni meta nsejja\u0127lek<br>g\u0127inni, Mulej, meta nkun imdejjaq,<br>\u0127enn g\u0127alija u isma\u2019 t-talb tieg\u0127i. R\/.<\/p>\n\n\n\n<p>Kunu afu li l-Mulej<br>wera m\u0127abba kbira mieg\u0127i;<br>jismag\u0127ni l-Mulej meta nsejja\u0127lu. R\/.<\/p>\n\n\n\n<p>Hallelujah. Hallelujah<br>Marija marret fuq il-qaddejja u<br>qaltilhom jag\u0127mlu kull ma jg\u0127idilhom \u0120es\u00f9.<br>Hallelujah.<\/p>\n\n\n\n<h4 class=\"wp-block-heading\">Evan\u0121elju<\/h4>\n\n\n\n<p><br>\u0120es\u00f9, Marija u d-dixxipli kienu mistiedna g\u0127al tie\u0121. Marija tinduna li ma baqax inbid. G\u0127alhekk tmur fuq \u0120es\u00f9 u tg\u0127idlu xi \u0121ralhom. \u0120es\u00f9 jg\u0127inhom billi jibdel l-ilma f\u2019inbid.<\/p>\n\n\n\n<p>Qari mill-Evan\u0121elju skont San \u0120wann  &nbsp;&nbsp;&nbsp;&nbsp;&nbsp;&nbsp;&nbsp;&nbsp;&nbsp;&nbsp;&nbsp;&nbsp;&nbsp;&nbsp;&nbsp;&nbsp;&nbsp;&nbsp;&nbsp;&nbsp;&nbsp;&nbsp;&nbsp;&nbsp;&nbsp;&nbsp;&nbsp;&nbsp;&nbsp;&nbsp;&nbsp;&nbsp;&nbsp;&nbsp;&nbsp;&nbsp;&nbsp;&nbsp;&nbsp;&nbsp;&nbsp;&nbsp;&nbsp;&nbsp;&nbsp;&nbsp; \u0120w.2, 1-11<br>Kum: Sar tie\u0121 f\u2019Kana tal-Galilija, u omm \u0120es\u00f9 kienet hemm. \u0120es\u00f9 kien mistieden g\u0127at-tie\u0121 hu wkoll, flimkien mad-dixxipli tieg\u0127u. Billi ma kienx fadal i\u017cjed inbid, omm \u0120es\u00f9 qaltlu.<br>Marija: Ma g\u0127andhomx inbid<br>Kum: U \u0120es\u00f9 qalilha:<br>\u0120es\u00f9: A\u0127na x\u2019g\u0127andna x\u2019naqsmu, mara? Is-sieg\u0127a tieg\u0127i g\u0127adha ma waslitx!<br>Kum: Omm \u0120es\u00f9 qalet lill-qaddejja:<br>Marija: Ag\u0127mlu kull ma jg\u0127idilkom hu!<br>Kum: Issa kien hemm sitt \u0121arar tal-\u0127a\u0121ar, imqieg\u0127da hemm g\u0127all-\u0127asil ritwali tal-Lhud, kull wa\u0127da minnhom tesa\u2019 xi mitt jew mija u g\u0127oxrin litru. \u0120es\u00f9 qal lill-qaddejja.<br>\u0120es\u00f9: Imlew il-\u0121arar bl-ilma.<br>Kum: U dawk imlewhom sax-xfar. Imbag\u0127ad qalilhom.<br>\u0120es\u00f9: Issa \u0127udu minnu u newluh lil dak li qieg\u0127ed jie\u0127u \u0127sieb il-mejda.<br>Kum: U huma marru jag\u0127tuhulu. Hu daq l-ilma mibdul fi nbid; u billi ma kienx jaf mnejn \u0121ie, g\u0127alkemm il-qaddejja kienu jafu \u2013 sejja\u0127 lill-g\u0127arus u qallu:<br>Ra\u0121el: Kul\u0127add l-inbid it-tajjeb iservi l-ewwel; meta mbag\u0127ad ikun \u0127adhom, i\u0121ibu dak li jkun inqas tajjeb. Imma int l-inbid it-tajjeb erfajtu sa issa.<br>Kum: Dan li g\u0127amel \u0120es\u00f9 f\u2019Kana tal-Galilija kien l-ewwel wie\u0127ed fost is-sinjali tieg\u0127u. Wera l-glorja tieg\u0127u u d-dixxipli tieg\u0127u emmnu fih.<br><\/p>\n\n\n\n<p>Sa\u010b: Il-Kelma tal-Mulej<br>Tif\u0127ir lilek Kristu.<br><\/p>\n\n\n\n<h4 class=\"wp-block-heading\">Nag\u0127mlu t-Talbiet tag\u0127na<\/h4>\n\n\n\n<p>Fil-qari ta\u2019 llum rajna lil mara tg\u0127in lil Elija u lil Marija u lil \u0120es\u00f9 jg\u0127inu lill-g\u0127arajjes. Nitolbu lil Alla biex jg\u0127in lilna ng\u0127inu lill-o\u0127rajn.<br>G\u0127inni nitg\u0127allem ng\u0127id grazzi lil dawk kollha li j\u0127obbuni u jg\u0127inuni. Nitolbu.<br>G\u0127inni nag\u0127ti s-sehem tieg\u0127i biex il-familja tieg\u0127i tikber fil-g\u0127aqda u fl-im\u0127abba. Nitolbu.<br>Waqt il-log\u0127ob g\u0127allimni nilg\u0127ab mat-tfal kollha. Thallinix in\u0127alli barra lil dawk li ma jaqblux mieg\u0127i. Nitolbu.<br>G\u0127allimni n\u0127obb i\u017cjed biex inkun nista\u2019 ng\u0127in lill-o\u0127rajn a\u0127jar. Nitolbu.<br>Nirringrazzjaw lil Marija u nitolbuha biex b\u0127alha nkunu nistg\u0127u naraw x\u2019inhuma l-b\u017connijiet tan-nies li jkunu mag\u0127na. G\u0127alhekk ng\u0127idu flimkien: Sliema G\u0127alik&#8230;<\/p>\n\n\n\n<h4 class=\"wp-block-heading\">Talba fuq l-offerti<\/h4>\n\n\n\n<p>Mulej, ilqa\u2019 dan il-\u0127ob\u017c u nbid u ibdilhom fil-\u0120isem u d-Demm ta\u2019 \u0120es\u00f9. Nitolbuk biex \u0120es\u00f9 jg\u0127inna dejjem in\u0127obbu kif kien i\u0127obb Hu. Bl-istess Kristu Sidna. Ammen.<\/p>\n\n\n\n<h4 class=\"wp-block-heading\">Talba tal-a\u0127\u0127ar<\/h4>\n\n\n\n<p><br>Nitolbu<br>Nirringrazzjawk, Mulej, talli ltqajna flimkien, bejnietna u mieg\u0127ek. G\u0127inna biex b\u2019din it-tqarbina li g\u0127amilna nitg\u0127allmu ng\u0127inu lil xulxin. Dan nitolbuh b\u2019Ibnek \u0120es\u00f9 Kristu Sidna, li hu Alla, u mieg\u0127ek jg\u0127ix u jsaltan flimkien mal-Ispirtu s-Santu, g\u0127al dejjem ta\u2019 dejjem.<\/p>\n\n\n\n<p>Ikteb \u0127ames affarijiet li g\u0127amilt biex tg\u0127in fid-dar.<br>Ikteb \u017cew\u0121 affarijiet li g\u0127amilt fl-iskola biex tg\u0127in lil tifel\/tifla.<br>Ikteb \u0127a\u0121a wa\u0127da li g\u0127ax m\u2019g\u0127amilthiex, tifel\/tifla batew.<\/p>\n<\/div><\/div><\/div>\n\n\n\n<div class=\"wp-block-kadence-pane kt-accordion-pane kt-accordion-pane-6 kt-pane_d33ca1-14\"><div class=\"kt-accordion-header-wrap\"><button class=\"kt-blocks-accordion-header kt-acccordion-button-label-show\"><span class=\"kt-blocks-accordion-title-wrap\"><span class=\"kt-blocks-accordion-title\">G\u0127andi x\u2019nag\u0127mel<\/span><\/span><span class=\"kt-blocks-accordion-icon-trigger\"><\/span><\/button><\/div><div class=\"kt-accordion-panel kt-accordion-panel-hidden\"><div class=\"kt-accordion-panel-inner\">\n<h4 class=\"wp-block-heading\">Kolletta<\/h4>\n\n\n\n<p>Nitolbu<br>Missier \u0127anin, xi drabi a\u0127na nag\u0127tu kas \u0127afna i\u017cjed tal-b\u017connijiet tag\u0127na milli tal-o\u0127rajn. G\u0127allimna na\u0127sbu fil-\u0127ti\u0121ijiet ta\u2019 l-o\u0127rajn kif g\u0127allimtna int. B\u2019Ibnek \u0120es\u00f9 Kristu Sidna, li hu Alla, u mieg\u0127ek jg\u0127ix u jsaltan flimkien mal-Ispirtu s-Santu, g\u0127al dejjem ta\u2019 dejjem.<\/p>\n\n\n\n<h4 class=\"wp-block-heading\">Qari I<\/h4>\n\n\n\n<p>San Pawl u l-Maltin \u0127abbew lil xulxin u taw kas tal-b\u017connijiet ta\u2019 xulxin. San Pawl g\u0127allimna fuq \u0120es\u00f9 u fejjaq il-morda. Il-Maltin tawh fejn joqg\u0127od u x\u2019jiekol kemm meta kien hawn kif ukoll meta \u0121ie biex jitlaq.<\/p>\n\n\n\n<p>Qari mill-Atti tal-Appostli  &nbsp;&nbsp;&nbsp;&nbsp;&nbsp;&nbsp;&nbsp;&nbsp;&nbsp;&nbsp;&nbsp;&nbsp;&nbsp;&nbsp;&nbsp;&nbsp;&nbsp;&nbsp;&nbsp;&nbsp;&nbsp;&nbsp;&nbsp;&nbsp;&nbsp;&nbsp;&nbsp;&nbsp;&nbsp;&nbsp;&nbsp;&nbsp;&nbsp;&nbsp;&nbsp;&nbsp;&nbsp;&nbsp;&nbsp;&nbsp;&nbsp;&nbsp;&nbsp;&nbsp;&nbsp;&nbsp; Atti28, 1-2,7-10<br>Meta \u0127lisna mill-g\u0127arqa, sirna nafu li l-g\u017cira kien jisimg\u0127a Malta. In-nies tag\u0127ha \u0121iebu ru\u0127hom mag\u0127na bi \u0127lewwa liema b\u0127alha. Laqg\u0127una tajjeb. F\u2019dawk l-in\u0127awi kien hemm l-art tal-prin\u010bep tal-g\u017cira, li kien jismu Publiju. Dan laqag\u0127na bil-qalb kollha u \u017cammna g\u0127andu tlitt ijiem. Missier Publiju nzerta kien marid. Pawlu da\u0127al \u0127dej\u0127, g\u0127amel talba, qieg\u0127ed idejh fuqu u fejqu. Wara dan imbag\u0127ad bdew ukoll jersqu g\u0127andu l-morda l-o\u0127ra tal-\u0121\u017cira, u hu fejjaqhom. Tawna ukoll minn kull xorta ta\u2019 \u0121id meta \u0121ejna biex nitilqu, g\u0127abbewlna fuq il-\u0121ifen kull ma konna ne\u0127tie\u0121u.<br>Il-Kelma tal-Mulej<br>Inroddu \u0127ajr lil Alla<\/p>\n\n\n\n<h4 class=\"wp-block-heading\">Salm Responsorjali Salm 144<\/h4>\n\n\n\n<p>Rit Il-Mulej tajjeb u \u0127anin<\/p>\n\n\n\n<p>Kull jum imbierkek Mulej,<br>u nfa\u0127\u0127ar ismek g\u0127al dejjem ta\u2019 dejjem.<br>Kbir il-Mulej, u ta\u2019 min ifa\u0127\u0127ru, R.\/<\/p>\n\n\n\n<p>Il-Mulej tajjeb u \u0127anin u kollu tjieba.<br>Twajjeb il-Mulej ma\u2019 kul\u0127add<br>u l-\u0127niena tieg\u0127u hi akbar minn kull ma g\u0127amel R.\/<\/p>\n\n\n\n<p>Hallelujah. Hallelujah.<br>\u0120ust il-Mulej fl-im\u0121iba tieg\u0127u kollha,<br>Twajjeb fl-eg\u0127mil tieg\u0127u kollu.<br>Hallelujah<\/p>\n\n\n\n<h4 class=\"wp-block-heading\">Evan\u0121elju<\/h4>\n\n\n\n<p>\u0120es\u00f9 kien i\u0127obb u jag\u0127ti kas lil dawk ta\u2019 madwaru. Hu ried li wara li jitla\u2019 s-sema jkun hawn nies li jibqg\u0127u jg\u0127allmu u jag\u0127tu kas b\u0127alu. G\u0127alhekk jistedinna biex a\u0127na nitkellmu mal-\u0127bieb fuq kemm i\u0127obbna.<\/p>\n\n\n\n<p>Qari mill-Evan\u0121elju skont San Mattew  &nbsp;&nbsp;&nbsp;&nbsp;&nbsp;&nbsp;&nbsp;&nbsp;&nbsp;&nbsp;&nbsp;&nbsp;&nbsp;&nbsp;&nbsp;&nbsp;&nbsp;&nbsp;&nbsp;&nbsp;&nbsp;&nbsp;&nbsp;&nbsp;&nbsp;&nbsp;&nbsp;&nbsp;&nbsp;&nbsp;&nbsp;&nbsp;&nbsp;&nbsp;&nbsp;&nbsp;&nbsp;&nbsp;&nbsp;&nbsp;&nbsp;&nbsp;&nbsp;&nbsp;&nbsp;&nbsp; Mt.9, 35-38,10,1<\/p>\n\n\n\n<p>Kum: \u0120es\u00f9 dar l-ibliet u l-ir\u0127ula kollha jg\u0127allem fis-sinagogi, ixandar il-Bxara t-tajba tas-Saltna, u jfejjaq kull xorta ta\u2019 mard u \u2018l kull min kien nieqes minn sa\u0127\u0127tu. Ra n-nies u t\u0127assarhom, g\u0127ax kienu mdejqa u mitluqa b\u0127al ng\u0127a\u0121 bla rag\u0127aj. Imbag\u0127ad qal lid-dixxipli tieg\u0127u.<br>\u0120es\u00f9: Il-\u0127sad huwa kbir, i\u017cda l-\u0127addiema ftit. Itolbu mela lil Sid il-\u0127sad biex jibg\u0127at \u0127addiema g\u0127all-\u0127sad tieg\u0127u.<br>Kum: Sejja\u0127 lejh it-tnax-il dixxiplu tieg\u0127u u tahom is-setg\u0127a fuq l-ispirti \u0127\u017ciena biex ike\u010b\u010buhom, u jfejqu kull xorta ta\u2019 mard u \u2018l kull min kien nieqes minn sa\u0127\u0127tu.<br>Sa\u010b: Il-Kelma tal-Mulej.<br>Inroddu \u0127ajr lil Alla<\/p>\n\n\n\n<h4 class=\"wp-block-heading\">Nag\u0127mlu t-Talbiet tag\u0127na<\/h4>\n\n\n\n<p>\u0120es\u00f9 j\u0127obbna u jag\u0127ti kas tag\u0127na; nitolbu biex jg\u0127inna n\u0127obbu kif \u0127abb hu u wkoll nitolbuh jg\u0127inna nag\u0127tu kas tal-o\u0127rajn.<\/p>\n\n\n\n<p>Mulej g\u0127allimna nag\u0127rfu li biex in\u0127obbu u nag\u0127tu kas m\u2019hemmx b\u017conn nag\u0127mlu affarijiet kbar, bi\u017c\u017cejjed li nag\u0127mlu dawk l-affarijiet \u017cg\u0127ar ta\u2019 kuljum. Nitolbu.<\/p>\n\n\n\n<p>Nitolbuk g\u0127al dawk it-tfal li m\u2019g\u0127andhomx dar fejn joqog\u0127du u l-anqas x\u2019jieklu. G\u0127inhom jiltaqg\u0127u ma\u2019 nies li j\u0127obbuhom u li jag\u0127tu kas tal-\u0127ti\u0121ijiet tag\u0127hom ta\u2019 kuljum. Nitolbu.<\/p>\n\n\n\n<p>Grazzi tal-im\u0127abba li l-\u0121enituri g\u0127andhom lejna. G\u0127inna ma n\u017cidulhomx i\u017cjed xog\u0127ol. G\u0127alhekk g\u0127inni nitg\u0127allmu nirran\u0121aw l-kamra tieg\u0127na u nag\u0127mlu l-affarijiet li nu\u017ca f\u2019posthom. Nitolbu.<\/p>\n\n\n\n<p>Mulej ag\u0127mel li n\u017cur lin-nanniet u lill-\u0127bieb li huma morda biex nag\u0127mluhom fer\u0127ana. Nitolbu.<\/p>\n\n\n\n<p>Mulej g\u0127allimna nifhmu i\u017cjed il-kmandament tal-im\u0127abba biex ng\u0127ixu i\u017cjed fil-g\u0127aqda bejnietna u mieg\u0127ek. Bi Kristu Sidna.<\/p>\n\n\n\n<h4 class=\"wp-block-heading\">Talba fuq l-offerti<\/h4>\n\n\n\n<p>Mulej, f\u2019din l-offerta tag\u0127na tal-\u0127ob\u017c u tal-inbid int qed ter\u0121a\u2019 tag\u0127ti lilek innifsek lilna billi tibdilhom fil-\u0120isem u d-Demm tieg\u0127ek. G\u0127allimna naqsmu ma\u2019l-o\u0127rajn mid-doni li inti tag\u0127tina. Bi Kristu Sidna.<\/p>\n\n\n\n<h4 class=\"wp-block-heading\">Wara t-Tqarbin<\/h4>\n\n\n\n<p>Rit. Grazzi \u0120es\u00f9.<br>G\u0127inni ng\u0127id grazzi lil min jg\u0127inni. R.\/<br>G\u0127inni nkun \u0121eneru\u017c ma\u2019 kul\u0127add. R.\/<br>G\u0127inni nkun fil-\u0127in biex ma n\u0127alli lil \u0127add jistenna R.\/<br>G\u0127allimni nag\u0127raf id-dmirijiet tieg\u0127i fid-dar u fl-iskola u nag\u0127milhom. R.\/<\/p>\n\n\n\n<h4 class=\"wp-block-heading\">Talba tal-a\u0127\u0127ar<\/h4>\n\n\n\n<p>Grazzi Mulej, talli \u0127sibt fina u tajtna lilek innifsek fit-tqarbin. G\u0127inna nsibu \u0127in biex ng\u0127inu lill-o\u0127rajn u ag\u0127mel li b\u0127alek in\u0127ossu i\u017cjed fer\u0127 meta nag\u0127tu milli meta nir\u010bievu. Bi Kristu Sidna.<\/p>\n\n\n\n<p>\u0120es\u00f9 g\u0127allimni nieqaf u nara x\u2019inhuma l-b\u017connijiet tan-nies li qeg\u0127din \u0127dejja.<\/p>\n<\/div><\/div><\/div>\n\n\n\n<div class=\"wp-block-kadence-pane kt-accordion-pane kt-accordion-pane-7 kt-pane_ac3e5b-4e\"><div class=\"kt-accordion-header-wrap\"><button class=\"kt-blocks-accordion-header kt-acccordion-button-label-show\"><span class=\"kt-blocks-accordion-title-wrap\"><span class=\"kt-blocks-accordion-title\">Nikbru Flimkien<\/span><\/span><span class=\"kt-blocks-accordion-icon-trigger\"><\/span><\/button><\/div><div class=\"kt-accordion-panel kt-accordion-panel-hidden\"><div class=\"kt-accordion-panel-inner\">\n<h4 class=\"wp-block-heading\">Kolletta<\/h4>\n\n\n\n<p>Nitolbu<br>Alla Missier, nirringrazzjawk g\u0127all-\u0127bieb li g\u0127andna. G\u0127inna nikbru aktar fil-\u0127biberija tag\u0127na biex in\u0127obbuk aktar. Dan nitolbuh b\u2019Ibnek \u0120es\u00f9 Kristu Sidna, li hu Alla, u mieg\u0127ek jg\u0127ix u jsaltan flimkien mal-Ispirtu s-Santu, g\u0127al dejjem ta\u2019 dejjem.<\/p>\n\n\n\n<h4 class=\"wp-block-heading\">Introduzzjoni g\u0127all-Qari<\/h4>\n\n\n\n<p>Vu\u010bi 1 Daqqet il-qanpiena u kul\u0127add \u0127are\u0121 ji\u0121ri g\u0127all-\u201cbreak\u201d. Kien hemm tfal li qag\u0127du bilqieg\u0127da flimkien jieklu l- \u201cLunch\u201d, o\u0127rajn bdew jilag\u0127bu l-\u201cfootball\u201d u kien hemm min qag\u0127ad tiela\u2019 u nie\u017cel ma\u2019 \u0127adida li kien hemm fil- \u201cGround\u201d. F\u2019rokna kien hemm tifel wa\u0127du, rasu \u2018l isfel ma ried ikellem lil \u0127add. Staqsejt lit-tfal l-o\u0127ra jekk \u0121ratlux xi \u0127a\u0121a.<\/p>\n\n\n\n<p>Vu\u010bi 2 Ma \u0121ralu xejn<\/p>\n\n\n\n<p>Vu\u010bi 1 Mela g\u0127aliex qieg\u0127ed wa\u0127du u mhux qieg\u0127ed jilg\u0127ab mat-tfal l-o\u0127ra?<\/p>\n\n\n\n<p>Vu\u010bi 3 M\u2019g\u0127andux \u0127bieb, irid joqg\u0127od wa\u0127du.<\/p>\n\n\n\n<p>Vu\u010bi 2 Jg\u0127id li m\u2019g\u0127andu b\u017conn lil \u0127add. Il-\u0127bieb idejquh u mag\u0127hom ma jistax jag\u0127mel li jrid.<\/p>\n\n\n\n<p>Vu\u010bi 1 Intom x\u2019ta\u0127sbu? Veru li jg\u0127id?<\/p>\n\n\n\n<p>Vu\u010bi 2 Ma naqbilx mieg\u0127u.<\/p>\n\n\n\n<p>Vu\u010bi 3 Alla ma \u0127alaqniex biex ng\u0127ixu we\u0127idna. Iridna nkunu \u0127bieb. Jixtieq jarana ng\u0127inu lil xulxin u nikbru flimkien.<\/p>\n\n\n\n<p>Vu\u010bi 2 Meta nikbru niltaqg\u0127u ma\u2019 nies li j\u0127obbuna u jg\u0127inuna. Hemm il-\u0121enituri, it-teachers, il-qassis.<\/p>\n\n\n\n<p>Vu\u010bi 3 Meta nkunu morda hemm it-tabib u n-nurse.<\/p>\n\n\n\n<p>Vu\u010bi 1 Meta nitkellmu fuq min i\u0127obbna rridu bilfors niftakru f\u2019Alla. \u0126alaqna g\u0127ax \u0127abbna u qalilna li qieg\u0127ed dejjem mag\u0127na. Meta l-bnedmin ma baqg\u0127ux \u0127bieb tieg\u0127u u jaqblu bejniethom. Hu bag\u0127at lil Ibnu \u0120es\u00f9 fid-dinja. Fil-\u0127ajja tieg\u0127u \u0120es\u00f9 kien \u0127abib ma\u2019 kul\u0127add u kien jg\u0127in lil kul\u0127add. Hu g\u0127allimna li a\u0127na g\u0127andna nkunu \u0127bieb ta\u2019 xulxin u li Alla hu Missier ta\u2019 kul\u0127add.<\/p>\n\n\n\n<p>Fl-ewwel lezzjoni naqraw li l-\u0127bieb jag\u0127mluna fer\u0127ana. Fil-Van\u0121elju naqraw li \u0120es\u00f9 ried li n-nies ikunu \u0127bieb tieg\u0127u.<\/p>\n\n\n\n<p>Qari mill-Ktieb ta\u2019 Bin Sirak  &nbsp;&nbsp;&nbsp;&nbsp;&nbsp;&nbsp;&nbsp;&nbsp;&nbsp;&nbsp;&nbsp;&nbsp;&nbsp;&nbsp;&nbsp;&nbsp;&nbsp;&nbsp;&nbsp;&nbsp;&nbsp;&nbsp;&nbsp;&nbsp;&nbsp;&nbsp;&nbsp;&nbsp;&nbsp;&nbsp;&nbsp;&nbsp;&nbsp;&nbsp;&nbsp;&nbsp;&nbsp;&nbsp;&nbsp;&nbsp;&nbsp;&nbsp;&nbsp;&nbsp;&nbsp;&nbsp; Sir 6, 14-17<\/p>\n\n\n\n<p>\u0126abib tajjeb huwa kenn qawwi;<br>min jsib lilu jsib te\u017cor.<br>\u0126abib tajjeb m\u2019hemmx eg\u0127\u017ce\u017c minnu;<br>is-siwi tieg\u0127u u ma jistax jitqies<br>\u0126abib tajjeb huwa balzmu li jag\u0127ti l-\u0127ajja.<br>isibuh dawk li jib\u017cg\u0127u mill-Mulej.<br>Min jib\u017ca\u2019 mill-Mulej jag\u0127mel il-\u0127bieb sin\u010bieri,<br>g\u0127ax skont ma jkun hu, hekk ukoll ikun \u0127abibu<\/p>\n\n\n\n<p>Il-Kelma tal-Mulej<br>Inroddu \u0127ajr lil Alla<\/p>\n\n\n\n<p>Salm Responsorjali Salm 26<\/p>\n\n\n\n<p><br>Rit. Il-Mulej id-dawl tieg\u0127i.<\/p>\n\n\n\n<p>Il-Mulej id-dawl u s-salvazzjoni tieg\u0127i;<br>minn min g\u0127andi nib\u017ca\u2019? R.\/<\/p>\n\n\n\n<p>\u0126a\u0121a wa\u0127da tlabt lill-Mulej,<br>\u0127a\u0121a wa\u0127da nfittex:<br>li ng\u0127ix fid-dar tieg\u0127u<br>tul il-jiem kollha ta\u2019 \u0127ajti R.\/<\/p>\n\n\n\n<p>Hallelujah. Hallelujah. (Glorja u tif\u0127ir lilek, Kristu)<br>Intom \u0127biebi, jekk tag\u0127mlu dak li jien nikkmandakom.<br>Hallelujah. Hallelujah. (Glorja u tif\u0127ir lilek, Kristu)<\/p>\n\n\n\n<h4 class=\"wp-block-heading\">Evan\u0121elju<\/h4>\n\n\n\n<p>Qari mill-Evan\u0121elju ta\u2019 San Gwann \u0120w 15, 12-15,17<\/p>\n\n\n\n<p>\u0120es\u00f9 qal: \u0126add ma g\u0127andu m\u0127abba akbar minn din: li wie\u0127ed jag\u0127ti \u0127ajtu g\u0127al \u0127biebu. Intom \u0127biebi, jekk tag\u0127mlu dak li jien nikkmandakom. Ma nsej\u0127ilkomx aktar qaddejja, g\u0127ax il-qaddej ma jafx x\u2019jag\u0127mel sidu; sejja\u0127tilkom \u0127bieb, g\u0127aliex kull ma smajt ming\u0127and Missieri jien g\u0127arrafthulkom. Dan li qieg\u0127ed nikkmandakom: li t\u0127obbu lil xulxin.<\/p>\n\n\n\n<p>Il-Kelma tal-Mulej<br>Tif\u0127ir lilek Kristu<\/p>\n\n\n\n<h4 class=\"wp-block-heading\">Nag\u0127mlu t-talbiet tag\u0127na<\/h4>\n\n\n\n<p>\u0120es\u00f9 hu l-\u0127abib kbir tag\u0127na. Hu wera m\u0127abba spe\u010bjali lejn it-tfal u lill-Appostli qalilhom biex i\u0127allu lit-tfal imorru g\u0127andu. Waqt li nitolbu lil \u0120es\u00f9 jberikna nag\u0127mlu t-talbiet tag\u0127na.<br>Bierek lill-\u0121enituri tag\u0127na. G\u0127inhom i\u0127obbu i\u017cjed lil xulxin. Nitolbu.<br>Bierek lilna t-tfal waqt li qeg\u0127din nitolbu, nilag\u0127bu u nistudjaw Nitolbu.<br>Bierek lit-tfal li jg\u0127ixu we\u0127idhom, u fil-pajjizi fejn hemm il-gwerer. Nitolbu.<br>\u0120es\u00f9 inti trid li nkunu \u0127bieb. G\u0127inna biex qatt ma ni\u0121\u0121ieldu imma na\u0127fru lil xulxin dejjem. Bi Kristu Sidna.<\/p>\n\n\n\n<h4 class=\"wp-block-heading\">Talba fuq l-offerti<\/h4>\n\n\n\n<p>Il-\u0126ob\u017c u l-Inbid li \u0121ibna fuq l-artal se jinbidlu fil-\u0120isem u d-Demm ta\u2019 \u0120es\u00f9. \u0120es\u00f9 se jistedinna niltaqg\u0127u mieg\u0127u fit-tqarbin. G\u0127in lilna wkoll in\u0127obbu lit-tfal kollha li niltaqg\u0127u mag\u0127hom. Bi Kristu Sidna. Ammen.<\/p>\n\n\n\n<h4 class=\"wp-block-heading\">Ringrazzjament g\u0127at-Tqarbin<\/h4>\n\n\n\n<p>\u0120es\u00f9, grazzi tal-\u0127bieb li g\u0127andi;<\/p>\n\n\n\n<p>Il-\u0127bieb li hemm fl-iskola u li nitg\u0127allem mag\u0127hom.<br>Il-\u0127bieb li joqog\u0127du \u0127dejn id-dar u li nilag\u0127bu flimkien.<br>Il-\u0127bieb li niltaqa\u2019 mag\u0127hom fid-duttrina u nitlob mag\u0127hom.<br>Il-\u0127bieb li jisimg\u0127uni, ja\u0127fruli u jag\u0127mluni fer\u0127an.<\/p>\n\n\n\n<h4 class=\"wp-block-heading\">Talba tal-a\u0127\u0127ar<\/h4>\n\n\n\n<p>Nitolbu<br>Mulej, issa li r\u010bevejna lil \u0120es\u00f9 \u0121ewwa fina, g\u0127inna nibqg\u0127u nir\u010bevuh ta\u2019 spiss biex nibqg\u0127u \u0127bieb kbar tieg\u0127u. Dan nitolbuh b\u2019Ibnek \u0120es\u00f9 Kristu Sidna, li hu Alla, u mieg\u0127ek jg\u0127ix u jsaltan flimkien mal-Ispirtu s-Santu, g\u0127al dejjem ta\u2019 dejjem.<\/p>\n\n\n\n<p>Meta tiltaqa\u2019ma\u2019 \u0127abib, kif i\u0121\u0121ib ru\u0127ek?<\/p>\n\n\n\n<p>Ma tag\u0127tix kas tieg\u0127u u titlaq wa\u0127dek?<br>Tilg\u0127ab ma\u2019 \u0127uk jew o\u0127tok, u t\u0127alli\u0127 i\u0127ares lejk?<br>Ti\u0121\u0121ieled mieg\u0127u?<br>Tilqg\u0127u u tibdew tilag\u0127bu u tie\u0127du pja\u010bir flimkien?<\/p>\n\n\n\n<p>Kif i\u0121\u0121ib ru\u0127ek jekk tmur id-dar ta\u2019 \u0127abib tieg\u0127ek u jg\u0127idlek:<\/p>\n\n\n\n<p>\u201cTista\u2019 tg\u0127addi. Imma llum g\u0127andi \u0127afna x\u2019nag\u0127mel g\u0127ax il-log\u0127ba li qieg\u0127ed nilg\u0127ab, jilg\u0127abha tifel wie\u0127ed.<\/p>\n\n\n\n<p>G\u0127alhekk sakemm nispi\u010b\u010ba, oqg\u0127od ara t-TV jew ejja arani nilg\u0127ab.<\/p>\n\n\n\n<p>Kif t\u0127ossok?\u2026\u2026\u2026\u2026\u2026\u2026\u2026\u2026\u2026.<\/p>\n\n\n\n<p>\u0120es\u00f9 g\u0127allimni n\u0127obb lill-\u0127bieb tieg\u0127i<\/p>\n<\/div><\/div><\/div>\n\n\n\n<div class=\"wp-block-kadence-pane kt-accordion-pane kt-accordion-pane-8 kt-pane_93316b-f5\"><div class=\"kt-accordion-header-wrap\"><button class=\"kt-blocks-accordion-header kt-acccordion-button-label-show\"><span class=\"kt-blocks-accordion-title-wrap\"><span class=\"kt-blocks-accordion-title\">Mistieden<\/span><\/span><span class=\"kt-blocks-accordion-icon-trigger\"><\/span><\/button><\/div><div class=\"kt-accordion-panel kt-accordion-panel-hidden\"><div class=\"kt-accordion-panel-inner\">\n<p>F\u2019dawn il-\u0121ranet tar-Randan nistiednek tiftakar i\u017cjed fl-im\u0127abba ta\u2019 Alla. Dan tag\u0127mlu g\u0127ax titlob, tisma\u2019 l-Kelma ta\u2019 Alla, tg\u0127in lil min hu fil-b\u017conn u titlob ma\u0127fra g\u0127an-nuqqasijiet tieg\u0127ek. <\/p>\n\n\n\n<h4 class=\"wp-block-heading\">Kolletta<\/h4>\n\n\n\n<p>Nitolbu<br>Mulej, fir-Randan a\u0127na mistiedna biex ma nag\u0127mlux xi affarijiet li n\u0127obbu nag\u0127mlu. G\u0127inna biex waqt li ni\u010b\u010ba\u0127\u0127du minn dawn l-affarijiet, nitg\u0127allmu nag\u0127\u017clu t-tajjeb u nwarrbu l-\u0127a\u017cin. B\u2019Ibnek \u0120es\u00f9 Kristu Sidna, li hu Alla u mieg\u0127ek jg\u0127ix u jsaltan flimkien mal-Ispirtu s-Santu g\u0127al dejjem ta\u2019 dejjem. Ammen.<\/p>\n\n\n\n<h4 class=\"wp-block-heading\">Qari<\/h4>\n\n\n\n<p>Qari mill-Ittra ta\u2019 San Pawl Appostlu lill-Filippin Fil 2, 13-16<br>Alla hu mag\u0127kom u jg\u0127inkom tag\u0127mlu dak li jog\u0127\u0121ob lilu. Ag\u0127mlu kollox ming\u0127ajr tgergir u ming\u0127ajr tlaqliq. Kunu nies li ma tag\u0127mlux dak li hu \u0127a\u017cin. Ag\u0127mlu dak li hu tajjeb. Uru li intom ulied Alla wkoll meta tiltaqg\u0127u ma\u2019 nies li jag\u0127mlu l-\u0127a\u017cin. Uruhom li Alla j\u0127obbhom. Fil-\u0127ajja tag\u0127kom imxu dejjem fuq it-tag\u0127lim ta\u2019 \u0120es\u00f9.<\/p>\n\n\n\n<p>Il-Kelma tal-Mulej<br>Inroddu \u0127ajr lil Alla<\/p>\n\n\n\n<p>Salm Responsorjali Salm 112<\/p>\n\n\n\n<p>Rit. Fa\u0127\u0127ru isem il-Mulej<\/p>\n\n\n\n<p>Tajjeb il-bniedem li j\u0127enn u jislef,<br>li jimxi tajjeb R.\/<\/p>\n\n\n\n<p>Il-bniedem tajjeb ma jitfixkilx,<br>ma jib\u017cax meta jiltaqa\u2019 ma\u2019 affarijiet \u0127\u017ciena R.\/<\/p>\n\n\n\n<p>Imbierek il-bniedem li jag\u0127\u017cel il-kmandamenti tal-Mulej.,<br>qatt ma jaqta\u2019 qalbu g\u0127ax jafda f\u2019Alla R.\/<\/p>\n\n\n\n<p>Glorja u tif\u0127ir lilek Kristu.<br>Kull darba li ng\u0127inu lil xulxin nuru l-im\u0127abba tag\u0127na lejn Alla.<br>Glorja u tif\u0127ir lilek Kristu.<\/p>\n\n\n\n<h4 class=\"wp-block-heading\">Evan\u0121elju<\/h4>\n\n\n\n<p>I\u017c-\u017cew\u0121 siltiet li se naqraw issa juruna li biex nog\u0127\u0121ob lil \u0120es\u00f9 irrid nisma\u2019 l-kelma tieg\u0127u u ng\u0127in lil min hu fil-b\u017conn.<\/p>\n\n\n\n<p>Qari mill-Evan\u0121elju ta\u2019 San Luqa Lq 10, 38-42<\/p>\n\n\n\n<p>\u0120es\u00f9 da\u0127al f\u2019ra\u0127al u laqg\u0127etu wa\u0127da mara jisimha Marta. Din kellha o\u0127tha, jisimha Marija, li ni\u017clet bilqieg\u0127da f\u2019ri\u0121lejn \u0120es\u00f9 tisimg\u0127u x\u2019kien qieg\u0127ed ig\u0127id. I\u017cda Marta kienet mo\u0127\u0127ha fuq il-\u0127afna xog\u0127ol tad-dar.<\/p>\n\n\n\n<p>Imbag\u0127ad resqet u qaltlu: \u201cMulej, mintix tara kif o\u0127ti \u0127alliet ix-xog\u0127ol kollu fuqi biss? Mela g\u0127idilha taqbad tag\u0127mel xi \u0127a\u0121a mieg\u0127i!\u201d Qabe\u017c \u0120es\u00f9 u qalilha: \u201cMarta, Marta, inti tie\u0127u rasek u tinwieta fuq \u0127afna \u0127wejje\u0121; imma \u0127a\u0121a wa\u0127da hi me\u0127tie\u0121a. Hi Marija li g\u0127a\u017clet l-a\u0127jar\u201d.<\/p>\n\n\n\n<p>Il-Kelma tal-Mulej.<br>Tif\u0127ir lilek Kristu<br><\/p>\n\n\n\n<p>u\/Jew<\/p>\n\n\n\n<p>Qari mill-Evan\u0121elju ta\u2019 San Luqa Lq. 10; 30-37<\/p>\n\n\n\n<p>Kum: \u0120es\u00f9 qal din il-parrabbola: \u201cWie\u0127ed ra\u0121el kien nie\u017cel \u0120eriko minn \u0120erusalem u l-\u0127allelin sawtuh, ne\u017c\u017cg\u0127uh u telqu, u \u0127allewh nofsu mejjet. Minn dik it-triq kienu ne\u017clin qassis u levita, meta waslu \u0127dejh u rawh g\u0127addew minn mal-\u0121enb u baqg\u0127u sejrin. G\u0127adda minn hemm wie\u0127ed Samaritan, wasal \u0127dejh, rah u t\u0127assru. Resaq lejh, dewwielu l-\u0121rie\u0127i u rabathomlu. Imbag\u0127ad \u0127adu mieg\u0127u, wasslu f\u2019lukanda u \u0127a \u0127siebu. L-g\u0127ada \u0127are\u0121 il-flus u tahom lil tal-lukanda.<\/p>\n\n\n\n<p>Samaritan: \u2018\u0126u \u0127siebu; jekk tonfoq xi \u0127a\u0121a i\u017cjed, nag\u0127tihielek jien meta ner\u0121a\u2019 ng\u0127addi\u2019.<\/p>\n\n\n\n<p>\u0120es\u00f9: \u201cMinn dawn it-tlieta, int min jidhirlek li wera m\u0127abba ma\u2019 dak li waqa\u2019 f\u2019idejn il-\u0127allelin?\u201d<\/p>\n\n\n\n<p>Ra\u0121el: \u201cMin \u0127enn g\u0127alih\u201d<\/p>\n\n\n\n<p>\u0120es\u00f9: \u201cMur u ag\u0127mel hekk int wkoll.\u201d<\/p>\n\n\n\n<p>Sa\u010b: Il-Kelma tal-Mulej.<br>Tif\u0127ir lilek Kristu.<\/p>\n\n\n\n<h4 class=\"wp-block-heading\">Talba fuq l-offerti<\/h4>\n\n\n\n<p>Fil-\u0127niena tieg\u0127ek, Mulej, ilqa\u2019 l-offerti li \u0121ibna fuq l-artal. Ag\u0127tina l-ma\u0127fra tieg\u0127ek biex insiru aktar \u0127bieb tieg\u0127ek. Bi Kristu Sidna.<\/p>\n\n\n\n<h4 class=\"wp-block-heading\">Talba tal-a\u0127\u0127ar<\/h4>\n\n\n\n<p>Mulej, iltqajna ma\u2019 \u0120es\u00f9 fil-qari g\u0127ax smajna l-kelma tieg\u0127u u r\u010bevejnieh fit-tqarbin. G\u0127inna biex dawn il-\u0121ranet tar-Randan nuru dejjem kemm hi kbira l-im\u0127abba tieg\u0127ek lejna l-bnedmin. Bi Kristu Sidna.<\/p>\n<\/div><\/div><\/div>\n\n\n\n<div class=\"wp-block-kadence-pane kt-accordion-pane kt-accordion-pane-9 kt-pane_caf518-fe\"><div class=\"kt-accordion-header-wrap\"><button class=\"kt-blocks-accordion-header kt-acccordion-button-label-show\"><span class=\"kt-blocks-accordion-title-wrap\"><span class=\"kt-blocks-accordion-title\">\u0120es\u00f9 Qam<\/span><\/span><span class=\"kt-blocks-accordion-icon-trigger\"><\/span><\/button><\/div><div class=\"kt-accordion-panel kt-accordion-panel-hidden\"><div class=\"kt-accordion-panel-inner\">\n<h4 class=\"wp-block-heading\">Bidu tal-Quddiesa&nbsp;<\/h4>\n\n\n\n<p>Wara li \u0120es\u00f9 miet, l-appostli be\u017cg\u0127u li kien se jitlaqhom we\u0127idhom. \u0120es\u00f9 qam, raw\u0127, kellimhom u kiel mag\u0127hom. Jg\u0127idilhom li g\u0127alkemm mhux se jibqg\u0127u jarawh Hu kien se jibqa\u2019 mag\u0127hom g\u0127ax meta jmur, jibg\u0127at l-Ispirtu s-Santu biex jifhmu dak li g\u0127allimhom. \u0120es\u00f9 jrid ikun mag\u0127na issa li n\u0121barna biex nie\u0127du sehem fil-quddiesa. \u0126a nuru l-im\u0127abba tag\u0127na&nbsp; lejh billi na\u0127sbu fil-\u0127tijiet tag\u0127na u nitolbuh ja\u0127frilna.<\/p>\n\n\n\n<p>Int li stedint lill-appostli biex jimxu warajk.<\/p>\n\n\n\n<p>Mulej \u0126niena<\/p>\n\n\n\n<p>Int li weg\u0127edt lill-appostli li se tibqa\u2019 mag\u0127hom.&nbsp;<\/p>\n\n\n\n<p>Kristu \u0126niena<\/p>\n\n\n\n<p>Int li bg\u0127att lill-Ispirtu s-Santu biex jg\u0127inna nifhmu dak li g\u0127allimt&nbsp;<\/p>\n\n\n\n<p>Mulej \u0126niena<\/p>\n\n\n\n<p>I\u0127enn g\u0127alina Alla li jista\u2019 kollox, ja\u0127frilna dnubietna, u jwassalna fil-\u0127ajja ta\u2019 dejjem. Ammen<\/p>\n\n\n\n<h4 class=\"wp-block-heading\">Kolletta<\/h4>\n\n\n\n<p>Nitolbu<\/p>\n\n\n\n<p>Mulej, int qajjimt lil \u0120es\u00f9 mill-mewt. Qajjem lilna biex fil-\u0127ajja tag\u0127na nag\u0127\u017clu dejjem it-tag\u0127lim ta\u2019 \u0120es\u00f9 li mieg\u0127ek ig\u0127ix u jsaltan flimkien mal-Ispirtu s-Santu g\u0127al dejjem ta\u2019 dejjem. Ammen.<\/p>\n\n\n\n<h4 class=\"wp-block-heading\">Qari<\/h4>\n\n\n\n<p>Qari mill-Atti tal-Appostli&nbsp;&nbsp;&nbsp;&nbsp;&nbsp;&nbsp;&nbsp;&nbsp;&nbsp;&nbsp;&nbsp;&nbsp;&nbsp;&nbsp;&nbsp;&nbsp;&nbsp;&nbsp;&nbsp;&nbsp;&nbsp;&nbsp;&nbsp;&nbsp;&nbsp;&nbsp;&nbsp;&nbsp;&nbsp;&nbsp;&nbsp;&nbsp;&nbsp;&nbsp;&nbsp;&nbsp; Att 1, 13, 14<\/p>\n\n\n\n<p>Wara li \u0120es\u00f9 tela s-sema, il-\u0127bieb tieg\u0127u re\u0121g\u0127u lura \u0120erusalem u marru fid-dar fejn kienu joqg\u0127du. Dawn kienu ma\u2019 Pietru u \u0120wanni, \u0120akbu u Indri\u2019, Filippu u Tumas, Bartilmew u Mattew, \u0120akbu, Xmun u \u0120uda. Qalb wa\u0127da flimkien qag\u0127du jitolbu ma\u2019 xi nisa u ma\u2019 Marija Omm \u0120es\u00f9.<\/p>\n\n\n\n<p>Il-Kelma tal-Mulej<br>Inroddu \u0127ajr lil Alla<\/p>\n\n\n\n<h4 class=\"wp-block-heading\">Salm Responsorjali&nbsp;&nbsp;&nbsp;&nbsp;&nbsp;&nbsp;&nbsp;&nbsp;&nbsp;&nbsp;&nbsp;&nbsp;&nbsp;&nbsp;&nbsp;&nbsp;&nbsp;&nbsp;&nbsp;&nbsp;&nbsp;&nbsp;&nbsp;&nbsp;&nbsp;&nbsp;&nbsp;&nbsp;&nbsp;&nbsp;&nbsp;&nbsp;&nbsp;&nbsp;&nbsp;&nbsp;&nbsp;&nbsp;&nbsp;&nbsp;&nbsp;&nbsp;&nbsp;&nbsp;&nbsp;&nbsp; Salm 46<\/h4>\n\n\n\n<p>Rit: G\u0127ajtu bil-fer\u0127 lil Alla<\/p>\n\n\n\n<p>Nies kollha, \u010bap\u010bpu idejkom,<br>g\u0127ajtu b\u2019le\u0127en ta\u2019 fer\u0127 lil Alla!<br>G\u0127ax il-Mulej hu sultan fuq l-art kollha. &nbsp;&nbsp;&nbsp;&nbsp;&nbsp; R.\/<\/p>\n\n\n\n<p>Tela\u2019 Alla b\u2019g\u0127ajat ta\u2019 fer\u0127,<br>G\u0127annu lil Alla,<br>G\u0127annu lis-sultan tag\u0127na&nbsp;&nbsp;&nbsp;&nbsp;&nbsp;&nbsp;&nbsp;&nbsp;&nbsp; R.\/<\/p>\n\n\n\n<p>Isaltan Alla fuq il-bnedmin kollha,<br>joqg\u0127od Alla fuq it-tron qaddis tieg\u0127u. &nbsp;&nbsp;&nbsp;&nbsp;&nbsp;&nbsp;&nbsp; R\/.<\/p>\n\n\n\n<p>Hallelujah. Halleluajh<br>\u0120es\u00f9 qam mill-mewt,<br>\u0127a nifir\u0127u u nirringrazjawh<br>Hallelujah<\/p>\n\n\n\n<h4 class=\"wp-block-heading\">Evan\u0121elju<\/h4>\n\n\n\n<p>Qari mill-Evan\u0121elju ta\u2019 San Mark&nbsp;&nbsp;&nbsp;&nbsp;&nbsp;&nbsp;&nbsp;&nbsp;&nbsp;&nbsp;&nbsp;&nbsp;&nbsp;&nbsp;&nbsp;&nbsp;&nbsp;&nbsp;&nbsp;&nbsp;&nbsp;&nbsp;&nbsp;&nbsp;&nbsp; Mk. 16, 2-8<\/p>\n\n\n\n<p>Il-\u0126add, filg\u0127odu kmieni, kif telg\u0127et ix-xemx, Marija ta\u2019 Magdala, Marija omm \u0120akbu, u Salome marru \u0127dejn il-qabar fejn po\u0121\u0121ew lil \u0120es\u00f9. Waqt li kienu mexjin bdew jistaqsu lil xulxin min kien se jne\u0127\u0127ilhom il-\u0121ebla minn quddiem il-qabar. Meta waslu sabu li l-\u0121ebla kienet tne\u0127\u0127iet. Da\u0127lu&nbsp; fil-qabar u raw \u017cag\u0127\u017cug\u0127 liebes libsa bajda, u n\u0127asdu. Hu qalilhom: \u201cXejn la tin\u0127asdu. Qeg\u0127din tfittxu lil \u0120es\u00f9 li kien imsallab? Qam mill-mewt, mhux qieg\u0127ed hawn. \u0126arsu lejn il-post fejn qeg\u0127duh. Morru g\u0127idu lid-dixxipli tieg\u0127u u lil Pietru li se jiltaqg\u0127u mieg\u0127u fil-Galilija.\u201d<\/p>\n\n\n\n<p>Il-Kelma tal-Mulej<br>Tif\u0127ir lilek Kristu.<\/p>\n\n\n\n<h4 class=\"wp-block-heading\">Talba fuq l-offerti<\/h4>\n\n\n\n<p>Ag\u0127mel, Mulej li l-offerti li \u0121ibna fuq l-artal jag\u0127mluna fer\u0127anin g\u0127ax nafu li a\u0127na wkoll g\u0127ad inqumu flimkien ma\u2019 \u0120es\u00f9 u nkunu fer\u0127anin mieg\u0127u. Bi Kristu Sidna. Ammen.<\/p>\n\n\n\n<h4 class=\"wp-block-heading\">Talba tal-a\u0127\u0127ar<\/h4>\n\n\n\n<p>Mulej, nirringrazzjawk li ltqajna ma\u2019 \u0120es\u00f9 li baqa\u2019 mag\u0127na fl-Ewkaristija. G\u0127inna nitkellmu mal-\u0127bieb tag\u0127na fuq l-im\u0127abba li \u0120es\u00f9 g\u0127andu g\u0127alina. Hu li jg\u0127ix u jsaltan g\u0127al dejjem ta\u2019 dejjem. Ammen.<\/p>\n\n\n\n<p><\/p>\n<\/div><\/div><\/div>\n\n\n\n<div class=\"wp-block-kadence-pane kt-accordion-pane kt-accordion-pane-10 kt-pane_60486b-0f\"><div class=\"kt-accordion-header-wrap\"><button class=\"kt-blocks-accordion-header kt-acccordion-button-label-show\"><span class=\"kt-blocks-accordion-title-wrap\"><span class=\"kt-blocks-accordion-title\">\u0120es\u00f9 baqa\u2019 mag\u0127na<\/span><\/span><span class=\"kt-blocks-accordion-icon-trigger\"><\/span><\/button><\/div><div class=\"kt-accordion-panel kt-accordion-panel-hidden\"><div class=\"kt-accordion-panel-inner\">\n<h4 class=\"wp-block-heading\">Fil-Bidu tal-Quddiesa<\/h4>\n\n\n\n<p>Infa\u0127\u0127ru lil Alla l-Missier g\u0127ax bag\u0127at lil Ibnu \u0120es\u00f9 fostna biex a\u0127na nsiru \u0127bieb mieg\u0127u u bejnietna. Infa\u0127\u0127ruh ukoll g\u0127ax baqa\u2019 mag\u0127na biex jg\u0127inna n\u0127obbuh.<\/p>\n\n\n\n<p>Int li kont t\u0127obb \u0127afna lit-tfal. &nbsp;&nbsp;&nbsp;&nbsp;&nbsp;&nbsp;&nbsp;&nbsp;&nbsp;&nbsp;&nbsp;&nbsp;&nbsp;&nbsp;&nbsp;&nbsp;&nbsp;&nbsp;&nbsp;&nbsp;&nbsp;&nbsp;&nbsp;&nbsp;&nbsp;&nbsp;&nbsp;&nbsp;&nbsp;&nbsp;&nbsp;&nbsp;&nbsp;&nbsp;&nbsp;&nbsp;&nbsp;&nbsp;&nbsp;&nbsp; Mulej \u0127niena<br>Int li g\u0127allimtna n\u0127obbu lill-o\u0127rajn&nbsp;&nbsp;&nbsp;&nbsp;&nbsp;&nbsp;&nbsp;&nbsp;&nbsp;&nbsp;&nbsp;&nbsp;&nbsp;&nbsp;&nbsp;&nbsp;&nbsp;&nbsp;&nbsp;&nbsp;&nbsp;&nbsp;&nbsp;&nbsp;&nbsp;&nbsp;&nbsp;&nbsp;&nbsp;&nbsp;&nbsp;&nbsp;&nbsp; Kristu \u0127niena<br>Int li ta\u0127fer lil dawk li ma jimxux fuq it-tag\u0127lim tieg\u0127ek&nbsp;&nbsp;Mulej \u0127niena<br>Int li tajtna lilek innifsek fit-tqarbin&nbsp;&nbsp;&nbsp;&nbsp;&nbsp;&nbsp;&nbsp;&nbsp;&nbsp;&nbsp;&nbsp;&nbsp;&nbsp;&nbsp;&nbsp;&nbsp;&nbsp;&nbsp;&nbsp;&nbsp;&nbsp;&nbsp;&nbsp;&nbsp;&nbsp;&nbsp;&nbsp;&nbsp;&nbsp;&nbsp;&nbsp;&nbsp;  Kristu \u0127niena<\/p>\n\n\n\n<h4 class=\"wp-block-heading\">Introduzzjoni g\u0127all-qari<\/h4>\n\n\n\n<p>T.1&nbsp;&nbsp;&nbsp; Kemm \u0127adt pja\u010bir fil-party ta\u2019\u2026<br>T.2&nbsp;&nbsp;&nbsp; Veru. \u0126adt pja\u010bir g\u0127ax kul\u0127add lag\u0127ab flimkien u ftehemna bejnietna.<br>T.3&nbsp;&nbsp;&nbsp; Meta nkun id-dar il-\u0121enituri mhux dejjem jilag\u0127bu mieg\u0127i u lanqas jisimg\u0127u dak li nkun irrid ng\u0127idilhom. G\u0127alhekk \u0127adt gost g\u0127ax mag\u0127na lag\u0127bu wkoll il-\u0121enituri.<\/p>\n\n\n\n<h4 class=\"wp-block-heading\">Kolletta<\/h4>\n\n\n\n<p>Nitolbu<br>Grazzi, Mulej, talli tistedinna biex ng\u0127ixu flimkien u ng\u0127inu lil xulxin.<br>G\u0127inna nkunu dejjem bi tbissima biex inferr\u0127u lin-nies li niltaqg\u0127u mag\u0127hom.<br>Dan nitolbuh, b\u2019Ibnek \u0120es\u00f9 Kristu Sidna li jg\u0127ix u jsaltan flimkien mal-Ispirtu <br>s-Santu, g\u0127al dejjem ta\u2019 dejjem.<\/p>\n\n\n\n<h4 class=\"wp-block-heading\">Qari I<\/h4>\n\n\n\n<p>Qari mill-Atti tal-Appostli&nbsp;&nbsp;&nbsp;&nbsp;&nbsp;&nbsp;&nbsp;&nbsp;&nbsp;&nbsp;&nbsp;&nbsp;&nbsp;&nbsp;&nbsp;&nbsp;&nbsp;&nbsp;&nbsp;&nbsp;&nbsp;&nbsp;&nbsp;&nbsp;&nbsp;&nbsp;&nbsp;&nbsp;&nbsp;&nbsp;&nbsp;&nbsp;&nbsp;&nbsp;&nbsp;&nbsp;                     Att 2, 42-47<\/p>\n\n\n\n<p>L-insara kienu jimxu fuq it-tag\u0127lim tal-appostli; jg\u0127ixu f\u2019g\u0127aqda bejniethom; jie\u0127du sehem <br>fl-Ewkaristija u jitolbu flimkien.<\/p>\n\n\n\n<p>L-appostli kienu jag\u0127mlu \u0127afna mirakli u dawk kollha li emmnu kienu \u0127a\u0121a wa\u0127da, u kienu jaqsmu kollox bejniethom, ibig\u0127u \u0121idhom u kull ma&nbsp; kellhom u jaqsmu l-flus li jda\u0127\u0127lu bejn&nbsp; kul\u0127add, skont il-b\u017conn ta\u2019 kull wie\u0127ed. Kuljum kienu jmorru fit-tempju flimkien u jfa\u0127\u0127ru \u2018l Alla u l-poplu kollu kien jirrispettahom.<\/p>\n\n\n\n<p>Il-Kelma tal-Mulej<br>Inroddu \u0127ajr lil Alla.<\/p>\n\n\n\n<h4 class=\"wp-block-heading\">Salm Responsorjali&nbsp;&nbsp;&nbsp;&nbsp;&nbsp;&nbsp;&nbsp;&nbsp;&nbsp;&nbsp;&nbsp;&nbsp;&nbsp;&nbsp;&nbsp;&nbsp;&nbsp;&nbsp;&nbsp;&nbsp;&nbsp;&nbsp;&nbsp;&nbsp;&nbsp;&nbsp;&nbsp;&nbsp;&nbsp;&nbsp;&nbsp;&nbsp;&nbsp;&nbsp;&nbsp;&nbsp;&nbsp;&nbsp;&nbsp;&nbsp;&nbsp;&nbsp;&nbsp;&nbsp;&nbsp;&nbsp;&nbsp;&nbsp;&nbsp;&nbsp;&nbsp;&nbsp;&nbsp;&nbsp;&nbsp;&nbsp;&nbsp;&nbsp;&nbsp;&nbsp;&nbsp;&nbsp;&nbsp;&nbsp;&nbsp; Salm 95<\/h4>\n\n\n\n<p>Rit.&nbsp;&nbsp;&nbsp; G\u0127ajtu bil-fer\u0127 lil Alla<\/p>\n\n\n\n<p>Bil-kant u bl-g\u0127ajat, <br>kul\u0127add ifa\u0127\u0127ar lill Mulej. &nbsp;&nbsp;&nbsp;&nbsp;&nbsp;&nbsp;&nbsp;&nbsp;&nbsp;&nbsp;&nbsp;&nbsp;&nbsp;&nbsp;&nbsp;&nbsp;&nbsp;&nbsp;&nbsp;&nbsp;&nbsp;&nbsp;&nbsp;R\/<\/p>\n\n\n\n<p>Nuru l-im\u0127abba li Alla <br>g\u0127andu g\u0127al kull wie\u0127ed minna &nbsp;&nbsp;&nbsp;&nbsp;&nbsp;&nbsp;&nbsp;&nbsp;&nbsp;&nbsp;&nbsp;&nbsp; R\/<\/p>\n\n\n\n<p>Il-Mulej imexxina, \u0127a nag\u0127\u017clu dejjem <br>li nimxu fuq it-tag\u0127lim tieg\u0127u &nbsp;&nbsp;&nbsp;&nbsp;&nbsp;&nbsp;&nbsp;&nbsp;&nbsp;&nbsp;&nbsp;      R.\/<\/p>\n\n\n\n<p>u\/jew<\/p>\n\n\n\n<h4 class=\"wp-block-heading\">Qari II<\/h4>\n\n\n\n<p>Qari mill-Ewwel Ittra ta\u2019 San Pawl Appostlu lill-Korintin&nbsp;&nbsp;&nbsp;&nbsp;&nbsp;&nbsp;&nbsp;&nbsp;&nbsp; 1Kor 11, 23-26<\/p>\n\n\n\n<p>\u0126uti, jien ir\u010bevejt ming\u0127and il-Mulej it-tag\u0127lim li g\u0127addejt lilkom. \u0120es\u00f9 fil-lejl li fih kien ittradut, \u0127a l-\u0127ob\u017c u, wara li radd il-\u0127ajr, qasmu u qal: \u201cDan hu \u0121ismi li jing\u0127ata g\u0127alikom; ag\u0127mlu dan b\u2019tifkira tieg\u0127i\u201d.<\/p>\n\n\n\n<p>Hekk ukoll, wara li kiel, \u0127a l-kal\u010bi u qal:<\/p>\n\n\n\n<p>\u201cDan hu l-kal\u010bi tal-patt il-\u0121did b\u2019demmi; kull meta tixorbu, ag\u0127mlu dan b\u2019tifkira tieg\u0127i\u201d. Mela kull meta tieklu dan il-\u0127ob\u017c u tixorbu dan il-kal\u010bi, intom ixxandru l-mewt tal-Mulej, sa ma ji\u0121i.<\/p>\n\n\n\n<p>Il-Kelma tal-Mulej.<br>Inroddu \u0127ajr lil Alla<\/p>\n\n\n\n<p>Hallelujah, Hallelujah<br>Infa\u0127\u0127rek, Missier, Sid is-sema u l-art,<br>G\u0127ax kellimt li\u017c-\u017cg\u0127ar fuq is-Saltna tieg\u0127ek.<br>Hallelujah<\/p>\n\n\n\n<h4 class=\"wp-block-heading\">Evan\u0121elju<\/h4>\n\n\n\n<p>Qari mill-Evan\u0121elju ta\u2019 San Mark &nbsp;&nbsp;&nbsp;&nbsp;&nbsp;&nbsp;&nbsp;&nbsp;&nbsp;&nbsp;&nbsp;&nbsp;&nbsp;&nbsp;&nbsp;&nbsp;&nbsp;&nbsp;&nbsp;&nbsp;&nbsp;&nbsp;&nbsp;&nbsp;&nbsp;&nbsp;&nbsp;&nbsp;&nbsp;&nbsp;&nbsp;&nbsp;&nbsp;&nbsp;&nbsp;&nbsp;&nbsp;&nbsp;&nbsp;&nbsp;&nbsp;&nbsp;&nbsp; Mk 10, 13-16<\/p>\n\n\n\n<p>In-nies \u0121abu g\u0127and \u0120es\u00f9 xi tfal zg\u0127ar biex iberikhom u jitlob g\u0127alihom. Id-dixxipli bdew jg\u0127ajtu mag\u0127hom. U \u0120es\u00f9 qalilhom: \u201c\u0126alluhom it-tfal i\u017c-\u017cg\u0127ar jigu g\u0127andi, u la \u017c\u017commuhomx, g\u0127ax min jixbah lilhom jid\u0127ol fis-Saltna tas-Smewwiet\u201d. Imbag\u0127ad qieg\u0127ed idejh fuqhom.<\/p>\n\n\n\n<p>Il-Kelma tal-Mulej<br>Tif\u0127ir lilek Kristu<\/p>\n\n\n\n<h4 class=\"wp-block-heading\">Talba fuq l-offerti<\/h4>\n\n\n\n<p>Mulej, mal-\u0127obz u l-inbid noffrulek ukoll l-istudju, il-log\u0127ob u dak kollu li nag\u0127mlu matul il-\u0121urnata. G\u0127inna ng\u0127ixu fil-pa\u010bi u l-fer\u0127 tieg\u0127ek. Bi Kristu Sidna Ammen.<\/p>\n\n\n\n<h4 class=\"wp-block-heading\">Talba tal-a\u0127\u0127ar<\/h4>\n\n\n\n<p>Mulej, inti t\u0127obbna \u0127afna u stedintna biex nir\u010bevuk \u0121ewwa fina. G\u0127inna biex insiru nixb\u0127uk dejjem aktar. Bi Kristu Sidna Ammen.<\/p>\n\n\n\n<p>\u0120es\u00f9, g\u0127inni niftakar li Int dejjem mieg\u0127i.<\/p>\n<\/div><\/div><\/div>\n\n\n\n<div class=\"wp-block-kadence-pane kt-accordion-pane kt-accordion-pane-11 kt-pane_e12182-30\"><div class=\"kt-accordion-header-wrap\"><button class=\"kt-blocks-accordion-header kt-acccordion-button-label-show\"><span class=\"kt-blocks-accordion-title-wrap\"><span class=\"kt-blocks-accordion-title\">Nixtieq nitg\u0127allem<\/span><\/span><span class=\"kt-blocks-accordion-icon-trigger\"><\/span><\/button><\/div><div class=\"kt-accordion-panel kt-accordion-panel-hidden\"><div class=\"kt-accordion-panel-inner\">\n<p>Mhux dejjem nie\u0127du gost ni\u0121u l-iskola<\/p>\n\n\n\n<p>Madankollu hi importanti g\u0127all-edukazzjoni tag\u0127na. G\u0127alhekk flimkien nirringrazzjaw lil Alla g\u0127at-teachers li g\u0127allmuna, g\u0127all-\u0127bieb u g\u0127al dak li tg\u0127allimna matul din is-sena. I\u017c-\u017cmien li nag\u0127mlu fl-iskola jg\u0127inna nikbru fl-im\u0127abba ma\u2019 \u0120es\u00f9 u bejnietna. Din l-im\u0127abba bejnietna tg\u0127inna nkunu dejjem fer\u0127ana.<\/p>\n\n\n\n<h4 class=\"wp-block-heading\">Bidu tal-quddiesa<\/h4>\n\n\n\n<p>Nag\u0127mlu ftit \u0127in fis-skiet biex na\u0127sbu n-nuqqasijiet tag\u0127na. Illum b\u2019mod spe\u010bjali na\u0127sbu f\u2019dawn in-nuqqasijiet li stajna g\u0127amilna waqt li konna qeg\u0127din fl-iskola.<\/p>\n\n\n\n<p>Kif morna mat-teachers u mat-tfal?<br>\u0126adna \u0127sieb l-affarijiet tal-iskola?<br>Tlifna \u0127in?<br>Ippruvajt inkun \u0127abib ma\u2019 kul\u0127add?<br>Studjajt, il-homework dejjem g\u0127amiltu?&#8230;.<\/p>\n\n\n\n<h4 class=\"wp-block-heading\">Kolletta<\/h4>\n\n\n\n<p>Nitolbu<\/p>\n\n\n\n<p>Mulej, g\u0127inna dejjem ng\u0127idulek grazzi g\u0127al dak kollu li tg\u0127allimna u g\u0127all-im\u0127abba li qsamna bejnietna. B\u2019Ibnek \u0120es\u00f9 Kristu Sidna, li hu Alla u mieg\u0127ek ighix u jsaltan flimkien mal-Ispirtu s-Santu, ghal dejjem ta\u2019 dejjem. Ammen.<\/p>\n\n\n\n<h4 class=\"wp-block-heading\">Qari 1<\/h4>\n\n\n\n<p>Il-profeta jistieden u fl-istess \u0127in jag\u0127mel kura\u0121\u0121 lin-nies biex jitg\u0127allmu. Jurihom li jitg\u0127allmu bil-g\u0127ajnuna ta\u2019 xulxin u fit-tag\u0127lim tag\u0127hom g\u0127andhom ifittxu li jsiru jafu aktar lil Alla. Dak li qed jg\u0127id il-profeta jg\u0127odd g\u0127alina wkoll. Post fejn nitg\u0127allmu hi l-iskola.<\/p>\n\n\n\n<p>Qari mill-Ktieb ta\u2019 Bin Sirak&nbsp;&nbsp;&nbsp;&nbsp;&nbsp;&nbsp;&nbsp;&nbsp;&nbsp;&nbsp;&nbsp;&nbsp;&nbsp;&nbsp;&nbsp;&nbsp;&nbsp;&nbsp;&nbsp;&nbsp;&nbsp;&nbsp;&nbsp;&nbsp;&nbsp;&nbsp;&nbsp;&nbsp;&nbsp;&nbsp;&nbsp;&nbsp;&nbsp;&nbsp;&nbsp;&nbsp;&nbsp;&nbsp;&nbsp;&nbsp;&nbsp;&nbsp;&nbsp;&nbsp;&nbsp;&nbsp;&nbsp;&nbsp;&nbsp;&nbsp;&nbsp; Sir 6, 32-37<\/p>\n\n\n\n<p>Jekk tixtieq, ibni, tista\u2019 titg\u0127allem u jekk tiddedika ru\u0127ek, tkun bil-g\u0127alaq.<br>Jekk t\u0127obb tisma\u2019, tig\u0127allem; jekk toqg\u0127od attent issir g\u0127aref.<br>Oqg\u0127od fejn jiltaqg\u0127u x-xju\u0127; u fejn hemm xi g\u0127aref oqg\u0127od \u0127dejh.<br>Ara li tag\u0127ti widen g\u0127al kull kelma ta\u2019 Alla.<br>Jekk issib xi bniedem li jifhem, g\u0127a\u0121\u0121el biex tmur g\u0127andu.<br>Ikun mo\u0127\u0127ok fil-kmandamenti tal-Mulej, u a\u0127seb dejjem fil-pre\u010betti tieg\u0127u;<br>Hu jag\u0127tik l-g\u0127ajnuna u tinqatag\u0127lek ix-xewqa li tkun g\u0127aref.<\/p>\n\n\n\n<p>Il-Kelma tal-Mulej.<br>Inroddu \u0127ajr lil Alla.<\/p>\n\n\n\n<h4 class=\"wp-block-heading\">Salm Responsorjali &nbsp;&nbsp;&nbsp;&nbsp;&nbsp;&nbsp;&nbsp;&nbsp;&nbsp;&nbsp;&nbsp;&nbsp;&nbsp;&nbsp;&nbsp;&nbsp;&nbsp;&nbsp;&nbsp;&nbsp;&nbsp;&nbsp;&nbsp;&nbsp;&nbsp;&nbsp;&nbsp;&nbsp;&nbsp;&nbsp;&nbsp;&nbsp;&nbsp;&nbsp;&nbsp;&nbsp;&nbsp;&nbsp;&nbsp;&nbsp;&nbsp;&nbsp;&nbsp;&nbsp;&nbsp;&nbsp;&nbsp;&nbsp;&nbsp;&nbsp;&nbsp;&nbsp;&nbsp;&nbsp;&nbsp;&nbsp;&nbsp;&nbsp;&nbsp;&nbsp;&nbsp;&nbsp;&nbsp;&nbsp;&nbsp; Salm 66<\/h4>\n\n\n\n<p>Rit.&nbsp;&nbsp;&nbsp; Il-Mulej hu tajjeb<\/p>\n\n\n\n<p>G\u0127ajtu bil fer\u0127 lil Alla<br>bnedmin tad-dinja kollha;<br>fa\u0127\u0127ru\u0127 g\u0127al dak kollu li g\u0127amel. &nbsp;&nbsp;&nbsp;&nbsp;&nbsp;&nbsp; R.\/<\/p>\n\n\n\n<p>Bierku, popli, lil Alla tag\u0127na,<br>\u0127alli kul\u0127add jisma\u2019 t-tif\u0127ir tieg\u0127u.&nbsp;&nbsp;&nbsp;&nbsp; R.\/<\/p>\n\n\n\n<p>Il-Mulej semag\u0127ni,<br>ta widen g\u0127at-talba tieg\u0127i.<br>Imbierek Alla, ma warrabx minn fuqi t-tjieba tieg\u0127u.&nbsp;&nbsp;&nbsp;&nbsp;&nbsp;&nbsp; R.\/<\/p>\n\n\n\n<p>Hallelujah. Hallelujah<br>G\u0127ax intom \u0127bieb tieg\u0127i, kollox g\u0127idtilkom,<br>ma \u017cammejt&nbsp; l-ebda sigriet.<br>Hallelujah<\/p>\n\n\n\n<h4 class=\"wp-block-heading\">Evan\u0121elju<\/h4>\n\n\n\n<p>Qari mill-Evan\u0121elju ta\u2019 San \u0120wann.&nbsp;&nbsp;&nbsp;&nbsp;&nbsp;&nbsp;&nbsp;&nbsp;&nbsp;&nbsp;&nbsp;&nbsp;&nbsp;&nbsp;&nbsp;&nbsp;&nbsp;&nbsp;&nbsp;&nbsp;&nbsp;&nbsp;&nbsp;&nbsp;&nbsp;&nbsp;&nbsp;&nbsp;&nbsp;&nbsp;&nbsp; \u0120w. 15,11<\/p>\n\n\n\n<p>\u0120es\u00f9 qalilhom: \u201cInkellimkom b\u2019dan il-mod, g\u0127ax nixtieq li tkunu fer\u0127ana u ma jkun hemm xejn li ma j\u0127allikomx fer\u0127ana. Ng\u0127idilkom biex t\u0127obbu lil xulxin kif \u0127abbejtkom jien. Intom il-\u0127bieb tieg\u0127i, jekk tag\u0127mlu dak li nikkmandakom G\u0127ax intom il-\u0127bieb tieg\u0127i, kollox g\u0127idtilkom, ma \u017cammejt l-ebda sigriet. Nikkmandakom li t\u0127obbu lil xulxin\u201d.<\/p>\n\n\n\n<p>Il-Kelma tal-Mulej<br>Inroddu \u0127ajr lil Alla<\/p>\n\n\n\n<h4 class=\"wp-block-heading\">Nag\u0127mlu t-Talbiet tag\u0127na<\/h4>\n\n\n\n<p>MI\u0121burin flimkien, nafu li g\u0127al \u0127afna minna mhux possibbli li nibqg\u0127u niltaqg\u0127u matul il-vaganzi. Nitolbu lil Alla nibqg\u0127u niltaqg\u0127u mieg\u0127u billi nag\u0127mlu fer\u0127ana lin-nies li niltaqg\u0127u mag\u0127hom u nsibu \u0127in g\u0127at-talb.<\/p>\n\n\n\n<p>G\u0127alhekk nitolbu:<\/p>\n\n\n\n<p>Bierek lill-headmaster\/headmistress, lit-teachers u lil kull min ja\u0127dem fl-iskola. Nirringrazzjawk tal-g\u0127ajnuna tag\u0127hom. Nitolbu<br>Nitolbu g\u0127alina t-tfal li attendejna l-iskola. Grazzi tal-fer\u0127 u l-im\u0127abba li qsamna flimkien. Nitolbu<br>Mulej, g\u0127inna nag\u0127tu l-g\u0127ajnuna tag\u0127na fid-dar biex il-familja tag\u0127na tikber fl-g\u0127aqda u fl-im\u0127abba. Nitolbu<br>Mulej, g\u0127amel li dak li tg\u0127allima matul din is-sena jg\u0127inna nag\u0127mlu dak li hu tajjeb u jog\u0127\u0121ob lilek. Nitolbu<\/p>\n\n\n\n<p>Infa\u0127\u0127aru lil Marija u nitolbuha tg\u0127inna nag\u0127\u017clu dak li jog\u0127\u0121ob lil binha \u0120es\u00f9\u2026 Sliem g\u0127alik Marija\u2026<\/p>\n\n\n\n<h4 class=\"wp-block-heading\">Talba fuq l-offerti<\/h4>\n\n\n\n<p>Mulej, noffrulek l-affarijiet kollha li g\u0127amilna matul din is-sena. G\u0127inna biex nibqg\u0127u nikbru fl-im\u0127abba tieg\u0127ek. Bi Kristu Sidna. Ammen.<\/p>\n\n\n\n<h4 class=\"wp-block-heading\">Talba tal-a\u0127\u0127ar<\/h4>\n\n\n\n<p>Mulej, grazzi talli qeg\u0127din nispi\u010b\u010baw din is-sena mi\u0121burin flimkien nie\u0127du sehem fil-quddiesa. G\u0127inna biex matul il-vaganzi tas-sajf nuru m\u0127abba man-nies li niltaqg\u0127u mag\u0127hom u nsibu \u0127in infa\u0127\u0127ruk billi nie\u0127du sehem fil-quddiesa. Bi Kristu Sidna. Ammen.<\/p>\n\n\n\n<p>Grazzi \u0120es\u00f9<br>g\u0127al min g\u0127allimni<br>g\u0127al dak li tg\u0127allimt<br>tal-\u0127bieb li g\u0127amilt<\/p>\n<\/div><\/div><\/div>\n\n\n\n<div class=\"wp-block-kadence-pane kt-accordion-pane kt-accordion-pane-12 kt-pane_5f6d07-02\"><div class=\"kt-accordion-header-wrap\"><button class=\"kt-blocks-accordion-header kt-acccordion-button-label-show\"><span class=\"kt-blocks-accordion-title-wrap\"><span class=\"kt-blocks-accordion-title\">Nibnu Flimkien<\/span><\/span><span class=\"kt-blocks-accordion-icon-trigger\"><\/span><\/button><\/div><div class=\"kt-accordion-panel kt-accordion-panel-hidden\"><div class=\"kt-accordion-panel-inner\">\n<p>Illum qeg\u0127din ingawdu u nag\u0127mlu u\u017cu mill-affarijiet tajba li g\u0127amlu in-nies li g\u0127exu qabilna. Nag\u0127rfu d-dmir tag\u0127na li nie\u0127du \u0127sieb l-affarijiet ta\u2019 madwarna biex il-\u0121enerazzjoni ta\u2019 warajna tgawdi dak li Alla fdalna f\u2019idejna.<\/p>\n\n\n\n<h4 class=\"wp-block-heading\">Kolletta<\/h4>\n\n\n\n<p>Nitolbu<br>Mulej, int tistedinna ng\u0127ixu flimkien fl-im\u0127abba. Ma t\u0127arisx lejn kemm g\u0127andna eta\u2019. G\u0127alhekk nitolbuk biex tg\u0127allimna n\u0127obbu u ng\u0127inu lil min hu akbar minna, b\u2019mod spe\u010bjali lil min hu anzjan u jg\u0127ix wa\u0127du. B\u2019Ibnek \u0120es\u00f9 Kristu Sidna, li hu Alla, u mieg\u0127ek jg\u0127ix u jsaltan flimkien mal-Ispirtu s-Santu, g\u0127al dejjem ta\u2019 dejjem. Ammen<\/p>\n\n\n\n<h4 class=\"wp-block-heading\">Qari<\/h4>\n\n\n\n<p><br>Fl-Antik Testment il-\u0127ajja twila kienu jarawha grazzja t\u2019Alla. Fis-silta li sejrin naqraw Alla jfa\u0127\u0127ar lil Abraham, bniedem anzjan, li g\u0127amel dejjem it-tajjeb. Flimkien nirringrazzjaw lil Alla tal-\u0127ajja twila li ta lil \u0127afna nies u tat-tajjeb li g\u0127amlu. Fl-istess \u0127in nitolbu lil Alla nitg\u0127allmu minnhom biex flimkien nag\u0127mlu dejjem it-tajjeb u nog\u0127\u0121bu lil Alla.<\/p>\n\n\n\n<p>Qari mill-Ktieb tal-\u0120enesi  &nbsp;&nbsp;&nbsp;&nbsp;&nbsp;&nbsp;&nbsp;&nbsp;&nbsp;&nbsp;&nbsp;&nbsp;&nbsp;&nbsp;&nbsp;&nbsp;&nbsp;&nbsp;&nbsp;&nbsp;&nbsp;&nbsp;&nbsp;&nbsp;&nbsp;&nbsp;&nbsp;&nbsp;&nbsp;&nbsp;&nbsp;  \u0120en 15, 1-5<br>Kum: Il-Mulej qal lil Abraham:<br>Alla: La tib\u017cax, Abraham! Hlasek ikun kbir \u0127afna<br>Kum: U Abraham qallu;<br>Abraham: Sidi Mulej, x\u2019se tag\u0127tini, g\u0127ax se nibqa\u2019 bla tfal, il-werriet tieg\u0127i se jkun it-tifel tal-iskjava tieg\u0127i.<br>Kum: Il-Mulej qal:<br>Alla: Ma jirtekx dan imma jirtek ibnek. \u0126ares sewwa lejn is-smewwiet u g\u0127odd il-kwiekeb, jekk g\u0127andek il-\u0127ila tg\u0127oddhom. Hekk g\u0127ad ikun nislek.<\/p>\n\n\n\n<p>Il-Kelma tal-Mulej<br>Inroddu \u0127ajr lil Alla<\/p>\n\n\n\n<h4 class=\"wp-block-heading\">Salm Responsorjali  &nbsp;&nbsp;&nbsp;&nbsp;&nbsp;&nbsp;&nbsp;&nbsp;&nbsp;&nbsp;&nbsp;&nbsp;&nbsp;&nbsp;&nbsp;&nbsp;&nbsp;&nbsp;&nbsp;&nbsp;&nbsp;&nbsp;&nbsp;&nbsp;&nbsp;&nbsp;&nbsp;&nbsp;&nbsp;&nbsp;&nbsp;  Salm 33<\/h4>\n\n\n\n<p>Rit: Duqu u taraw kemm hu tajjeb il-Mulej<\/p>\n\n\n\n<p>Kull \u0127in inbierek \u2018il-Mulej,<br>tif\u0127iru dejjem f\u2019fommi.<br>Bil-Mulej tifta\u0127ar ru\u0127i.<br>jisimg\u0127u l-fqajrin u jifir\u0127u! R\/.<\/p>\n\n\n\n<p>Kabbru l-Mulej mieg\u0127i,<br>u ng\u0127ollu ismu flimkien<br>Jien fittixt \u2018il-Mulej, u we\u0121ibni,<br>u minn kull bi\u017ca\u2019 \u0127elisni R\/.<\/p>\n\n\n\n<p>\u0126arsu lejh u tiddu bil-fer\u0127,<br>u wi\u010b\u010bkom ma jist\u0127ix.<br>Dan il-fqajjar sejja\u0127 \u2018il-Mulej, u semg\u0127u,<br>u mid-dwejjaq kollha tieg\u0127u \u0127elsu. R\/.<\/p>\n\n\n\n<p>Hallelujah, Hallelujah.<br>Bil-kliem u l-g\u0127emil we\u0121\u0121ah lil missierek,<br>\u0127a tinsel fuqek il-barka tieg\u0127u.<br>Hallelujah<\/p>\n\n\n\n<h4 class=\"wp-block-heading\">Evan\u0121elju<\/h4>\n\n\n\n<p>Meta \u0120es\u00f9 kien ippre\u017centat fit-Tempju \u0121ie milqug\u0127 minn \u017cew\u0121 anzjani, Xmun u Anna. Dawn kienu qeg\u0127din fit-Tempju jitolbu u jfa\u0127\u0127ru lil Alla.<br>Nitolbu biex a\u0127na b\u0127al \u0120es\u00f9, Marija, \u0120u\u017ceppi, Xmun u Anna nifir\u0127u u ng\u0127inu lil xulxin kull meta niltaqg\u0127u flimkien.<\/p>\n\n\n\n<p>Qari mill-Evan\u0121elju ta\u2019 San Luqa  &nbsp;&nbsp;&nbsp;&nbsp;&nbsp;&nbsp;&nbsp;&nbsp;&nbsp;&nbsp;&nbsp;&nbsp;&nbsp;&nbsp;&nbsp;&nbsp;&nbsp;&nbsp;&nbsp;&nbsp;&nbsp;&nbsp;&nbsp;&nbsp;&nbsp;&nbsp;&nbsp;&nbsp;&nbsp;&nbsp;&nbsp;  Lq 2,22,25-28,36-38.<\/p>\n\n\n\n<p>Marija u \u0120u\u017ceppi \u0127adu lil \u0120es\u00f9 f\u2019\u0120erusalem biex jippre\u017centawh lill-Mulej. Fit-tempju kien hemm wie\u0127ed, jismu Xmun, ra\u0121el \u0121ust u tajjeb, li kien jistenna l-farag ta\u2019 Israel u li kellu l-Ispirtu s-Santu fuqu. L-Ispirtu s-Santu kien nebb\u0127u li ma kienx se jara l-mewt qabel ma jara l-Messija tal-Mulej.<\/p>\n\n\n\n<p>Mar mela fit-tempju, imqanqal mill-Ispirtu, u x\u0127in il-\u0121enituri da\u0127lu bit-tarbija \u0120es\u00f9 biex jag\u0127mlulu dak li kienet trid il-li\u0121i, huwa laqg\u0127u fuq dirg\u0127ajh u bierek lil Alla. Kien hemm ukoll wa\u0127da profetessa Anna, kienet imda\u0127\u0127la fi\u017c-\u017cmien, kellha erbg\u0127a u tmenin sena u ma kienet titwarrab qatt mit-tempju, lejl u nhar taqdi lil Alla fis-sawm u t-talb.<\/p>\n\n\n\n<p>Dak il-\u0127in stess waslet, u bdiet tfa\u0127\u0127ar lil Alla u titkellem fuq it-tarbija ma\u2019 dawk kollha li kienu jistennew il-fidwa ta\u2019 \u0120erusalem.<\/p>\n\n\n\n<p>Il-Kelma tal-Mulej.<br>Inroddu \u0127ajr lil Alla.<\/p>\n\n\n\n<h4 class=\"wp-block-heading\">Talba tal-Fidili<\/h4>\n\n\n\n<p>Alla jrid li nies ta\u2019 kull eta\u2019, tfal, \u017cg\u0127a\u017cag\u0127, anzjani, jg\u0127ixu fid-dinja biex flimkien bejniethom ja\u0127dmu g\u0127all-glorja tieg\u0127u. G\u0127alhekk nitolbuh biex nag\u0127tu s-sehem tag\u0127na biex dan ise\u0127\u0127.<\/p>\n\n\n\n<p>Grazzi g\u0127all-anzjani li g\u0127andhom relazzjoni mag\u0127na u dawk li jg\u0127ixu vi\u010bin tad-dar. G\u0127inna nisimg\u0127uhom u nitg\u0127allmu minn dak li jg\u0127idulna Nitolbu.<\/p>\n\n\n\n<p>Mulej int ma t\u0127arisx lejn l-et\u00e0 tal-bniedem. G\u0127alhekk ng\u0127idulek grazzi talli t\u0127obb lit-tfal u<br>l-kbar bl-istess mod. Nitolbu.<\/p>\n\n\n\n<p>Mulej, ag\u0127mel li l-anzjani ma jsibux ru\u0127hom wa\u0127edhom matul il-\u0121urnata. G\u0127inhom isibu ma\u2019 min jitkellmu u jo\u0127or\u0121u. Nitolbu.<\/p>\n\n\n\n<p>Mulej, g\u0127inna n\u017curu lin-nanniet tag\u0127na u ng\u0127inuhom fil-\u0127ti\u0121ijiet tag\u0127hom. Nitolbu.<\/p>\n\n\n\n<p>Nitolbu lil Marija tid\u0127ol g\u0127alina quddiem Binha \u0120es\u00f9 biex nag\u0127mlu dejjem ir-rieda tieg\u0127u. G\u0127alhekk ng\u0127idu: Sliem g\u0127alik\u2026<\/p>\n\n\n\n<h4 class=\"wp-block-heading\">Talba fuq l-offerti<\/h4>\n\n\n\n<p>Mulej, qeg\u0127din noffrulek dan il-\u0127ob\u017c u nbid u int se tibdilhom fil-\u0120isem u d-Demm ta\u2019 Ibnek \u0120es\u00f9. Nitolbuk tg\u0127in lill-morda jing\u0127aqdu mieg\u0127ek biex int tg\u0127inhom fit-tbatija tag\u0127hom. Bi Kristu Sidna. Ammen<\/p>\n\n\n\n<h4 class=\"wp-block-heading\">Talba tal-a\u0127\u0127ar<\/h4>\n\n\n\n<p>Is-sehem tag\u0127na fil-quddiesa u t-Tqarbina li g\u0127amilna turi l-g\u0127aqda tag\u0127na mieg\u0127ek. G\u0127allimna ng\u0127ixu din l-g\u0127aqda billi nirrispettaw, b\u2019mod spe\u010bjali lill-anzjani. Bi Kristu Sidna. Ammen.<\/p>\n<\/div><\/div><\/div>\n\n\n\n<div class=\"wp-block-kadence-pane kt-accordion-pane kt-accordion-pane-13 kt-pane_d6131e-bd\"><div class=\"kt-accordion-header-wrap\"><button class=\"kt-blocks-accordion-header kt-acccordion-button-label-show\"><span class=\"kt-blocks-accordion-title-wrap\"><span class=\"kt-blocks-accordion-title\">Imxi warajja<\/span><\/span><span class=\"kt-blocks-accordion-icon-trigger\"><\/span><\/button><\/div><div class=\"kt-accordion-panel kt-accordion-panel-hidden\"><div class=\"kt-accordion-panel-inner\">\n<p>Xi kultant a\u0127na xi ftit g\u0127a\u017c\u017ciena, ma tantx in\u0127obbu na\u0127dmu. Ikun hemm drabi fejn nipprova niskarta u nag\u0127mel ta\u2019 birru\u0127i li ma nismax. Hemm okka\u017cjonijiet o\u0127ra fejn nie\u0127u pja\u010bir li t-teacher, il-\u0121enituri qaluli biex na\u0127dem mag\u0127hom jew nag\u0127mililhom xi \u0127a\u0121a. G\u0127alhekk inne\u0127\u0127i kollox minn idejja u nag\u0127mel li jg\u0127iduli.<br>Alla j\u0127obbni u g\u0127andu fidu\u010bja fija. Hu jistedinni na\u0127dem mieg\u0127u.<br>X\u2019se nag\u0127mel?<br>Nibqa\u2019 in\u0127ares jew nistaqsi\u0127 x\u2019irid?<\/p>\n\n\n\n<h4 class=\"wp-block-heading\">Kolletta<\/h4>\n\n\n\n<p>Nitolbu<br>Mulej, int riedt li \u0120es\u00f9 jitkellimna fuq l-im\u0127abba kbira li g\u0127andek lejna. G\u0127inna nilqg\u0127u l-istedina li qieg\u0127ed tag\u0127mlilna, biex a\u0127na wkoll nitkellem u nuru din l-im\u0127abba tieg\u0127ek lejna. B\u2019Ibnek \u0120es\u00f9 Kristu Sidna, li hu Alla, u mieg\u0127ek jg\u0127ix u jsaltan flimkien mal-Ispirtu s-Santu, g\u0127al dejjem ta\u2019 dejjem.<\/p>\n\n\n\n<h4 class=\"wp-block-heading\">Qari <\/h4>\n\n\n\n<p>Samwel kien joqg\u0127od fit-tempju mal-qassis G\u0127eli. Illum naqraw kif Alla sejja\u0127lu biex jimxi warajh. Alla mhux se jsej\u0127ilna kif sejja\u0127 li Samwel. Madankollu Alla xorta jsej\u0127ilna g\u0127ax minn g\u0127andna jistenna xi \u0127a\u0121a spe\u010bjali.<\/p>\n\n\n\n<p>Qari mill-ewwel ktieb ta\u2019 Samwel  &nbsp;&nbsp;&nbsp;&nbsp;&nbsp;&nbsp;&nbsp;&nbsp;&nbsp;&nbsp;&nbsp;&nbsp;&nbsp;&nbsp;&nbsp;&nbsp;&nbsp;&nbsp;&nbsp;&nbsp;&nbsp;&nbsp;&nbsp;&nbsp;&nbsp;&nbsp;&nbsp;&nbsp;&nbsp;&nbsp;&nbsp;  1 Sam 3,1-10, 19-20<\/p>\n\n\n\n<p>Kum: It-tifel Samwel kien ikun fit-tempju ma\u2019 G\u0127eli biex jaqdi l-Mulej. G\u0127eli kien ra\u0121el xi\u0127. Darba, meta Samwel kien fit-tempju, il-Mulej sejja\u0127:<\/p>\n\n\n\n<p>Mulej: Samwel!<\/p>\n\n\n\n<p>Samwel: Hawn jien.<\/p>\n\n\n\n<p>Kum: Samwel mar ji\u0121ri g\u0127and G\u0127eli u qallu:<\/p>\n\n\n\n<p>Samwel: Hawn jien, g\u0127alfejn sejja\u0127tli?<\/p>\n\n\n\n<p>G\u0127eli: Ma sejja\u0127tlekx, er\u0121a mur orqod.<\/p>\n\n\n\n<p>Kum: Samwel rega\u2019 mar jorqod u l-Mulej re\u0121a\u2019 sejja\u0127lu:<\/p>\n\n\n\n<p>Mulej: Samwel<\/p>\n\n\n\n<p>Kum: Samwel qam u re\u0121a\u2019 mar g\u0127and G\u0127eli u qallu:<\/p>\n\n\n\n<p>Samwel: Hawn jien. G\u0127alfejn sejja\u0127tli?<\/p>\n\n\n\n<p>G\u0127eli: Ma sejja\u0127tlekx, ibni er\u0121a\u2019 mur orqod.<\/p>\n\n\n\n<p>Kum: Samwel kien g\u0127adu ma g\u0127arafx li l-Mulej kien qieg\u0127ed isejja\u0127lu. Il-Mulej re\u0121a\u2019 sejja\u0127lu:<\/p>\n\n\n\n<p>Mulej: Samwel!<\/p>\n\n\n\n<p>Kum: G\u0127eli g\u0127araf li kien il-Mulej li qieg\u0127ed isejja\u0127 lil Samwel. G\u0127alhekk<\/p>\n\n\n\n<p>G\u0127eli: Mur orqod. Jekk ter\u0121a\u2019 tisma\u2019 min isejja\u0127lek, wie\u0121eb: Tkellem Mulej, g\u0127ax il-qaddej tieg\u0127ek qieg\u0127ed jisma\u2019.<\/p>\n\n\n\n<p>Kum: Samwel mar jorqod u l-Mulej re\u0121a\u2019 sejja\u0127lu.<\/p>\n\n\n\n<p>Mulej: Samwel! Samwel!<\/p>\n\n\n\n<p>Samwel: Tkellem, Mulej, g\u0127idli xi tridni nag\u0127mel. Jien qieg\u0127ed nisma\u2019<\/p>\n\n\n\n<p>Kum: Samwel kiber u l-Mulej kien dejjem mieg\u0127u. Il-poplu Lhudi g\u0127araf li Samwel kien profeta u g\u0127en lill-poplu jg\u0127ix il-Kelma ta\u2019 Alla.<\/p>\n\n\n\n<p>Kum: Il-Kelma tal-Mulej<br>Inroddu \u0127ajr lil Alla.<\/p>\n\n\n\n<h4 class=\"wp-block-heading\">Salm Responsorjali  &nbsp;&nbsp;&nbsp;&nbsp;&nbsp;&nbsp;&nbsp;&nbsp;&nbsp;&nbsp;&nbsp;&nbsp;&nbsp;&nbsp;&nbsp;&nbsp;&nbsp;&nbsp;&nbsp;&nbsp;&nbsp;&nbsp;&nbsp;&nbsp;&nbsp;&nbsp;&nbsp;&nbsp;&nbsp;&nbsp;&nbsp;  Salm 64<\/h4>\n\n\n\n<p><br>Rit: Mulej, inti t\u0127obbni<\/p>\n\n\n\n<p>Mulej, int tajjeb u ta\u0127fer.<br>Isma\u2019 t-talb li nag\u0127millek. R.\/<\/p>\n\n\n\n<p>Il-bnedmin kollha ji\u0121u jag\u0127tuk qima,<br>g\u0127ax tag\u0127mel \u0127wejje\u0121 kbar. R.\/<\/p>\n\n\n\n<p>\u0126ares lejja u \u0127enn g\u0127alija,<br>ag\u0127ti l-g\u0127ajnuna lill-qaddejja tieg\u0127ek. R.\/<\/p>\n\n\n\n<p>Hallelujah. Hallelujah<br>Morru u g\u0127idu lil kul\u0127add,<br>Kemmm hi kbira l-im\u0127abba tieg\u0127i lejn il-bnedmin.<br>Hallelujah<\/p>\n\n\n\n<h4 class=\"wp-block-heading\">Evan\u0121elju<\/h4>\n\n\n\n<p>Qari mill-Evan\u0121elju ta\u2019 San Mattew  &nbsp;&nbsp;&nbsp;&nbsp;&nbsp;&nbsp;&nbsp;&nbsp;&nbsp;&nbsp;&nbsp;&nbsp;&nbsp;&nbsp;&nbsp;&nbsp;&nbsp;&nbsp;&nbsp;&nbsp;&nbsp;&nbsp;&nbsp;&nbsp;&nbsp;&nbsp;&nbsp;&nbsp;&nbsp;&nbsp;&nbsp;  Mt 28, 16-20<\/p>\n\n\n\n<p>L-appostli telg\u0127u fuq il-muntanja kif kien qalilhom \u0120es\u00f9. X\u2019\u0127in raw\u0127 inxte\u0127tu quddiemu. Xi w\u0127ud minnhom iddubitaw.<\/p>\n\n\n\n<p>\u0120es\u00f9 resaq ikellimhom u qalilhom: \u201cLili ng\u0127atat kull setg\u0127a fis-sema u fl-art. Morru, g\u0127idu lin-nies li n\u0127obbhom, u g\u0127ammduhom fl-isem tal-Missier u tal-Iben u tal-Ispirtu s-Santu, u g\u0127allmuhom jg\u0127ixu dak kollu li g\u0127idtilkom jien. Jien, mag\u0127kom dejjem, sa l-a\u0127\u0127ar ta\u017c-\u017cmien.<\/p>\n\n\n\n<p>Il-Kelma ta-Mulej<br>Tif\u0127ir lilek Kristu<\/p>\n\n\n\n<h4 class=\"wp-block-heading\">Nag\u0127mlu t-talbiet tag\u0127na<\/h4>\n\n\n\n<p>\u0120es\u00f9 jg\u0127idilna: \u201cJien it-Triq, is-Sewwa u l-\u0126ajja\u201d. G\u0127alhekk jistedinna immorru g\u0127andu biex jg\u0127inna nag\u0127zlu dak li Alla jrid minna. G\u0127alhekk mi\u0121burin flimkien nitolbuh.<\/p>\n\n\n\n<p>Missier, nirringrazjawk g\u0127all-affarijiet tajba li tajtna. Ng\u0127idulek grazzi spe\u010bjali g\u0127ax iltqajna ma\u2019 \u0120es\u00f9 li uriena kemm t\u0127obbna. Nitolbu.<\/p>\n\n\n\n<p>Mulej, nirringrazzjawk li Int tistedinna na\u0127dmu mieg\u0127ek. G\u0127inna nilqg\u0127u dejjem is-sej\u0127a tieg\u0127ek u qatt ma naqtg\u0127u qalbna Nitolbu.<\/p>\n\n\n\n<p>Mulej, g\u0127inna nag\u0127arfu dejjem aktar kif nistg\u0127u in\u0127obbuk u kif nistg\u0127u nitkellmu mal-\u0127bieb tag\u0127na fuq l-im\u0127abba tieg\u0127ek. Nitolbu.<\/p>\n\n\n\n<p>Mulej, nirringrazjawk g\u0127an-nies kollha li g\u0127inuna nsiru nafuk. Ag\u0127mel li nsiru nafuk izjed billi naqraw l-Iskrittura u n\u0127allu l-Ispirtu s-Santu jmexxina. Nitolbu.<\/p>\n\n\n\n<p>Mulej, nitolbok tie\u0127u pa\u010benzja bina g\u0127ax ma nag\u0127mlux mill-ewwel dak li trid. G\u0127inna nifhmu li dak li titlob minna hu ta\u2019 \u0121id kemm g\u0127alina u g\u0127all-bnedmin l-o\u0127ra. Bi Kristu Sidna. Ammen.<\/p>\n\n\n\n<h4 class=\"wp-block-heading\">Talba fuq l-offerti<\/h4>\n\n\n\n<p>Missier, mal-\u0127ob\u017c u l-inbid nippre\u017centawlek wkoll id-doni u t-talenti li tajtna. G\u0127allimna nu\u017cawhom biex inxandru l-im\u0127abba tieg\u0127ek. Bi Kristu Sidna. Ammen.<\/p>\n\n\n\n<h4 class=\"wp-block-heading\">Talba tal-a\u0127\u0127ar<\/h4>\n\n\n\n<p>Mulej, nirringrazjawk li tafna u tie\u0127u \u0127siebna. Grazzi li jiltqajna ma\u2019 \u0120es\u00f9 Ewkaristija. Ag\u0127mel li fil-\u0127ajja tag\u0127na jg\u0127inna dejjem nag\u0127zlu l-a\u0127jar, dak li Int tistedinna g\u0127alih. Bi Kristu Sidna Ammen.<\/p>\n\n\n\n<p>Mulej, g\u0127inni:<\/p>\n\n\n\n<p>*nifhem dejjem a\u0127jar it-tag\u0127lim tieg\u0127ek<\/p>\n\n\n\n<p>*nag\u0127arf x\u2019inhi r-rieda tieg\u0127ek.<\/p>\n<\/div><\/div><\/div>\n\n\n\n<div class=\"wp-block-kadence-pane kt-accordion-pane kt-accordion-pane-14 kt-pane_3f525e-5f\"><div class=\"kt-accordion-header-wrap\"><button class=\"kt-blocks-accordion-header kt-acccordion-button-label-show\"><span class=\"kt-blocks-accordion-title-wrap\"><span class=\"kt-blocks-accordion-title\">A\u0127firli Mulej<\/span><\/span><span class=\"kt-blocks-accordion-icon-trigger\"><\/span><\/button><\/div><div class=\"kt-accordion-panel kt-accordion-panel-hidden\"><div class=\"kt-accordion-panel-inner\">\n<h4 class=\"wp-block-heading\">Bidu tal-Quddiesa<\/h4>\n\n\n\n<p>Fl-Evan\u0121elju naraw li \u0120es\u00f9\u2019 iltaqa\u2019 ma\u2019 nies li mhux dejjem g\u0127amlu dak li hu tajjeb. Hu qatt ma skartahom, anzi kien imur jiltaqa\u2019 mag\u0127hom. Jurihom l-im\u0127abba tieg\u0127u u jistedinhom biex ma jibqg\u0127ux jag\u0127mlu d-dnub. A\u0127na wkoll, mhux dejjem nag\u0127mlu dak li hu tajjeb.<br>G\u0127alhekk a\u0127na mistiedna biex na\u0127sbu n-nuqqasijiet tag\u0127na u flimkien nitolbu ma\u0127fra lil Alla.<br>G\u0127alhekk ng\u0127idu:<\/p>\n\n\n\n<p>Mulejja, Alla tieg\u0127i, inti t\u0127obbni \u0127afna, jiddispja\u010bini talli g\u0127idtlek le bi dnubieti, mil-lum \u2018il quddiem, bil-g\u0127ajnuna tieg\u0127ek, ma ner\u0121ax nag\u0127mel dnubiet izjed, u rrid in\u0127obbok fuq kollox.<\/p>\n\n\n\n<h4 class=\"wp-block-heading\">Kolletta<\/h4>\n\n\n\n<p>Nitolbu<br>Mulej, inti t\u0127obbna u tistedinna biex inkunu dejjem \u0127bieb tieg\u0127ek. G\u0127inna nag\u0127rfu dejjem in-nuqqasisjiet tag\u0127na. G\u0127inna wkoll nersqu lejk u nitolbuk ma\u0127fra. B\u2019 Ibnek \u0120es\u00f9 Kristu Sidna, li hu Alla, u mieg\u0127ek jg\u0127ix u jsaltan flimkien mal-Ispirtu s-Santu, g\u0127al dejjem ta\u2019 dejjem.<\/p>\n\n\n\n<h4 class=\"wp-block-heading\">Introduzzjoni g\u0127all-qari<\/h4>\n\n\n\n<p>Kum: Alla g\u0127a\u017cel lil Mose\u2019 biex jo\u0127ro\u0121 lill-poplu tieg\u0127u mill-E\u0121ittu. Mhux in-nies kollha fehmu min hu Alla li sejjahlu. G\u0127alhekk kien hemm min staqsa lil Mose\u2019 fuq Alla. Xtaq ikun jaf min hu.<\/p>\n\n\n\n<p>Lhudi 1: Min hu dak Alla li inti titla\u2019 titkellem mieg\u0127u fuq il-muntanja. Qatt qallek min hu?<\/p>\n\n\n\n<p>Mose\u2019: Alla tag\u0127na hu Alla li jag\u0127ti kas. Nistg\u0127u inxebb\u0127u\u0127 ma\u2019 missier imdawwar bit-tfal tieg\u0127u u ma\u2019 omm qieg\u0127da \u0127dejn binha marid. Qieg\u0127da \u0127dejh biex tie\u0127u \u0127siebu u tara x\u2019g\u0127andu b\u017conn. G\u0127alhekk Alla tag\u0127na hu Alla kollu m\u0127abba u \u0127lewwa.<\/p>\n\n\n\n<p>Lhudi 2: Alla juri \u0127niena u mog\u0127drija?<\/p>\n\n\n\n<p>Mose\u2019: Jekk xebba\u0127nieh ma\u2019 missier u omm nistg\u0127u \u017c\u0121ur ng\u0127idu li hu jhenn u jag\u0127der.<\/p>\n\n\n\n<p>Lhudi 1: Alla juri \u0127niena anki ma\u2019 min jag\u0127mel id-dnub, ma\u2019 min hu \u0127a\u017cin?<\/p>\n\n\n\n<p>Mose\u2019: Alla ma jridx li l-midneb jintilef. Alla j\u0127obb lil kul\u0127add, anki meta wie\u0127ed jag\u0127mel il-\u0127a\u017cin. Alla, li ma ja\u010b\u010bettax, hu l-\u0127a\u017cin li wie\u0127ed nag\u0127mlu. G\u0127alhekk Alla dejjem jistieden lill-midbeb biex jag\u0127raf l-i\u017cball tieg\u0127u u biex jitolbu ma\u0127fra.<\/p>\n\n\n\n<p>Lhudi 2: Hemm xi \u0127a\u0121a o\u0127ra xi tg\u0127idli fuq Alla?<\/p>\n\n\n\n<p>Mose\u2019: Inxebbhu lil Alla ma\u2019 mexxej li dejjem jie\u0127u \u0127sieb il-poplu tieg\u0127u u dejjem jurihom x\u2019g\u0127andhom jag\u0127mlu biex ikunu fer\u0127ana.<\/p>\n\n\n\n<p>Lhudi 2: Alla dejjem jiftakar fina u jibqa\u2019 j\u0127obbna?<\/p>\n\n\n\n<p>Mose: Alla tag\u0127na dejjem i\u017comm il-weg\u0127diet tieg\u0127u. Qatt ma jer\u0121a\u2019 lura minn kelmtu.<br>Kemm a\u0127na iffurtunati li g\u0127andna Alla li j\u0127obbna daqshekk.<\/p>\n\n\n\n<h4 class=\"wp-block-heading\">Qari <\/h4>\n\n\n\n<p>Qari mil-ktieb tal-E\u017codu                                    E\u017c 34, 4-6, 8-9<\/p>\n\n\n\n<p>Mose\u2019 fassal \u017cew\u0121 twavel tal-\u0121ebel b\u0127al ta\u2019 qabel, u qam fil-g\u0127odu kmieni, u tala\u2019 fuq il-muntanja tas-Sinaj, kif kien ordnalu l-Mulej, u \u0127a f\u2019idejh i\u017c-\u017cew\u0121 twavel tal-\u0121ebel. Imbag\u0127ad il-Mulej ni\u017cel fi s\u0127aba u waqaf hemm ma\u0121enbu; u xandar l-isem tal-Mulej. U l-Mulej g\u0127adda minn quddiemu u g\u0127ajjat: \u201cJahweh! Jahweh!<br>Alla li jag\u0127der u j\u0127enn: tqil biex jaghdab u kbir fit-tjieba u l-fedelt\u00e0\u201d. Mose\u2019 minnufih inxte\u0127et g\u0127al wi\u010b\u010bu fl-art, ta qima u qal: \u201cJekk jien tassew sibt \u0127niena quddiemek, ja Sidi, \u0127a ji\u0121i Sidi \u0121o nofsna, nitolbok; g\u0127ax dan hu poplu rasu iebsa. A\u0127frilna \u0127\u017cunitna u \u0127tijietna, u \u0127udna b\u2019wirt g\u0127alik\u201d.<\/p>\n\n\n\n<p>Il-Kelma tal-Mulej<br>Inroddu \u0127ajr lil Alla.<\/p>\n\n\n\n<h4 class=\"wp-block-heading\">Salm Responsorjali                                           Salm 102<\/h4>\n\n\n\n<p>Rit: Il-Mulej tajjeb u \u0127anin<\/p>\n\n\n\n<p>Bierek, ru\u0127 tieg\u0127i l-Mulej<br>kull ma hu \u0121o fija, bierek l-isem qaddis tieg\u0127u. R.\/<\/p>\n\n\n\n<p>Hu li ja\u0127fer dnubietek kollha,<br>li jfejjaq il-mard tieg\u0127ek kollu. R.\/<\/p>\n\n\n\n<p>\u0126anin u ta\u2019 qalb tajba l-Mulej,<br>idum ma jirrabja u kollu \u0127niena. R.\/<\/p>\n\n\n\n<p>Glorja u tif\u0127ir lilek Kristu. Gloria u tif\u0127ir lilek Kristu.<br>(Hallelujah. Hallelujah.)<br>Fittxu l-\u0121id, u mhux d-deni, u l-Mulej ikun mag\u0127kom.<br>Gloria u tif\u0127ir lilek Kristu. Glorja u tif\u0127ir lilek Kristu.<br>(Hallelujah. Hallelujah.)<\/p>\n\n\n\n<h4 class=\"wp-block-heading\">Evan\u0121elju<\/h4>\n\n\n\n<p>\u0120es\u00f9 jie\u0127u \u0127sieb lil min jintilef<\/p>\n\n\n\n<p>Qari mill-Evan\u0121elju ta\u2019 San Mattew  &nbsp;&nbsp;&nbsp;&nbsp;&nbsp;&nbsp;&nbsp;&nbsp;&nbsp;&nbsp;&nbsp;&nbsp;&nbsp;&nbsp;&nbsp;&nbsp;&nbsp;&nbsp;&nbsp;&nbsp;&nbsp;&nbsp;&nbsp;&nbsp;&nbsp;&nbsp;&nbsp;&nbsp;&nbsp;&nbsp;&nbsp;  Mt 18, 12-14<\/p>\n\n\n\n<p>F\u2019dak i\u017c-\u017cmien: \u0120es\u00f9 qal lid-dixxipli tieg\u0127u: \u201cIntom x\u2019jidhrilkom? Jekk wie\u0127ed ra\u0121el ikollu mitt nag\u0127\u0121a u tintiliflu wa\u0127da minnhom, ma j\u0127allix id-disg\u0127a u disg\u0127in l-o\u0127ra fuq l-g\u0127oljiet u jmur ifittex dik li tkun intilfitlu? U jekk jirnexxilu jsibha, tassew, ng\u0127idilkom, jibda jifra\u0127 iktar biha milli bid-disg\u0127a u disg\u0127in l-o\u0127ra li ma jkunux intilfulu. Hekk ukoll anqas Missierkom li hu fis-smewwiet ma jrid li jintilef wie\u0127ed minn dawn i\u017c-\u017cg\u0127ar.<\/p>\n\n\n\n<p>Il-Kelma tal-Mulej<br>Tif\u0127ir lilek Kristu<\/p>\n\n\n\n<h4 class=\"wp-block-heading\">Nag\u0127mlu t-talbiet tag\u0127na<\/h4>\n\n\n\n<p>Mulej, kif a\u0127na mi\u0121burin flimkien, nirringrazzjawk tal-g\u0127ajnuna tieg\u0127ek biex waqt li nag\u0127rfu l-i\u017cbalji tag\u0127na, nitolbuk tg\u0127inna ner\u0121g\u0127u nin\u0127abbu mieg\u0127ek u bejnietna.<\/p>\n\n\n\n<p>Nirringrazzjak, Mulej, g\u0127ax bg\u0127att fostna lil Ibnek \u0120es\u00f9<br>Kristu, biex jer\u0121a\u2019 j\u0127abbibna mieg\u0127ek. Nitolbu.<\/p>\n\n\n\n<p>\u017bommna, Mulej, qalb wa\u0127da biex nikbru fl-im\u0127abba bejnietna. Nitolbu.<\/p>\n\n\n\n<p>G\u0127inna, Mulej, nag\u0127rfu na\u0127fru lil min jonqosna, kif int ta\u0127fer in-nuqqasijiet tag\u0127na. Nitolbu<\/p>\n\n\n\n<p>G\u0127inna Mulej, nag\u0127rfu kif int tridna nag\u0127tu s-sehem tag\u0127na biex fid-dinja ma jkunx hawn aktar min ibati l-faqar, min jibki, min jkun imdejjaq. Nitolbu<\/p>\n\n\n\n<p>G\u0127inna nag\u0127rfu, Mulej, li \u0120es\u00f9 illum qieg\u0127ed jg\u0127ix mieg\u0127ek fis-sema, izda hu qieg\u0127ed ukoll mag\u0127na biex jg\u0127inna nersqu aktar lejk. Int li tg\u0127ix u ssaltan g\u0127al dejjem ta\u2019 dejjem. Ammen<\/p>\n\n\n\n<h4 class=\"wp-block-heading\">Talba fuq l-offerti<\/h4>\n\n\n\n<p>Mulej, jilqa\u2019 l-offerti tag\u0127na. Nitolbuk biex fl-im\u0127abba tieg\u0127ek, ta\u0127frilna d-dnubiet tag\u0127na. Bi Kristu Sidna Ammen.<\/p>\n\n\n\n<h4 class=\"wp-block-heading\">Talba tal-a\u0127\u0127ar<\/h4>\n\n\n\n<p>Mulej, grazzi g\u0127ax iltqajna mieg\u0127ek fit-tqarbin. Grazzi li ltqajna flimkien. G\u0127allimna na\u0127fru kif ta\u0127frilna int. Bi Kristu Sidna Ammen.<\/p>\n\n\n\n<p>Xi tfisser meta a\u0127na mistiedna nitolbu ma\u0127fra lil Alla fis-sagrament tal-Qrar.<\/p>\n\n\n\n<p>Nag\u0127raf lil Alla b\u0127ala l-Missier li j\u0127obbni u ja\u0127firli<br>Nag\u0127raf li Alla hu dejjem mieg\u0127i; jismag\u0127ni, jie\u0127u \u0127siebi.<br>G\u0127alhekk ma naqtax qalbi g\u0127ax Alla jg\u0127inni<br>Insir naf aktar min jien, il-doni u t-talenti tieg\u0127i<br>Nitlob ma\u0127fra lil Alla g\u0127an-nuqqasijijet tieg\u0127i.<br>Nifra\u0127 mal-insara kollha g\u0127ax Alla j\u0127obbna, ja\u0127frilna u jer\u0121a\u2019 jilqag\u0127na mieg\u0127u.<br>Inwieg\u0127ed li nag\u0127ti s-sehem tieg\u0127i biex ikun hawn aktar im\u0127abba fostna.<br>Nag\u0127ti s-sehem tieg\u0127i biex ikun hawn dinja a\u0127jar.<\/p>\n\n\n\n<p>\u0120es\u00f9 kellimna u wera l-im\u0127abba tieg\u0127u<\/p>\n\n\n\n<p>Tiftakar il-parabbola?<\/p>\n\n\n\n<p>Min huma dawn in-nies li \u0120es\u00f9 ltaqa\u2019<\/p>\n<\/div><\/div><\/div>\n<\/div><\/div><\/div>\n","protected":false},"featured_media":141710,"template":"","topic":[27,28,39,40],"resource-category":[9],"resource-type":[22],"language":[25],"activity-type":[],"related":[],"activity-set":[],"class_list":["post-141627","resource","type-resource","status-publish","has-post-thumbnail","hentry","topic-advent-christmas","topic-lent-easter","topic-relationship-with-god","topic-thanks-gratitude","resource-category-liturgy","resource-type-prayer","language-malti"],"toolset-meta":{"field-group-for-resources":[],"custom-fields":{"subtitle":{"type":"textfield","raw":"Temi g\u0127all-Quddiesa"}},"resource-material":{"hide-material":{"type":"checkbox","raw":"1"}},"resource-details":{"resource-shortdescription":{"type":"wysiwyg","raw":"Dawn ir-ri\u017corsi huma ma\u0127luqa biex jkunu ta\u2019 g\u0127ajnuna g\u0127at-tfal biex jifmu u g\u0127alhekk jie\u0127du sehem a\u0127jar fil-quddiesa. Hu importanti \u0127afna li t-tfal jifhmu dak li qeg\u0127din jag\u0127mlu \u2013 jag\u0127rfu li bis-sehem tag\u0127hom fil-quddiesa jkunu qeg\u0127din ifa\u0127\u0127ru \u2018l Alla."},"age-groups":{"type":"checkboxes","raw":{"wpcf-fields-checkboxes-option-aad5363c0f3f39b37913b02939c208af-1":["Primary Years"],"wpcf-fields-checkboxes-option-996cf779532c2bd1cc348a2c439963da-1":["Middle Years"]},"checked":["Primary Years","Middle Years"],"formatted":"Primary Years, Middle Years"},"link-to-other-resource":{"type":"url","raw":""},"link-description":{"type":"radio","raw":"3"},"date":{"type":"date","raw":"","formatted":null},"equipment":{"type":"textfield","raw":""},"scripture":{"type":"textfield","raw":""},"scripture-api-code":{"type":"textfield","raw":""},"link-liturgy":{"type":"textfield","raw":""}}},"_links":{"self":[{"href":"https:\/\/sds.mt\/mt\/wp-json\/wp\/v2\/resource\/141627","targetHints":{"allow":["GET"]}}],"collection":[{"href":"https:\/\/sds.mt\/mt\/wp-json\/wp\/v2\/resource"}],"about":[{"href":"https:\/\/sds.mt\/mt\/wp-json\/wp\/v2\/types\/resource"}],"version-history":[{"count":19,"href":"https:\/\/sds.mt\/mt\/wp-json\/wp\/v2\/resource\/141627\/revisions"}],"predecessor-version":[{"id":149223,"href":"https:\/\/sds.mt\/mt\/wp-json\/wp\/v2\/resource\/141627\/revisions\/149223"}],"wp:featuredmedia":[{"embeddable":true,"href":"https:\/\/sds.mt\/mt\/wp-json\/wp\/v2\/media\/141710"}],"wp:attachment":[{"href":"https:\/\/sds.mt\/mt\/wp-json\/wp\/v2\/media?parent=141627"}],"wp:term":[{"taxonomy":"topic","embeddable":true,"href":"https:\/\/sds.mt\/mt\/wp-json\/wp\/v2\/topic?post=141627"},{"taxonomy":"resource-category","embeddable":true,"href":"https:\/\/sds.mt\/mt\/wp-json\/wp\/v2\/resource-category?post=141627"},{"taxonomy":"resource-type","embeddable":true,"href":"https:\/\/sds.mt\/mt\/wp-json\/wp\/v2\/resource-type?post=141627"},{"taxonomy":"language","embeddable":true,"href":"https:\/\/sds.mt\/mt\/wp-json\/wp\/v2\/language?post=141627"},{"taxonomy":"activity-type","embeddable":true,"href":"https:\/\/sds.mt\/mt\/wp-json\/wp\/v2\/activity-type?post=141627"},{"taxonomy":"related","embeddable":true,"href":"https:\/\/sds.mt\/mt\/wp-json\/wp\/v2\/related?post=141627"},{"taxonomy":"activity-set","embeddable":true,"href":"https:\/\/sds.mt\/mt\/wp-json\/wp\/v2\/activity-set?post=141627"}],"curies":[{"name":"wp","href":"https:\/\/api.w.org\/{rel}","templated":true}]}}