{"id":7077,"date":"2021-08-30T10:19:19","date_gmt":"2021-08-30T09:19:19","guid":{"rendered":"https:\/\/sds.mt\/?page_id=7077"},"modified":"2022-05-07T19:26:36","modified_gmt":"2022-05-07T18:26:36","slug":"ilkoll-ahwa-2021-2022","status":"publish","type":"page","link":"https:\/\/sds.mt\/mt\/tema-tas-sena\/ilkoll-ahwa-2021-2022\/","title":{"rendered":"Ilkoll A\u0127wa 2021-2022"},"content":{"rendered":"\n<p class=\"category-button shiftup\"><a href=\"https:\/\/sds.mt\/mt\/tema-tas-sena\/\">\u00ab TEMI TAS-SENA<\/a><\/p>\n\n\n\n<p>Matul is-sena akkademika 2021-2022, a\u0127na qed nippre\u017centaw riflessjonijiet u ri\u017corsi relatati ma&#8217; &#8216;Ilkoll A\u0127wa&#8217; li jistg\u0127u jintu\u017caw waqt il-mument tal-assembly jew mumenti o\u0127ra. Il-kura pastorali hija b\u017connju\u017ca illum iktar minn qatt qabel g\u0127ax g\u0127andna b\u017conn dejjem ikbar li nsa\u0127\u0127u r-relazzjonijiet tag\u0127na flimkien u nirrestawraw it-tama, spe\u010bjalment fil-\u0121enerazzjoni tat-tfal u \u017c-\u017cg\u0127a\u017cag\u0127. G\u0127alkemm dawn ir-ri\u017corsi huma ma\u0127luqa bl-eta partikolari f&#8217;mo\u0127\u0127na, madanakollu in\u0127allu f&#8217;idejn il-mod professjonali li l-edukaturi jaddattaw il-materjal skont il-b\u017connijiet u l-etos tal-iskola u tal-istudenti. <\/p>\n\n\n<style>.kt-accordion-id_899999-d6 .kt-accordion-inner-wrap{column-gap:var(--global-kb-gap-md, 2rem);row-gap:5px;}.kt-accordion-id_899999-d6 .kt-accordion-panel-inner{border-top-width:0px;border-right-width:0px;border-bottom-width:0px;border-left-width:0px;padding-top:var(--global-kb-spacing-sm, 1.5rem);padding-right:var(--global-kb-spacing-sm, 1.5rem);padding-bottom:var(--global-kb-spacing-sm, 1.5rem);padding-left:var(--global-kb-spacing-sm, 1.5rem);}.kt-accordion-id_899999-d6 .wp-block-kadence-pane .kt-accordion-header-wrap .kt-blocks-accordion-header{border-top-color:#555555;border-right-color:#555555;border-bottom-color:#555555;border-left-color:#555555;border-top-width:0px;border-right-width:0px;border-bottom-width:0px;border-left-width:0px;border-top-left-radius:0px;border-top-right-radius:0px;border-bottom-right-radius:0px;border-bottom-left-radius:0px;background:#f2f2f2;font-size:18px;line-height:24px;color:#555555;padding-top:10px;padding-right:14px;padding-bottom:10px;padding-left:14px;}.kt-accordion-id_899999-d6:not( .kt-accodion-icon-style-basiccircle ):not( .kt-accodion-icon-style-xclosecircle ):not( .kt-accodion-icon-style-arrowcircle ) .kt-blocks-accordion-icon-trigger:after, .kt-accordion-id_899999-d6:not( .kt-accodion-icon-style-basiccircle ):not( .kt-accodion-icon-style-xclosecircle ):not( .kt-accodion-icon-style-arrowcircle ) .kt-blocks-accordion-icon-trigger:before{background:#555555;}.kt-accordion-id_899999-d6:not( .kt-accodion-icon-style-basic ):not( .kt-accodion-icon-style-xclose ):not( .kt-accodion-icon-style-arrow ) .kt-blocks-accordion-icon-trigger{background:#555555;}.kt-accordion-id_899999-d6:not( .kt-accodion-icon-style-basic ):not( .kt-accodion-icon-style-xclose ):not( .kt-accodion-icon-style-arrow ) .kt-blocks-accordion-icon-trigger:after, .kt-accordion-id_899999-d6:not( .kt-accodion-icon-style-basic ):not( .kt-accodion-icon-style-xclose ):not( .kt-accodion-icon-style-arrow ) .kt-blocks-accordion-icon-trigger:before{background:#f2f2f2;}.kt-accordion-id_899999-d6 .kt-accordion-header-wrap .kt-blocks-accordion-header:hover, body:not(.hide-focus-outline) .kt-accordion-id_899999-d6 .kt-accordion-header-wrap .kt-blocks-accordion-header:focus-visible{color:#444444;background:#eeeeee;border-top-color:#eeeeee;border-right-color:#eeeeee;border-bottom-color:#eeeeee;border-left-color:#eeeeee;}.kt-accordion-id_899999-d6:not( .kt-accodion-icon-style-basiccircle ):not( .kt-accodion-icon-style-xclosecircle ):not( .kt-accodion-icon-style-arrowcircle ) .kt-blocks-accordion-header:hover .kt-blocks-accordion-icon-trigger:after, .kt-accordion-id_899999-d6:not( .kt-accodion-icon-style-basiccircle ):not( .kt-accodion-icon-style-xclosecircle ):not( .kt-accodion-icon-style-arrowcircle ) .kt-blocks-accordion-header:hover .kt-blocks-accordion-icon-trigger:before, body:not(.hide-focus-outline) .kt-accordion-id_899999-d6:not( .kt-accodion-icon-style-basiccircle ):not( .kt-accodion-icon-style-xclosecircle ):not( .kt-accodion-icon-style-arrowcircle ) .kt-blocks-accordion--visible .kt-blocks-accordion-icon-trigger:after, body:not(.hide-focus-outline) .kt-accordion-id_899999-d6:not( .kt-accodion-icon-style-basiccircle ):not( .kt-accodion-icon-style-xclosecircle ):not( .kt-accodion-icon-style-arrowcircle ) .kt-blocks-accordion-header:focus-visible .kt-blocks-accordion-icon-trigger:before{background:#444444;}.kt-accordion-id_899999-d6:not( .kt-accodion-icon-style-basic ):not( .kt-accodion-icon-style-xclose ):not( .kt-accodion-icon-style-arrow ) .kt-blocks-accordion-header:hover .kt-blocks-accordion-icon-trigger, body:not(.hide-focus-outline) .kt-accordion-id_899999-d6:not( .kt-accodion-icon-style-basic ):not( .kt-accodion-icon-style-xclose ):not( .kt-accodion-icon-style-arrow ) .kt-blocks-accordion-header:focus-visible .kt-blocks-accordion-icon-trigger{background:#444444;}.kt-accordion-id_899999-d6:not( .kt-accodion-icon-style-basic ):not( .kt-accodion-icon-style-xclose ):not( .kt-accodion-icon-style-arrow ) .kt-blocks-accordion-header:hover .kt-blocks-accordion-icon-trigger:after, .kt-accordion-id_899999-d6:not( .kt-accodion-icon-style-basic ):not( .kt-accodion-icon-style-xclose ):not( .kt-accodion-icon-style-arrow ) .kt-blocks-accordion-header:hover .kt-blocks-accordion-icon-trigger:before, body:not(.hide-focus-outline) .kt-accordion-id_899999-d6:not( .kt-accodion-icon-style-basic ):not( .kt-accodion-icon-style-xclose ):not( .kt-accodion-icon-style-arrow ) .kt-blocks-accordion-header:focus-visible .kt-blocks-accordion-icon-trigger:after, body:not(.hide-focus-outline) .kt-accordion-id_899999-d6:not( .kt-accodion-icon-style-basic ):not( .kt-accodion-icon-style-xclose ):not( .kt-accodion-icon-style-arrow ) .kt-blocks-accordion-header:focus-visible .kt-blocks-accordion-icon-trigger:before{background:#eeeeee;}.kt-accordion-id_899999-d6 .kt-accordion-header-wrap .kt-blocks-accordion-header:focus-visible, .kt-accordion-id_899999-d6 .kt-accordion-header-wrap .kt-blocks-accordion-header.kt-accordion-panel-active{color:#ffffff;background:#444444;border-top-color:#444444;border-right-color:#444444;border-bottom-color:#444444;border-left-color:#444444;}.kt-accordion-id_899999-d6:not( .kt-accodion-icon-style-basiccircle ):not( .kt-accodion-icon-style-xclosecircle ):not( .kt-accodion-icon-style-arrowcircle ) .kt-blocks-accordion-header.kt-accordion-panel-active .kt-blocks-accordion-icon-trigger:after, .kt-accordion-id_899999-d6:not( .kt-accodion-icon-style-basiccircle ):not( .kt-accodion-icon-style-xclosecircle ):not( .kt-accodion-icon-style-arrowcircle ) .kt-blocks-accordion-header.kt-accordion-panel-active .kt-blocks-accordion-icon-trigger:before{background:#ffffff;}.kt-accordion-id_899999-d6:not( .kt-accodion-icon-style-basic ):not( .kt-accodion-icon-style-xclose ):not( .kt-accodion-icon-style-arrow ) .kt-blocks-accordion-header.kt-accordion-panel-active .kt-blocks-accordion-icon-trigger{background:#ffffff;}.kt-accordion-id_899999-d6:not( .kt-accodion-icon-style-basic ):not( .kt-accodion-icon-style-xclose ):not( .kt-accodion-icon-style-arrow ) .kt-blocks-accordion-header.kt-accordion-panel-active .kt-blocks-accordion-icon-trigger:after, .kt-accordion-id_899999-d6:not( .kt-accodion-icon-style-basic ):not( .kt-accodion-icon-style-xclose ):not( .kt-accodion-icon-style-arrow ) .kt-blocks-accordion-header.kt-accordion-panel-active .kt-blocks-accordion-icon-trigger:before{background:#444444;}@media all and (max-width: 767px){.kt-accordion-id_899999-d6 .kt-accordion-inner-wrap{display:block;}.kt-accordion-id_899999-d6 .kt-accordion-inner-wrap .kt-accordion-pane:not(:first-child){margin-top:5px;}}<\/style>\n<div class=\"wp-block-kadence-accordion alignnone\"><div class=\"kt-accordion-wrap kt-accordion-wrap kt-accordion-id_899999-d6 kt-accordion-has-6-panes kt-active-pane-0 kt-accordion-block kt-pane-header-alignment-left kt-accodion-icon-style-basic kt-accodion-icon-side-right\" style=\"max-width:none\"><div class=\"kt-accordion-inner-wrap\" data-allow-multiple-open=\"false\" data-start-open=\"none\">\n<div class=\"wp-block-kadence-pane kt-accordion-pane kt-accordion-pane-1 kt-pane_e76751-ef\"><div class=\"kt-accordion-header-wrap\"><button class=\"kt-blocks-accordion-header kt-acccordion-button-label-show\"><span class=\"kt-blocks-accordion-title-wrap\"><span class=\"kt-blocks-accordion-title\">Aktar dwar it-Tema tas-Sena <\/span><\/span><span class=\"kt-blocks-accordion-icon-trigger\"><\/span><\/button><\/div><div class=\"kt-accordion-panel kt-accordion-panel-hidden\"><div class=\"kt-accordion-panel-inner\">\n<h4 class=\"wp-block-heading\"><strong>I\u017c-\u017bmien Pre\u017centi<\/strong><\/h4>\n\n\n\n<p> Ilkoll A\u0127wa \u2013 Espressjoni li fil-mument pre\u017centi qed issir dejjem iktar importanti u relevanti. Ilkoll nag\u0127rfu diversi sfidi kemm lokali u anke internazzjonali. Forsi l-iktar evidenti hija l-pandemija li laqtitna f\u2019kull aspett tal-\u0127ajja tag\u0127na l-bnedmin spe\u010bjalment fl-iktar aspetti fra\u0121li kemm tal-\u0127ajja personali u dik so\u010bjali. <\/p>\n\n\n\n<h4 class=\"wp-block-heading\"> <strong>Nift\u0127u g\u0127ajnejna g\u0127al dak li qed ji\u0121ri<\/strong> <\/h4>\n\n\n\n<p>Il-kri\u017cijiet li qed i\u0121\u0121ib mag\u0127ha l-pandemija &nbsp;u t-tibdil fil-klima tad-dinja huma evidenti u qed iqanqlu diversi tbatijiet f\u2019re\u0121juni varji tad-dinja tag\u0127na \u2013 id-Dar komuni tag\u0127na. Dan it-tibdil fil-klima li huwa mg\u0127a\u0121\u0121el mid-de\u010bi\u017cjonijiet \u0127\u017ciena tag\u0127na l-bnedmin \u2013 de\u010bi\u017cjonjiet li huma mqanqla mill-egoi\u017cmu fejn jien jinteressani biss minn kemm jien ser nie\u0127u gost u kemm ser niggwadanja issa.<br>Dan l-aspett ilaqqana wkoll ma\u2019 kri\u017cijiet morali u spiritwali fi \u0127dan il-poplu tag\u0127na f\u2019Malta u G\u0127awdex. Il-mentalit\u00e0 li jien ni\u0121i qabel kul\u0127add qed tkisser l-ambjent naturali tag\u0127na, is-sbu\u0127ija tal-ambjent mibni, il-\u0127ajja tal-familja, is-sistema ekonomika u demokratika tag\u0127na, ir-relazzjonijiet ta&#8217; bejn persuni ta&#8217; razez differenti, orjentazzjonijiet sesswali, reli\u0121jonijiet u filosofiji differenti u kull aspett ie\u0127or li jiddependu minn xulxin. <\/p>\n\n\n\n<h4 class=\"wp-block-heading\"> <strong>Nag\u0127rfu l-valur tag\u0127na<\/strong> <\/h4>\n\n\n\n<p> Kull persuna hija mog\u0127nija bl-ikbar rigal tal-\u0127ajja, li permezz tag\u0127ha a\u0127na nag\u0127rfu l-valur tag\u0127na u nkomplu ni\u017cviluppawha bid-de\u010bi\u017cjonijiet tag\u0127na. Nista\u2019 nidde\u010biedi li jien jimpurtani biss minni nnifsi u b\u2019hekk ir-relazzjonijiet tieg\u0127i ma\u2019 Alla, mal-o\u0127rajn u mal-\u0127olqien nu\u017cahom g\u0127all-gwadann egoist tieg\u0127i, jew nista\u2019 nidde\u010biedi li nag\u0127raf il-valur imprezzabli ta\u2019 \u0127ajti u b\u2019hekk napprezza r-relazzjonijiet l-o\u0127ra. Il-\u0127ajja ting\u0127ex b\u2019im\u0127abba, b\u2019g\u0127otja g\u0127all-o\u0127rajn lejn kull membru tal-a\u0127wa tag\u0127na kollha, anke jekk narawhom \u0127afna differenti minna jew sa\u0127ansitra narawhom b\u0127ala theddida. <\/p>\n\n\n\n<h4 class=\"wp-block-heading\"> <strong>Tema Skolastika &#8211; Ilkoll A\u0127wa<\/strong><\/h4>\n\n\n\n<p> It-tema ta\u2019 matul din is-sena skolastika (2021-2022) \u2013 Ilkoll a\u0127wa \u2013 ser tinkora\u0121\u0121ina biex nag\u0127rfu s-sbu\u0127ija tal-\u0127ajja li a\u0127na g\u0127andna \u0121ewwa fina li tmur lil hinn mill-\u0121id finanzjarju, il-popolarit\u00e0, l-unuri u mill-gwadann li jista\u2019 jkolli permezz ta\u2019 dak li nag\u0127mel. Din is-sbu\u0127ija nag\u0127rfuha f\u2019xulxin b\u2019mod spe\u010bjali f\u2019min hu l-iktar vulnerabbli. <\/p>\n\n\n\n<h4 class=\"wp-block-heading\"> <strong>Ri\u017corsi skont l-esi\u0121enzi<\/strong> <\/h4>\n\n\n\n<p>B\u0127ala SDS ser ni\u017cviluppaw g\u0127ajnuniet g\u0127ar-riflessjoni dwar kif qed ng\u0127ixu dan fl-iskola. Dawn ir-ri\u017corsi jinkludu assemblies, ri\u017corsi g\u0127a\u010b-\u010belebrazzjonijiet tal-litur\u0121ija, attivitajiet riflessivi u hands-on permezz ta\u2019 prayer spaces, g\u0127ajnuniet g\u0127all-prattika tal-meditazzjoni, &nbsp;kif ukoll opportunitajiet ta\u2019 pro\u0121etti g\u0127all-iskejjel relatati ma\u2019 din l-istess tema \u2018Ilkoll A\u0127wa\u2019 skond il-b\u017connijiet u l-esi\u0121enzi li ji\u017cviluppaw tul is-sena.<\/p>\n\n\n\n<p><br>B\u0127al dejjem, napprezzaw \u0127afna l-ideat u s-su\u0121\u0121erimenti tag\u0127kom, u ta\u2019 dan nirringrazzjawkom bil-quddiem<\/p>\n<\/div><\/div><\/div>\n\n\n\n<div class=\"wp-block-kadence-pane kt-accordion-pane kt-accordion-pane-3 kt-pane_3946b0-97\"><div class=\"kt-accordion-header-wrap\"><button class=\"kt-blocks-accordion-header kt-acccordion-button-label-show\"><span class=\"kt-blocks-accordion-title-wrap\"><span class=\"kt-blocks-accordion-title\"> Qari g\u0127all-Quddiesa relatat mat-Tema tas-Sena<\/span><\/span><span class=\"kt-blocks-accordion-icon-trigger\"><\/span><\/button><\/div><div class=\"kt-accordion-panel kt-accordion-panel-hidden\"><div class=\"kt-accordion-panel-inner\"><style>.kt-tabs-id_b093f0-76 > .kt-tabs-content-wrap > .wp-block-kadence-tab{border-top-width:1px;border-right-width:1px;border-bottom-width:1px;border-left-width:1px;border-color:#bcbcbc;border-top-left-radius:0px;border-top-right-radius:0px;border-bottom-right-radius:0px;border-bottom-left-radius:0px;padding-top:var(--global-kb-spacing-sm, 1.5rem);padding-right:var(--global-kb-spacing-sm, 1.5rem);padding-bottom:var(--global-kb-spacing-sm, 1.5rem);padding-left:var(--global-kb-spacing-sm, 1.5rem);background:#ffffff;}.wp-block-kadence-tabs .kt-tabs-id_b093f0-76 > .kt-tabs-title-list li{margin-top:0px;margin-right:8px;margin-bottom:-1px;margin-left:0px;}.wp-block-kadence-tabs .kt-tabs-id_b093f0-76 > .kt-tabs-title-list li:last-child{margin-right:0px;}.wp-block-kadence-tabs .kt-tabs-id_b093f0-76 > .kt-tabs-title-list li .kt-tab-title, .wp-block-kadence-tabs .kt-tabs-id_b093f0-76 > .kt-tabs-content-wrap > .kt-tabs-accordion-title .kt-tab-title{line-height:1.4em;font-weight:400;font-style:normal;border-top-width:1px;border-right-width:1px;border-bottom-width:0px;border-left-width:1px;border-top-left-radius:4px;border-top-right-radius:4px;border-bottom-right-radius:0px;border-bottom-left-radius:0px;padding-top:8px;padding-right:20px;padding-bottom:8px;padding-left:20px;border-color:#eeeeee;color:#444444;background:#eeeeee;}.wp-block-kadence-tabs .kt-tabs-id_b093f0-76 > .kt-tabs-content-wrap > .kt-tabs-accordion-title .kt-tab-title{margin-top:0px;margin-right:8px;margin-bottom:-1px;margin-left:0px;}.wp-block-kadence-tabs .kt-tabs-id_b093f0-76 > .kt-tabs-title-list li .kt-tab-title:hover, .wp-block-kadence-tabs .kt-tabs-id_b093f0-76 > .kt-tabs-content-wrap > .kt-tabs-accordion-title .kt-tab-title:hover{border-color:#e2e2e2;color:#444444;background:#ffffff;}.wp-block-kadence-tabs .kt-tabs-id_b093f0-76 > .kt-tabs-title-list li.kt-tab-title-active .kt-tab-title, .wp-block-kadence-tabs .kt-tabs-id_b093f0-76 > .kt-tabs-content-wrap > .kt-tabs-accordion-title.kt-tab-title-active .kt-tab-title{border-color:#bcbcbc;color:#444444;background:#ffffff;}<\/style>\n<div class=\"wp-block-kadence-tabs alignnone\"><div class=\"kt-tabs-wrap kt-tabs-id_b093f0-76 kt-tabs-has-3-tabs kt-active-tab-1 kt-tabs-layout-tabs kt-tabs-tablet-layout-inherit kt-tabs-mobile-layout-inherit kt-tab-alignment-left \" style=\"max-width:none\"><ul class=\"kt-tabs-title-list\"><li id=\"tab-primarja\" class=\"kt-title-item kt-title-item-1 kt-tabs-svg-show-always kt-tabs-icon-side-right kt-tab-title-active\"><a href=\"#tab-primarja\" data-tab=\"1\" class=\"kt-tab-title kt-tab-title-1 \"><span class=\"kt-title-text\">Primarja<\/span><\/a><\/li><li id=\"tab-medja\" class=\"kt-title-item kt-title-item-2 kt-tabs-svg-show-always kt-tabs-icon-side-right kt-tab-title-inactive\"><a href=\"#tab-medja\" data-tab=\"2\" class=\"kt-tab-title kt-tab-title-2 \"><span class=\"kt-title-text\">Medja<\/span><\/a><\/li><li id=\"tab-sekondarja\" class=\"kt-title-item kt-title-item-3 kt-tabs-svg-show-always kt-tabs-icon-side-right kt-tab-title-inactive\"><a href=\"#tab-sekondarja\" data-tab=\"3\" class=\"kt-tab-title kt-tab-title-3 \"><span class=\"kt-title-text\">Sekondarja<\/span><\/a><\/li><\/ul><div class=\"kt-tabs-content-wrap\">\n<div class=\"wp-block-kadence-tab kt-tab-inner-content kt-inner-tab-1 kt-inner-tab_30d301-f0\"><div class=\"kt-tab-inner-content-inner\">\n<p><strong>Qari mill-Ewwel Ittra ta\u2019 San \u0120wann Appostlu<\/strong> (1 \u0120w 4: 7-12)<\/p>\n\n\n\n<p>G\u0127e\u017cie\u017c, ejjew in\u0127obbu \u2019l xulxin, g\u0127ax l-im\u0127abba \u0121ejja minn Alla, u kull min i\u0127obb hu mwieled minn Alla u jag\u0127raf lil Alla.&nbsp;Dak li ma j\u0127obbx ma g\u0127arafx lil Alla, g\u0127ax Alla hu m\u0127abba.&nbsp;&nbsp;B\u2019dan dehret l-im\u0127abba ta\u2019 Alla fina, g\u0127ax Alla bag\u0127at lil Ibnu l-wa\u0127dieni fid-dinja, biex ng\u0127ixu bih.&nbsp;&nbsp;U hawn qieg\u0127da l-im\u0127abba; mhux g\u0127ax a\u0127na \u0127abbejna \u2019l Alla, imma g\u0127ax \u0127abbna Hu u bag\u0127at lil Ibnu biex ikun ta\u2019 tpattija g\u0127al dnubietna.<strong><sup> <\/sup><\/strong>G\u0127e\u017cie\u017c, jekk Alla \u0127abbna daqshekk, a\u0127na wkoll g\u0127andna n\u0127obbu lil xulxin.&nbsp;Lil Alla g\u0127adu \u0127add ma rah, imma jekk in\u0127obbu \u2019l xulxin hu jg\u0127ammar fina, u m\u0127abbtu ssib il-milja tag\u0127ha fina.<\/p>\n\n\n\n<p>Il-Kelma tal-Mulej<\/p>\n\n\n\n<p>R\/. <em>Irroddu \u0127ajr lil Alla<\/em><\/p>\n\n\n\n<p><br><strong>Salm Responsorjali<\/strong> (Salm 17, 2-3a.3b\u010b-4-47.51ab)<\/p>\n\n\n\n<p><br>R\/: In\u0127obbok, Mulej, qawwa tieg\u0127i!<br>In\u0127obbok, Mulej, qawwa tieg\u0127i!&nbsp;<br>Il-Mulej blata tieg\u0127i,<br>fortizza u \u0127ellies tieg\u0127i! R\/.<\/p>\n\n\n\n<p>&nbsp;Alla tieg\u0127i, sur tal-kenn tieg\u0127i u tarka tieg\u0127i,<br>qawwa tas-salvazzjoni tieg\u0127i u kenn tieg\u0127i!<br>&nbsp;Insejja\u0127 il-Mulej, li hu ta\u2019 min ifa\u0127\u0127ru,<br>u nkun me\u0127lus mill-g\u0127edewwa tieg\u0127i. R\/.<\/p>\n\n\n\n<p>&nbsp;\u0126aj il-Mulej! Imbierek hu, il-blata tieg\u0127i!<br>Ikun imfa\u0127\u0127ar Alla tas-salvazzjoni tieg\u02d9\u0127!<br>Hu jkabbar ir-reb\u0127 lis-sultan tieg\u0127u,<br>juri m\u0127abbtu mal-midluk tieg\u0127u. R\/.<\/p>\n\n\n\n<p><strong>Evan\u0121elju<\/strong><br><strong>Qari mill-Evan\u0121elju ta\u2019 San Mark<\/strong> (Mk 10: 13-15)<\/p>\n\n\n\n<p><br>\u0120abulu quddiemu xi tfal \u010bkejknin biex iberikhom, i\u017cda d-dixxipli tieg\u0127u qabdu jg\u0127ajtu mag\u0127hom.&nbsp;\u0120es\u00f9, meta ra hekk, inkorla u qalilhom: \u201c\u0126alluhom it-tfal \u017cg\u0127ar ji\u0121u g\u0127andi; i\u017c\u017commuhomx, g\u0127ax ta\u2019 min hu b\u0127alhom hija s-Saltna ta\u2019 Alla.&nbsp;Tassew ng\u0127idilkom, li min is-Saltna ta\u2019 Alla ma jilqag\u0127hiex b\u0127al tifel \u010bkejken ma jid\u0127olx fiha.\u201d&nbsp;Imbag\u0127ad \u0127addanhom mieg\u0127u u qieg\u0127ed idejh fuqhom u berikhom.<\/p>\n\n\n\n<p>Il-Kelma tal-Mulej<\/p>\n\n\n\n<p><em>R\/. It-tif\u0127ir lilek Kristu<\/em><\/p>\n\n\n\n<div data-wp-interactive=\"core\/file\" class=\"wp-block-file\"><object data-wp-bind--hidden=\"!state.hasPdfPreview\" hidden class=\"wp-block-file__embed\" data=\"https:\/\/sds.mt\/wp-content\/uploads\/2021\/10\/Qari-ghall-Quddiesa-ghas-Sena-Skolastika-2021-2022-primarja.pdf\" type=\"application\/pdf\" style=\"width:100%;height:600px\" aria-label=\"Embed of Embed of Qari-ghall-Quddiesa-ghas-Sena-Skolastika-2021-2022-primarja..\"><\/object><a href=\"https:\/\/sds.mt\/wp-content\/uploads\/2021\/10\/Qari-ghall-Quddiesa-ghas-Sena-Skolastika-2021-2022-primarja.pdf\">Qari-ghall-Quddiesa-ghas-Sena-Skolastika-2021-2022-primarja<\/a><a href=\"https:\/\/sds.mt\/wp-content\/uploads\/2021\/10\/Qari-ghall-Quddiesa-ghas-Sena-Skolastika-2021-2022-primarja.pdf\" class=\"wp-block-file__button\" download>Download<\/a><\/div>\n<\/div><\/div>\n\n\n\n<div class=\"wp-block-kadence-tab kt-tab-inner-content kt-inner-tab-2 kt-inner-tab_6d6ffc-c7\"><div class=\"kt-tab-inner-content-inner\">\n<p><strong>Qari mill-Ktieb tal-Profeta Isaija<\/strong> (Is 43, 18-19. 21-22. 24-25)<\/p>\n\n\n\n<p>Dan jg\u0127id il-Mulej: &#8220;La tiftakrux i\u017cjed fi \u0121rajjiet l-img\u0127oddi; la ta\u0127sbux fuq dak li \u0121ara qabel. Arawni, sejjer nag\u0127mel \u0127a\u0121a \u0121dida: fe\u0121\u0121et issa; g\u0127adkom ma ttendejtux? Se nifta\u02d9 triq fix-xag\u0127ri, xmajjar fid-de\u017cert. Il-poplu sawwart g\u0127alija, biex ixandar it-tif\u0127ir tieg\u0127i. B\u2019danakollu, int, \u0120akobb, ma sejja\u0127tlix, g\u0127ax int xbajt minni, o I\u017crael! G\u0127abbejtni bi dnubietek, fnejtni bi \u0127\u017cunitek. Jien, jien hu, li n\u0127assar dnubietek min\u0127abba fija, u li \u0127tijietek i\u017cjed ma niftakarhomx.&#8221;<\/p>\n\n\n\n<p>Il-Kelma tal-Mulej<\/p>\n\n\n\n<p>R\/. <em>Irroddu \u0127ajr lil Alla<\/em><\/p>\n\n\n\n<p><strong>Salm Responsorjali<\/strong>                                        Salm 118(119)<\/p>\n\n\n\n<p><strong>\u0126enjin dawk li jimxu fil-li\u0121i tal-Mulej.<\/strong>&nbsp;<\/p>\n\n\n\n<p>\u0126enjin dawk li huma fi triq tajba,<br>dawk li jimxu fil-li\u0121i tal-Mulej.<br>\u0126enjin dawk li j\u0127arsu l-pre\u010betti tieg\u0127u,<br>li jfittxuh b\u2019qalbhom kollha.&nbsp;<strong>R\/.<\/strong><\/p>\n\n\n\n<p>Int tajt il-kmandamenti tieg\u0127ek,<br>biex ji\u0121u m\u0127arsin bir-reqqa.<br>\u0126a j\u017comm s\u0127i\u0127 il-mixi tieg\u0127i<br>fil-\u0127arsien tad-digrieti tieg\u0127ek.&nbsp;<strong>R\/.<\/strong><\/p>\n\n\n\n<p>Kun twajjeb mal-qaddej tieg\u0127ek, u ng\u0127ix,<br>u n\u0127ares il-kelma tieg\u0127ek.<br>Ifta\u0127li g\u0127ajnejja, \u0127a nara<br>l-eg\u0127\u0121ubijiet tal-li\u0121i tieg\u0127ek.&nbsp;<strong>R\/.<\/strong><\/p>\n\n\n\n<p>G\u0127allimni, Mulej, it-triq tal-kmandamenti tieg\u0127ek:<br>Jiena ng\u0127addi minnha sa l-a\u0127\u0127ar.<br>Fehimni biex in\u017comm il-li\u0121i tieg\u0127ek<br>u n\u0127arisha b\u2019qalbi kollha.&nbsp;<strong>R\/.<\/strong><\/p>\n\n\n\n<p>Evan\u0121elju<\/p>\n\n\n\n<p><strong>Qari mill-Evan\u0121elju ta\u2019 San Mattew<\/strong> (Mt 5, 38-48)<\/p>\n\n\n\n<p>F\u2019dak i\u017c-\u017cmien: \u0120esu\u2019 qal lid-dixxipli tieg\u0127u: \u201cSmajtu x\u2019intqal, \u2018G\u0127ajn b\u2019g\u0127ajn u sinna b\u2019sinna.\u2019 Imma jiena ng\u0127idilkom biex bniedem \u0127a\u017cin ma tiqfulux; anzi jekk xi \u0127add jag\u0127tik daqqa ta\u2019 \u0127arta fuq \u0127addek tal-lemin, dawwarlu l-ie\u0127or ukoll: u lil min ikun irid itellg\u0127ek il-qorti u je\u0127odlok il-libsa, \u0127allilu wkoll il-mantar. U jekk xi \u0127add i\u0121ag\u0127lek timxi mieg\u0127u mil wie\u0127ed, mur mieg\u0127u tnejn. Ag\u0127ti lil min jitolbok, u ddawwarx spallejk lil min ikun irid jissellef minn g\u0127andek.<br>Smajtu x\u2019intqal, \u2018\u0126obb lill-proxxmu tieg\u0127ek u obg\u0127od lill-g\u0127adu tieg\u0127ek\u2019. Imma jiena ng\u0127idilkom: \u0126obbu lill-eg\u0127dewwa tag\u0127kom u itolbu g\u0127al dawk li jippersegwitawkom, biex tkunu wlied Missierkom li hu fis-smewwiet; g\u0127ax hu jtella\u2019 x-xema tieg\u0127u sew fuq il-\u0127\u017ciena u sew fuq it-tajbin, u jni\u017c\u017cel ix-xita sew fuq min hu tajjeb u sew fuq min mhuwiex. G\u0127ax jekk intom t\u0127obbu lil min i\u0127obbkom, xi \u0127las jist\u0127oqqilkom? Mhux il-publikani wkoll jag\u0127mluh dan? U jekk issellmu lil \u0127utkom biss, xi tkunu tag\u0127mlu \u017cejjed? Mhux il-pagani wkoll jag\u0127mluh dan? Kunu mela perfetti, b\u0127alma hu perfett Missierkom li hu fis-smewwiet.\u2019\u2019&nbsp;<\/p>\n\n\n\n<p>Il-Kelma tal-Mulej<\/p>\n\n\n\n<p><em>R\/. It-tif\u0127ir lilek Kristu<\/em><\/p>\n\n\n\n<div data-wp-interactive=\"core\/file\" class=\"wp-block-file\"><object data-wp-bind--hidden=\"!state.hasPdfPreview\" hidden class=\"wp-block-file__embed\" data=\"https:\/\/sds.mt\/wp-content\/uploads\/2021\/10\/Qari-ghall-Quddiesa-ghas-Sena-Skolastika-2021-2022-medja_sekondarja.pdf\" type=\"application\/pdf\" style=\"width:100%;height:600px\" aria-label=\"Embed of Embed of Qari-ghall-Quddiesa-ghas-Sena-Skolastika-2021-2022-medja_sekondarja..\"><\/object><a href=\"https:\/\/sds.mt\/wp-content\/uploads\/2021\/10\/Qari-ghall-Quddiesa-ghas-Sena-Skolastika-2021-2022-medja_sekondarja.pdf\">Qari-ghall-Quddiesa-ghas-Sena-Skolastika-2021-2022-medja_sekondarja<\/a><a href=\"https:\/\/sds.mt\/wp-content\/uploads\/2021\/10\/Qari-ghall-Quddiesa-ghas-Sena-Skolastika-2021-2022-medja_sekondarja.pdf\" class=\"wp-block-file__button\" download>Download<\/a><\/div>\n<\/div><\/div>\n\n\n\n<div class=\"wp-block-kadence-tab kt-tab-inner-content kt-inner-tab-3 kt-inner-tab_39b154-90\"><div class=\"kt-tab-inner-content-inner\">\n<p><strong>Qari mill-Ktieb tal-Profeta Isaija<\/strong> (Is 43, 18-19. 21-22. 24-25)<\/p>\n\n\n\n<p>Dan jg\u0127id il-Mulej: &#8220;La tiftakrux i\u017cjed fi \u0121rajjiet l-img\u0127oddi; la ta\u0127sbux fuq dak li \u0121ara qabel. Arawni, sejjer nag\u0127mel \u0127a\u0121a \u0121dida: fe\u0121\u0121et issa; g\u0127adkom ma ttendejtux? Se nifta\u02d9 triq fix-xag\u0127ri, xmajjar fid-de\u017cert. Il-poplu sawwart g\u0127alija, biex ixandar it-tif\u0127ir tieg\u0127i. B\u2019danakollu, int, \u0120akobb, ma sejja\u0127tlix, g\u0127ax int xbajt minni, o I\u017crael! G\u0127abbejtni bi dnubietek, fnejtni bi \u0127\u017cunitek. Jien, jien hu, li n\u0127assar dnubietek min\u0127abba fija, u li \u0127tijietek i\u017cjed ma niftakarhomx.&#8221;<\/p>\n\n\n\n<p>Il-Kelma tal-Mulej<\/p>\n\n\n\n<p>R\/. <em>Irroddu \u0127ajr lil Alla<\/em><\/p>\n\n\n\n<p><strong>Salm Responsorjali                               <\/strong>Salm 118 (119)<\/p>\n\n\n\n<p><strong>\u0126enjin dawk li jimxu fil-li\u0121i tal-Mulej.<\/strong>&nbsp;<\/p>\n\n\n\n<p>\u0126enjin dawk li huma fi triq tajba,<br>dawk li jimxu fil-li\u0121i tal-Mulej.<br>\u0126enjin dawk li j\u0127arsu l-pre\u010betti tieg\u0127u,<br>li jfittxuh b\u2019qalbhom kollha.&nbsp;<strong>R\/.<\/strong><\/p>\n\n\n\n<p>Int tajt il-kmandamenti tieg\u0127ek,<br>biex ji\u0121u m\u0127arsin bir-reqqa.<br>\u0126a j\u017comm s\u0127i\u0127 il-mixi tieg\u0127i<br>fil-\u0127arsien tad-digrieti tieg\u0127ek.&nbsp;<strong>R\/.<\/strong><\/p>\n\n\n\n<p>Kun twajjeb mal-qaddej tieg\u0127ek, u ng\u0127ix,<br>u n\u0127ares il-kelma tieg\u0127ek.<br>Ifta\u0127li g\u0127ajnejja, \u0127a nara<br>l-eg\u0127\u0121ubijiet tal-li\u0121i tieg\u0127ek.&nbsp;<strong>R\/.<\/strong><\/p>\n\n\n\n<p>G\u0127allimni, Mulej, it-triq tal-kmandamenti tieg\u0127ek:<br>Jiena ng\u0127addi minnha sa l-a\u0127\u0127ar.<br>Fehimni biex in\u017comm il-li\u0121i tieg\u0127ek<br>u n\u0127arisha b\u2019qalbi kollha.&nbsp;<strong>R\/.<\/strong><\/p>\n\n\n\n<h5 class=\"wp-block-heading\"><strong>Evan\u0121elju<\/strong><\/h5>\n\n\n\n<p><strong>Qari mill-Evan\u0121elju ta\u2019 San Mattew <\/strong>(Mt 5, 38-48)<\/p>\n\n\n\n<p>F\u2019dak i\u017c-\u017cmien: \u0120esu\u2019 qal lid-dixxipli tieg\u0127u: \u201cSmajtu x\u2019intqal, \u2018G\u0127ajn b\u2019g\u0127ajn u sinna b\u2019sinna.\u2019 Imma jiena ng\u0127idilkom biex bniedem \u0127a\u017cin ma tiqfulux; anzi jekk xi \u0127add jag\u0127tik daqqa ta\u2019 \u0127arta fuq \u0127addek tal-lemin, dawwarlu l-ie\u0127or ukoll: u lil min ikun irid itellg\u0127ek il-qorti u je\u0127odlok il-libsa, \u0127allilu wkoll il-mantar. U jekk xi \u0127add i\u0121ag\u0127lek timxi mieg\u0127u mil wie\u0127ed, mur mieg\u0127u tnejn. Ag\u0127ti lil min jitolbok, u ddawwarx spallejk lil min ikun irid jissellef minn g\u0127andek.<br>Smajtu x\u2019intqal, \u2018\u0126obb lill-proxxmu tieg\u0127ek u obg\u0127od lill-g\u0127adu tieg\u0127ek\u2019. Imma jiena ng\u0127idilkom: \u0126obbu lill-eg\u0127dewwa tag\u0127kom u itolbu g\u0127al dawk li jippersegwitawkom, biex tkunu wlied Missierkom li hu fis-smewwiet; g\u0127ax hu jtella\u2019 x-xema tieg\u0127u sew fuq il-\u0127\u017ciena u sew fuq it-tajbin, u jni\u017c\u017cel ix-xita sew fuq min hu tajjeb u sew fuq min mhuwiex. G\u0127ax jekk intom t\u0127obbu lil min i\u0127obbkom, xi \u0127las jist\u0127oqqilkom? Mhux il-publikani wkoll jag\u0127mluh dan? U jekk issellmu lil \u0127utkom biss, xi tkunu tag\u0127mlu \u017cejjed? Mhux il-pagani wkoll jag\u0127mluh dan?Kunu mela perfetti, b\u0127alma hu perfett Missierkom li hu fis-smewwiet.\u2019\u2019&nbsp;<\/p>\n\n\n\n<p>Il-Kelma tal-Mulej<\/p>\n\n\n\n<p><em>R\/. It-tif\u0127ir lilek Kristu<\/em><\/p>\n\n\n\n<div data-wp-interactive=\"core\/file\" class=\"wp-block-file\"><object data-wp-bind--hidden=\"!state.hasPdfPreview\" hidden class=\"wp-block-file__embed\" data=\"https:\/\/sds.mt\/wp-content\/uploads\/2021\/10\/Qari-ghall-Quddiesa-ghas-Sena-Skolastika-2021-2022-medja_sekondarja.pdf\" type=\"application\/pdf\" style=\"width:100%;height:600px\" aria-label=\"Embed of Embed of Qari-ghall-Quddiesa-ghas-Sena-Skolastika-2021-2022-medja_sekondarja..\"><\/object><a href=\"https:\/\/sds.mt\/wp-content\/uploads\/2021\/10\/Qari-ghall-Quddiesa-ghas-Sena-Skolastika-2021-2022-medja_sekondarja.pdf\">Qari-ghall-Quddiesa-ghas-Sena-Skolastika-2021-2022-medja_sekondarja<\/a><a href=\"https:\/\/sds.mt\/wp-content\/uploads\/2021\/10\/Qari-ghall-Quddiesa-ghas-Sena-Skolastika-2021-2022-medja_sekondarja.pdf\" class=\"wp-block-file__button\" download>Download<\/a><\/div>\n<\/div><\/div>\n<\/div><\/div><\/div>\n<\/div><\/div><\/div>\n\n\n\n<div class=\"wp-block-kadence-pane kt-accordion-pane kt-accordion-pane-4 kt-pane_b2cf56-d0\"><div class=\"kt-accordion-header-wrap\"><button class=\"kt-blocks-accordion-header kt-acccordion-button-label-show\"><span class=\"kt-blocks-accordion-title-wrap\"><span class=\"kt-blocks-accordion-title\">Talbiet tal-Komunit\u00e0 fil-bidu tas-Sena Skolastika <\/span><\/span><span class=\"kt-blocks-accordion-icon-trigger\"><\/span><\/button><\/div><div class=\"kt-accordion-panel kt-accordion-panel-hidden\"><div class=\"kt-accordion-panel-inner\"><style>.kt-tabs-id_3e2019-b4 > .kt-tabs-content-wrap > .wp-block-kadence-tab{border-top-width:1px;border-right-width:1px;border-bottom-width:1px;border-left-width:1px;border-color:#bcbcbc;border-top-left-radius:0px;border-top-right-radius:0px;border-bottom-right-radius:0px;border-bottom-left-radius:0px;padding-top:var(--global-kb-spacing-sm, 1.5rem);padding-right:var(--global-kb-spacing-sm, 1.5rem);padding-bottom:var(--global-kb-spacing-sm, 1.5rem);padding-left:var(--global-kb-spacing-sm, 1.5rem);background:#ffffff;}.wp-block-kadence-tabs .kt-tabs-id_3e2019-b4 > .kt-tabs-title-list li{margin-top:0px;margin-right:8px;margin-bottom:-1px;margin-left:0px;}.wp-block-kadence-tabs .kt-tabs-id_3e2019-b4 > .kt-tabs-title-list li:last-child{margin-right:0px;}.wp-block-kadence-tabs .kt-tabs-id_3e2019-b4 > .kt-tabs-title-list li .kt-tab-title, .wp-block-kadence-tabs .kt-tabs-id_3e2019-b4 > .kt-tabs-content-wrap > .kt-tabs-accordion-title .kt-tab-title{line-height:1.4em;font-weight:regular;font-style:normal;border-top-width:1px;border-right-width:1px;border-bottom-width:0px;border-left-width:1px;border-top-left-radius:4px;border-top-right-radius:4px;border-bottom-right-radius:0px;border-bottom-left-radius:0px;padding-top:8px;padding-right:20px;padding-bottom:8px;padding-left:20px;border-color:#eeeeee;color:#444444;background:#ffffff;}.wp-block-kadence-tabs .kt-tabs-id_3e2019-b4 > .kt-tabs-content-wrap > .kt-tabs-accordion-title .kt-tab-title{margin-top:0px;margin-right:8px;margin-bottom:-1px;margin-left:0px;}.wp-block-kadence-tabs .kt-tabs-id_3e2019-b4 > .kt-tabs-title-list li .kt-tab-title:hover, .wp-block-kadence-tabs .kt-tabs-id_3e2019-b4 > .kt-tabs-content-wrap > .kt-tabs-accordion-title .kt-tab-title:hover{border-color:#e2e2e2;color:#444444;background:#ffffff;}.wp-block-kadence-tabs .kt-tabs-id_3e2019-b4 > .kt-tabs-title-list li.kt-tab-title-active .kt-tab-title, .wp-block-kadence-tabs .kt-tabs-id_3e2019-b4 > .kt-tabs-content-wrap > .kt-tabs-accordion-title.kt-tab-title-active .kt-tab-title{border-color:#bcbcbc;color:#444444;background:#ffffff;}<\/style>\n<div class=\"wp-block-kadence-tabs alignnone\"><div class=\"kt-tabs-wrap kt-tabs-id_3e2019-b4 kt-tabs-has-3-tabs kt-active-tab-1 kt-tabs-layout-tabs kt-tabs-tablet-layout-inherit kt-tabs-mobile-layout-inherit kt-tab-alignment-left \" style=\"max-width:none\"><ul class=\"kt-tabs-title-list\"><li id=\"tab-primarja\" class=\"kt-title-item kt-title-item-1 kt-tabs-svg-show-always kt-tabs-icon-side-right kt-tab-title-active\"><a href=\"#tab-primarja\" data-tab=\"1\" class=\"kt-tab-title kt-tab-title-1 \"><span class=\"kt-title-text\">Primarja<\/span><\/a><\/li><li id=\"tab-medja\" class=\"kt-title-item kt-title-item-2 kt-tabs-svg-show-always kt-tabs-icon-side-right kt-tab-title-inactive\"><a href=\"#tab-medja\" data-tab=\"2\" class=\"kt-tab-title kt-tab-title-2 \"><span class=\"kt-title-text\">Medja<\/span><\/a><\/li><li id=\"tab-sekondarja\" class=\"kt-title-item kt-title-item-3 kt-tabs-svg-show-always kt-tabs-icon-side-right kt-tab-title-inactive\"><a href=\"#tab-sekondarja\" data-tab=\"3\" class=\"kt-tab-title kt-tab-title-3 \"><span class=\"kt-title-text\">Sekondarja<\/span><\/a><\/li><\/ul><div class=\"kt-tabs-content-wrap\">\n<div class=\"wp-block-kadence-tab kt-tab-inner-content kt-inner-tab-1 kt-inner-tab_accebc-6a\"><div class=\"kt-tab-inner-content-inner\">\n<p>1. Nitolbuk Mulej g\u0127all-Knisja Kattolika, g\u0127all-Papa Fran\u0121isku, l-Isqfijiet Charles u Joseph, g\u0127all-isqfijiet kollha, sa\u010berdoti, u djakni. Nitolbu<strong>.<\/strong><\/p>\n\n\n\n<p>2. Dawwal il-mexxejja tad-dinja, biex jing\u0127aqdu flimkien u ja\u0127dmu g\u0127all-pa\u010bi u l-\u0121ustizzja. Nitolbu.<\/p>\n\n\n\n<p>3. Bierek il-kommunit\u00e0 tal-iskola tag\u0127na u g\u0127inna biex naqdu lill-o\u0127rajn f\u2019dak kollu li nag\u0127mlu u biex na\u0127dmu flimkien, in\u0127obbu iktar lil xulxin kif i\u0127obbna \u0120es\u00f9. Nitolbu.<\/p>\n\n\n\n<p>4. \u0126u \u0127sieb lill-morda, lil dawk li qeg\u0127din ibatu, u lil dawk li qeg\u0127din f\u2019xi periklu, g\u0127inhom jesperjenzaw il-fejqan u l-im\u0127abba tieg\u0127ek. Nitolbu.<\/p>\n\n\n\n<p>5. Mulej, lil dawk li mietu qabilna fil-fidi u li a\u0127na n\u0127obbu ag\u0127tihom il-mistrie\u0127 ta\u2019 dejjem u l-ma\u0127fra ta\u2019 dnubiethom. Nitolbu.<\/p>\n\n\n\n<p>6. Kul\u0127add jag\u0127mel it-talba tieg\u0127u f\u2019qalbu. (paw\u017ca). Nitolbu.<\/p>\n\n\n\n<div class=\"wp-block-file\"><a href=\"https:\/\/sds.mt\/wp-content\/uploads\/2021\/10\/Talb-tal-Komunita-primarja.docx\">Talb-tal-Komunita-primarja<\/a><a href=\"https:\/\/sds.mt\/wp-content\/uploads\/2021\/10\/Talb-tal-Komunita-primarja.docx\" class=\"wp-block-file__button\" download>Download<\/a><\/div>\n<\/div><\/div>\n\n\n\n<div class=\"wp-block-kadence-tab kt-tab-inner-content kt-inner-tab-2 kt-inner-tab_ae89cd-63\"><div class=\"kt-tab-inner-content-inner\">\n<p>1. Fil-bidu ta&#8217; din is-sena skolastika, nixtiequ nirringrazzjawk tal-\u0127afna barkiet li tajtna u g\u0127all-protezzjoni tieg\u0127ek matul il-Pandemija. Nitolbu g\u0127al sena a\u0127jar; g\u0127al ritorn sikur fil-klassijiet tag\u0127na; g\u0127as-sa\u0127\u0127a tal-istudenti, l-g\u0127alliema u l-istaff tal-iskola ta\u0127t pressjoni biex jie\u0127du de\u010bi\u017cjonijiet diffi\u010bli; u g\u0127all-\u0121enituri e\u017cawriti mill-in\u010bertezza u l-pjanijiet li jinbidlu b&#8217;mod kostanti. Ag\u0127tina l-kura\u0121\u0121, Mulej, biex nafdaw fl-im\u0127abba u l-\u0127niena tag\u0127kom. Nitolbu<\/p>\n\n\n\n<p><strong>R\/. Mulej ismag\u0127na.<\/strong><\/p>\n\n\n\n<p>2. Mulej, nixtiequ nitolbu g\u0127all-istudenti kollha. Ag\u0127tina l-kura\u0121\u0121 li na\u010b\u010bettaw l-isfidi l-\u0121odda u l-opportunitajiet e\u010b\u010bitanti li ji\u0121u fi triqitna sabiex inkunu nistg\u0127u ni\u017cviluppaw it-talenti tag\u0127na biex id-dinja ssir post a\u0127jar. Nitolbu<\/p>\n\n\n\n<p>3. Mulej \u0127anin u ta\u2019 m\u0127abba, nitolbu g\u0127al dawk kollha li qed isofru solitudni, \u0121u\u0127, in\u0121ustizzja, gwerra jew diskriminazzjoni. G\u0127inna, Mulej, biex in\u0121ibu l-im\u0127abba, il-pa\u010bi u t-tjubija lin-nies li niltaqg\u0127u mag\u0127hom kuljum.Nitolbu<\/p>\n\n\n\n<p>4. Nitolbuk tbierek lill-familji kollha u tipprote\u0121ihom minn kull \u0127sara. G\u0127inhom iqattg\u0127u \u0127in ta&#8217; kwalit\u00e0 flimkien, biex isibu \u0127in biex jisimg\u0127u lil xulxin kif ukoll jitolbu flimkien. Nitolbu<\/p>\n\n\n\n<p>5. <em>(Nistedinkom biex fis-skiet tressqu lejn il-Mulej it-talb personali tag\u0127kom)<\/em><\/p>\n\n\n\n<div class=\"wp-block-file\"><a href=\"https:\/\/sds.mt\/wp-content\/uploads\/2021\/10\/Talb-tal-Komunita-medja-sekondarja.docx\">Talb-tal-Komunita-medja-sekondarja<\/a><a href=\"https:\/\/sds.mt\/wp-content\/uploads\/2021\/10\/Talb-tal-Komunita-medja-sekondarja.docx\" class=\"wp-block-file__button\" download>Download<\/a><\/div>\n<\/div><\/div>\n\n\n\n<div class=\"wp-block-kadence-tab kt-tab-inner-content kt-inner-tab-3 kt-inner-tab_e988e7-d4\"><div class=\"kt-tab-inner-content-inner\">\n<p>1. Fil-bidu ta&#8217; din is-sena skolastika, nixtiequ nirringrazzjawk tal-\u0127afna barkiet li tajtna u g\u0127all-protezzjoni tieg\u0127ek matul il-Pandemija. Nitolbu g\u0127al sena a\u0127jar; g\u0127al ritorn sikur fil-klassijiet tag\u0127na; g\u0127as-sa\u0127\u0127a tal-istudenti, l-g\u0127alliema u l-istaff tal-iskola ta\u0127t pressjoni biex jie\u0127du de\u010bi\u017cjonijiet diffi\u010bli; u g\u0127all-\u0121enituri e\u017cawriti mill-in\u010bertezza u l-pjanijiet li jinbidlu b&#8217;mod kostanti. Ag\u0127tina l-kura\u0121\u0121, Mulej, biex nafdaw fl-im\u0127abba u l-\u0127niena tag\u0127kom. Nitolbu<\/p>\n\n\n\n<p><strong>R\/. Mulej ismag\u0127na.<\/strong><\/p>\n\n\n\n<p>2. Mulej, nixtiequ nitolbu g\u0127all-istudenti kollha. Ag\u0127tina l-kura\u0121\u0121 li na\u010b\u010bettaw l-isfidi l-\u0121odda u l-opportunitajiet e\u010b\u010bitanti li ji\u0121u fi triqitna sabiex inkunu nistg\u0127u ni\u017cviluppaw it-talenti tag\u0127na biex id-dinja ssir post a\u0127jar. Nitolbu<\/p>\n\n\n\n<p>3. Mulej \u0127anin u ta\u2019 m\u0127abba, nitolbu g\u0127al dawk kollha li qed isofru solitudni, \u0121u\u0127, in\u0121ustizzja, gwerra jew diskriminazzjoni. G\u0127inna, Mulej, biex in\u0121ibu l-im\u0127abba, il-pa\u010bi u t-tjubija lin-nies li niltaqg\u0127u mag\u0127hom kuljum. Nitolbu<\/p>\n\n\n\n<p>4. Nitolbuk tbierek lill-familji kollha u tipprote\u0121ihom minn kull \u0127sara. G\u0127inhom iqattg\u0127u \u0127in ta&#8217; kwalit\u00e0 flimkien, biex isibu \u0127in biex jisimg\u0127u lil xulxin kif ukoll jitolbu flimkien. Nitolbu<\/p>\n\n\n\n<p>5. <em>(Nistedinkom biex fis-skiet tresqu lejn il-Mulej it-talb personali tag\u0127kom)<\/em> <\/p>\n\n\n\n<div class=\"wp-block-file\"><a href=\"https:\/\/sds.mt\/wp-content\/uploads\/2021\/10\/Talb-tal-Komunita-medja-sekondarja.docx\">Talb-tal-Komunita-medja-sekondarja<\/a><a href=\"https:\/\/sds.mt\/wp-content\/uploads\/2021\/10\/Talb-tal-Komunita-medja-sekondarja.docx\" class=\"wp-block-file__button\" download>Download<\/a><\/div>\n<\/div><\/div>\n<\/div><\/div><\/div>\n<\/div><\/div><\/div>\n\n\n\n<div class=\"wp-block-kadence-pane kt-accordion-pane kt-accordion-pane-5 kt-pane_5789e1-39\"><div class=\"kt-accordion-header-wrap\"><button class=\"kt-blocks-accordion-header kt-acccordion-button-label-show\"><span class=\"kt-blocks-accordion-title-wrap\"><span class=\"kt-blocks-accordion-title\">Seba&#8217; Spazji ta&#8217; talb relatati mat-tema &#8216;Ilkoll A\u0127wa&#8217;<\/span><\/span><span class=\"kt-blocks-accordion-icon-trigger\"><\/span><\/button><\/div><div class=\"kt-accordion-panel kt-accordion-panel-hidden\"><div class=\"kt-accordion-panel-inner\">\n<p>Dawn is-seba&#8217; spazji ta&#8217; talb huma relatati mat-tema tas-sena &#8216;Ilkoll A\u0127wa&#8217;. Ilkoll b\u0127ala a\u0127wa, a]na ninkora\u0121ixxu lil xulxin biex nag\u0127rfu s-sbu\u0127ija tal-\u0127ajja li g\u0127andna fina nfusna u madwarna.<\/p>\n\n\n\n\n\n<div id=\"wpv-view-layout-8611-CATTRda82e0c24adcf808ecdcc57429b81edaTCPID7077\" class=\"js-wpv-view-layout js-wpv-layout-responsive js-wpv-view-layout-8611-CATTRda82e0c24adcf808ecdcc57429b81edaTCPID7077\" data-viewnumber=\"8611-CATTRda82e0c24adcf808ecdcc57429b81edaTCPID7077\" data-pagination=\"{&quot;id&quot;:8611,&quot;query&quot;:&quot;normal&quot;,&quot;type&quot;:&quot;disabled&quot;,&quot;effect&quot;:&quot;fade&quot;,&quot;duration&quot;:500,&quot;speed&quot;:5,&quot;pause_on_hover&quot;:&quot;disabled&quot;,&quot;stop_rollover&quot;:&quot;false&quot;,&quot;cache_pages&quot;:&quot;enabled&quot;,&quot;preload_images&quot;:&quot;enabled&quot;,&quot;preload_pages&quot;:&quot;enabled&quot;,&quot;preload_reach&quot;:1,&quot;spinner&quot;:&quot;builtin&quot;,&quot;spinner_image&quot;:&quot;https:\/\/sds.mt\/wp-content\/plugins\/toolset-blocks\/embedded\/res\/img\/ajax-loader.gif&quot;,&quot;callback_next&quot;:&quot;&quot;,&quot;manage_history&quot;:&quot;enabled&quot;,&quot;has_controls_in_form&quot;:&quot;disabled&quot;,&quot;infinite_tolerance&quot;:&quot;0&quot;,&quot;max_pages&quot;:0,&quot;page&quot;:1,&quot;base_permalink&quot;:&quot;\/mt\/wp-json\/wp\/v2\/pages\/7077?wpv_view_count=8611-CATTRda82e0c24adcf808ecdcc57429b81edaTCPID7077&amp;wpv_paged=WPV_PAGE_NUM&quot;,&quot;loop&quot;:{&quot;type&quot;:&quot;&quot;,&quot;name&quot;:&quot;&quot;,&quot;data&quot;:[],&quot;id&quot;:0}}\" data-permalink=\"\/mt\/wp-json\/wp\/v2\/pages\/7077?wpv_view_count=8611-CATTRda82e0c24adcf808ecdcc57429b81edaTCPID7077\">\n\n\t\n\t\n\t<table width=\"100%\" class=\"pa-rl wpv-loop js-wpv-loop\" cellspacing=\"5\">\n\t\n\t\t\n\t\t<tr>\n\t\t\t<td class=\"smaller\">\n\t\t\t\t\n<figure class=\"wp-block-image tb-image tb-image-dynamic\" data-toolset-blocks-image=\"4237204bb0f2388c8cd0daeb4e0ed893\"><a href=\"https:\/\/sds.mt\/mt\/resource\/all-brothers-and-sisters\/\"><img loading=\"lazy\" loading=\"lazy\" loading=\"lazy\" decoding=\"async\" width=\"2560\" height=\"1440\" loading=\"lazy\" src=\"https:\/\/sds.mt\/wp-content\/uploads\/2021\/11\/all-brothers-and-sisters-scaled.jpg\" alt=\"\" class=\"wp-image-9730\" srcset=\"https:\/\/sds.mt\/wp-content\/uploads\/2021\/11\/all-brothers-and-sisters-scaled.jpg 2560w, https:\/\/sds.mt\/wp-content\/uploads\/2021\/11\/all-brothers-and-sisters-scaled-300x169.jpg 300w, https:\/\/sds.mt\/wp-content\/uploads\/2021\/11\/all-brothers-and-sisters-scaled-1024x576.jpg 1024w, https:\/\/sds.mt\/wp-content\/uploads\/2021\/11\/all-brothers-and-sisters-scaled-768x432.jpg 768w, https:\/\/sds.mt\/wp-content\/uploads\/2021\/11\/all-brothers-and-sisters-scaled-1536x864.jpg 1536w, https:\/\/sds.mt\/wp-content\/uploads\/2021\/11\/all-brothers-and-sisters-scaled-2048x1152.jpg 2048w, https:\/\/sds.mt\/wp-content\/uploads\/2021\/11\/all-brothers-and-sisters-scaled-800x450.jpg 800w, https:\/\/sds.mt\/wp-content\/uploads\/2021\/11\/all-brothers-and-sisters-scaled-1200x675.jpg 1200w, https:\/\/sds.mt\/wp-content\/uploads\/2021\/11\/all-brothers-and-sisters-scaled-20x11.jpg 20w\" sizes=\"auto, (max-width: 2560px) 100vw, 2560px\" \/><\/a><\/figure>\n\n\n\n<h3 class=\"wp-block-heading\"><strong><a href=\"https:\/\/sds.mt\/mt\/resource\/all-brothers-and-sisters\/\">All Brothers and Sisters<\/a><\/strong><\/h3>\n\n\n<p>This prayer space helps us to reflect that we are all one family and one community united in Christ.<\/p>\n\n\t\t\t<\/td>\n\t\t\n\t\t\n\t\t\t<td class=\"smaller\">\n\t\t\t\t\n<figure class=\"wp-block-image tb-image tb-image-dynamic\" data-toolset-blocks-image=\"4237204bb0f2388c8cd0daeb4e0ed893\"><a href=\"https:\/\/sds.mt\/mt\/resource\/arms-wide-open\/\"><img loading=\"lazy\" loading=\"lazy\" loading=\"lazy\" decoding=\"async\" width=\"2560\" height=\"1594\" loading=\"lazy\" src=\"https:\/\/sds.mt\/wp-content\/uploads\/2021\/01\/Arms-wide-open-FP-1-scaled.jpg\" alt=\"\" class=\"wp-image-144728\" srcset=\"https:\/\/sds.mt\/wp-content\/uploads\/2021\/01\/Arms-wide-open-FP-1-scaled.jpg 2560w, https:\/\/sds.mt\/wp-content\/uploads\/2021\/01\/Arms-wide-open-FP-1-scaled-300x187.jpg 300w, https:\/\/sds.mt\/wp-content\/uploads\/2021\/01\/Arms-wide-open-FP-1-scaled-1024x638.jpg 1024w, https:\/\/sds.mt\/wp-content\/uploads\/2021\/01\/Arms-wide-open-FP-1-scaled-768x478.jpg 768w, https:\/\/sds.mt\/wp-content\/uploads\/2021\/01\/Arms-wide-open-FP-1-scaled-1536x956.jpg 1536w, https:\/\/sds.mt\/wp-content\/uploads\/2021\/01\/Arms-wide-open-FP-1-scaled-2048x1275.jpg 2048w, https:\/\/sds.mt\/wp-content\/uploads\/2021\/01\/Arms-wide-open-FP-1-scaled-800x498.jpg 800w, https:\/\/sds.mt\/wp-content\/uploads\/2021\/01\/Arms-wide-open-FP-1-scaled-1200x747.jpg 1200w, https:\/\/sds.mt\/wp-content\/uploads\/2021\/01\/Arms-wide-open-FP-1-scaled-20x12.jpg 20w\" sizes=\"auto, (max-width: 2560px) 100vw, 2560px\" \/><\/a><\/figure>\n\n\n\n<h3 class=\"wp-block-heading\"><strong><a href=\"https:\/\/sds.mt\/mt\/resource\/arms-wide-open\/\">Arms Wide Open<\/a><\/strong><\/h3>\n\n\n<p>In this prayer space one thinks of people who deserve a warm welcome and to pray so one puts love and compassion into practice.<\/p>\n\n\t\t\t<\/td>\n\t\t\n\t\t\n\t\t\t<td class=\"smaller\">\n\t\t\t\t\n<figure class=\"wp-block-image tb-image tb-image-dynamic\" data-toolset-blocks-image=\"4237204bb0f2388c8cd0daeb4e0ed893\"><a href=\"https:\/\/sds.mt\/mt\/resource\/lose-to-gain\/\"><img loading=\"lazy\" loading=\"lazy\" loading=\"lazy\" decoding=\"async\" width=\"2560\" height=\"1920\" loading=\"lazy\" src=\"https:\/\/sds.mt\/wp-content\/uploads\/2021\/01\/Lose-to-gain-FP-scaled.jpg\" alt=\"\" class=\"wp-image-144739\" srcset=\"https:\/\/sds.mt\/wp-content\/uploads\/2021\/01\/Lose-to-gain-FP-scaled.jpg 2560w, https:\/\/sds.mt\/wp-content\/uploads\/2021\/01\/Lose-to-gain-FP-scaled-300x225.jpg 300w, https:\/\/sds.mt\/wp-content\/uploads\/2021\/01\/Lose-to-gain-FP-scaled-1024x768.jpg 1024w, https:\/\/sds.mt\/wp-content\/uploads\/2021\/01\/Lose-to-gain-FP-scaled-768x576.jpg 768w, https:\/\/sds.mt\/wp-content\/uploads\/2021\/01\/Lose-to-gain-FP-scaled-1536x1152.jpg 1536w, https:\/\/sds.mt\/wp-content\/uploads\/2021\/01\/Lose-to-gain-FP-scaled-2048x1536.jpg 2048w, https:\/\/sds.mt\/wp-content\/uploads\/2021\/01\/Lose-to-gain-FP-scaled-800x600.jpg 800w, https:\/\/sds.mt\/wp-content\/uploads\/2021\/01\/Lose-to-gain-FP-scaled-1200x900.jpg 1200w, https:\/\/sds.mt\/wp-content\/uploads\/2021\/01\/Lose-to-gain-FP-scaled-20x15.jpg 20w\" sizes=\"auto, (max-width: 2560px) 100vw, 2560px\" \/><\/a><\/figure>\n\n\n\n<h3 class=\"wp-block-heading\"><strong><a href=\"https:\/\/sds.mt\/mt\/resource\/lose-to-gain\/\">Lose To Gain<\/a><\/strong><\/h3>\n\n\n<p>In this prayer space one focuses on the things one has to let go to make more space to love others.<\/p>\n\n\t\t\t<\/td>\n\t\t<\/tr>\n\t\t\n\t\t\n\t\t<tr>\n\t\t\t<td class=\"smaller\">\n\t\t\t\t\n<figure class=\"wp-block-image tb-image tb-image-dynamic\" data-toolset-blocks-image=\"4237204bb0f2388c8cd0daeb4e0ed893\"><a href=\"https:\/\/sds.mt\/mt\/resource\/birthday-prayers\/\"><img loading=\"lazy\" loading=\"lazy\" loading=\"lazy\" decoding=\"async\" width=\"1280\" height=\"720\" loading=\"lazy\" src=\"https:\/\/sds.mt\/wp-content\/uploads\/2021\/01\/Birthday-Prayers.jpg\" alt=\"\" class=\"wp-image-144754\" srcset=\"https:\/\/sds.mt\/wp-content\/uploads\/2021\/01\/Birthday-Prayers.jpg 1280w, https:\/\/sds.mt\/wp-content\/uploads\/2021\/01\/Birthday-Prayers-300x169.jpg 300w, https:\/\/sds.mt\/wp-content\/uploads\/2021\/01\/Birthday-Prayers-1024x576.jpg 1024w, https:\/\/sds.mt\/wp-content\/uploads\/2021\/01\/Birthday-Prayers-768x432.jpg 768w, https:\/\/sds.mt\/wp-content\/uploads\/2021\/01\/Birthday-Prayers-800x450.jpg 800w, https:\/\/sds.mt\/wp-content\/uploads\/2021\/01\/Birthday-Prayers-1200x675.jpg 1200w, https:\/\/sds.mt\/wp-content\/uploads\/2021\/01\/Birthday-Prayers-20x11.jpg 20w\" sizes=\"auto, (max-width: 1280px) 100vw, 1280px\" \/><\/a><\/figure>\n\n\n\n<h3 class=\"wp-block-heading\"><strong><a href=\"https:\/\/sds.mt\/mt\/resource\/birthday-prayers\/\">Birthday Prayers<\/a><\/strong><\/h3>\n\n\n<p>This prayer space invites one to think of someone special&#8217;s birthday and pray for them.<\/p>\n<p>&nbsp;<\/p>\n\n\t\t\t<\/td>\n\t\t\n\t\t\n\t\t\t<td class=\"smaller\">\n\t\t\t\t\n<figure class=\"wp-block-image tb-image tb-image-dynamic\" data-toolset-blocks-image=\"4237204bb0f2388c8cd0daeb4e0ed893\"><a href=\"https:\/\/sds.mt\/mt\/resource\/dirty-apron\/\"><img loading=\"lazy\" loading=\"lazy\" loading=\"lazy\" decoding=\"async\" width=\"650\" height=\"807\" loading=\"lazy\" src=\"https:\/\/sds.mt\/wp-content\/uploads\/2021\/01\/brown-apron.jpg\" alt=\"\" class=\"wp-image-2322\" srcset=\"https:\/\/sds.mt\/wp-content\/uploads\/2021\/01\/brown-apron.jpg 650w, https:\/\/sds.mt\/wp-content\/uploads\/2021\/01\/brown-apron-242x300.jpg 242w, https:\/\/sds.mt\/wp-content\/uploads\/2021\/01\/brown-apron-16x20.jpg 16w\" sizes=\"auto, (max-width: 650px) 100vw, 650px\" \/><\/a><\/figure>\n\n\n\n<h3 class=\"wp-block-heading\"><strong><a href=\"https:\/\/sds.mt\/mt\/resource\/dirty-apron\/\">Dirty Apron<\/a><\/strong><\/h3>\n\n\n<p>In this prayer space one will think about how to serve and help with love in everything.<\/p>\n\n\t\t\t<\/td>\n\t\t\n\t\t\n\t\t\t<td class=\"smaller\">\n\t\t\t\t\n<figure class=\"wp-block-image tb-image tb-image-dynamic\" data-toolset-blocks-image=\"4237204bb0f2388c8cd0daeb4e0ed893\"><a href=\"https:\/\/sds.mt\/mt\/resource\/keep-others-safe\/\"><img loading=\"lazy\" loading=\"lazy\" loading=\"lazy\" decoding=\"async\" width=\"1086\" height=\"724\" loading=\"lazy\" src=\"https:\/\/sds.mt\/wp-content\/uploads\/2021\/05\/Keep-Others-Safe.jpg\" alt=\"\" class=\"wp-image-3734\" srcset=\"https:\/\/sds.mt\/wp-content\/uploads\/2021\/05\/Keep-Others-Safe.jpg 1086w, https:\/\/sds.mt\/wp-content\/uploads\/2021\/05\/Keep-Others-Safe-300x200.jpg 300w, https:\/\/sds.mt\/wp-content\/uploads\/2021\/05\/Keep-Others-Safe-1024x683.jpg 1024w, https:\/\/sds.mt\/wp-content\/uploads\/2021\/05\/Keep-Others-Safe-768x512.jpg 768w, https:\/\/sds.mt\/wp-content\/uploads\/2021\/05\/Keep-Others-Safe-800x533.jpg 800w, https:\/\/sds.mt\/wp-content\/uploads\/2021\/05\/Keep-Others-Safe-20x13.jpg 20w\" sizes=\"auto, (max-width: 1086px) 100vw, 1086px\" \/><\/a><\/figure>\n\n\n\n<h3 class=\"wp-block-heading\"><strong><a href=\"https:\/\/sds.mt\/mt\/resource\/keep-others-safe\/\">Keep Others Safe<\/a><\/strong><\/h3>\n\n\n<p>In this prayer space, one reflects on the vulnerable and fragile people who are greatly affected by the pandemic.<\/p>\n\n\t\t\t<\/td>\n\t\t<\/tr>\n\t\t\n\t\t\n\t\t<tr>\n\t\t\t<td class=\"smaller\">\n\t\t\t\t\n<figure class=\"wp-block-image tb-image tb-image-dynamic\" data-toolset-blocks-image=\"4237204bb0f2388c8cd0daeb4e0ed893\"><a href=\"https:\/\/sds.mt\/mt\/resource\/hand-in-hand\/\"><img loading=\"lazy\" loading=\"lazy\" loading=\"lazy\" decoding=\"async\" width=\"2560\" height=\"1440\" loading=\"lazy\" src=\"https:\/\/sds.mt\/wp-content\/uploads\/2021\/05\/20200623_105224-scaled-e1634288721737.jpg\" alt=\"\" class=\"wp-image-3662\" srcset=\"https:\/\/sds.mt\/wp-content\/uploads\/2021\/05\/20200623_105224-scaled-e1634288721737.jpg 2560w, https:\/\/sds.mt\/wp-content\/uploads\/2021\/05\/20200623_105224-scaled-e1634288721737-300x169.jpg 300w, https:\/\/sds.mt\/wp-content\/uploads\/2021\/05\/20200623_105224-scaled-e1634288721737-1024x576.jpg 1024w, https:\/\/sds.mt\/wp-content\/uploads\/2021\/05\/20200623_105224-scaled-e1634288721737-768x432.jpg 768w, https:\/\/sds.mt\/wp-content\/uploads\/2021\/05\/20200623_105224-scaled-e1634288721737-1536x864.jpg 1536w, https:\/\/sds.mt\/wp-content\/uploads\/2021\/05\/20200623_105224-scaled-e1634288721737-2048x1152.jpg 2048w, https:\/\/sds.mt\/wp-content\/uploads\/2021\/05\/20200623_105224-scaled-e1634288721737-800x450.jpg 800w, https:\/\/sds.mt\/wp-content\/uploads\/2021\/05\/20200623_105224-scaled-e1634288721737-1200x675.jpg 1200w, https:\/\/sds.mt\/wp-content\/uploads\/2021\/05\/20200623_105224-scaled-e1634288721737-20x11.jpg 20w\" sizes=\"auto, (max-width: 2560px) 100vw, 2560px\" \/><\/a><\/figure>\n\n\n\n<h3 class=\"wp-block-heading\"><strong><a href=\"https:\/\/sds.mt\/mt\/resource\/hand-in-hand\/\">Hand In Hand<\/a><\/strong><\/h3>\n\n\n<p>This prayer space gives time for on to reflect on those who have been by our sides, holding our hands, because they love, care and support us.<\/p>\n\n\t\t\t<\/td>\n\t\t\n\t\t\t<td class=\"empty\"><\/td>\n\t\t\n\t\t\t<td class=\"empty\"><\/td>\n\t\t<\/tr>\n\t\n\t<\/table>\n\t\n\t\n\t\n<\/div>\n\n<\/div><\/div><\/div>\n\n\n\n<div class=\"wp-block-kadence-pane kt-accordion-pane kt-accordion-pane-6 kt-pane_a2315a-45\" id=\"temi\"><div class=\"kt-accordion-header-wrap\"><button class=\"kt-blocks-accordion-header kt-acccordion-button-label-show\"><span class=\"kt-blocks-accordion-title-wrap\"><span class=\"kt-blocks-accordion-title\">Tnejn u tletin tema g\u0127all-Assemblies matul din is-sena 2021-2022<\/span><\/span><span class=\"kt-blocks-accordion-icon-trigger\"><\/span><\/button><\/div><div class=\"kt-accordion-panel kt-accordion-panel-hidden\"><div class=\"kt-accordion-panel-inner\">\n<figure class=\"wp-block-table is-style-stripes\"><table><tbody><tr><td><strong>Xahar<\/strong><\/td><td><strong>minn<\/strong><\/td><td class=\"has-text-align-center\" data-align=\"center\"><strong>sa<\/strong><\/td><td class=\"has-text-align-center\" data-align=\"center\"><\/td><td><strong>Temi tal-Assemblies<\/strong><\/td><\/tr><tr><td>Settembru<\/td><td>27<\/td><td class=\"has-text-align-center\" data-align=\"center\">3<\/td><td class=\"has-text-align-center\" data-align=\"center\"><\/td><td>Bidu \u0121did flimkien b\u0127al a\u0127wa<\/td><\/tr><tr><td>Ottubru<\/td><td>4<\/td><td class=\"has-text-align-center\" data-align=\"center\">10<\/td><td class=\"has-text-align-center\" data-align=\"center\"><\/td><td>A\u0127wa fil-klassi &#8211; edukaturi u studenti a\u0127wa ta&#8217; xulxin (nitg\u0127allmu flimkien) nisimg\u0127u minn xulxin (ubbidjenza)<\/td><\/tr><tr><td>Ottubru<\/td><td>11<\/td><td class=\"has-text-align-center\" data-align=\"center\">17<\/td><td class=\"has-text-align-center\" data-align=\"center\"><\/td><td>Nissapportjaw lil \u0127utna fis-sa\u0127\u0127a mentali. (Nisimg\u0127u l-b\u017connijiet tag\u0127hom b\u2019sens ta&#8217; empatija)<\/td><\/tr><tr><td>Ottubru<\/td><td>18<\/td><td class=\"has-text-align-center\" data-align=\"center\">24<\/td><td class=\"has-text-align-center\" data-align=\"center\">\u0120urnata Missjunarja<\/td><td>\u0126utna l-anzjani <\/td><\/tr><tr><td>Ottubru<\/td><td>25<\/td><td class=\"has-text-align-center\" data-align=\"center\">31<\/td><td class=\"has-text-align-center\" data-align=\"center\"><\/td><td>Infittxu \u0121ustizzja b\u0127al a\u0127wa (fairness)<\/td><\/tr><tr><td>Novembru<\/td><td>1<\/td><td class=\"has-text-align-center\" data-align=\"center\">7<\/td><td class=\"has-text-align-center\" data-align=\"center\">Mid term<\/td><td>Carlo Acutis b\u0127ala persuna ta&#8217; empatija u \u0127abib ta&#8217; Alla, ma jist\u0127ix jag\u0127mel it-tajjeb<\/td><\/tr><tr><td>Novembru<\/td><td>8<\/td><td class=\"has-text-align-center\" data-align=\"center\">14<\/td><td class=\"has-text-align-center\" data-align=\"center\"><\/td><td>Ix-xjenza u l-i\u017cvilupp tal-pa\u010bi<\/td><\/tr><tr><td>Novembru<\/td><td>15<\/td><td class=\"has-text-align-center\" data-align=\"center\">21<\/td><td class=\"has-text-align-center\" data-align=\"center\"><\/td><td>\u0126utna l-mejtin huma parti mill-komunit\u00e0 tag\u0127na wkoll. Niftakru fihom, nitolbu g\u0127alihom<\/td><\/tr><tr><td>Novembru<\/td><td>22<\/td><td class=\"has-text-align-center\" data-align=\"center\">28<\/td><td class=\"has-text-align-center\" data-align=\"center\"><\/td><td>Naqsmu t-talenti b\u0127al a\u0127wa biex no\u0127olqu bizzilla ta&#8217; solidarjet\u00e0 lil hinn mill-kompetizzjoni<\/td><\/tr><tr><td>Novembru<\/td><td>29<\/td><td class=\"has-text-align-center\" data-align=\"center\">5<\/td><td class=\"has-text-align-center\" data-align=\"center\">L-1 \u0126add tal-Avvent<\/td><td>\u0126utna b&#8217;di\u017cabilit\u00e0<\/td><\/tr><tr><td>Di\u010bembru<\/td><td>6<\/td><td class=\"has-text-align-center\" data-align=\"center\">12<\/td><td class=\"has-text-align-center\" data-align=\"center\">San Nikola<\/td><td>Drittijiet u dmirijiet g\u0127al kul\u0127add fil-kuntest tal-\u0121enero\u017cit\u00e0<\/td><\/tr><tr><td>Di\u010bembru<\/td><td>13<\/td><td class=\"has-text-align-center\" data-align=\"center\">19<\/td><td class=\"has-text-align-center\" data-align=\"center\"><\/td><td>\u0126utna l-Imigranti li jg\u0127allmuna li qeg\u0127din fi vja\u0121\u0121 g\u0127al post a\u0127jar<\/td><\/tr><tr><td>Jannar<\/td><td>10<\/td><td class=\"has-text-align-center\" data-align=\"center\">16<\/td><td class=\"has-text-align-center\" data-align=\"center\"><\/td><td>Inkunu a\u0127wa lo\u0121iki (li nirra\u0121unaw bejnietna u mhux na\u0121ixxu bl-emozzjonijiet)<\/td><\/tr><tr><td>Jannar<\/td><td>17<\/td><td class=\"has-text-align-center\" data-align=\"center\">23<\/td><td class=\"has-text-align-center\" data-align=\"center\"><\/td><td>Immorru lil hinn mid-differenzi tag\u0127na<\/td><\/tr><tr><td>Jannar<\/td><td>24<\/td><td class=\"has-text-align-center\" data-align=\"center\">30<\/td><td class=\"has-text-align-center\" data-align=\"center\"><\/td><td>Nipprote\u0121u lil xulxin b\u0127all-a\u0127wa (nisimg\u0127u l-inqas wie\u0127ed tal-komunit\u00e0<\/td><\/tr><tr><td>Jannar<\/td><td>31<\/td><td class=\"has-text-align-center\" data-align=\"center\">6<\/td><td class=\"has-text-align-center\" data-align=\"center\"><\/td><td>B\u0127al a\u0127wa fil-fidi<\/td><\/tr><tr><td>Frar<\/td><td>7<\/td><td class=\"has-text-align-center\" data-align=\"center\">13<\/td><td class=\"has-text-align-center\" data-align=\"center\"><\/td><td>\u0126utna n-nisa fix-xjenza.<\/td><\/tr><tr><td>Frar<\/td><td>14<\/td><td class=\"has-text-align-center\" data-align=\"center\">20<\/td><td class=\"has-text-align-center\" data-align=\"center\"><\/td><td>L-im\u0127abba lejn kul\u0127add. (sempli\u010bit\u00e0)<\/td><\/tr><tr><td>Frar<\/td><td>21<\/td><td class=\"has-text-align-center\" data-align=\"center\">27<\/td><td class=\"has-text-align-center\" data-align=\"center\"><\/td><td>\u0126utna l-morda<\/td><\/tr><tr><td>Marzu<\/td><td>7<\/td><td class=\"has-text-align-center\" data-align=\"center\">13<\/td><td class=\"has-text-align-center\" data-align=\"center\"><\/td><td>Libert\u00e0 minn\u2026<\/td><\/tr><tr><td>Marzu<\/td><td>14<\/td><td class=\"has-text-align-center\" data-align=\"center\">20<\/td><td class=\"has-text-align-center\" data-align=\"center\"><\/td><td>Biex nitratta lil \u0127uti tajjeb irrid li xi drabi ni\u010b\u010ba\u0127\u0127ad minni nnifsi<\/td><\/tr><tr><td>Marzu<\/td><td>21<\/td><td class=\"has-text-align-center\" data-align=\"center\">27<\/td><td class=\"has-text-align-center\" data-align=\"center\"><\/td><td>Nib\u017cg\u0127u g\u0127ar-ri\u017corsi g\u0127al \u0127utna &#8211; ilma<\/td><\/tr><tr><td>Marzu<\/td><td>28<\/td><td class=\"has-text-align-center\" data-align=\"center\">3<\/td><td class=\"has-text-align-center\" data-align=\"center\"><\/td><td>Libert\u00e0 biex in\u0127obb<\/td><\/tr><tr><td>April<\/td><td>4<\/td><td class=\"has-text-align-center\" data-align=\"center\">10<\/td><td class=\"has-text-align-center\" data-align=\"center\"><\/td><td>Nag\u0127\u017clu bejn it-tajjeb u l-\u0127a\u017cin mhux skont dak li hu popolari (kuxjenza)<\/td><\/tr><tr><td>April<\/td><td>25<\/td><td class=\"has-text-align-center\" data-align=\"center\">1<\/td><td class=\"has-text-align-center\" data-align=\"center\"><\/td><td>Wie\u0127ed mal-ie\u0127or jo\u0127loq \u0127afna. <\/td><\/tr><tr><td>Mejju<\/td><td>2<\/td><td class=\"has-text-align-center\" data-align=\"center\">8<\/td><td class=\"has-text-align-center\" data-align=\"center\"><\/td><td>Kontinent wie\u0127ed &#8211; EU &#8211; pajji\u017ci li ma jistg\u0127ux jg\u0127addu ming\u0127ajr xulxin<\/td><\/tr><tr><td>Mejju<\/td><td>9<\/td><td class=\"has-text-align-center\" data-align=\"center\">15<\/td><td class=\"has-text-align-center\" data-align=\"center\"><\/td><td>Manswetudni<\/td><\/tr><tr><td>Mejju<\/td><td>16<\/td><td class=\"has-text-align-center\" data-align=\"center\">22<\/td><td class=\"has-text-align-center\" data-align=\"center\"><\/td><td>Ng\u0127ixu flimkien b\u0127al kolonja na\u0127al<\/td><\/tr><tr><td>Mejju<\/td><td>23<\/td><td class=\"has-text-align-center\" data-align=\"center\">29<\/td><td class=\"has-text-align-center\" data-align=\"center\">Tlug\u0127 is-sema tal-Mulej<\/td><td>Nib\u017cg\u0127u g\u0127all-ambjent<\/td><\/tr><tr><td>Mejju<\/td><td>30<\/td><td class=\"has-text-align-center\" data-align=\"center\">5<\/td><td class=\"has-text-align-center\" data-align=\"center\">Pentekoste<\/td><td>Nistudjaw biex nikkultivaw il-pa\u010bi bejnietna<\/td><\/tr><tr><td>\u0120unju<\/td><td>6<\/td><td class=\"has-text-align-center\" data-align=\"center\">12<\/td><td class=\"has-text-align-center\" data-align=\"center\"><\/td><td>Nuzaw il-\u0127in biex inkunu kreattivi<\/td><\/tr><tr><td>\u0120unju<\/td><td>13<\/td><td class=\"has-text-align-center\" data-align=\"center\">19<\/td><td class=\"has-text-align-center\" data-align=\"center\">World Day against Child Labour<\/td><td>Il-fer\u0127 tat-tfulija<\/td><\/tr><\/tbody><\/table><\/figure>\n<\/div><\/div><\/div>\n<\/div><\/div><\/div>\n\n\n\n<hr class=\"wp-block-separator\"\/>\n\n\n\n<h3 class=\"wp-block-heading\">Assemblies<\/h3>\n\n\n<div class=\"wpv-view-output\" data-toolset-views-view-editor=\"0d91fbb6fc792460c2c5a69478fbcfdd\">\n<div class=\"wp-block-toolset-views-view-editor wpv-gutenberg-view-wrapper-7065\">\n\n\n<div id=\"wpv-view-layout-7065\" class=\"js-wpv-view-layout js-wpv-layout-responsive js-wpv-view-layout-7065\" data-viewnumber=\"7065\" data-pagination=\"{&quot;id&quot;:7065,&quot;query&quot;:&quot;normal&quot;,&quot;type&quot;:&quot;disabled&quot;,&quot;effect&quot;:&quot;fade&quot;,&quot;duration&quot;:500,&quot;speed&quot;:5,&quot;pause_on_hover&quot;:&quot;disabled&quot;,&quot;stop_rollover&quot;:&quot;false&quot;,&quot;cache_pages&quot;:&quot;enabled&quot;,&quot;preload_images&quot;:&quot;enabled&quot;,&quot;preload_pages&quot;:&quot;enabled&quot;,&quot;preload_reach&quot;:1,&quot;spinner&quot;:&quot;builtin&quot;,&quot;spinner_image&quot;:&quot;https:\/\/sds.mt\/wp-content\/plugins\/toolset-blocks\/embedded\/res\/img\/ajax-loader.gif&quot;,&quot;callback_next&quot;:&quot;&quot;,&quot;manage_history&quot;:&quot;enabled&quot;,&quot;has_controls_in_form&quot;:&quot;disabled&quot;,&quot;infinite_tolerance&quot;:&quot;0&quot;,&quot;max_pages&quot;:0,&quot;page&quot;:1,&quot;base_permalink&quot;:&quot;\/mt\/wp-json\/wp\/v2\/pages\/7077?wpv_view_count=7065&amp;wpv_paged=WPV_PAGE_NUM&quot;,&quot;loop&quot;:{&quot;type&quot;:&quot;&quot;,&quot;name&quot;:&quot;&quot;,&quot;data&quot;:[],&quot;id&quot;:0}}\" data-permalink=\"\/mt\/wp-json\/wp\/v2\/pages\/7077?wpv_view_count=7065\">\n\n\t\n\t\n<div class=\"wp-block-kadence-tabs alignnone\">\n\t<div class=\"kt-tabs-wrap kt-tabs-yt kt-tabs-layout-tabs kt-tabs-tablet-layout-inherit kt-tabs-mobile-layout-inherit kt-tab-alignment-left kt-active-tab-1\" style=\"max-width:none\">\n\t\t \n\n\n\n\t\n\t\n          <ul class=\"kt-tabs-title-list\" role=\"tablist\">\n\t\t\n          \n      <li id=\"tab-\u0120unju2022\" class=\"kt-title-item kt-title-item-1 kt-tabs-svg-show-always kt-tabs-icon-side-right kt-tab-title-active\" role=\"tab\" aria-selected=\"true\" tabindex=\"0\"><a href=\"#tab-\u0120unju2022\" data-tab=\"1\" class=\"kt-tab-title kt-tab-title-1\" role=\"presentation\"><span class=\"kt-title-text\">\n          \u0120unju 2022\n      <\/span><\/a><\/li>\n\t\t\n          \n\t\t\n          \n      <li id=\"tab-Mejju2022\" class=\"kt-title-item kt-title-item-3 kt-tabs-svg-show-always kt-tabs-icon-side-right kt-tab-title-inactive\" role=\"tab\" aria-selected=\"false\" tabindex=\"-1\"><a href=\"#tab-Mejju2022\" data-tab=\"3\" class=\"kt-tab-title kt-tab-title-3\" role=\"presentation\"><span class=\"kt-title-text\">\n          Mejju 2022\n      <\/span><\/a><\/li>\n\t\t\n          \n\t\t\n          \n\t\t\n          \n\t\t\n          \n      <li id=\"tab-April2022\" class=\"kt-title-item kt-title-item-7 kt-tabs-svg-show-always kt-tabs-icon-side-right kt-tab-title-inactive\" role=\"tab\" aria-selected=\"false\" tabindex=\"-1\"><a href=\"#tab-April2022\" data-tab=\"7\" class=\"kt-tab-title kt-tab-title-7\" role=\"presentation\"><span class=\"kt-title-text\">\n          April 2022\n      <\/span><\/a><\/li>\n\t\t\n          \n\t\t\n          \n      <li id=\"tab-Marzu2022\" class=\"kt-title-item kt-title-item-9 kt-tabs-svg-show-always kt-tabs-icon-side-right kt-tab-title-inactive\" role=\"tab\" aria-selected=\"false\" tabindex=\"-1\"><a href=\"#tab-Marzu2022\" data-tab=\"9\" class=\"kt-tab-title kt-tab-title-9\" role=\"presentation\"><span class=\"kt-title-text\">\n          Marzu 2022\n      <\/span><\/a><\/li>\n\t\t\n          \n\t\t\n          \n\t\t\n          \n\t\t\n          \n\t\t\n          \n      <li id=\"tab-Frar2022\" class=\"kt-title-item kt-title-item-14 kt-tabs-svg-show-always kt-tabs-icon-side-right kt-tab-title-inactive\" role=\"tab\" aria-selected=\"false\" tabindex=\"-1\"><a href=\"#tab-Frar2022\" data-tab=\"14\" class=\"kt-tab-title kt-tab-title-14\" role=\"presentation\"><span class=\"kt-title-text\">\n          Frar 2022\n      <\/span><\/a><\/li>\n\t\t\n          \n\t\t\n          \n\t\t\n          \n      <li id=\"tab-Jannar2022\" class=\"kt-title-item kt-title-item-17 kt-tabs-svg-show-always kt-tabs-icon-side-right kt-tab-title-inactive\" role=\"tab\" aria-selected=\"false\" tabindex=\"-1\"><a href=\"#tab-Jannar2022\" data-tab=\"17\" class=\"kt-tab-title kt-tab-title-17\" role=\"presentation\"><span class=\"kt-title-text\">\n          Jannar 2022\n      <\/span><\/a><\/li>\n\t\t\n          \n\t\t\n          \n\t\t\n          \n\t\t\n          \n      <li id=\"tab-Di\u010bembru2021\" class=\"kt-title-item kt-title-item-21 kt-tabs-svg-show-always kt-tabs-icon-side-right kt-tab-title-inactive\" role=\"tab\" aria-selected=\"false\" tabindex=\"-1\"><a href=\"#tab-Di\u010bembru2021\" data-tab=\"21\" class=\"kt-tab-title kt-tab-title-21\" role=\"presentation\"><span class=\"kt-title-text\">\n          Di\u010bembru 2021\n      <\/span><\/a><\/li>\n\t\t\n          \n\t\t\n          \n      <li id=\"tab-Novembru2021\" class=\"kt-title-item kt-title-item-23 kt-tabs-svg-show-always kt-tabs-icon-side-right kt-tab-title-inactive\" role=\"tab\" aria-selected=\"false\" tabindex=\"-1\"><a href=\"#tab-Novembru2021\" data-tab=\"23\" class=\"kt-tab-title kt-tab-title-23\" role=\"presentation\"><span class=\"kt-title-text\">\n          Novembru 2021\n      <\/span><\/a><\/li>\n\t\t\n          \n\t\t\n          \n\t\t\n          \n\t\t\n          \n\t\t\n          \n      <li id=\"tab-Ottubru2021\" class=\"kt-title-item kt-title-item-28 kt-tabs-svg-show-always kt-tabs-icon-side-right kt-tab-title-inactive\" role=\"tab\" aria-selected=\"false\" tabindex=\"-1\"><a href=\"#tab-Ottubru2021\" data-tab=\"28\" class=\"kt-tab-title kt-tab-title-28\" role=\"presentation\"><span class=\"kt-title-text\">\n          Ottubru 2021\n      <\/span><\/a><\/li>\n\t\t\n          \n\t\t\n          \n\t\t\n          \n      <li id=\"tab-Settembru2021\" class=\"kt-title-item kt-title-item-31 kt-tabs-svg-show-always kt-tabs-icon-side-right kt-tab-title-inactive\" role=\"tab\" aria-selected=\"false\" tabindex=\"-1\"><a href=\"#tab-Settembru2021\" data-tab=\"31\" class=\"kt-tab-title kt-tab-title-31\" role=\"presentation\"><span class=\"kt-title-text\">\n          Settembru 2021\n      <\/span><\/a><\/li>\n\t\t\n        <\/ul>\n\t\n\t\n\t\n\n\n\t\t<div class=\"kt-tabs-content-wrap\"> \n          \n            \n            \n            <div class=\"wp-block-kadence-tab kt-tab-inner-content kt-inner-tab-1\" role=\"tabpanel\" aria-hidden=\"false\" aria-labelledby=\"tab-\u0120unju2022\">\n\t\t\t\t<div class=\"kt-tab-inner-content-inner\">\n\t\t\t\n                  <p><a href=\"https:\/\/sds.mt\/mt\/il-ferh-fil-kreattivita\/\"><span style=\"font-size:1.4em\">Il-Fer\u0127 fil-Kreattivit\u00e0<\/span><\/a><br> Mis-6 sat-12 ta' \u0120unju<\/p>\n            \n          \n            \n            \n                  <p><a href=\"https:\/\/sds.mt\/mt\/nghozzu-t-tfulija-taghna\/\"><span style=\"font-size:1.4em\">Ng\u0127o\u017c\u017cu t-Tfulija Tag\u0127na<\/span><\/a><br> Mit-13 sad-19 ta' \u0120unju<\/p>\n            \n          \n            \n              <\/div>\n            <\/div>\n\t\t\t\n            \n            <div class=\"wp-block-kadence-tab kt-tab-inner-content kt-inner-tab-3\" role=\"tabpanel\" aria-hidden=\"true\" aria-labelledby=\"tab-Mejju2022\">\n\t\t\t\t<div class=\"kt-tab-inner-content-inner\">\n\t\t\t\n                  <p><a href=\"https:\/\/sds.mt\/mt\/nahfru-u-nkunu-mahfura\/\"><span style=\"font-size:1.4em\">Na\u0127fru u Nkunu Ma\u0127fura<\/span><\/a><br> 9th to 15th May<\/p>\n            \n          \n            \n            \n                  <p><a href=\"https:\/\/sds.mt\/mt\/fix-xehda-tan-nahal-2\/\"><span style=\"font-size:1.4em\">Fix-Xehda tan-Na\u0127al<\/span><\/a><br> Mis-16 sad-22 ta' Mejju<\/p>\n            \n          \n            \n            \n                  <p><a href=\"https:\/\/sds.mt\/mt\/il-paci-tibda-minn-tbissima\/\"><span style=\"font-size:1.4em\">Il-Pa\u010bi Tibda Minn Tbissima<\/span><\/a><br> Mill-4 sal-10 t'April<\/p>\n            \n          \n            \n            \n                  <p><a href=\"https:\/\/sds.mt\/mt\/farmonija-mal-pjaneta-taghna\/\"><span style=\"font-size:1.4em\">F&#8217;Armonija mal-Pjaneta Tag\u0127na<\/span><\/a><br> Mit-23 sad-29 ta' Mejju<\/p>\n            \n          \n            \n              <\/div>\n            <\/div>\n\t\t\t\n            \n            <div class=\"wp-block-kadence-tab kt-tab-inner-content kt-inner-tab-7\" role=\"tabpanel\" aria-hidden=\"true\" aria-labelledby=\"tab-April2022\">\n\t\t\t\t<div class=\"kt-tab-inner-content-inner\">\n\t\t\t\n                  <p><a href=\"https:\/\/sds.mt\/mt\/flimkien-ghal-xulxin\/\"><span style=\"font-size:1.4em\">Flimkien G\u0127al Xulxin<\/span><\/a><br> Mill-25 t'April sal-1 ta' Mejju<\/p>\n            \n          \n            \n            \n                  <p><a href=\"https:\/\/sds.mt\/mt\/l-ewropa-il-kontinent-taghna-l-maltin\/\"><span style=\"font-size:1.4em\">L-Ewropa: Il-Kontinent Tag\u0127na l-Maltin<\/span><\/a><br> Mill-21 sas-27 ta' Marzu<\/p>\n            \n          \n            \n              <\/div>\n            <\/div>\n\t\t\t\n            \n            <div class=\"wp-block-kadence-tab kt-tab-inner-content kt-inner-tab-9\" role=\"tabpanel\" aria-hidden=\"true\" aria-labelledby=\"tab-Marzu2022\">\n\t\t\t\t<div class=\"kt-tab-inner-content-inner\">\n\t\t\t\n                  <p><a href=\"https:\/\/sds.mt\/mt\/naghzel-bejn-it-tajjeb-u-l-hazin\/\"><span style=\"font-size:1.4em\">Nag\u0127\u017cel bejn it-Tajjeb u l-\u0126a\u017cin<\/span><\/a><br> Mill-4 sal-10 t'April<\/p>\n            \n          \n            \n            \n                  <p><a href=\"https:\/\/sds.mt\/mt\/l-imhabba-kollox-kollox-bl-imhabba\/\"><span style=\"font-size:1.4em\">L-Im\u0127abba Kollox&#8230;Kollox bl-Im\u0127abba<\/span><\/a><br> Mit-28 ta' Marzu sat-3 t'April<\/p>\n            \n          \n            \n            \n                  <p><a href=\"https:\/\/sds.mt\/mt\/nghaqqdu-t-taqtir\/\"><span style=\"font-size:1.4em\">Ng\u0127aqqdu t-Taqtir<\/span><\/a><br> Mill-21 sas-27 ta' Marzu<\/p>\n            \n          \n            \n            \n                  <p><a href=\"https:\/\/sds.mt\/mt\/ninsa-lili-nnifsi\/\"><span style=\"font-size:1.4em\">Ni\u010b\u010ba\u0127\u0127ad Minni Nnifsi<\/span><\/a><br> Mill-14 sat-20 ta' Marzu<\/p>\n            \n          \n            \n            \n                  <p><a href=\"https:\/\/sds.mt\/mt\/il-helsien-minn\/\"><span style=\"font-size:1.4em\">Il-\u0126elsien Minn&#8230;<\/span><\/a><br> Mis-7 sat-13 ta' Marzu<\/p>\n            \n          \n            \n              <\/div>\n            <\/div>\n\t\t\t\n            \n            <div class=\"wp-block-kadence-tab kt-tab-inner-content kt-inner-tab-14\" role=\"tabpanel\" aria-hidden=\"true\" aria-labelledby=\"tab-Frar2022\">\n\t\t\t\t<div class=\"kt-tab-inner-content-inner\">\n\t\t\t\n                  <p><a href=\"https:\/\/sds.mt\/mt\/hutna-l-morda\/\"><span style=\"font-size:1.4em\">\u0126utna l-Morda<\/span><\/a><br> Mill-21 sas-27 ta' Frar 2022<\/p>\n            \n          \n            \n            \n                  <p><a href=\"https:\/\/sds.mt\/mt\/is-sbuhija-tas-semplicita\/\"><span style=\"font-size:1.4em\">Is-Sbu\u0127ija tas-Sempli\u010bit\u00e0<\/span><\/a><br> Mill-14 sal-20 ta' Frar<\/p>\n            \n          \n            \n            \n                  <p><a href=\"https:\/\/sds.mt\/mt\/inkunu-ferhana\/\"><span style=\"font-size:1.4em\">Inkunu Fer\u0127ana<\/span><\/a><br> Mis-7 sat-13 ta' Frar<\/p>\n            \n          \n            \n              <\/div>\n            <\/div>\n\t\t\t\n            \n            <div class=\"wp-block-kadence-tab kt-tab-inner-content kt-inner-tab-17\" role=\"tabpanel\" aria-hidden=\"true\" aria-labelledby=\"tab-Jannar2022\">\n\t\t\t\t<div class=\"kt-tab-inner-content-inner\">\n\t\t\t\n                  <p><a href=\"https:\/\/sds.mt\/mt\/nibnu-komunita-pozittiva\/\"><span style=\"font-size:1.4em\">Nibnu Komunit\u00e0 Po\u017cittiva<\/span><\/a><br> Mill-31 ta' Jannar sas-6 ta' Frar<\/p>\n            \n          \n            \n            \n                  <p><a href=\"https:\/\/sds.mt\/mt\/familja-wahda-kbira\/\"><span style=\"font-size:1.4em\">Familja Wa\u0127da Kbira<\/span><\/a><br> Mill-24 sat-30 ta' Jannar<\/p>\n            \n          \n            \n            \n                  <p><a href=\"https:\/\/sds.mt\/mt\/mhawnx-post-ghat-tikketti\/\"><span style=\"font-size:1.4em\">M&#8217;Hawnx Post g\u0127at-Tikketti<\/span><\/a><br> Mis-17 sat-23 ta' Jannar<\/p>\n            \n          \n            \n            \n                  <p><a href=\"https:\/\/sds.mt\/mt\/napprezzaw-il-valur-taz-zmien\/\"><span style=\"font-size:1.4em\">Napprezzaw il-Valur ta\u017c-\u017bmien<\/span><\/a><br> Mill-10 sas-16 ta' Jannar<\/p>\n            \n          \n            \n              <\/div>\n            <\/div>\n\t\t\t\n            \n            <div class=\"wp-block-kadence-tab kt-tab-inner-content kt-inner-tab-21\" role=\"tabpanel\" aria-hidden=\"true\" aria-labelledby=\"tab-Di\u010bembru2021\">\n\t\t\t\t<div class=\"kt-tab-inner-content-inner\">\n\t\t\t\n                  <p><a href=\"https:\/\/sds.mt\/mt\/tfittxija-ghall-hajja-ahjar\/\"><span style=\"font-size:1.4em\">Tfittxija g\u0127all-\u0126ajja A\u0127jar<\/span><\/a><br> Mit-13 sat-19 ta' Di\u010bembru<\/p>\n            \n          \n            \n            \n                  <p><a href=\"https:\/\/sds.mt\/mt\/il-generozita-tittiehed\/\"><span style=\"font-size:1.4em\">Il-\u0120enero\u017cit\u00e0 Tittie\u0127ed<\/span><\/a><br> Mis 6 sat-12 ta' Di\u010bembru<\/p>\n            \n          \n            \n              <\/div>\n            <\/div>\n\t\t\t\n            \n            <div class=\"wp-block-kadence-tab kt-tab-inner-content kt-inner-tab-23\" role=\"tabpanel\" aria-hidden=\"true\" aria-labelledby=\"tab-Novembru2021\">\n\t\t\t\t<div class=\"kt-tab-inner-content-inner\">\n\t\t\t\n                  <p><a href=\"https:\/\/sds.mt\/mt\/id-diversita-tohloq-opportunitajiet\/\"><span style=\"font-size:1.4em\">Id-Diversit\u00e0 To\u0127loq Opportunitajiet<\/span><\/a><br> Mid-29 ta' Novembru sal-5 ta' Di\u010bembru<\/p>\n            \n          \n            \n            \n                  <p><a href=\"https:\/\/sds.mt\/mt\/it-talenti-taghna\/\"><span style=\"font-size:1.4em\">It-Talenti Tag\u0127na<\/span><\/a><br> Mill-22 sat-28 ta' Novembru<\/p>\n            \n          \n            \n            \n                  <p><a href=\"https:\/\/sds.mt\/mt\/niftakru-fil-mejtin-kollha\/\"><span style=\"font-size:1.4em\">Niftakru fil-Mejtin Kollha<\/span><\/a><br> Mill-15 sal-21 ta' Novembru<\/p>\n            \n          \n            \n            \n                  <p><a href=\"https:\/\/sds.mt\/mt\/ix-xjenza-u-l-paci\/\"><span style=\"font-size:1.4em\">Ix-Xjenza u l-Pa\u010bi<\/span><\/a><br> Mit-8 sal-14 ta' Novembru<\/p>\n            \n          \n            \n            \n                  <p><a href=\"https:\/\/sds.mt\/mt\/il-qaddisin-dawk-li-jhobbu-lil-alla-u-lil-kulhadd\/\"><span style=\"font-size:1.4em\">Il-Qaddisin: Dawk li J\u0127obbu lil Alla u lil Kul\u0127add<\/span><\/a><br> Mill-1 sas-7 ta' Novembru<\/p>\n            \n          \n            \n              <\/div>\n            <\/div>\n\t\t\t\n            \n            <div class=\"wp-block-kadence-tab kt-tab-inner-content kt-inner-tab-28\" role=\"tabpanel\" aria-hidden=\"true\" aria-labelledby=\"tab-Ottubru2021\">\n\t\t\t\t<div class=\"kt-tab-inner-content-inner\">\n\t\t\t\n                  <p><a href=\"https:\/\/sds.mt\/mt\/gustizzja-gusta\/\"><span style=\"font-size:1.4em\">\u0120ustizzja \u0120usta<\/span><\/a><br> Mill-25 sas-31 t' Ottubru 2021<\/p>\n            \n          \n            \n            \n                  <p><a href=\"https:\/\/sds.mt\/mt\/napprezzaw-l-anzjanita\/\"><span style=\"font-size:1.4em\">Napprezzaw l-Anzjanit\u00e0<\/span><\/a><br> Mit-18 sal-24 t' Ottubru 2021<\/p>\n            \n          \n            \n            \n                  <p><a href=\"https:\/\/sds.mt\/mt\/bsahhitna-bmod-shih\/\"><span style=\"font-size:1.4em\">B&#8217;Sa\u0127\u0127itna b&#8217;Mod S\u0127i\u0127<\/span><\/a><br> Mill-11 sas-17 t' Ottubru 2021<\/p>\n            \n          \n            \n              <\/div>\n            <\/div>\n\t\t\t\n            \n            <div class=\"wp-block-kadence-tab kt-tab-inner-content kt-inner-tab-31\" role=\"tabpanel\" aria-hidden=\"true\" aria-labelledby=\"tab-Settembru2021\">\n\t\t\t\t<div class=\"kt-tab-inner-content-inner\">\n\t\t\t\n                  <p><a href=\"https:\/\/sds.mt\/mt\/nibdew-flimkien\/\"><span style=\"font-size:1.4em\">Nibdew Flimkien<\/span><\/a><br> Mis-27 ta' Settembru sat-3 t' Ottubru 2021<\/p>\n            \n          \n          \t\t<\/div>\n            <\/div>\n\t\t<\/div>\n\t<\/div>\n<\/div>\n\n      \n      \n      \n\n\t\n\t\n\t\n<\/div>\n<\/div>\n<\/div>\n\n\n<div style=\"height:100px\" aria-hidden=\"true\" class=\"wp-block-spacer\"><\/div>\n","protected":false},"excerpt":{"rendered":"<\/p>\n<p class=\"category-button shiftup\"><a href=\"https:\/\/sds.mt\/mt\/tema-tas-sena\/\">\u00ab TEMI TAS-SENA<\/a><\/p>\n<p>Matul is-sena akkademika 2021-2022, a\u0127na qed nippre\u017centaw riflessjonijiet u ri\u017corsi relatati ma&#8217; &#8216;Ilkoll A\u0127wa&#8217; li jistg\u0127u jintu\u017caw waqt il-mument tal-assembly jew mumenti o\u0127ra. Il-kura pastorali hija b\u017connju\u017ca illum iktar minn qatt qabel g\u0127ax g\u0127andna b\u017conn dejjem ikbar li nsa\u0127\u0127u r-relazzjonijiet tag\u0127na flimkien u nirrestawraw it-tama, spe\u010bjalment fil-\u0121enerazzjoni tat-tfal u \u017c-\u017cg\u0127a\u017cag\u0127. G\u0127alkemm dawn ir-ri\u017corsi huma ma\u0127luqa bl-eta partikolari f&#8217;mo\u0127\u0127na, madanakollu in\u0127allu f&#8217;idejn il-mod professjonali li l-edukaturi jaddattaw il-materjal skont il-b\u017connijiet u l-etos tal-iskola u tal-istudenti&#8230;<\/p>\n<p> <a href=\"https:\/\/sds.mt\/mt\/tema-tas-sena\/ilkoll-ahwa-2021-2022\/\">Kompli aqra&#160;&raquo;<\/a><\/p>\n","protected":false},"author":1,"featured_media":7147,"parent":7079,"menu_order":0,"comment_status":"closed","ping_status":"closed","template":"page-templates\/feature-sidebar.php","meta":{"footnotes":""},"class_list":["post-7077","page","type-page","status-publish","has-post-thumbnail","hentry"],"toolset-meta":{"custom-fields":{"subtitle":{"type":"textfield","raw":""}}},"_links":{"self":[{"href":"https:\/\/sds.mt\/mt\/wp-json\/wp\/v2\/pages\/7077","targetHints":{"allow":["GET"]}}],"collection":[{"href":"https:\/\/sds.mt\/mt\/wp-json\/wp\/v2\/pages"}],"about":[{"href":"https:\/\/sds.mt\/mt\/wp-json\/wp\/v2\/types\/page"}],"author":[{"embeddable":true,"href":"https:\/\/sds.mt\/mt\/wp-json\/wp\/v2\/users\/1"}],"replies":[{"embeddable":true,"href":"https:\/\/sds.mt\/mt\/wp-json\/wp\/v2\/comments?post=7077"}],"version-history":[{"count":37,"href":"https:\/\/sds.mt\/mt\/wp-json\/wp\/v2\/pages\/7077\/revisions"}],"predecessor-version":[{"id":12823,"href":"https:\/\/sds.mt\/mt\/wp-json\/wp\/v2\/pages\/7077\/revisions\/12823"}],"up":[{"embeddable":true,"href":"https:\/\/sds.mt\/mt\/wp-json\/wp\/v2\/pages\/7079"}],"wp:featuredmedia":[{"embeddable":true,"href":"https:\/\/sds.mt\/mt\/wp-json\/wp\/v2\/media\/7147"}],"wp:attachment":[{"href":"https:\/\/sds.mt\/mt\/wp-json\/wp\/v2\/media?parent=7077"}],"curies":[{"name":"wp","href":"https:\/\/api.w.org\/{rel}","templated":true}]}}